{"id":8850,"date":"2023-07-13T19:18:22","date_gmt":"2023-07-13T19:18:22","guid":{"rendered":"https:\/\/easyjur.com\/blog\/?post_type=modelos-de-peticao&#038;p=3650"},"modified":"2023-07-13T19:18:22","modified_gmt":"2023-07-13T19:18:22","slug":"contra-razoes-de-apelacao-acao-de-indenizacao-por-danos-morais-protesto-de-titulo","status":"publish","type":"modelos-de-peticao","link":"https:\/\/easyjur.com\/blog\/modelos-de-peticao\/contra-razoes-de-apelacao-acao-de-indenizacao-por-danos-morais-protesto-de-titulo\/","title":{"rendered":"[MODELO] CONTRA &#8211; RAZ\u00d5ES DE APELA\u00c7\u00c3O  &#8211;  A\u00c7\u00c3O DE INDENIZA\u00c7\u00c3O POR DANOS MORAIS  &#8211;  PROTESTO DE T\u00cdTULO"},"content":{"rendered":"<p>      A\u00c7\u00c3O DE INDENIZA\u00c7\u00c3O &#8211; DANOS MORAIS &#8211; PROTESTO DE T\u00cdTULO &#8211; CONTRA-RAZ\u00d5ES<\/p>\n<p>EXMO. SR. DR. JUIZ DE DIREITO DA ____\u00aa VARA C\u00cdVEL<\/p>\n<p>COMARCA DE _________ &#8211; UF<\/p>\n<p>Processo n\u00ba: ____________<\/p>\n<\/p>\n<\/p>\n<\/p>\n<\/p>\n<\/p>\n<p>          TABELIONATO ____________, por sua procuradora firmat\u00e1ria nos autos da A\u00e7\u00e3o Indenizat\u00f3ria por Danos Morais e Materiais <\/p>\n<p>que lhe move _________ LTDA., vem respeitosamente \u00e0 presen\u00e7a de V. Exa., apresentar CONTRA-RAZ\u00d5ES na Apela\u00e7\u00e3o interposta <\/p>\n<p>pela Demandante supra, consoante faculta o Art. 518 c\/c o Art. 508, ambos do CPC., requerendo sua juntada e regular processamento.<\/p>\n<\/p>\n<p>N. Termos,<\/p>\n<p>P. Deferimento.<\/p>\n<\/p>\n<p>____________, ___ de __________ de 20__.<\/p>\n<\/p>\n<p>p.p. ____________<\/p>\n<p>OAB\/<\/p>\n<\/p>\n<p>APELA\u00c7\u00c3O C\u00cdVEL<\/p>\n<p>PROCESSO N\u00ba _________<\/p>\n<p>ORIGEM &#8211; ____________ &#8211; UF<\/p>\n<\/p>\n<\/p>\n<\/p>\n<\/p>\n<\/p>\n<p>Apelante:     _________ LTDA.<\/p>\n<p>Apelado:      TABELIONATO ____________<\/p>\n<p>                  CONTRA- RAZ\u00d5ES DE APELA\u00c7\u00c3O PELO APELADO<\/p>\n<p>                              COLENDA C\u00c2MARA<\/p>\n<p>                           EM\u00c9RITOS JULGADORES<\/p>\n<p>A respeit\u00e1vel senten\u00e7a de fls. 181\/184, bem apreciando o que consta no Caderno processual, decidiu de forma incensur\u00e1vel e com <\/p>\n<p>fundamento inquestion\u00e1vel, raz\u00f5es pelas quais espera-se n\u00e3o seja reformada.<\/p>\n<p>A inconformidade da Recorrente, manifestada atrav\u00e9s do presente Recurso, n\u00e3o merece prosperar, pois vem atrav\u00e9s de novos argumentos e <\/p>\n<p>juntada de documentos a desvirtuar o posicionamento do pensamento do \u00ednclito julgador monocr\u00e1tico.<\/p>\n<p>Conforme se p\u00f4de inferir de todo o alegado e no curso do processo, restou mais do que comprovado que as alega\u00e7\u00f5es da Apelante, na <\/p>\n<p>forma exposta, n\u00e3o merecem guarida.<\/p>\n<p>Em respeito a essa DD. C\u00f4rte, de forma singela, passa-se a discorrer sobre o tema.<\/p>\n<p>Em suma, discorre a Apelante sobre o suposto dano material, moral e afixa\u00e7\u00e3o do &quot;quantum&quot; arbitrado. Apresenta novos argumentos, <\/p>\n<p>documentos e modalidade de c\u00e1lculo como sugest\u00e3o para condena\u00e7\u00e3o.<\/p>\n<p>Quando proposta a demanda indenizat\u00f3ria, o valor mensurado pelo dano correspondia \u00e0 t\u00edtulo de danos morais o correspondente a cem <\/p>\n<p>vezes o valor do t\u00edtulo protestado, e \u00e0 t\u00edtulo de danos materiais custas e honor\u00e1rios pagos sobre 24 processos em tr\u00e2mite. <\/p>\n<p>Agora, nas raz\u00f5es de Apela\u00e7\u00e3o, vem a Apelante requerer a majora\u00e7\u00e3o da condena\u00e7\u00e3o para 2 vezes o valor das 24 a\u00e7\u00f5es propostas contra a <\/p>\n<p>Apelante, valor representativo de danos materiais, segundo item 11 (fls. 08).<\/p>\n<p>Preliminarmente cumpre recordar que:<\/p>\n<p>Art. 515 &#8211; A apela\u00e7\u00e3o devolver\u00e1 ao tribunal o conhecimento da mat\u00e9ria impugnada.<\/p>\n<p>N\u00e3o serve a Apela\u00e7\u00e3o para inovar a defesa e incluir tem\u00e1tica ou documentos n\u00e3o ventilados anteriormente no feito. A falta de oportuno <\/p>\n<p>prequestionamento, como a juntada de novos documentos \u00e9 mat\u00e9ria que deveria ter sido ser acenada na peti\u00e7\u00e3o inicial da demanda ou no <\/p>\n<p>curso do processo, raz\u00e3o pela qual n\u00e3o \u00e9 l\u00edcito a Apelante inovar na segunda inst\u00e2ncia em raz\u00e3o do princ\u00edpio da eventualidade.<\/p>\n<p>Em nossos tribunais \u00e9 pac\u00edfico esse posicionamento.<\/p>\n<p>DOCUMENTOS NOVOS &#8211; s\u00f3 se admitem quando destinados a fazerem prova de fatos ocorridos depois dos articulados. n\u00e3o se <\/p>\n<p>conhecem, pois, dos juntados a apela\u00e7\u00e3o com inobserv\u00e2ncia do art. 30007 do CPC. ___ decis\u00e3o : Negado Provimento. un\u00e2nime. (TARGS &#8211; <\/p>\n<p>Apc. 24322- de 25\/03\/100081- 3\u00aa C\u00e2mara C\u00edvel &#8211; Relator: Ernani Graeff)<\/p>\n<p>RECURSO EFEITOS &#8211; &quot;Recurso. Raz\u00f5es de recorrer. Efeito devolutivo &#8211; As raz\u00f5es de recorrer se traduzem em conte\u00fado do recurso e <\/p>\n<p>devem ser pautadas pela &quot;litiscontestatio&quot;, n\u00e3o podendo a parte inovar na causa de pedir, a exemplo do que restou julga do pelo juiz (art. <\/p>\n<p>128 CPC). Disso resulta que somente a mat\u00e9ria que estiver contida nas &quot;raz\u00f5es recursais&quot; ser\u00e1 ungida com o efeito devolutivo. Fora dessa <\/p>\n<p>via instrumental n\u00e3o haver\u00e1 como o tribunal pronunciar-se sobre mat\u00e9ria colocada &quot;a latere&quot; do recurso.&quot; (TRT 2\u00aa R. &#8211; AC. 0200050213183 &#8211; <\/p>\n<p>5\u00aa T. &#8211; Rel. Juiz Francisco Ant\u00f4nio de Oliveira &#8211; DOESP 12.06.10000005).<\/p>\n<p>DOCUMENTOS JUNTADOS &#8211; COM AS RAZ\u00d5ES DE APELA\u00c7\u00c3O. Deles n\u00e3o se conhece se n\u00e3o podem ser considerados, <\/p>\n<p>tecnicamente, documentos novos. intelig\u00eancia do art. 30007 do C\u00f3digo de Processo Civil. decis\u00e3o : Negado Provimento. un\u00e2nime. (TARGS. <\/p>\n<p>APC 200041000, de 25\/11\/82 &#8211; 4\u00aaC\u00e2mara C\u00edvel. Relator Luiz Melibio Uiracaba Machado).<\/p>\n<p>RECURSO &#8211; MAT\u00c9RIAS N\u00c3O SUSCITADAS EM PRIMEIRO GRAU &#8211; N\u00c3O-CONHECIMENTO. O exame do recurso deve se <\/p>\n<p>restringir a quest\u00f5es debatidas em primeiro grau, sendo defeso ao recorrente inovar sua tese na fase (TJMS &#8211; AC &#8211; Classe B &#8211; XVII &#8211; N\u00ba <\/p>\n<p>48.777-0 &#8211; Costa Rica &#8211; 1\u00aa T. C. &#8211; Rel. Des. Elp\u00eddio Helv\u00e9cio Chaves Martins &#8211; J. 07.04.10000008.)<\/p>\n<p>\u00c9 defeso ao recorrente inovar na segunda inst\u00e2ncia, ventilando mat\u00e9ria n\u00e3o descortinada na forma\u00e7\u00e3o do contradit\u00f3rio. (TJMS &#8211; AC &#8211; Classe <\/p>\n<p>B &#8211; XVII &#8211; N. 47.011-3 &#8211; Ponta Por\u00e3 &#8211; 1\u00aa T. C. &#8211; Rel. Des. Hildebrando Coelho Neto &#8211; J. 0000.06.10000008).<\/p>\n<p>PROCESSUAL &#8211; APELA\u00c7\u00c3O &#8211; MAT\u00c9RIA ARG\u00dcIDA MAS QUE N\u00c3O INTEGROU A LITISCONTESTA\u00c7\u00c3O &#8211; <\/p>\n<p>IMPOSSIBILIDADE DE SER APRECIADA EM SEGUNDO GRAU &#8211; N\u00e3o pode o apelante inovar, impugnando no recurso, aquilo que <\/p>\n<p>n\u00e3o submeteu ao Ju\u00edzo de Primeiro Grau. (TJSC &#8211; AC 0006.003831-0 &#8211; Chapec\u00f3 &#8211; Rel. Des. Amaral e Silva &#8211; 3\u00aa C.C. &#8211; J. 27.08.10000006).<\/p>\n<\/p>\n<p>Claramente observa-se que na audi\u00eancia realizada em _________, (fls. 180), encontra-se declarado e ratificado a inten\u00e7\u00e3o de n\u00e3o haver <\/p>\n<p>mais provas a serem produzidas, por ambas as partes.<\/p>\n<p>Contudo, julga-se prejudicado a Apelante quanto a fixa\u00e7\u00e3o da condena\u00e7\u00e3o, vindo inoportunamente juntar documentos no intuito de auferir <\/p>\n<p>vantagem a maior.<\/p>\n<p>Na verdade est\u00e1 a Apelante a aventurar no mundo jur\u00eddico, sob o disfarce da exist\u00eancia de um suposto dano Moral, almejando um <\/p>\n<p>verdadeiro leil\u00e3o na \u00e1rea subjetiva, que \u00e9 o Dano Moral. <\/p>\n<p>Em sua nova tese discorre sobre o dano moral e dano material de forma individualizada, trazendo ao recurso doutrina de ilustres <\/p>\n<p>personalidades que abrilhantam a tem\u00e1tica, por\u00e9m, ao fazer o requerimento final de suas raz\u00f5es, requer, t\u00e3o-somente, o valor anteriormente <\/p>\n<p>alegado como dano material. <\/p>\n<p>Observa-se contudo que a Apelante acha-se insatisfeita com o arbitramento na condena\u00e7\u00e3o, considerando apenas simb\u00f3lica, e um <\/p>\n<p>verdadeiro pr\u00eamio ao Apelado. Ocorre, no mundo subjetivo, que a palavra &quot;condena\u00e7\u00e3o&quot;, traz por si s\u00f3 uma imensa carga de abalo a <\/p>\n<p>moralidade do indiv\u00edduo ou entidade condenado, tanto quanto ao valor declarado ou at\u00e9 mais.<\/p>\n<p>Como bem dito o julgador &quot;a quo&quot;, o dano postulado encontra-se &quot;supervalorizado&quot;, por certo que o valor da condena\u00e7\u00e3o n\u00e3o deve vir <\/p>\n<p>encontro com a auferi\u00e7\u00e3o de lucros e vantagens, e sim, objetivar a n\u00e3o incid\u00eancia do fato.<\/p>\n<p>Somente para ilustrar, colaciona-se, algumas decis\u00f5es dos nossos Tribunais sobre o assunto:<\/p>\n<p>INDENIZA\u00c7\u00c3O &#8211; DANO MORAL &#8211; Protesto indevido de t\u00edtulos de pessoa jur\u00eddica &#8211; recurso parcialmente provido para reduzir a <\/p>\n<p>condena\u00e7\u00e3o ao dobro do valor do primeiro t\u00edtulo protestado, afastada a litig\u00e2ncia de m\u00e1-f\u00e9. Decis\u00e3o: un\u00e2nime (DP.: MF 2002\/44 &#8211; <\/p>\n<p>BOLETIM 7 &#8211; JTA-LEX 133\/133)<\/p>\n<p>INDENIZA\u00c7\u00c3O &#8211; DANO MORAL &#8211; pessoa jur\u00eddica &#8211; protesto de t\u00edtulos &#8211; d\u00edvida quitada &#8211; valor &#8211; possuindo a pessoa jur\u00eddica leg\u00edtimo <\/p>\n<p>interesse de ordem imaterial, faz jus a indeniza\u00e7\u00e3o por dano moral, assegurada no art. 5\u00ba, X, da CF\/88, em decorr\u00eancia do protesto de t\u00edtulo <\/p>\n<p>efetivado posteriormente a quita\u00e7\u00e3o da d\u00edvida, por acarretar abalo de seu conceito no mercado em que atua. por aplica\u00e7\u00e3o anal\u00f3gica do art. <\/p>\n<p>1531 do CC, admiss\u00edvel a fixa\u00e7\u00e3o do quantum indenizat\u00f3rio, decorrente do protesto indevido de t\u00edtulo, no valor correspondente ao dobro do <\/p>\n<p>consignado na c\u00e1rtula. Decis\u00e3o un\u00e2nime. (TAMG. APC. 0160100061-000\/00 DJ.: 26\/05\/0004 DJ.: 6\u00aa C\u00c2MARA C\u00cdVEL)<\/p>\n<p>NO MESMO SENTIDO:<\/p>\n<p>AP. C\u00cdVEL 10002701-000 7A. C. CIVIL REL. JUIZ G. AUGUSTO 27.04.0005.<\/p>\n<p>EMB. INF. 1000436000-000\/1 3 A. C. CIVIL REL. JUIZ K. CARVALHO 27.03.0006<\/p>\n<p>PROTESTO INDEVIDO. DANO MORAL. Abalo de cr\u00e9dito. Crit\u00e9rio balizador.- Estabelece-se a indeniza\u00e7\u00e3o pelo dano moral no dobro <\/p>\n<p>do valor do t\u00edtulo indevidamente protestado. art. 1531 do CC e par. \u00fanico do art. 42 da Lei n\u00ba 8078\/0000 (C\u00f3digo de Defesa do <\/p>\n<p>Consumidor). Decis\u00e3o: Provimento. Un\u00e2nime. (TARGS. APC. 10003178712, de 24\/11\/0003. 3\u00aa C\u00e2mara C\u00edvel &#8211; Relator : Luiz Otavio Mazeron <\/p>\n<p>Coimbra)<\/p>\n<p>DUPLICATA. NULIDADE. PROTESTO INDEVIDO. CANCELAMENTO. DANO MORAL. INDENIZA\u00c7\u00c3O. HONOR\u00c1RIOS. O <\/p>\n<p>irregular protesto de duplicatas regularmente sacadas em raz\u00e3o de compra e venda n\u00e3o leva a declara\u00e7\u00e3o de sua nulidade, mas ao <\/p>\n<p>cancelamento dos registros respectivos. Dano moral mensurado no dobro do valor dos t\u00edtulos protestados, em aten\u00e7\u00e3o ao caso concreto. <\/p>\n<p>Decis\u00e3o : Provimento Parcial. Un\u00e2nime. (TARGS. APC. 1000510005813, de 11\/06\/10000006, 000\u00aa C\u00e2mara C\u00edvel -RELATOR : Breno Moreira Mussi<\/p>\n<p>A\u00c7\u00c3O DECLARAT\u00d3RIA DE NULIDADE DE PROTESTO DE T\u00cdTULO CAMBIAL, CUMULADA COM INDENIZA\u00c7\u00c3O POR <\/p>\n<p>DANO MORAL. INEXIST\u00caNCIA DE CAUSA PARA EMISS\u00c3O DOS T\u00cdTULOS. CONDENA\u00c7\u00c3O AO PAGAMENTO DO <\/p>\n<p>DOBRO DO VALOR DOS T\u00cdTULOS PROTESTADOS. Deve ser decretada a nulidade dos t\u00edtulos bem como dos protestos realizados, <\/p>\n<p>vez que n\u00e3o houve causalidade para a emiss\u00e3o dos mesmos. O crit\u00e9rio adotado para estabelecer e quantificar a indeniza\u00e7\u00e3o pelo abalo de <\/p>\n<p>cr\u00e9dito leva em conta o disposto no par\u00e1grafo \u00fanico do art. 42 do C\u00f3digo Brasileiro de Defesa do Consumidor e art. 1531 do C\u00f3digo Civil. <\/p>\n<p>Apelo improvido.(TARGS. APC. 10006002760, de 18\/04\/10000006, 2\u00aa C\u00e2mara C\u00edvel, Rel: Franciso Jose Moesch.<\/p>\n<p>PROTESTO INDEVIDO &#8211; DANO MORAL &#8211; ABALO DE CR\u00c9DITO CRIT\u00c9RIO BALIZADOR. Estabelece-se a indeniza\u00e7\u00e3o pelo dano <\/p>\n<p>moral no dobro do valor do t\u00edtulo indevidamente protestado. art. 1531 do CC e par\u00e1grafo \u00fanico do art. 42 da Lei n\u00ba 8.078\/0000 (C\u00f3digo de <\/p>\n<p>Defesa do Consumidor). (Apela\u00e7\u00e3o C\u00edvel n\u00ba 10003178712, 3\u00aa C\u00e2mara C\u00edvel do TARS, Rel. Luiz Ot\u00e1vio Mazeron Coimbra, 24.11.0003).<\/p>\n<p>DANO MORAL. PESSOA JUR\u00cdDICA. &#8211; Em princ\u00edpio, ante resist\u00eancia existente na doutrina e jurisprud\u00eancia, \u00e9 incab\u00edvel tal indeniza\u00e7\u00e3o \u00e0 <\/p>\n<p>pessoa jur\u00eddica ___ Indeniza\u00e7\u00e3o reduzida ao dobro dos valores dos cheques devolvidos, com base em precedentes da C\u00e2mara. (Apela\u00e7\u00e3o <\/p>\n<p>C\u00edvel n\u00ba 1000612000001, 2\u00aa C\u00e2mara C\u00edvel do TARS, Cruz Alta, Rel. Marco Aur\u00e9lio dos Santos Caminha. j. 26.06.0007).<\/p>\n<p>INDENIZA\u00c7\u00c3O &#8211; DANO MORAL &#8211; PESSOA JUR\u00cdDICA &#8211; PROTESTO DE T\u00cdTULOS D\u00cdVIDA QUITADA &#8211; VALOR &#8211; Por <\/p>\n<p>aplica\u00e7\u00e3o anal\u00f3gica do art. 1531 do CC, admiss\u00edvel a fixa\u00e7\u00e3o do quantum indenizat\u00f3rio, decorrente do protesto indevido de t\u00edtulo, no valor <\/p>\n<p>correspondente ao dobro do consignado na c\u00e1rtula.<\/p>\n<p>(Resp 58.660-7, Julg. em 03.06.0007, conhecido por maioria)<\/p>\n<p>No mesmo sentido: <\/p>\n<p>Ap. C\u00edvel 10002701-000 7\u00aaC.Civil Rel. Juiz G. Augusto 27.04.0005;<\/p>\n<p>Emb. Inf. 1000436000-000\/1 3\u00aaC.Civil Rel. Juiz K. Carvalho 27.03.0006;<\/p>\n<p>Ap. C\u00edvel 241641-1 3\u00aaC.Civil Rel. Juiz K. Carvalho 08.10.0007;<\/p>\n<\/p>\n<p>Por certo que a Apelante alegou v\u00e1rios preju\u00edzos sofridos em decorr\u00eancia do fato, de ordem moral e material. Inovou o presente Recurso, <\/p>\n<p>quando requerer seja &quot;considerado procedente o pedido de danos materiais e aumentando o quantum arbitrado pelos danos morais, <\/p>\n<p>conquanto, estabelecidos os mesmos par\u00e2metros usados pelo juiz a quo, condene o r\u00e9u ao pagamento de 24 (vinte e quatro) vezes o <\/p>\n<p>quantum fixados em danos morais&#8230;&quot; (g.n).<\/p>\n<p>N\u00e3o h\u00e1 de esquecer-se como bem sustentou o ilustre julgador&#8230; &quot;No que pertine aos danos materiais, n\u00e3o restaram esses comprovados, no <\/p>\n<p>que pertine ao nexo de causalidade entre a conduta do demandado e desembolso referido pela parte suplicante.&quot;&#8230; &quot;&#8230;Com efeito, a uma, <\/p>\n<p>n\u00e3o h\u00e1 comprova\u00e7\u00e3o efetiva de que o fato tenha resultado em preju\u00edzo \u00e0 suplicante&#8230;&quot; (g.n).<\/p>\n<p>Assim sendo, uma vez postulado danos materiais e esse restaram comprovado inexistem, n\u00e3o h\u00e1 que falar-se em majora\u00e7\u00e3o de valores, a <\/p>\n<p>qualquer t\u00edtulo, devendo ser reconhecido por essa C\u00f4rte, atrav\u00e9s da manuten\u00e7\u00e3o da senten\u00e7a, que a equidade, direito e justi\u00e7a comungaram <\/p>\n<p>entre si na senten\u00e7a recorrida.<\/p>\n<\/p>\n<p>____________, ___ de __________ de 20__.<\/p>\n<\/p>\n<p>p.p. ____________<\/p>\n<p>OAB\/<\/p>\n","protected":false},"featured_media":0,"parent":0,"menu_order":0,"template":"","meta":{"content-type":""},"categoria-modelo":[840],"class_list":["post-8850","modelos-de-peticao","type-modelos-de-peticao","status-publish","hentry","categoria-modelo--indenizatoria"],"_links":{"self":[{"href":"https:\/\/easyjur.com\/blog\/wp-json\/wp\/v2\/modelos-de-peticao\/8850","targetHints":{"allow":["GET"]}}],"collection":[{"href":"https:\/\/easyjur.com\/blog\/wp-json\/wp\/v2\/modelos-de-peticao"}],"about":[{"href":"https:\/\/easyjur.com\/blog\/wp-json\/wp\/v2\/types\/modelos-de-peticao"}],"wp:attachment":[{"href":"https:\/\/easyjur.com\/blog\/wp-json\/wp\/v2\/media?parent=8850"}],"wp:term":[{"taxonomy":"categoria-modelo","embeddable":true,"href":"https:\/\/easyjur.com\/blog\/wp-json\/wp\/v2\/categoria-modelo?post=8850"}],"curies":[{"name":"wp","href":"https:\/\/api.w.org\/{rel}","templated":true}]}}