{"id":6525,"date":"2023-07-13T17:23:43","date_gmt":"2023-07-13T17:23:43","guid":{"rendered":"https:\/\/easyjur.com\/blog\/?post_type=modelos-de-peticao&#038;p=3650"},"modified":"2023-07-13T17:23:43","modified_gmt":"2023-07-13T17:23:43","slug":"acao-revisional-e-valor-defasado-vinculo-ao-salario-minimo","status":"publish","type":"modelos-de-peticao","link":"https:\/\/easyjur.com\/blog\/modelos-de-peticao\/acao-revisional-e-valor-defasado-vinculo-ao-salario-minimo\/","title":{"rendered":"[MODELO] A\u00e7\u00e3o revisional e valor defasado  &#8211;  v\u00ednculo ao sal\u00e1rio m\u00ednimo"},"content":{"rendered":"<p>EX\u00adMO. (A) SR. (A) DR. (A) \u00adJUIZ (A) FE\u00adDE\u00adRAL DA<\/p>\n<p>_____________________________________<\/p>\n<p>&#8230;. (qua\u00adli\u00adfi\u00adca\u00ad\u00e7\u00e3o), \u00adaqui pos\u00adtu\u00adlan\u00addo em cau\u00adsa pr\u00f3\u00adpria, com \u00adapoio nos per\u00admis\u00adsi\u00advos dos \u00adarts. 36 e 254, I, am\u00adbos os C\u00f3digo Processo Civil, com en\u00adde\u00adre\u00ad\u00e7o na Rua &#8230;. n\u00ba &#8230;., on\u00adde re\u00adce\u00adbe\u00adr\u00e1 in\u00adti\u00adma\u00ad\u00e7\u00f5es, vem \u00e0 pre\u00adsen\u00ad\u00e7a de V. Exa., aten\u00addi\u00addo o pre\u00adcei\u00adtua\u00addo no art. 282, do CPC, pa\u00adra pro\u00adpor<\/p>\n<p><strong>Peti\u00e7\u00e3o Inicial \u2013 A\u00e7\u00e3o Revisional e va\u00adlor de\u00adfa\u00adsa\u00addo <\/strong><\/p>\n<p><strong>\u2013 vin\u00adcu\u00adla\u00ad\u00e7\u00e3o ao sa\u00adl\u00e1\u00adrio m\u00ed\u00adni\u00admo<\/strong><\/p>\n<p>em fa\u00adce do &#8230;., su\u00adpe\u00adrin\u00adten\u00add\u00ean\u00adcia do &#8230;., com se\u00adde &#8230;., com fun\u00adda\u00admen\u00adto nos ar\u00adti\u00adgos 58, do Ato das Disposi\u00e7\u00f5es Constitucionais Transit\u00f3rias (\u00adADCT), art. 41, in\u00adci\u00adso I, da Lei 8.213, de 24.7.0001, e pa\u00adc\u00ed\u00adfi\u00adca ju\u00adris\u00adpru\u00add\u00ean\u00adcia, pe\u00adlos mo\u00adti\u00advos de fa\u00adto e de di\u00adrei\u00adto a se\u00adguir ex\u00adpos\u00adtos:<\/p>\n<p>1) Foi con\u00adce\u00addi\u00adda ao au\u00adtor apo\u00adsen\u00adta\u00addo\u00adria por tem\u00adpo de ser\u00advi\u00ad\u00e7o, a par\u00adtir de &#8230;\/&#8230;\/&#8230;, com ren\u00adda men\u00adsal ini\u00adcial de R$ &#8230;., equi\u00adva\u00adlen\u00adte a &#8230;. sa\u00adl\u00e1\u00adrios m\u00ed\u00adni\u00admos, \u00e0 \u00e9po\u00adca (doc. &#8230;.).<\/p>\n<p>2) Os va\u00adlo\u00adres aci\u00adma apon\u00adta\u00addos so\u00adfre\u00adram acha\u00adta\u00admen\u00adto de mon\u00adta, a par\u00adtir da com\u00adpe\u00adt\u00ean\u00adcia de &#8230;., co\u00admo faz pro\u00adva os do\u00adcu\u00admen\u00adtos jun\u00adta\u00addos (\u00addocs. &#8230;.).<\/p>\n<p>3) O en\u00adte pa\u00adga\u00addor ao re\u00addu\u00adzir os ga\u00adnhos pa\u00adra va\u00adlo\u00adres in\u00adfe\u00adrio\u00adres a &#8230;. sa\u00adl\u00e1\u00adrios m\u00ed\u00adni\u00admos fe\u00adriu nor\u00admas da Constitui\u00e7\u00e3o federal, que \u00e9 a ba\u00adse do nos\u00adso or\u00adde\u00adna\u00admen\u00adto ju\u00adr\u00ed\u00addi\u00adco, sen\u00addo que re\u00adgra ne\u00adnhu\u00adma po\u00adde con\u00adtra\u00adriar os prin\u00adc\u00ed\u00adpios ali es\u00adcul\u00adpi\u00addos, res\u00adpal\u00adda\u00addos pe\u00adla ju\u00adris\u00adpru\u00add\u00ean\u00adcia co\u00admo adian\u00adte trans\u00adcri\u00adto:<\/p>\n<p>O art. 58 do \u00adADCT, de 100088, ao ga\u00adran\u00adtir a atua\u00adli\u00adza\u00ad\u00e7\u00e3o dos be\u00adne\u00adf\u00ed\u00adcios pre\u00advi\u00adden\u00adci\u00e1\u00adrios, n\u00e3o au\u00adto\u00adri\u00adzou a apli\u00adca\u00ad\u00e7\u00e3o re\u00adtroa\u00adti\u00adva do cri\u00adt\u00e9\u00adrio de re\u00advi\u00ads\u00e3o con\u00adsa\u00adgra\u00addo nes\u00adse pre\u00adcei\u00adto tran\u00adsi\u00adt\u00f3\u00adrio, des\u00adlo\u00adcou, pa\u00adra o s\u00e9\u00adti\u00admo m\u00eas con\u00adta\u00addo da pro\u00admul\u00adga\u00ad\u00e7\u00e3o da Lei Fundamental, o in\u00ed\u00adcio de atua\u00ad\u00e7\u00e3o do no\u00advo cri\u00adt\u00e9\u00adrio re\u00advi\u00adsio\u00adnal das pres\u00adta\u00ad\u00e7\u00f5es men\u00adsais dos be\u00adne\u00adf\u00ed\u00adcios pre\u00advi\u00adden\u00adci\u00e1\u00adrios (STF \u2013 Ac. \u00adun\u00e2n. da 1\u00aa Turma, \u00adpubl. em 17.7.0004 \u2013 RE 170.136-6-SP, Relator ministro Celso de Mello \u2013 \u00adINSS x Amarildo Gomes \u2013 Ads. Camarus Prado Pires e Valdec\u00edrio Teles Vera. ADV. 41\/0004, n\u00ba 66.00063).<\/p>\n<p>O que pre\u00advis\u00adto no art. 58 do Ato das Disposi\u00e7\u00f5es Constitucionais Transit\u00f3rias tem co\u00admo ter\u00admo ini\u00adcial o m\u00eas de \u00adabril de 10008000. Assim, so\u00admen\u00adte ca\u00adbe a equi\u00adva\u00adl\u00ean\u00adcia quan\u00adto \u00e0s pres\u00adta\u00ad\u00e7\u00f5es que te\u00adnham se tor\u00adna\u00addo ven\u00adci\u00addas \u00adap\u00f3s tal da\u00adta. Precedentes: re\u00adcur\u00adso ex\u00adtraor\u00addi\u00adn\u00e1\u00adrio n\u00ba 142.30001-000-SP. Relatado pe\u00adlo ministro Ilmar Galv\u00e3o, pe\u00adran\u00adte a Primeira Turma com de\u00adci\u00ads\u00e3o un\u00e2\u00adni\u00adme, cu\u00adjo ac\u00f3r\u00add\u00e3o foi pu\u00adbli\u00adca\u00addo no Di\u00e1rio da Justi\u00e7a de 17.12.0003, p. 28.033, e re\u00adcur\u00adso ex\u00adtraor\u00addi\u00adn\u00e1\u00adrio n\u00ba 153.852-0-SP, re\u00adla\u00adta\u00addo pe\u00adlo ministro Carlos Veloso na 2\u00aa Turma, no dia 16.11.0003 (STF \u2013 Ac. \u00adun\u00e2n. da 2\u00aa Turma, \u00adpubl. em 5.8.0004 \u2013 RE 171.00008-7-SP \u2013 Relator ministro Marco Aur\u00e9lio \u2013 \u00adINSS x Roman Cossovan \u2013 Ads. Anete Rodelo e Orlando Batine. ADV. 42\/0004 n \u00ba 67.037).<\/p>\n<p>4) Com ba\u00adse nas con\u00adsi\u00adde\u00adra\u00ad\u00e7\u00f5es aci\u00adma ex\u00adpen\u00addi\u00addas, o au\u00adtor con\u00adsi\u00adde\u00adra in\u00adcons\u00adti\u00adtu\u00adcio\u00adnal qual\u00adquer cri\u00adt\u00e9\u00adrio ado\u00adta\u00addo pa\u00adra a cor\u00adre\u00ad\u00e7\u00e3o da apo\u00adsen\u00adta\u00addo\u00adria vin\u00adcu\u00adla\u00adda ao sa\u00adl\u00e1\u00adrio m\u00ed\u00adni\u00admo, que ve\u00adnha di\u00adver\u00adgir do pre\u00adcei\u00adtua\u00addo no ar\u00adti\u00adgo 58, do \u00adADCT.<\/p>\n<p>Isto pos\u00adto, pe\u00adde a con\u00adde\u00adna\u00ad\u00e7\u00e3o do r\u00e9u nas di\u00adfe\u00adren\u00ad\u00e7as re\u00adpre\u00adsen\u00adta\u00addas pe\u00adlos va\u00adlo\u00adres pa\u00adgos, con\u00adfor\u00adme os do\u00adcu\u00admen\u00adtos jun\u00adta\u00addos, e os va\u00adlo\u00adres real\u00admen\u00adte de\u00advi\u00addos \u2013 &#8230;. sa\u00adl\u00e1\u00adrios m\u00ed\u00adni\u00admos men\u00adsais, con\u00adfor\u00adme qua\u00addro de\u00admons\u00adtra\u00adti\u00advo jun\u00adta\u00addo, a par\u00adtir da com\u00adpe\u00adt\u00ean\u00adcia de &#8230;., in\u00adclu\u00adsi\u00adve quan\u00adto ao 13\u00ba sa\u00adl\u00e1\u00adrio do re\u00adfe\u00adri\u00addo pe\u00adr\u00edo\u00addo.<\/p>\n<p>Por fim, re\u00adquer a V. Exa. que, nos ter\u00admos dos \u00adarts. 213 e se\u00adguin\u00adtes do CPC, se dig\u00adne man\u00addar ci\u00adtar o r\u00e9u, a fim de vir res\u00adpon\u00adder aos ter\u00admos des\u00adta \u00ada\u00e7\u00e3o, no pra\u00adzo le\u00adgal, sob pe\u00adna de re\u00adve\u00adlia e con\u00adfis\u00ads\u00e3o fic\u00adta, sen\u00addo, fi\u00adnal\u00admen\u00adte, re\u00adco\u00adnhe\u00adci\u00addo o di\u00adrei\u00adto do au\u00adtor no pe\u00addi\u00addo e a con\u00adde\u00adna\u00ad\u00e7\u00e3o do r\u00e9u, na for\u00adma do plei\u00adtea\u00addo, cor\u00adre\u00ad\u00e7\u00e3o mo\u00adne\u00adt\u00e1\u00adria, ju\u00adros, cus\u00adtas e ho\u00adno\u00adr\u00e1\u00adrios ad\u00advo\u00adca\u00adt\u00ed\u00adcios.<\/p>\n<p>Protestando por pro\u00advas que em di\u00adrei\u00adto se\u00adjam ad\u00admi\u00adti\u00addas, d\u00e1-se \u00e0 pre\u00adsen\u00adte, pa\u00adra os efei\u00adtos das ta\u00adxas ju\u00addi\u00adci\u00e1\u00adrias, o va\u00adlor de R$&#8230;&#8230;&#8230;&#8230;&#8230;&#8230;&#8230;&#8230;&#8230;&#8230;<\/p>\n<p>N. Termos,<\/p>\n<p>P. E. de\u00adfe\u00adri\u00admen\u00adto. <\/p>\n<p>_____________, _____\/________\/ 200__<\/p>\n<p>__________________________________ <\/p>\n<p>Adv.<\/p>\n","protected":false},"featured_media":0,"parent":0,"menu_order":0,"template":"","meta":{"content-type":""},"categoria-modelo":[154],"class_list":["post-6525","modelos-de-peticao","type-modelos-de-peticao","status-publish","hentry","categoria-modelo-previdenciario"],"_links":{"self":[{"href":"https:\/\/easyjur.com\/blog\/wp-json\/wp\/v2\/modelos-de-peticao\/6525","targetHints":{"allow":["GET"]}}],"collection":[{"href":"https:\/\/easyjur.com\/blog\/wp-json\/wp\/v2\/modelos-de-peticao"}],"about":[{"href":"https:\/\/easyjur.com\/blog\/wp-json\/wp\/v2\/types\/modelos-de-peticao"}],"wp:attachment":[{"href":"https:\/\/easyjur.com\/blog\/wp-json\/wp\/v2\/media?parent=6525"}],"wp:term":[{"taxonomy":"categoria-modelo","embeddable":true,"href":"https:\/\/easyjur.com\/blog\/wp-json\/wp\/v2\/categoria-modelo?post=6525"}],"curies":[{"name":"wp","href":"https:\/\/api.w.org\/{rel}","templated":true}]}}