{"id":6372,"date":"2023-07-13T17:19:56","date_gmt":"2023-07-13T17:19:56","guid":{"rendered":"https:\/\/easyjur.com\/blog\/?post_type=modelos-de-peticao&#038;p=3650"},"modified":"2023-07-13T17:19:56","modified_gmt":"2023-07-13T17:19:56","slug":"acao-revisional-de-aposentadoria-nao-aplicacao-do-fator-previdenciario-novo-cpc","status":"publish","type":"modelos-de-peticao","link":"https:\/\/easyjur.com\/blog\/modelos-de-peticao\/acao-revisional-de-aposentadoria-nao-aplicacao-do-fator-previdenciario-novo-cpc\/","title":{"rendered":"[MODELO] A\u00e7\u00e3o Revisional de Aposentadoria  &#8211;  N\u00e3o aplica\u00e7\u00e3o do Fator Previdenci\u00e1rio  &#8211;  Novo CPC"},"content":{"rendered":"<p>REVISIONAL DE APOSENTADORIA \u2013 APOSENTADORIA \u2013 LEI N\u00ba 8.213\/91 &#8211; N\u00c3O APLICA\u00c7\u00c3O DO FATOR PREVIDENCIARIO &#8211; NOVO CPC<\/p>\n<p>EXMO. SR. DR. JUIZ DE DIREITO DA ____________ DA COMARCA DE __________________ &#8211; ___<\/p>\n<p>Pular 10 linhas<\/p>\n<p>\u2006 \u2006 \u2006 \u2006 \u2006 Nome ( qualifica\u00e7\u00e3o), (endere\u00e7o) por seu advogado e bastante procurador ( procura\u00e7\u00e3o anexa), ao qual dever\u00e3o ser endere\u00e7adas todas as notifica\u00e7\u00f5es e publica\u00e7\u00f5es decorrentes deste processo, que ser\u00e3o recebidas no escrit\u00f3rio sito \u00e0 rua &#8230;&#8230;&#8230;&#8230;&#8230;&#8230;&#8230;&#8230;.., vem, respeitosamente \u00e0 presen\u00e7a de Vossa Excel\u00eancia, propor a presente<\/p>\n<p>A\u00c7\u00c3O REVISIONAL DE APOSENTADORIA<\/p>\n<p>\u2006 \u2006 \u2006 \u2006 \u2006 com a finalidade de que a Renda Mensal Inicial do Autor seja calculada sem a aplica\u00e7\u00e3o do Fator Previdenci\u00e1rio cumulada com a sua declara\u00e7\u00e3o de inconstitucionalidade incidental em face do Instituto Nacional do Seguro Social- INSS, com endere\u00e7o &#8230;&#8230;&#8230;&#8230;&#8230;&#8230;&#8230;&#8230;&#8230;&#8230; Pelos motivos de fato e de direito que passa a expor, para ao final requerer o quanto segue:<\/p>\n<p>I) DOS FATOS<\/p>\n<p>\u2006 \u2006 \u2006 \u2006 \u2006 1. O Autor teve a sua aposentadoria concedida em &#8230;&#8230;&#8230;&#8230;&#8230;&#8230;, benef\u00edcio este cadastrado sob n\u00ba &#8230;&#8230;&#8230;&#8230;&#8230;&#8230;&#8230;&#8230;.. Conforme comprova a carta de concess\u00e3o anexa ( doc. N\u00ba&#8230;.).<\/p>\n<p>\u2006 \u2006 \u2006 \u2006 \u2006 2. Ocorre que, \u00e0 \u00e9poca da concess\u00e3o do referido benef\u00edcio houve a aplica\u00e7\u00e3o do fator previdenci\u00e1rio no valor da Renda Mensal Inicial(RMI) que acabou resultando num valor menor do que o que seria correto achatando o beneficio do Autor.<\/p>\n<p>3. Tal situa\u00e7\u00e3o perdura at\u00e9 hoje, o que \u00e9 um verdadeiro absurdo.<\/p>\n<p>\u2006 \u2006 \u2006 \u2006 \u2006 4. Evidentemente tal entendimento do INSS \u00e9 inconstitucional e ilegal, posto que ao longo do tempo o Autor ter\u00e1 uma dr\u00e1stica redu\u00e7\u00e3o em sua aposentadoria, sendo que contribuiu para o sistema previdenci\u00e1rio e n\u00e3o est\u00e1 tendo agora a devida contrapartida.<\/p>\n<p>\u2006 \u2006 \u2006 \u2006 \u2006 5. Tal conduta do R\u00e9u viola o princ\u00edpio da irredutibilidade no valor dos benef\u00edcios que visa proteger o Autor das perdas inflacion\u00e1rias. Sobre tal princ\u00edpio nos ensina o professor Wagner Balera que:<\/p>\n<p>\u201c Para a manuten\u00e7\u00e3o do valor real do benef\u00edcio, \u00e9 fundamental que ele seja fixado corretamente ab initio. Do contr\u00e1rio, o benef\u00edcio persistir\u00e1 existindo com um valor irreal, imprest\u00e1vel para o cumprimento de sua finalidade constitucional. Cumpre evitar, portanto, esse v\u00edcio gen\u00e9tico, por assim dizer\u201d.(Da irredutibilidade do valor\u2006 \u2006 dos benef\u00edcios. In: Cadernos de Direito Constitucional e Ci\u00eancia Pol\u00edtica, n.19, p. 176)<\/p>\n<p>\u2006 \u2006 \u2006 \u2006 \u2006 6. Sobre a import\u00e2ncia dos princ\u00edpios constitucionais da seguridade social, ensina o professor Marcus Orione G. Correia que:<\/p>\n<p>\u201cO sistema normativo \u00e9 composto da atua\u00e7\u00e3o tamb\u00e9m dos princ\u00edpios. Portanto, estes s\u00e3o informadores do sistema e n\u00e3o meramente integradores deste. Uma regra que destoa de um princ\u00edpio , obviamente n\u00e3o pode prevalecer, (&#8230;)\u201d(in Curso de Especializa\u00e7\u00e3o em Direito Previdenci\u00e1rio, vol. 1, p\u00e1g. 255, Editora Juru\u00e1).<\/p>\n<p>\u2006 \u2006 \u2006 \u2006 \u2006 7. Importante ressaltar que a aplica\u00e7\u00e3o do fator previdenci\u00e1rio viola o principio do n\u00e3o retrocesso social que nas palavras do Professor J.J. Gomes Canotilho ao examinar os contornos do princ\u00edpio assim se manifesta:<\/p>\n<p>\u201cO princ\u00edpio da proibi\u00e7\u00e3o do retrocesso social pode formular-se assim: o n\u00facleo essencial dos direitos sociais j\u00e1 realizado e efetivado atrav\u00e9s de medidas legislativas deve considerar-se constitucionalmente garantido, sendo inconstitucionais quaisquer medidas que, sem a cria\u00e7\u00e3o de esquemas alternativos ou compensat\u00f3rios, se traduzam na pr\u00e1tica em uma anula\u00e7\u00e3o, revoga\u00e7\u00e3o ou aniquila\u00e7\u00e3o pura e simples desse n\u00facleo essencial. A liberdade do legislador tem como limite o n\u00facleo essencial j\u00e1 realizado\u201d (Jos\u00e9 Joaquim Gomes Canotilho, Direito Constitucional e Teoria da Constitui\u00e7\u00e3o, Livraria Almedina, Coimbra, 1998).<\/p>\n<p>\u2006 \u2006 \u2006 \u2006 \u2006 8. Assim, o Autor socorre-se da tutela jurisdicional do Estado, afim de ver sua pretens\u00e3o acolhida.<\/p>\n<p>II) DO DIREITO<\/p>\n<p>\u2006 \u2006 \u2006 \u2006 \u2006 9. O FATOR PREVIDENCI\u00c1RIO tem diversas inconstitucionalidades, que ser\u00e3o vistas ao longo desta inicial tais como:<\/p>\n<p>\u2006 \u2006 \u2006 \u2006 \u2006 a) A aplica\u00e7\u00e3o do fator previdenci\u00e1rio pelo INSS viola o principio da reciprocidade das contribui\u00e7\u00f5es, ou seja, a rela\u00e7\u00e3o entre o que se paga e o que se recebe. O Fator Previdenci\u00e1rio, ao interferir no valor da renda mensal inicial, levando-se em conta a idade e a sobrevida do benefici\u00e1rio, afronta indiretamente o princ\u00edpio da reciprocidade das contribui\u00e7\u00f5es efetuadas anterior a legisla\u00e7\u00e3o introdut\u00f3ria.<\/p>\n<p>\u2006 \u2006 \u2006 \u2006 \u2006 B) Veja-se que o valor recolhido n\u00e3o guardar\u00e1 qualquer rela\u00e7\u00e3o com o valor do benef\u00edcio, havendo inclusive, afronta ao p. da isonomia sendo que, segurados que recolheram valores id\u00eanticos receber\u00e3o benef\u00edcios diferenciados dependendo da idade de cada um, o que \u00e9 verdadeiramente inconstitucional tal situa\u00e7\u00e3o.<\/p>\n<p>\u2006 \u2006 \u2006 \u2006 \u2006 C) Portanto, o Fator Previdenci\u00e1rio interfere diretamente no c\u00e1lculo da Renda Mensal Inicial, tratando-se de um mecanismo utilizado para reduzir a m\u00e9dia dos sal\u00e1rios de contribui\u00e7\u00e3o de natureza meramente arrecadat\u00f3ria para aliviar o t\u00e3o alegado rombo da Previd\u00eancia Social.<\/p>\n<p>\u2006 \u2006 \u2006 \u2006 \u2006 Ora, ocorre que o Autor nunca administrou as contas da Previd\u00eancia n\u00e3o podendo agora ser prejudicado por esta, repita-se, alegada situa\u00e7\u00e3o.<\/p>\n<p>\u2006 \u2006 \u2006 \u2006 \u2006 Finalmente, a aplica\u00e7\u00e3o do FATOR PREVIDENCI\u00c1RIO descumpre as regras do artigo 201, \u00a7 1\u00ba , da CF\/88 no que diz respeito \u00e0 proibi\u00e7\u00e3o de se adotar crit\u00e9rios e requisitos diversos para a concess\u00e3o dasaposentadorias, al\u00e9m de prever a idade como crit\u00e9rio a ser levado em conta, onde estabelece que:<\/p>\n<p>\u201c\u00c9 vedada a ado\u00e7\u00e3o de requisitos e crit\u00e9rios diferenciados para a concess\u00e3o de aposentadoria aos benefici\u00e1rios do regime geral de previd\u00eancia social, ressalvados os casos de atividades exercidas sob condi\u00e7\u00f5es especiais que prejudiquem a sa\u00fade ou a integridade f\u00edsica e quando se tratar de segurados portadores de defici\u00eancia, nos termos definidos em lei complementar.\u201d<\/p>\n<p>\u2006 \u2006 \u2006 \u2006 \u2006 10. Na moderna teoria da interpreta\u00e7\u00e3o constitucional que alei infraconstitucional n\u00e3o pode criar crit\u00e9rios diferenciados para segurados nas mesmas condi\u00e7\u00f5es, a n\u00e3o ser as hip\u00f3teses ressalvadas no pr\u00f3prio dispositivo constitucional, sob pena desta lei ser fulminada pela inconstitucionalidade, e que nas palavras do professor Roque Carraza, no seu Curso de Direito Constitucional Tribut\u00e1rio, p\u00e1g. 27 diz:<\/p>\n<p>\u2006 \u2006 \u2006 \u2006 \u2006 1. <\/p>\n<p>\u201cO decreto deve buscar fundamento de validade na lei, e esta, na Constitui\u00e7\u00e3o. Se, eventualmente, o decreto contrariar alei, estar\u00e1 fora da pir\u00e2mide, a ningu\u00e9m podendo obrigar. O mesmo podemos dizer da lei, se em descompasso coma Constitui\u00e7\u00e3o. Isto significa que uma norma inv\u00e1lida n\u00e3o pode produzir efeitos de direito ( simplesmente porque n\u00e3o existe, juridicamente falando).\u201d<\/p>\n<p>\u2006 \u2006 \u2006 \u2006 \u2006 12.O outro aspecto do Fator Previdenci\u00e1rio, \u00e9 que institui um requisito discriminadora o ser efetuado o c\u00e1lculo da aposentadoria por tempo de contribui\u00e7\u00e3o ou idade, aplicando-se este fator levando-se em conta a idade do segurado e a sua expectativa de sobrevida, concluindo que quanto mais jovem for o segurado, menor ser\u00e1 a sua RMI, ainda que tenha contribu\u00eddo por igual per\u00edodo e mediante os mesmos valores que um outro segurado, mais velho do que ele, onde vemos com clareza que Lei n\u00ba 9.876\/99 instituiu um crit\u00e9rio diferenciador entre segurados nas mesmas condi\u00e7\u00f5es o que viola o principio da isonomia.<\/p>\n<p>\u2006 \u2006 \u2006 \u2006 \u2006 13. Neste diapas\u00e3o, a lei ofendeu claramente o disposto no \u00a71\u00ba do artigo 201 da CF\/88 que veda tal pr\u00e1tica, onde Segurados nas mesmas condi\u00e7\u00f5es: igual tempo de servi\u00e7o, igual tempo de contribui\u00e7\u00e3o e id\u00eantica base de c\u00e1lculo de recolhimento, ter\u00e3o rendas mensais iniciais diferentes conforme a idade de cada um, ou seja, quem est\u00e1 na mesma situa\u00e7\u00e3o jur\u00eddica deve receber o mesmo tratamento jur\u00eddico, onde que qualquer outro tratamento que n\u00e3o seja esta, estar\u00e1 eivada de inconstitucionalidade.<\/p>\n<p>\u2006 \u2006 \u2006 \u2006 \u2006 14. Utilizando-se regras de interpreta\u00e7\u00e3o constitucionais v\u00ea-se que a Lei n\u00ba 9.876\/99 foi al\u00e9m de onde lhe estava autorizado a ir pelo \u00a7 1\u00ba do artigo 201 da CF\/88, instituindo por vias obl\u00edquas um novo requisito para efeito de c\u00e1lculo da RMI, n\u00e3o previsto no pr\u00f3prio par\u00e1grafo mencionado e n\u00e3o inserido nas exce\u00e7\u00f5es estipuladas tamb\u00e9m por este par\u00e1grafo.<\/p>\n<p>\u2006 \u2006 \u2006 \u2006 \u2006 15. Pelo seu car\u00e1ter eminentemente inconstitucional, a incid\u00eancia do Fator Previdenci\u00e1rio no c\u00e1lculo das rendas mensais iniciais dos benef\u00edcios de aposentadoria por tempo de servi\u00e7o e por idade deve ser declarada inconstitucional e ser totalmente afastada.<\/p>\n<p>\u2006 \u2006 \u2006 \u2006 \u2006 16. Requer-se a declara\u00e7\u00e3o e o reconhecimento incidental da sua inconstitucionalidade, devendo-se condenar o INSS a revisar a renda mensal inicial do autor sem a incid\u00eancia do Fator Previdenci\u00e1rio por ser seu direito.<\/p>\n<p>17. Sob a interpreta\u00e7\u00e3o do Prof. Marcus Orione diz que:<\/p>\n<p>\u201csob a \u00f3tica da ci\u00eancia atuarial restaria indispens\u00e1vel que se verificasse a efetividade da sistem\u00e1tica para efeitos decomposi\u00e7\u00e3o de uma pol\u00edtica de seguro social, restando, ainda, a d\u00favida dos limites constitucionais da aplica\u00e7\u00e3o incondicional da ci\u00eancia atuarial em mat\u00e9ria de previd\u00eancia social.\u201d (in Digress\u00f5es a respeito da inconstitucionalidade do Fator Previdenci\u00e1rio, Revista do Advogado, n. 60)<\/p>\n<p>III) DOS PEDIDOS<\/p>\n<p>DIANTE O EXPOSTO, \u00e9 o presente para:<\/p>\n<p>\u2006 \u2006 \u2006 \u2006 \u2006 a) determinar a cita\u00e7\u00e3o da Autarquia-R\u00e9 no endere\u00e7o apontado para que, em querendo, apresente resposta \u00e0 presente, sob as penas de revelia e confiss\u00e3o;<\/p>\n<p>\u2006 \u2006 \u2006 \u2006 \u2006 b) a produ\u00e7\u00e3o de todos os meios de provas em direito admitidos, notadamente, a juntada de novos documentos;<\/p>\n<p>\u2006 \u2006 \u2006 \u2006 \u2006 c) a total proced\u00eancia do pedido, consistente na declara\u00e7\u00e3o e o reconhecimento incidental da inconstitucionalidade do Fator Previdenci\u00e1rio com a condena\u00e7\u00e3o da Autarquia-R\u00e9 para revisar a Renda Mensal Inicial do Autor sem a incid\u00eancia do fator previdenci\u00e1rio por ser seu direito;<\/p>\n<p>\u2006 \u2006 \u2006 \u2006 \u2006 a) <\/p>\n<p>\u2006 \u2006 \u2006 \u2006 \u2006 d) o pagamento de todas as diferen\u00e7as oriundas da revis\u00e3o do benef\u00edcio ora proposta, bem como os seus reflexos nas rendas mensais vincendas, devendo ser atualizados monetariamente a partir do vencimento em cada parcela, acrescidos de Juros de Mora e Atualiza\u00e7\u00e3o Monet\u00e1ria, nos termos da legisla\u00e7\u00e3o vigente;<\/p>\n<p>\u2006 \u2006 \u2006 \u2006 \u2006 e) a condena\u00e7\u00e3o ao pagamento dos honor\u00e1rios advocat\u00edcios no importe de 20% (vinte por cento) sobre o valor da condena\u00e7\u00e3o.<\/p>\n<p>\u2006 \u2006 \u2006 \u2006 \u2006 Requer-se que se digne Vossa Excel\u00eancia a conceder os benef\u00edcios da Justi\u00e7a Gratuita, em face da condi\u00e7\u00e3o de pobreza do Autor, nos termos da Lei n\u00ba 1.060\/50, que n\u00e3o tem como arcar com as custas processuais e demais despesas sem preju\u00edzo de seu sustento e de sua fam\u00edlia conforme declara\u00e7\u00e3o anexa.<\/p>\n<p>D\u00e1-se \u00e0 causa, para efeitos fiscais, o valor de R$ &#8230;&#8230;&#8230;.(&#8230;&#8230;&#8230;&#8230;&#8230;&#8230;&#8230;&#8230;..).<\/p>\n<p>Nestes termos,<\/p>\n<p>Pede deferimento.<\/p>\n<p>[Local] [data]<\/p>\n<p>__________________________________<\/p>\n<p>[Nome Advogado] &#8211; [OAB] [UF].<\/p>\n","protected":false},"featured_media":0,"parent":0,"menu_order":0,"template":"","meta":{"content-type":""},"categoria-modelo":[154],"class_list":["post-6372","modelos-de-peticao","type-modelos-de-peticao","status-publish","hentry","categoria-modelo-previdenciario"],"_links":{"self":[{"href":"https:\/\/easyjur.com\/blog\/wp-json\/wp\/v2\/modelos-de-peticao\/6372","targetHints":{"allow":["GET"]}}],"collection":[{"href":"https:\/\/easyjur.com\/blog\/wp-json\/wp\/v2\/modelos-de-peticao"}],"about":[{"href":"https:\/\/easyjur.com\/blog\/wp-json\/wp\/v2\/types\/modelos-de-peticao"}],"wp:attachment":[{"href":"https:\/\/easyjur.com\/blog\/wp-json\/wp\/v2\/media?parent=6372"}],"wp:term":[{"taxonomy":"categoria-modelo","embeddable":true,"href":"https:\/\/easyjur.com\/blog\/wp-json\/wp\/v2\/categoria-modelo?post=6372"}],"curies":[{"name":"wp","href":"https:\/\/api.w.org\/{rel}","templated":true}]}}