{"id":45648,"date":"2023-08-10T14:32:05","date_gmt":"2023-08-10T14:32:05","guid":{"rendered":"https:\/\/easyjur.com\/blog\/?post_type=modelos-de-peticao&#038;p=3650"},"modified":"2023-08-10T14:32:05","modified_gmt":"2023-08-10T14:32:05","slug":"requerimento-de-saidas-temporarias-no-regime-semiaberto","status":"publish","type":"modelos-de-peticao","link":"https:\/\/easyjur.com\/blog\/modelos-de-peticao\/requerimento-de-saidas-temporarias-no-regime-semiaberto\/","title":{"rendered":"[MODELO] Requerimento de Sa\u00eddas Tempor\u00e1rias no Regime Semiaberto"},"content":{"rendered":"<p><strong>EXCELENT\u00cdSSIMA SENHORA DOUTORA JU\u00cdZA DE DIREITO DA VARA DE EXECU\u00c7\u00d5ES PENAIS DA COMARCA DE _____.<\/strong><\/p>\n<p>pec n.\u00b0 _____<\/p>\n<p>objeto: sa\u00eddas tempor\u00e1rias<\/p>\n<p>_____, brasileiro, reeducando do regime semiaberto junto a Penitenci\u00e1ria de ________, vem, respeitosamente \u00e0 presen\u00e7a de Vossa Excel\u00eancia, requerer o benef\u00edcio das SA\u00cdDAS TEMPOR\u00c1RIAS, com fulcro no que disp\u00f5e o artigo 123 da Lei n. 7.210 de 11.07.1984, pelas raz\u00f5es que sucintamente passa expor:<\/p>\n<p>O reeducando iniciou o cumprimento da pena privativa de liberdade de (12) doze anos e (3) tr\u00eas meses de reclus\u00e3o em 25 de fevereiro de 2005.<\/p>\n<p>Tendo em linha de conta que o peticion\u00e1rio possui conduta carcer\u00e1ria plenamente satisfat\u00f3ria, sendo compat\u00edvel o atual regime com o benef\u00edcio postulado \u2013 uma vez implementado (1\/4) um quarto do total da reprimenda \u2013 faz jus, o requerente, \u00e0 concess\u00e3o das sa\u00eddas tempor\u00e1rias, \u00e0 luz do artigo 123 da LEP.<\/p>\n<p>Observe-se que, \u00e0 luz da S\u00famula 40 do STJ, computa-se, para efeito de obten\u00e7\u00e3o do benef\u00edcio da sa\u00edda tempor\u00e1ria o tempo de cumprimento da pena no regime fechado.<\/p>\n<p>Ali\u00e1s, esta \u00e9 a intelig\u00eancia do doutrinar Guilherme de Souza Nucci, in LEIS PENAIS E PROCESSUAIS PENAIS COMENTADAS, S\u00e3o Paulo, 2007, 2\u00aa. Ed., RT, onde, \u00e0 p\u00e1gina 505, tra\u00e7a exegese do artigo 123 da LEP:<\/p>\n<p>\u201c\u2026Por\u00e9m, se ingressa no regime semiaberto, por progress\u00e3o, advindo do regime fechado, j\u00e1 tendo cumprido neste \u00faltimo sexto do total da pena, pode obter, de imediato, a sa\u00edda tempor\u00e1ria. \u00c9 o teor da S\u00famula 40 do STJ: \u201cPara a obten\u00e7\u00e3o dos benef\u00edcios de sa\u00edda tempor\u00e1ria e trabalho externo, considera-se o tempo de cumprimento da pena no regime fechado. Est\u00e1 correta essa disposi\u00e7\u00e3o, pois o condenado j\u00e1 teve tempo suficiente para demonstrar seu bom comportamento e adequa\u00e7\u00e3o \u00e0 disciplina exigida pelo estabelecimento penal mais severo (regime fechado), tanto que conseguiu a transfer\u00eancia ao semiaberto. Assim que vi\u00e1vel, pode ser beneficiado pela sa\u00edda tempor\u00e1ria.\u201d<\/p>\n<p>Assim, solicita-se, em ju\u00edzo de retrata\u00e7\u00e3o, sejam-lhe deferidas as sa\u00eddas tempor\u00e1rias, haja vista que implementado o marco legal em 13\/10\/2007.<\/p>\n<p>POSTO ISTO, REQUER:<\/p>\n<p>I.- Seja dada vista ao consp\u00edcuo Doutor Promotor de Justi\u00e7a que oficia junto \u00e0 Vec.<\/p>\n<p>II.- Seja deferido ao apenado, em ju\u00edzo de retrata\u00e7\u00e3o, o benef\u00edcio das sa\u00eddas tempor\u00e1rias, por implementados os requisitos estabelecidos pelo artigo 123 da LEP, oficiando-se a PENITENCI\u00c1RIA DE ___.<\/p>\n<p>Nesses Termos<\/p>\n<p>Pede Deferimento.<\/p>\n<p>_________, ____ de _________ de _____.<\/p>\n<p>OAB\/UF<\/p>\n","protected":false},"featured_media":0,"parent":0,"menu_order":0,"template":"","meta":{"content-type":""},"categoria-modelo":[153],"class_list":["post-45648","modelos-de-peticao","type-modelos-de-peticao","status-publish","hentry","categoria-modelo-penal"],"_links":{"self":[{"href":"https:\/\/easyjur.com\/blog\/wp-json\/wp\/v2\/modelos-de-peticao\/45648","targetHints":{"allow":["GET"]}}],"collection":[{"href":"https:\/\/easyjur.com\/blog\/wp-json\/wp\/v2\/modelos-de-peticao"}],"about":[{"href":"https:\/\/easyjur.com\/blog\/wp-json\/wp\/v2\/types\/modelos-de-peticao"}],"wp:attachment":[{"href":"https:\/\/easyjur.com\/blog\/wp-json\/wp\/v2\/media?parent=45648"}],"wp:term":[{"taxonomy":"categoria-modelo","embeddable":true,"href":"https:\/\/easyjur.com\/blog\/wp-json\/wp\/v2\/categoria-modelo?post=45648"}],"curies":[{"name":"wp","href":"https:\/\/api.w.org\/{rel}","templated":true}]}}