{"id":45522,"date":"2023-08-10T14:29:46","date_gmt":"2023-08-10T14:29:46","guid":{"rendered":"https:\/\/easyjur.com\/blog\/?post_type=modelos-de-peticao&#038;p=3650"},"modified":"2023-08-10T14:29:46","modified_gmt":"2023-08-10T14:29:46","slug":"alegacoes-finais-acao-penal-por-furto-qualificado-com-coautoria","status":"publish","type":"modelos-de-peticao","link":"https:\/\/easyjur.com\/blog\/modelos-de-peticao\/alegacoes-finais-acao-penal-por-furto-qualificado-com-coautoria\/","title":{"rendered":"[MODELO] Alega\u00e7\u00f5es Finais  &#8211;  A\u00e7\u00e3o Penal por Furto Qualificado com Coautoria"},"content":{"rendered":"<p><strong>AO MM. JU\u00cdZO DE DIREITO DA 00\u00b0 VARA CRIMINAL\/ JURI DA COMARCA DE CIDADE\/UF<\/strong><\/p>\n<p><strong>AUTOS N\u00ba 0000 &#8211; PROCESSO CRIME<\/strong><\/p>\n<p><strong>AUTORA: JUSTI\u00c7A P\u00daBLICA<\/strong><\/p>\n<p><strong>R\u00c9US: FULANO DE TAL E BELTRANO<\/strong><\/p>\n<p>NOME DO ADVOGADO, NACIONALIDADE, advogado (a), inscrito (a) na OAB\/UF\u00a0sob o n\u00ba 000000, com escrit\u00f3rio na Rua TAL, NA CIDADE\/UF, vem perante Vossa Excel\u00eancia, na qualidade de Assistente de Acusa\u00e7\u00e3o, conforme fls. 00 oferecer:<\/p>\n<p><strong>ALEGA\u00c7\u00d5ES FINAIS<\/strong> (art. 500, CPP)<\/p>\n<p>FULANO DE TAL e BELTRANO, foram denunciados como incursos nas san\u00e7\u00f5es do art. 155, par\u00e1grafo 4\u00ba, incisos I e IV, c\/c o art. 25 (atual 29), ambos do C\u00f3digo Penal, isto porque, em s\u00edntese, no DIA\/M\u00caS\/ANO, em hor\u00e1rio n\u00e3o precisado, de comum acordo, subtra\u00edram para eles, do interior do escrit\u00f3rio da v\u00edtima, SICRANO, os bens descritos no auto de apreens\u00e3o de fls. 00.<\/p>\n<p>Encerrada a instru\u00e7\u00e3o criminal, a nosso ver, procede a acusa\u00e7\u00e3o.<\/p>\n<p>Com efeito, o acusado FULANO DE TAL, ao ser ouvido na fase indici\u00e1ria, confessou o delito. Com ele tamb\u00e9m foram encontrados os objetos apreendidos \u00e0s fls. 00. Parte desses objetos, ressalte-se, foram reconhecidos como pertencentes \u00e0 v\u00edtima (fls. 00).<\/p>\n<p>Assim, a alega\u00e7\u00e3o do r\u00e9u BELTRANO de permanecer somente presenciando o co-acusado, FULANO DE TAL, \u00e0 dist\u00e2ncia, sem cometer o delito, refoge \u00e0 l\u00f3gica. Ademais, repita-se, com o acusado FULANO DE TAL, foram encontradas as &quot;res furtivas&quot;.<\/p>\n<p>No que tange \u00e0 participa\u00e7\u00e3o do acusado FULANO DE TAL, face todos os ind\u00edcios compilados, os quais s\u00e3o corroborados pela confiss\u00e3o do co-R\u00e9u, bem assim pelo seu desaparecimento do distrito da culpa, logo ap\u00f3s a pr\u00e1tica do delito, leva, seguramente, \u00e0 sua responsabilidade.<\/p>\n<p>As qualificadoras, de outra parte, restaram amplamente demonstradas. Uma, pelo laudo pericial de fls. 00, a outra, pela co-autoria.<\/p>\n<p>Comporta assinalar, ao ensejo, que o acusado FULANO DE TAL n\u00e3o \u00e9 prim\u00e1rio, conforme se verifica pela certid\u00e3o de fls. 00.<\/p>\n<p><strong>ISTO POSTO<\/strong>, provada a autoria e a materialidade do delito, ausentes quaisquer causas de exclus\u00e3o do crime ou da culpabilidade, requeremos pela condena\u00e7\u00e3o dos acusados nas san\u00e7\u00f5es dos artigos invocados na inicial.<\/p>\n<p><a id=\"_Hlk19878861\"><\/a>Termos em que,<\/p>\n<p>Pede Deferimento.<\/p>\n<p>CIDADE, 00, M\u00caS, ANO<\/p>\n<p><strong>ADVOGADO<br \/>OAB N\u00ba<\/strong><\/p>\n","protected":false},"featured_media":0,"parent":0,"menu_order":0,"template":"","meta":{"content-type":""},"categoria-modelo":[153],"class_list":["post-45522","modelos-de-peticao","type-modelos-de-peticao","status-publish","hentry","categoria-modelo-penal"],"_links":{"self":[{"href":"https:\/\/easyjur.com\/blog\/wp-json\/wp\/v2\/modelos-de-peticao\/45522","targetHints":{"allow":["GET"]}}],"collection":[{"href":"https:\/\/easyjur.com\/blog\/wp-json\/wp\/v2\/modelos-de-peticao"}],"about":[{"href":"https:\/\/easyjur.com\/blog\/wp-json\/wp\/v2\/types\/modelos-de-peticao"}],"wp:attachment":[{"href":"https:\/\/easyjur.com\/blog\/wp-json\/wp\/v2\/media?parent=45522"}],"wp:term":[{"taxonomy":"categoria-modelo","embeddable":true,"href":"https:\/\/easyjur.com\/blog\/wp-json\/wp\/v2\/categoria-modelo?post=45522"}],"curies":[{"name":"wp","href":"https:\/\/api.w.org\/{rel}","templated":true}]}}