{"id":44904,"date":"2023-08-10T13:55:33","date_gmt":"2023-08-10T13:55:33","guid":{"rendered":"https:\/\/easyjur.com\/blog\/?post_type=modelos-de-peticao&#038;p=3650"},"modified":"2023-08-10T13:55:33","modified_gmt":"2023-08-10T13:55:33","slug":"peticao-inicial-concessao-de-pensao-por-morte-a-menor-sob-guarda","status":"publish","type":"modelos-de-peticao","link":"https:\/\/easyjur.com\/blog\/modelos-de-peticao\/peticao-inicial-concessao-de-pensao-por-morte-a-menor-sob-guarda\/","title":{"rendered":"[MODELO] Peti\u00e7\u00e3o inicial  &#8211;  Concess\u00e3o de pens\u00e3o por morte a menor sob guarda"},"content":{"rendered":"<p>EXMO (A) SR (A) JUIZ (A) FEDERAL DA &#8230;.. VARA DO JUIZADO ESPECIAL FEDERAL C\u00cdVEL<a id=\"_msoanchor_1\"><\/a><a href=\"http:\/\/advbr.info\/juizado_especial_federal\/textos\/Iniciais\/gPensaomortemenorsobguarda.htm&quot; \\l &quot;_msocom_1%23_msocom_1\" target=\"_blank\" rel=\"noopener\">[-1]<\/a><\/p>\n<p>\u00a0<\/p>\n<p>\u00a0<\/p>\n<p>\u00a0<\/p>\n<p><strong>OBJETO:<\/strong><\/p>\n<ol>\n<li><strong>1.\u00a0\u00a0\u00a0\u00a0\u00a0\u00a0\u00a0\u00a0\u00a0\u00a0\u00a0\u00a0\u00a0\u00a0\u00a0\u00a0\u00a0\u00a0\u00a0\u00a0\u00a0\u00a0\u00a0\u00a0\u00a0\u00a0\u00a0\u00a0\u00a0\u00a0 CONCESS\u00c3O DE PENS\u00c3O POR MORTE A MENOR SOB GUARDA<\/strong><\/li>\n<\/ol>\n<p><strong>\u00a0<\/strong><\/p>\n<p><strong>\u00a0<\/strong><\/p>\n<p>\u00a0<\/p>\n<p>\u00a0<\/p>\n<p><strong>VALOR DA CAUSA: _______________________________________________<\/strong><\/p>\n<p>\u00a0<\/p>\n<p>\u00a0<\/p>\n<p><strong>\u00a0<\/strong><\/p>\n<p>QUALIFICA\u00c7\u00c3O<\/p>\n<table>\n<tr>\n<td>\n<p>\u00a0<\/p>\n<p><strong>1.1. Nome<\/strong><\/p>\n<\/td>\n<td colspan=\"5\">\n<p>\u00a0<\/p>\n<\/td>\n<\/tr>\n<tr>\n<td>\n<p>\u00a0<\/p>\n<p><strong>1.2. Nacionalidade<\/strong><\/p>\n<\/td>\n<td colspan=\"5\">\n<p>\u00a0<\/p>\n<\/td>\n<\/tr>\n<tr>\n<td>\n<p>\u00a0<\/p>\n<p><strong>1.3. Estado Civil<\/strong><\/p>\n<\/td>\n<td colspan=\"5\">\n<p>\u00a0<\/p>\n<\/td>\n<\/tr>\n<tr>\n<td>\n<p>\u00a0<\/p>\n<p><strong>1.4. Profiss\u00e3o<\/strong><\/p>\n<\/td>\n<td colspan=\"5\">\n<p>\u00a0<\/p>\n<\/td>\n<\/tr>\n<tr>\n<td>\n<p>\u00a0<\/p>\n<p><strong>1.5. Filia\u00e7\u00e3o<\/strong><\/p>\n<\/td>\n<td colspan=\"2\">\n<p><strong>Pai:<\/strong><\/p>\n<\/td>\n<td colspan=\"3\">\n<p><strong>M\u00e3e:<\/strong><\/p>\n<\/td>\n<\/tr>\n<tr>\n<td>\n<p>\u00a0<\/p>\n<p><strong>1.6. Identidade<\/strong><\/p>\n<\/td>\n<td colspan=\"5\">\n<p>\u00a0<\/p>\n<\/td>\n<\/tr>\n<tr>\n<td>\n<p>\u00a0<\/p>\n<p><strong>1.7. CTPS (n\u00ba)<\/strong><\/p>\n<\/td>\n<td colspan=\"5\">\n<p>\u00a0<\/p>\n<\/td>\n<\/tr>\n<tr>\n<td>\n<p>\u00a0<\/p>\n<p><strong>1.8. CPF<\/strong><\/p>\n<\/td>\n<td colspan=\"5\">\n<p>\u00a0<\/p>\n<\/td>\n<\/tr>\n<tr>\n<td>\n<p><strong>\u00a0<\/strong><\/p>\n<p><strong>1.000. Endere\u00e7o<\/strong><\/p>\n<\/td>\n<td>\n<p>\u00a0<\/p>\n<p><strong>Rua:<\/strong><\/p>\n<p>\u00a0<\/p>\n<p>\u00a0<\/p>\n<\/td>\n<td colspan=\"2\">\n<p>\u00a0<\/p>\n<p><strong>N\u00ba:<\/strong><\/p>\n<\/td>\n<td colspan=\"2\">\n<p>\u00a0<\/p>\n<p><strong>Bairro\/Cidade:<\/strong><\/p>\n<\/td>\n<\/tr>\n<tr>\n<td>\n<p>\u00a0<\/p>\n<p><strong>1.10. E-mail<\/strong><\/p>\n<\/td>\n<td colspan=\"5\">\n<p>\u00a0<\/p>\n<p>\u00a0<\/p>\n<\/td>\n<\/tr>\n<tr>\n<td>\n<p>\u00a0<\/p>\n<p><strong>1.11. Telefone<\/strong><\/p>\n<\/td>\n<td colspan=\"5\">\n<p>\u00a0<\/p>\n<\/td>\n<\/tr>\n<tr>\n<td><\/td>\n<td><\/td>\n<td><\/td>\n<td colspan=\"2\"><\/td>\n<td><\/td>\n<\/tr>\n<\/table>\n<p>\u00a0<\/p>\n<p>\u00a0<\/p>\n<p>O Autor(a) supra qualificado v\u00eam \u00e0 presen\u00e7a de V. Exa. propor<\/p>\n<p>\u00a0<\/p>\n<p>\u00a0<\/p>\n<p><strong>A\u00c7\u00c3O PREVIDENCI\u00c1RIA<\/strong><\/p>\n<p>\u00a0<\/p>\n<p>\u00a0<\/p>\n<p>contra o INSTITUTO NACIONAL DO SEGURO SOCIAL, pelos seguintes fatos e fundamentos:<\/p>\n<ol>\n<li><strong>1.\u00a0\u00a0\u00a0\u00a0\u00a0\u00a0\u00a0\u00a0\u00a0\u00a0\u00a0\u00a0\u00a0\u00a0\u00a0\u00a0 DOS FATOS:<\/strong><\/li>\n<\/ol>\n<p>O (A) Autor(a) requereu, junto \u00e0 Autarquia Previdenci\u00e1ria, o benef\u00edcio de <strong>Pens\u00e3o por morte, <\/strong>que foi indeferido, conforme documento anexo.<\/p>\n<p><strong>Relato acerca da rela\u00e7\u00e3o com a (o) falecida (o) segurada (o)<\/strong><\/p>\n<table>\n<tr>\n<td>\n<p>\u00a0<\/p>\n<\/td>\n<\/tr>\n<\/table>\n<p>Dentre as provas documentais apresentadas, o (a) Autor(a) juntou:<\/p>\n<p>(  ) C\u00f3pia da certid\u00e3o de nascimento do falecido (a) segurado (a)<\/p>\n<p>(  ) C\u00f3pia da certid\u00e3o de nascimento do (a) Autor (a)<\/p>\n<p>(  ) c\u00f3pia da certid\u00e3o de \u00f3bito do \u201cde cujus\u201d<\/p>\n<p>(  ) C\u00f3pia da Carteira de Trabalho e Previd\u00eancia Social do \u201cde cujus\u201d<\/p>\n<p>(  ) Termo Judicial de Guarda<\/p>\n<p>(  ) Justifica\u00e7\u00e3o Administrativa, ou<\/p>\n<p>(  ) __________________________________<\/p>\n<p><strong>\u00a0<\/strong><\/p>\n<p>Dados sobre o requerimento administrativo<\/p>\n<table>\n<tr>\n<td>\n<p>1. N\u00famero do Requerimento Administrativo<\/p>\n<\/td>\n<td>\n<p>\u00a0<\/p>\n<\/td>\n<\/tr>\n<tr>\n<td>\n<p>\u00a0<\/p>\n<p>2. Data do requerimento administrativo<\/p>\n<\/td>\n<td>\n<p>\u00a0<\/p>\n<\/td>\n<\/tr>\n<tr>\n<td>\n<p>\u00a0<\/p>\n<p>3. Raz\u00f5es do indeferimento<\/p>\n<p>\u00a0<\/p>\n<\/td>\n<td>\n<p>\u00a0<\/p>\n<\/td>\n<\/tr>\n<\/table>\n<p>Documentos anexados:<\/p>\n<p>(   ) Carta de Indeferimento do Benef\u00edcio;<\/p>\n<p>(   ) _________________________<\/p>\n<p><strong>2. FUNDAMENTOS<\/strong><\/p>\n<p>O Autor(a) encontrava-se sob a guarda do segurado(a) falecido, conforme comprovado. <\/p>\n<p>Argumenta que, apesar da Lei 000.528\/0007 haver exclu\u00eddo do rol dos dependentes previdenci\u00e1rios o menor sob guarda, n\u00e3o se pode deixar de reconhecer a este do direito \u00e0 pens\u00e3o por morte, sob pena de ferimento aos constitucionais princ\u00edpios protetivos da entidade familiar. O  instituto da guarda  obriga \u00e0 presta\u00e7\u00e3o de assist\u00eancia material, moral e educacional \u00e0 crian\u00e7a ou adolescente, conferindo ao seu detentor o direito de opor-se inclusive aos pais (art. 33 do Estatuto da Crian\u00e7a e do Adolescente), visando a regularizar a posse de fato, fazendo parte da inser\u00e7\u00e3o do menor em uma nova fam\u00edlia e conferindo <em>\u201c\u00e0 crian\u00e7a ou adolescente a condi\u00e7\u00e3o de dependente, para todos os fins e efeitos de direito, inclusive previdenci\u00e1rios\u201d <\/em> (art. 33, \u00a7 3\u00ba do Estatuto da Crian\u00e7a e do Adolescente). Assim, a despeito de aus\u00eancia de previs\u00e3o na legisla\u00e7\u00e3o previdenci\u00e1ria (Lei 8.213\/0001), obviamente o menor sob guarda continua fazendo parte do rol de dependentes previdenci\u00e1rio. <\/p>\n<p>Requer, portanto, com fulcro no art. 74 da Lei n. 8.213\/0001 o benef\u00edcio de pens\u00e3o por morte.<\/p>\n<p><strong>3. MEDIDA CAUTELAR<\/strong><\/p>\n<p>Caso tenha urg\u00eancia na presta\u00e7\u00e3o jurisdicional (concess\u00e3o do benef\u00edcio), elencar os motivos:<\/p>\n<table>\n<tr>\n<td>\n<p>\u00a0<\/p>\n<p>\u00a0<\/p>\n<p>\u00a0<\/p>\n<p>\u00a0<\/p>\n<p>\u00a0<\/p>\n<p>\u00a0<\/p>\n<\/td>\n<\/tr>\n<\/table>\n<p>Documentos comprobat\u00f3rios da urg\u00eancia alegada:<\/p>\n<p>(  ) CTPS comprovando o desemprego,<\/p>\n<p>(  ) Atestado M\u00e9dico,<\/p>\n<p>(  ) Idade avan\u00e7ada \u2013 documento que comprove,<\/p>\n<p>(  ) Outros: ________________________________________<\/p>\n<p>\u00a0<\/p>\n<p><strong>4. REQUERIMENTO<\/strong><\/p>\n<p>ISSO POSTO, requer:<\/p>\n<ol>\n<li>1)\u00a0\u00a0\u00a0\u00a0 A condena\u00e7\u00e3o do INSS a:<\/li>\n<li>a)\u00a0\u00a0\u00a0\u00a0 Conceder ao (\u00e0) Autor (a) o benef\u00edcio de pens\u00e3o por morte, pagando as parcelas vencidas e vincendas, monetariamente corrigidas desde o respectivo vencimento e acrescidas de juros e legais e moat\u00f3rios, incidentes at\u00e9 a data do efetivo pagamento, correspondentes, atualmente, a R$ _________________________________________;<\/li>\n<li>2)\u00a0\u00a0\u00a0\u00a0 A cita\u00e7\u00e3o do Instituto Nacional do Seguro social \u2013 INSS, bem como sua intima\u00e7\u00e3o para que, at\u00e9 a audi\u00eancia de tentativa de concilia\u00e7\u00e3o, junte aos autos o processo administrativo;<\/li>\n<li>3)\u00a0\u00a0\u00a0\u00a0 A condena\u00e7\u00e3o do INSS ao pagamento das verbas sucumbenciais;<\/li>\n<li>4)\u00a0\u00a0\u00a0\u00a0 A concess\u00e3o do benef\u00edcio da assist\u00eancia judici\u00e1ria gratuita por ser o (a) autor(a) pobre na acep\u00e7\u00e3o legal do termo;<\/li>\n<\/ol>\n<p><strong>Testemunhas arroladas: <\/strong> (   ) sim     (   ) n\u00e3o<\/p>\n<ol>\n<li>1.\u00a0\u00a0\u00a0\u00a0\u00a0 _______________________________________<\/li>\n<li>2.\u00a0\u00a0\u00a0\u00a0\u00a0 _______________________________________<\/li>\n<li>3.\u00a0\u00a0\u00a0\u00a0\u00a0 _______________________________________<\/li>\n<\/ol>\n<p><strong>O(A) Autor(a) declara estar ciente de que: (1) os valores postulados perante o Juizado Especial Federal n\u00e3o poder\u00e3o exceder 60 (sessenta) sal\u00e1rios m\u00ednimos; (2) dever\u00e1 comparecer na data e hor\u00e1rio indicados para audi\u00eancia de concilia\u00e7\u00e3o e\/ou instru\u00e7\u00e3o e julgamento, sendo que o n\u00e3o comparecimento acarretar\u00e1 a extin\u00e7\u00e3o do processo; (3) dever\u00e1 comunicar qualquer altera\u00e7\u00e3o de endere\u00e7o, telefone ou e-mail no curso do processo. <\/strong><\/p>\n<p><strong>\u00a0<\/strong><\/p>\n<p>________________________________, ___\/___\/_____.<\/p>\n<p>Local\t\t\t\t\t\tData<\/p>\n<p>\u00a0<\/p>\n<p>________________________________<\/p>\n<p>Assinatura do(a) Autor (a)<\/p>\n<p>\u00a0<\/p>\n<p>________________________________<\/p>\n<p>Assinatura do(a) Procurador(a) do Autor (a)<\/p>\n<p>\u00a0<\/p>\n","protected":false},"featured_media":0,"parent":0,"menu_order":0,"template":"","meta":{"content-type":""},"categoria-modelo":[154],"class_list":["post-44904","modelos-de-peticao","type-modelos-de-peticao","status-publish","hentry","categoria-modelo-previdenciario"],"_links":{"self":[{"href":"https:\/\/easyjur.com\/blog\/wp-json\/wp\/v2\/modelos-de-peticao\/44904","targetHints":{"allow":["GET"]}}],"collection":[{"href":"https:\/\/easyjur.com\/blog\/wp-json\/wp\/v2\/modelos-de-peticao"}],"about":[{"href":"https:\/\/easyjur.com\/blog\/wp-json\/wp\/v2\/types\/modelos-de-peticao"}],"wp:attachment":[{"href":"https:\/\/easyjur.com\/blog\/wp-json\/wp\/v2\/media?parent=44904"}],"wp:term":[{"taxonomy":"categoria-modelo","embeddable":true,"href":"https:\/\/easyjur.com\/blog\/wp-json\/wp\/v2\/categoria-modelo?post=44904"}],"curies":[{"name":"wp","href":"https:\/\/api.w.org\/{rel}","templated":true}]}}