{"id":44777,"date":"2023-08-10T13:52:25","date_gmt":"2023-08-10T13:52:25","guid":{"rendered":"https:\/\/easyjur.com\/blog\/?post_type=modelos-de-peticao&#038;p=3650"},"modified":"2023-08-10T13:52:25","modified_gmt":"2023-08-10T13:52:25","slug":"acao-de-concessao-de-beneficio-de-pensao-por-morte-e-indenizatoria-das-verbas-atrasadas-contra-o-inss","status":"publish","type":"modelos-de-peticao","link":"https:\/\/easyjur.com\/blog\/modelos-de-peticao\/acao-de-concessao-de-beneficio-de-pensao-por-morte-e-indenizatoria-das-verbas-atrasadas-contra-o-inss\/","title":{"rendered":"[MODELO] A\u00e7\u00e3o de concess\u00e3o de benef\u00edcio de pens\u00e3o por morte e indenizat\u00f3ria das verbas atrasadas contra o INSS"},"content":{"rendered":"<p>EX\u00adMO. (A) SR. (A) DR. (A) \u00adJUIZ (A) FE\u00adDE\u00adRAL DA<\/p>\n<p>______________________________________<\/p>\n<p>_____, bra\u00adsi\u00adlei\u00adro, apo\u00adsen\u00adta\u00addo, por\u00adta\u00addor da C\u00e9dula de Identidade n\u00ba ______, ins\u00adcri\u00adto no CPF sob o n\u00ba ___________, re\u00adsi\u00adden\u00adte na rua _______, Comarca de _____ -, por seu ad\u00advo\u00adga\u00addo que es\u00adta subs\u00adcre\u00adve, vem, mui res\u00adpei\u00adto\u00adsa\u00admen\u00adte, \u00e0 pre\u00adsen\u00ad\u00e7a de V. Exa., com fun\u00adda\u00admen\u00adto nos ar\u00adti\u00adgos 282 e se\u00adguin\u00adtes do C\u00f3digo de Processo Civil, ar\u00adti\u00adgos 16, in\u00adci\u00adso IV, 74, in\u00adci\u00adso I, 77, 102, 103, to\u00addos da Lei n\u00ba 8.213, de 24 de ju\u00adlho de 10000001, ar\u00adti\u00adgos 13, in\u00adci\u00adso IV, 101, 102, 241, do Decreto n\u00ba 611, de 21 de julho de 10000002, e de\u00admais le\u00adgis\u00adla\u00ad\u00e7\u00f5es per\u00adti\u00adnen\u00adtes \u00e0 es\u00adp\u00e9\u00adcie, pa\u00adra pro\u00adpor a pre\u00adsen\u00adte, <\/p>\n<p><strong>A\u00e7\u00e3o de con\u00adces\u00ads\u00e3o de be\u00adne\u00adf\u00ed\u00adcio  pelo \u00adINSS \u2013<\/strong><\/p>\n<p><strong> Pens\u00e3o por mor\u00adte e in\u00adde\u00adni\u00adza\u00adt\u00f3\u00adria das ver\u00adbas a\u00adtra\u00ad\u00adsa\u00addas <\/strong><\/p>\n<p>con\u00adtra o Instituto Nacional do Seguro Social \u2013 \u00adINSS, pes\u00adsoa ju\u00adr\u00ed\u00addi\u00adca de di\u00adrei\u00adto p\u00fa\u00adbli\u00adco, sob a for\u00adma de Autarquia Federal, com superintend\u00eancia nes\u00adte Estado e se\u00adde ad\u00admi\u00adnis\u00adtra\u00adti\u00adva si\u00adtua\u00adda na . &#8230;&#8230;&#8230;&#8230;&#8230;&#8230;, nes\u00adta capital, pe\u00adlos se\u00adguin\u00adtes mo\u00adti\u00advos de fa\u00adto e de di\u00adrei\u00adto a se\u00adguir ex\u00adpos\u00adtos: <\/p>\n<p>I \u2013 DO FA\u00adTO<\/p>\n<p>1 \u2013 Os requerentes (1) e (2) s\u00e3o fi\u00adlhos de Jos\u00e9 &#8230;&#8230; e M&#8230;&#8230;.., a pri\u00admei\u00adra nas\u00adci\u00adda em .. de &#8230;&#8230; de 100082 e o se\u00adgun\u00addo nas\u00adci\u00addo em &#8230; de &#8230;&#8230; de 100087. A requerente (3)&#8230;. \u00e9 fi\u00adlha de Jos\u00e9 &#8230;&#8230;&#8230;.. e L&#8230;&#8230;&#8230;.., nas\u00adci\u00adda em &#8230; de &#8230;&#8230; de 10000003, tu\u00addo com\u00adpro\u00adva\u00addo atra\u00adv\u00e9s das c\u00f3\u00adpias au\u00adten\u00adti\u00adca\u00addas das certid\u00f5es de nascimento ane\u00adxas. <\/p>\n<p>2 \u2013 Os me\u00adno\u00adres im\u00adp\u00fa\u00adbe\u00adres vi\u00adviam \u00e0s ex\u00adpen\u00adsas da av\u00f3 pa\u00adter\u00adna de no\u00adme J&#8230;&#8230;&#8230;&#8230;, fa\u00adle\u00adci\u00adda em da\u00adta de &#8230; de &#8230;&#8230;.. de 1000&#8230;., con\u00adfor\u00adme pro\u00adva a c\u00f3\u00adpia da certid\u00e3o de \u00f3bito em ane\u00adxo. A fa\u00adle\u00adci\u00adda era se\u00adgu\u00adra\u00adda do \u00adINSS e por\u00adta\u00addo\u00adra do be\u00adne\u00adf\u00ed\u00adcio n \u00ba&#8230;&#8230;, Esp\u00e9cie: 42, de acor\u00addo com a c\u00f3\u00adpia do recibo de vencimentos em ane\u00adxo. <\/p>\n<p>3 \u2013 Ap\u00f3s o fa\u00adle\u00adci\u00admen\u00adto da segurada, o re\u00adpre\u00adsen\u00adtan\u00adte le\u00adgal dos me\u00adno\u00adres im\u00adp\u00fa\u00adbe\u00adres pro\u00admo\u00adveu ad\u00admi\u00adnis\u00adtra\u00adti\u00adva\u00admen\u00adte o com\u00adpe\u00adten\u00adte pe\u00addi\u00addo de pen\u00ads\u00e3o, pro\u00adto\u00adco\u00adla\u00addo sob n\u00ba &#8230;&#8230;&#8230;&#8230;., ten\u00addo si\u00addo in\u00adde\u00adfe\u00adri\u00addo, sob a ale\u00adga\u00ad\u00e7\u00e3o de fal\u00adta de qua\u00adli\u00adda\u00adde de de\u00adpen\u00adden\u00adte, de acor\u00addo com as cartas de indeferimento ane\u00adxas. Os requerentes n\u00e3o con\u00adcor\u00addam com a in\u00adjus\u00adta pr\u00e1\u00adti\u00adca e v\u00eam re\u00adcor\u00adrer atra\u00adv\u00e9s dos \u00admeios le\u00adgais, com\u00adpro\u00advan\u00addo a de\u00adpen\u00add\u00ean\u00adcia eco\u00adn\u00f4\u00admi\u00adca que ti\u00adnham com a av\u00f3, vez que de\u00adla pro\u00advi\u00adnha to\u00addo o sus\u00adten\u00adto. <\/p>\n<p>4 \u2013 Ora, era ma\u00adni\u00adfes\u00adto o de\u00adse\u00adjo da segurada fa\u00adle\u00adci\u00adda em am\u00adpa\u00adrar os \u00adseus ne\u00adtos, vez que to\u00addos de\u00adpen\u00addiam eco\u00adno\u00admi\u00adca\u00admen\u00adte de\u00adla. Os \u00addois pri\u00admei\u00adros requerentes j\u00e1 \u00aderam de\u00adsig\u00adna\u00addos de\u00adpen\u00adden\u00adtes da se\u00adgu\u00adra\u00adda, co\u00admo pas\u00adsa\u00adre\u00admos a ex\u00adpor: <\/p>\n<p>5 \u2013 A se\u00adgu\u00adra\u00adda era apo\u00adsen\u00adta\u00adda por tem\u00adpo de ser\u00advi\u00ad\u00e7o e ao de\u00adcla\u00adrar o seu Imposto de Renda Pessoa F\u00edsica (IR) 1000&#8230;. e 1000&#8230;, j\u00e1 fa\u00adzia cons\u00adtar os no\u00admes dos \u00addois pri\u00admei\u00adros requerentes &#8230;(1) e &#8230;(2) co\u00admo \u00adseus de\u00adpen\u00adden\u00adtes, bem co\u00admo os pa\u00adga\u00admen\u00adtos efe\u00adtua\u00addos \u00e0s es\u00adco\u00adlas (em 1000&#8230; re\u00adla\u00adcio\u00adna\u00addo ao exer\u00adc\u00ed\u00adcio de 1000&#8230; \u00e0 Escolinha &#8230;&#8230;&#8230; e ao Col\u00e9gio &#8230;&#8230;. e em 1000&#8230; re\u00adla\u00adcio\u00adna\u00addo ao exer\u00adc\u00ed\u00adcio de 10000003 o Col\u00e9gio &#8230;&#8230;&#8230;&#8230;&#8230;&#8230;&#8230;&#8230;&#8230;&#8230; e Centro Educacional &#8230;&#8230;&#8230; ), vi\u00adde Declara\u00e7\u00e3o de Rendimentos ane\u00adxa. <\/p>\n<p>6 \u2013 Fazemos ane\u00adxar tam\u00adb\u00e9m as declara\u00e7\u00f5es con\u00adce\u00addi\u00addas pe\u00adlo Centro Educacional &#8230;&#8230;&#8230;., de que a de cu\u00adjus pa\u00adgou as pres\u00adta\u00ad\u00e7\u00f5es es\u00adco\u00adla\u00adres dos \u00addois pri\u00admei\u00adros requerentes dos \u00adanos le\u00adti\u00advos de 1000&#8230;. e 1000&#8230;, bem co\u00admo declara\u00e7\u00e3o do Col\u00e9gio &#8230;&#8230;&#8230;&#8230;&#8230;&#8230;&#8230;&#8230;&#8230;&#8230;&#8230;&#8230; de que a fa\u00adle\u00adci\u00adda pa\u00adgou as pres\u00adta\u00ad\u00e7\u00f5es es\u00adco\u00adla\u00adres do ano le\u00adti\u00advo de 1000&#8230; da pri\u00admei\u00adra requerente. <\/p>\n<p>7 \u2013 Era de\u00adse\u00adjo tam\u00adb\u00e9m da fa\u00adle\u00adci\u00adda se\u00adgu\u00adra\u00adda em am\u00adpa\u00adrar a ou\u00adtra ne\u00adta &#8230;..(3), vez que an\u00adtes da ocor\u00adr\u00ean\u00adcia do \u00f3bito, pro\u00admo\u00adve\u00adra pe\u00addi\u00addo de guarda judicial da me\u00adnor im\u00adp\u00fa\u00adbe\u00adre que tra\u00admi\u00adtou jun\u00adto \u00e0 &#8230;&#8230; Vara &#8230;&#8230;&#8230;.. da Comarca de &#8230;&#8230;&#8230;, re\u00adgis\u00adtra\u00addo sob no. &#8230;&#8230;&#8230;&#8230;&#8230;, con\u00adfor\u00adme faz pro\u00adva c\u00f3\u00adpia do pro\u00adces\u00adso e certid\u00e3o ane\u00adxas. <\/p>\n<p>8 \u2013 O pe\u00addi\u00addo de guarda judicial n\u00e3o che\u00adgou a ser de\u00adfe\u00adri\u00addo, vez que, quan\u00addo da sua tra\u00admi\u00adta\u00ad\u00e7\u00e3o, a se\u00adgu\u00adra\u00adda fa\u00adle\u00adce\u00adra, po\u00adr\u00e9m \u00e9 bom fri\u00adsar que j\u00e1 con\u00adta\u00adva com parecer fa\u00advo\u00adr\u00e1\u00advel da digna promotora de Justi\u00e7a lo\u00adta\u00adda na &#8230;&#8230; Vara &#8230;&#8230; des\u00adta capital, dra. &#8230;&#8230;&#8230;&#8230;&#8230;., bem co\u00admo do Servi\u00e7o Social do Poder Judici\u00e1rio, parecer la\u00advra\u00addo pe\u00adla assistente social dra. &#8230;&#8230;&#8230;&#8230; (do\u00adcu\u00admen\u00adtos ane\u00adxos). <\/p>\n<p>000 \u2013 Comprovado es\u00adt\u00e1 que os requerentes de\u00adpen\u00addiam eco\u00adno\u00admi\u00adca\u00admen\u00adte da fa\u00adle\u00adci\u00adda se\u00adgu\u00adra\u00adda que pro\u00adpor\u00adcio\u00adna\u00adva-\u00adlhes de fa\u00adto e de di\u00adrei\u00adto a ma\u00adnu\u00adten\u00ad\u00e7\u00e3o, pres\u00adtan\u00addo-\u00adlhes to\u00adda as\u00adsis\u00adt\u00ean\u00adcia ma\u00adte\u00adrial, edu\u00adca\u00adcio\u00adnal, m\u00e9\u00addi\u00adca e odon\u00adto\u00adl\u00f3\u00adgi\u00adca, \u00adal\u00e9m de ou\u00adtras des\u00adpe\u00adsas con\u00adcer\u00adnen\u00adtes ao sus\u00adten\u00adto. <\/p>\n<p>II \u2013 DO DI\u00adREI\u00adTO <\/p>\n<p>1 \u2013 Diz o ar\u00adti\u00adgo 74, da Lei no. 8.213\/0001: <\/p>\n<p>A pens\u00e3o por morte ser\u00e1 devida ao conjunto dos dependentes do segurado que falecer, aposentado ou n\u00e3o, a contar da data do \u00f3bito ou da decis\u00e3o judicial no caso de morte presumida. <\/p>\n<p>2 \u2013 Diz o ar\u00adti\u00adgo 77 in\u00adci\u00adso I, da Lei n\u00ba 8.213\/0001: <\/p>\n<p>A pens\u00e3o por morte, havendo mais de um pensionista: <\/p>\n<p>I \u2013 Ser\u00e1 rateada entre todos, em partes iguais.<\/p>\n<p>3 \u2013 O jurista Aluysio Sampaio em sua \u00adobra A nova \u00adCLPS comentada, Editora Revista dos Tribunais, 100085, p. 28, pre\u00adle\u00adcio\u00adna: <\/p>\n<p>A depend\u00eancia legalmente exig\u00edvel para que uma pessoa seja considerada como dependente do segurado perante a Previd\u00eancia Social Urbana \u00e9 a econ\u00f4mica. Essa depend\u00eancia econ\u00f4mica pode ser presumida ou est\u00e1 sujeita \u00e0 comprova\u00e7\u00e3o.<\/p>\n<p>Verificamos as\u00adsim que a de\u00adsig\u00adna\u00ad\u00e7\u00e3o \u00e9 um ato de ma\u00adni\u00adfes\u00adta\u00ad\u00e7\u00e3o vo\u00adli\u00adti\u00adva do se\u00adgu\u00adra\u00addo, que in\u00adde\u00adpen\u00adde de for\u00adma\u00adli\u00adda\u00adde es\u00adpe\u00adcial, va\u00adlen\u00addo pa\u00adra es\u00adse efei\u00adto a de\u00adcla\u00adra\u00ad\u00e7\u00e3o de Im\u00adpos\u00adto de Ren\u00adda da se\u00adgu\u00adra\u00adda e \u00ada\u00e7\u00e3o de guar\u00adda ju\u00addi\u00adcial cons\u00adtan\u00addo os requerentes co\u00admo \u00adseus de\u00adpen\u00adden\u00adtes. <\/p>\n<p>III \u2013 DA \u00adJURISPRUD\u00caNCIA <\/p>\n<p>\u00c9 uni\u00adfor\u00adme e rei\u00adte\u00adra\u00adda a jurisprud\u00eancia no sen\u00adti\u00addo de con\u00adce\u00adder a pen\u00ads\u00e3o pre\u00advi\u00adden\u00adci\u00e1\u00adria a de\u00adpen\u00adden\u00adtes eco\u00adno\u00admi\u00adca\u00admen\u00adte de se\u00adgu\u00adra\u00addos, se\u00adn\u00e3o ve\u00adja\u00admos: <\/p>\n<p>1 \u2013 PEN\u00adS\u00c3O POR MOR\u00adTE \u2013 DI\u00adREI\u00adTO DA NE\u00adTA EM RE\u00adLA\u00ad\u00c7\u00c3O \u00c0 AV\u00d3 SE\u00adGU\u00adRA\u00adDA \u2013  PREVIDENCI\u00c1RIO \u2013 PEN\u00adS\u00c3O POR MOR\u00adTE \u2013 EX-SE\u00adGU\u00adRA\u00adDA \u2013 DE\u00adPEN\u00adDEN\u00adTE \u2013 EXIS\u00adTEM NOS PRE\u00adSEN\u00adTES AU\u00adTOS DO\u00adCU\u00adMEN\u00adTOS SU\u00adFI\u00adCIEN\u00adTES QUE COM\u00adPRO\u00adVAM A \u00adEXIST\u00caNCIA DE \u00adDEPEND\u00caNCIA \u00adECON\u00d4MICA DA ME\u00adNOR LU\u00adCIE\u00adNE PIN\u00adTO DE \u00adALC\u00c2NTARA EM RE\u00adLA\u00ad\u00c7\u00c3O \u00c0 SUA AV\u00d3, EX-SE\u00adGU\u00adRA\u00adDA DO \u00adINSS. <\/p>\n<p>&#8211; Apela\u00e7\u00e3o Improvida. <\/p>\n<p>(TRF \u2013 5\u00aa Regi\u00e3o \u2013 2\u00aa Turma \u2013 Apte.: \u00adINSS \u2013 Apda.: Maria do Carmo da Concei\u00e7\u00e3o ( Representando Luciene Pinto de Alc\u00e2ntara ) \u2013 j. \u00adun\u00e2n. \u2013 AC n\u00ba 22480-AL (0003.05.0400017-6 ) \u2013 Relator: Juiz BAR\u00adROS \u00adDIAS \u2013 Julgado em 8\/2\/0004 \u2013 Revista da Previd\u00eancia Social, n\u00ba 165, ago.\/0004, p. 652\/653). <\/p>\n<p>2 \u2013 PENS\u00c3O POR MORTE \u2013 DESIGNA\u00c7\u00c3O AP\u00d3S A MORTE DO SEGURADO PREVIDENCI\u00c1RIO \u2013 DESIGNA\u00c7\u00c3O DE DEPENDENTE AP\u00d3S A MORTE DO SEGURADO \u2013 POSSIBILIDADE.<\/p>\n<p>&#8211; 1. Havendo prova segura de que a segurada desejava em vida inscrever seu sobrinho menor, que era, tamb\u00e9m, comprovadamente, seu dependente, mant\u00e9m-se a decis\u00e3o que determinou a inscri\u00e7\u00e3o do autor junto \u00e0 Previd\u00eancia Social, como dependente designado da falecida.<\/p>\n<p>Apelo Improvido. <\/p>\n<p>&#8211; 2. DE\u00adCI\u00adS\u00c3O MAN\u00adTI\u00adDA. (TRF \u2013 1\u00aa Regi\u00e3o \u2013 1\u00aa Turma \u2013 Apte.: \u00adINSS \u2013 Apdo.: Jotta Santos Passos Junior \u2013 j. \u00adun\u00e2n \u2013 AC n\u00ba 0002.01.0400067-6-MG (DJ 23.5.0004) \u2013 Relator: Juiz PLAU\u00adTO RI\u00adBEI\u00adRO \u2013 Julgado em 000\/11\/0003, Revista da Previd\u00eancia Social, n\u00ba 170, jan.\/0005, p. 38\/40). <\/p>\n<p>3 \u2013 PEN\u00adS\u00c3O POR MOR\u00adTE \u2013 DI\u00adREI\u00adTO DA BIS\u00adNE\u00adTA DE\u00adPEN\u00adDEN\u00adTE ECO\u00adNO\u00adMI\u00adCA\u00adMEN\u00adTE \u2013  Previdenci\u00e1rio \u2013 pens\u00e3o  \u2013 dependente designada  \u2013 bisneta  \u2013 depend\u00eancia econ\u00f4mica  \u2013 designa\u00e7\u00e3o de dependente mediante anota\u00e7\u00e3o na ctps da segurada  \u2013 depend\u00eancia econ\u00f4mica comprovada  \u2013 prova testemunhal id\u00f4nea e n\u00e3o contraditada.<\/p>\n<p>&#8211; MA\u00adNU\u00adTEN\u00ad\u00c7\u00c3O DA SEN\u00adTEN\u00ad\u00c7A. (TRF \u2013 5\u00aa Regi\u00e3o \u2013 3\u00aa Turma \u2013 Apte.: \u00adINSS \u2013 Apda.: Ana M\u00e1rcia Lima Barbosa as\u00adsis\u00adti\u00adda por Jos\u00e9 Louren\u00e7o Barbosa \u2013 j. \u00adun\u00e2n. \u2013 AC n\u00ba 74.134\/AL \u2013 Relator: Juiz RI\u00adDAL\u00adVO COS\u00adTA \u2013 Julgado em 8\/6\/0005 \u2013 Revista da Previd\u00eancia Social, n\u00ba 181, dez.\/0005, p. 00016\/00017). <\/p>\n<p>IV \u2013 DO PE\u00adDI\u00adDO <\/p>\n<p>Destarte, re\u00adquer se dig\u00adne Vossa Excel\u00eancia: <\/p>\n<p>1 \u2013 Determinar a CI\u00adTA\u00ad\u00c7\u00c3O da Autarquia requerida, no en\u00adde\u00adre\u00ad\u00e7o j\u00e1 men\u00adcio\u00adna\u00addo, na pes\u00adsoa de seu re\u00adpre\u00adsen\u00adtan\u00adte le\u00adgal ou \u00adquem \u00adsuas ve\u00adzes fi\u00adzer pa\u00adra, que\u00adren\u00addo, con\u00adtes\u00adtar a pre\u00adsen\u00adte a\u00e7\u00e3o, sob pe\u00adna de con\u00adfis\u00ads\u00e3o e re\u00adve\u00adlia. <\/p>\n<p>2 \u2013 Determinar a cien\u00adti\u00adfi\u00adca\u00ad\u00e7\u00e3o da a\u00e7\u00e3o ao Minist\u00e9rio P\u00fablico, pa\u00adra, que\u00adren\u00addo, in\u00adter\u00advir no fei\u00adto. <\/p>\n<p>3 \u2013 Julgar PRO\u00adCE\u00adDEN\u00adTE A \u00adA\u00c7\u00c3O EM TO\u00adDOS OS \u00adSEUS TER\u00adMOS, con\u00adde\u00adnan\u00addo o \u00adINSS a con\u00adce\u00adder a pen\u00ads\u00e3o pre\u00advi\u00adden\u00adci\u00e1\u00adria aos requerentes. <\/p>\n<p>4 \u2013 Condenar o \u00adINSS no pa\u00adga\u00admen\u00adto das pres\u00adta\u00ad\u00e7\u00f5es em atra\u00adso, de\u00advi\u00adda\u00admen\u00adte atua\u00adli\u00adza\u00addos pe\u00adla cor\u00adre\u00ad\u00e7\u00e3o mo\u00adne\u00adt\u00e1\u00adria, de\u00adven\u00addo as par\u00adce\u00adlas ven\u00adci\u00addas se\u00adrem pa\u00adgas de uma s\u00f3 vez, \u00admais os ju\u00adros le\u00adgais, em to\u00adtal a ser apu\u00adra\u00addo quan\u00addo da li\u00adqui\u00adda\u00ad\u00e7\u00e3o de sen\u00adten\u00ad\u00e7a, des\u00adde o even\u00adto mor\u00adte da se\u00adgu\u00adra\u00adda. <\/p>\n<p>5 \u2013 De\u00adcre\u00adta\u00adr a in\u00adci\u00add\u00ean\u00adcia dos ju\u00adros e cor\u00adre\u00ad\u00e7\u00e3o mo\u00adne\u00adt\u00e1\u00adria nas pres\u00adta\u00ad\u00e7\u00f5es atra\u00adsa\u00addas, a t\u00ed\u00adtu\u00adlo de in\u00adde\u00adni\u00adza\u00ad\u00e7\u00e3o, con\u00adfor\u00adme de\u00adter\u00admi\u00adna\u00ad\u00e7\u00e3o da S\u00famula 71 do TFR. <\/p>\n<p>6 \u2013 Condenar o \u00adINSS ao pa\u00adga\u00admen\u00adto de ho\u00adno\u00adr\u00e1\u00adrios ad\u00advo\u00adca\u00adt\u00ed\u00adcios na ba\u00adse de 20% (vin\u00adte por cen\u00adto), cal\u00adcu\u00adla\u00addos so\u00adbre as par\u00adce\u00adlas a se\u00adrem in\u00adde\u00adni\u00adza\u00addas.<\/p>\n<p>7 \u2013 Con\u00adde\u00adnar \u00adINSS, ain\u00adda, a pa\u00adga\u00admen\u00adto das cus\u00adtas pro\u00adces\u00adsuais e de\u00admais co\u00admi\u00adna\u00ad\u00e7\u00f5es le\u00adgais. <\/p>\n<p>8 \u2013 Determinar a con\u00adces\u00ads\u00e3o da as\u00adsis\u00adt\u00ean\u00adcia ju\u00addi\u00adci\u00e1\u00adria gra\u00adtui\u00adta, ha\u00adja vis\u00adta o re\u00adpre\u00adsen\u00adtan\u00adte le\u00adgal dos autores n\u00e3o ter con\u00addi\u00ad\u00e7\u00f5es de ar\u00adcar com cus\u00adtas pro\u00adces\u00adsuais e ho\u00adno\u00adr\u00e1\u00adrios ad\u00advo\u00adca\u00adt\u00ed\u00adcios, sem pre\u00adju\u00ed\u00adzo da ma\u00adnu\u00adten\u00ad\u00e7\u00e3o, sua e da fa\u00adm\u00ed\u00adlia, nos ter\u00admos da Lei n\u00ba 1.060\/50, com as al\u00adte\u00adra\u00ad\u00e7\u00f5es in\u00adtro\u00addu\u00adzi\u00addas pe\u00adla Lei 7.871\/8000. <\/p>\n<p>000 \u2013 Determinar que o Instituto requerido EXI\u00adBA os va\u00adlo\u00adres que \u00aderam per\u00adce\u00adbi\u00addos pe\u00adla segurada fa\u00adle\u00adci\u00adda. <\/p>\n<p>Protesta pro\u00advar o ale\u00adga\u00addo, por to\u00addos os \u00admeios de pro\u00advas em di\u00adrei\u00adto ad\u00admi\u00adti\u00addos, es\u00adpe\u00adcial\u00admen\u00adte a do\u00adcu\u00admen\u00adtal, tes\u00adte\u00admu\u00adnhal, de\u00adpoi\u00admen\u00adto pes\u00adsoal, pe\u00adr\u00ed\u00adcias etc. <\/p>\n<p>D\u00e1-se \u00e0 pre\u00adsen\u00adte cau\u00adsa o va\u00adlor de R$ \u2014\u2014\u2014\u2014\u2014\u2014\u2014\u2014 pa\u00adra \u00adfins me\u00adra\u00admen\u00adte fis\u00adcais. <\/p>\n<p>N. Termos,<\/p>\n<p>P. E. de\u00adfe\u00adri\u00admen\u00adto. <\/p>\n<p>_____________, _____\/________\/ 200__<\/p>\n<p>__________________________________<\/p>\n<p>Adv.<\/p>\n","protected":false},"featured_media":0,"parent":0,"menu_order":0,"template":"","meta":{"content-type":""},"categoria-modelo":[154],"class_list":["post-44777","modelos-de-peticao","type-modelos-de-peticao","status-publish","hentry","categoria-modelo-previdenciario"],"_links":{"self":[{"href":"https:\/\/easyjur.com\/blog\/wp-json\/wp\/v2\/modelos-de-peticao\/44777","targetHints":{"allow":["GET"]}}],"collection":[{"href":"https:\/\/easyjur.com\/blog\/wp-json\/wp\/v2\/modelos-de-peticao"}],"about":[{"href":"https:\/\/easyjur.com\/blog\/wp-json\/wp\/v2\/types\/modelos-de-peticao"}],"wp:attachment":[{"href":"https:\/\/easyjur.com\/blog\/wp-json\/wp\/v2\/media?parent=44777"}],"wp:term":[{"taxonomy":"categoria-modelo","embeddable":true,"href":"https:\/\/easyjur.com\/blog\/wp-json\/wp\/v2\/categoria-modelo?post=44777"}],"curies":[{"name":"wp","href":"https:\/\/api.w.org\/{rel}","templated":true}]}}