{"id":44263,"date":"2023-08-10T13:13:37","date_gmt":"2023-08-10T13:13:37","guid":{"rendered":"https:\/\/easyjur.com\/blog\/?post_type=modelos-de-peticao&#038;p=3650"},"modified":"2023-08-10T13:13:37","modified_gmt":"2023-08-10T13:13:37","slug":"replica-pedido-de-revisao-da-mensalidade-de-plano-de-saude-por-majoracao-desproporcional-e-inobservancia-do-estatuto-do-idoso","status":"publish","type":"modelos-de-peticao","link":"https:\/\/easyjur.com\/blog\/modelos-de-peticao\/replica-pedido-de-revisao-da-mensalidade-de-plano-de-saude-por-majoracao-desproporcional-e-inobservancia-do-estatuto-do-idoso\/","title":{"rendered":"[MODELO] R\u00e9plica  &#8211;  Pedido de revis\u00e3o da mensalidade de plano de sa\u00fade por majora\u00e7\u00e3o desproporcional e inobserv\u00e2ncia do Estatuto do Idoso"},"content":{"rendered":"<p>EXMO. SR. DR. JUIZ DE DIREITO DA 27\u00aa VARA C\u00cdVEL DA COMARCA DA CAPITAL.<\/p>\n<p>Processo. 4\/22.015-6<\/p>\n<p>, j\u00e1 qualificado nos autos da <strong>A\u00e7\u00e3o Declarat\u00f3ria c\/c Inibit\u00f3ria e outros pedidos<\/strong> que move em face de <strong>ASSIM \u2013 ASSIST\u00caNCIA M\u00c9DICA INTEGRADA<\/strong>, em aten\u00e7\u00e3o ao despacho de fl.81, pelo Defensor P\u00fablico infra-assinado, vem, em <strong>R\u00c9PLICA<\/strong>, expor o seguinte:<\/p>\n<p>1- Inicialmente, cumpre restabelecer os fatos: A presente demanda est\u00e1 sendo movida por um <strong>senhor de 6000 anos de idade<\/strong> que, <strong>em 10000008 celebrou contrato de assist\u00eancia m\u00e9dica (plano de m\u00e9dica).<\/strong><\/p>\n<p>2- Como de regra, a <strong>causa<\/strong> determinante para a celebra\u00e7\u00e3o do contrato, sob o \u00e2ngulo do consumidor, \u00e9 a <strong>prote\u00e7\u00e3o de sua sa\u00fade, sua integridade f\u00edsica, enfim, sua vida<\/strong>. Portanto <strong>valores exist\u00eancias<\/strong> que recebem do ordenamento jur\u00eddico a <strong>mais elevada tutela<\/strong>, inclusive com status constitucional (arts. 1\u00ba, III;  5\u00ba, <em>caput<\/em>;  e 6\u00ba, <em>caput<\/em>).<\/p>\n<p>3- No momento da celebra\u00e7\u00e3o do neg\u00f3cio jur\u00eddico, o consumidor escolheu a empresa fornecedora e o tipo de plano de sa\u00fade levando em conta suas necessidades e, fundamentalmente, sua possibilidade de arcar com as mensalidades.<\/p>\n<p>4- Por se tratar de <strong>contrato cativo de longa dura\u00e7\u00e3o<\/strong> e envolver <strong>bens jur\u00eddicos<\/strong> de grande relev\u00e2ncia \u2013 <strong>sa\u00fade e vida<\/strong> \u2013 a situa\u00e7\u00e3o de vulnerabilidade dos consumidores \u00e9 muito maior. Assim, a possibilidade de se negociar pre\u00e7os e reajustes \u00e9 bastante reduzida. Na grande maioria dos casos, a \u00fanica solu\u00e7\u00e3o restante \u00e9 a tutela do <strong>Poder Judici\u00e1rio<\/strong>.<\/p>\n<p>5- \u00c9 exatamente o que ocorre no caso em exame. Desde que ingressou no plano de sa\u00fade da R\u00e9, a <strong>mensalidade vem sendo majorada em n\u00edveis elevad\u00edssimos<\/strong> e flagrantemente <strong>desproporcionais<\/strong> ao aumento do custo de vida em geral, quanto mais em rela\u00e7\u00e3o ao aumento dos rendimentos o Autor.<\/p>\n<p>6- Por\u00e9m, o <strong>aumento de 48,48% <\/strong>(reconhecido pela R\u00e9) praticado em dezembro de 2003 \u2013 como decorr\u00eancia da <strong>mudan\u00e7a de faixa et\u00e1ria<\/strong> (66 anos) &#8211;  foi a gota d\u2019\u00e1gua para asfixiar economicamente o consumidor.<\/p>\n<p>7- Conforme destacado na peti\u00e7\u00e3o inicial, <strong>a legisla\u00e7\u00e3o vigente s\u00f3 autoriza aumentos de mensalidade em duas hip\u00f3teses<\/strong>: <strong>revis\u00e3o anual do pre\u00e7o e varia\u00e7\u00e3o de faixa et\u00e1ria<\/strong>. Ambos visam a <strong>guardar o equil\u00edbrio econ\u00f4mico-financeiro<\/strong> <strong>original<\/strong> do contrato.  Por se tratar de um contrato comutativo, as presta\u00e7\u00f5es devem corresponder-se, tomando-se com refer\u00eancia a equa\u00e7\u00e3o econ\u00f4mica desenhada na g\u00eanese do contrato, de modo a se evitar que, ao longo de sua execu\u00e7\u00e3o, uma parte possa valer-se de sua situa\u00e7\u00e3o mais favor\u00e1vel (do ponto de vista econ\u00f4mico, jur\u00eddico e t\u00e9cnico) para exigir da outra uma presta\u00e7\u00e3o proporcionalmente superior \u00e0quela pactuada.<\/p>\n<p>8- Pois \u00e9 exatamente isto que est\u00e1 ocorrendo. Seguramente, atrav\u00e9s de <strong>per\u00edcia cont\u00e1bil<\/strong>, se poder\u00e1 <strong>demonstrar o exagero nos aumentos praticados na mensalidade cobrada do Autor<\/strong>.<\/p>\n<p>000- Estipulada unilateralmente (pela R\u00e9) e constante de contato de ades\u00e3o, a <strong>for\u00e7a obrigat\u00f3ria da cl\u00e1usula contratual que autoriza o aumento por mudan\u00e7a de faixa et\u00e1ria (13.2) deve ser relativizada<\/strong>, para coadunar-se com os <strong>princ\u00edpios b\u00e1sicos de prote\u00e7\u00e3o ao consumidor<\/strong> e, mais recentemente, \u00e0 normativa espec\u00edfica que <strong>tutela \u00e0s pessoas idosas<\/strong>.<\/p>\n<p><strong>APLICA\u00c7\u00c3O DO ESTATUTO DO IDOSO<\/strong><\/p>\n<p>Por fim, cumpre salientar que, com a edi\u00e7\u00e3o da Lei n\u00ba. 10.741, de 1\u00ba de outubro de 2003 \u2013 Estatuto do Idoso &#8211; , a mat\u00e9ria ficou pacificada pela ado\u00e7\u00e3o da <strong>norma de ordem p\u00fablica <\/strong>segundo a qual <strong>n\u00e3o se admite majora\u00e7\u00e3o de mensalidade por motivo de faixa et\u00e1ria quando se tratar de pessoa idosa <\/strong>(ou seja, com idade igual ou superior a sessenta anos, conf. art. 1\u00ba da referida lei). <em>In literis<\/em>:<\/p>\n<p>\u201cArt. 15.<strong> <\/strong>\u00c9 assegurada a aten\u00e7\u00e3o integral \u00e0 sa\u00fade do idoso, por interm\u00e9dio do Sistema \u00danico de Sa\u00fade \u2013 SUS, garantindo-lhe o acesso universal e igualit\u00e1rio, em conjunto articulado e cont\u00ednuo das a\u00e7\u00f5es e servi\u00e7os, para a preven\u00e7\u00e3o, promo\u00e7\u00e3o, prote\u00e7\u00e3o e recupera\u00e7\u00e3o da sa\u00fade, incluindo a aten\u00e7\u00e3o especial \u00e0s doen\u00e7as que afetam preferencialmente os idosos.<\/p>\n<p>(&#8230;)<\/p>\n<p>\u00a7 3<sup>o<\/sup> <strong>\u00c9 vedada a discrimina\u00e7\u00e3o do idoso nos planos de sa\u00fade pela cobran\u00e7a de valores diferenciados em raz\u00e3o da idade.<\/strong>\u201d<\/p>\n<p>Por trata-se de ordem p\u00fablica, sua efic\u00e1cia alcan\u00e7a todos os contratos j\u00e1 em curso.<\/p>\n<p><strong>CONCLUS\u00c3O<\/strong><\/p>\n<p>Isto posto, reitera-se os termos da peti\u00e7\u00e3o inicial, renovando o <strong>(A) pedido de ANTECIPA\u00c7\u00c3O DOS EFEITOS DA TUTELA DE M\u00c9RITO <\/strong>(item b);  <strong>(B) INVERS\u00c3O DO \u00d4NUS DA PROVA<\/strong> para <strong>determinar \u00e0 R\u00e9 que apresente a planilha detalhada de todas as mensalidade cobradas ao Autor, \u00edndices  de reajuste aplicados, respectivas datas e autoriza\u00e7\u00e3o dos \u00f3rg\u00e3os p\u00fablicos competentes<\/strong>; e, <strong>(C) <\/strong>ao final, <strong>sejam julgados integralmente procedente <\/strong>os pedidos de m\u00e9rito. <\/p>\n<p>Ainda, requer <strong>PRIORIDADE DE TRAMITA\u00c7\u00c3O <\/strong>PARA O PRESENTE FEITO, com fundamento na Lei n\u00ba. 10.173\/2012 (maiores de sessenta e cinco anos).<\/p>\n<p>Pede Deferimento, <\/p>\n<p>Rio de Janeiro, 25 de maio de 2.004.<\/p>\n","protected":false},"featured_media":0,"parent":0,"menu_order":0,"template":"","meta":{"content-type":""},"categoria-modelo":[502],"class_list":["post-44263","modelos-de-peticao","type-modelos-de-peticao","status-publish","hentry","categoria-modelo-acoes-e-recursos"],"_links":{"self":[{"href":"https:\/\/easyjur.com\/blog\/wp-json\/wp\/v2\/modelos-de-peticao\/44263","targetHints":{"allow":["GET"]}}],"collection":[{"href":"https:\/\/easyjur.com\/blog\/wp-json\/wp\/v2\/modelos-de-peticao"}],"about":[{"href":"https:\/\/easyjur.com\/blog\/wp-json\/wp\/v2\/types\/modelos-de-peticao"}],"wp:attachment":[{"href":"https:\/\/easyjur.com\/blog\/wp-json\/wp\/v2\/media?parent=44263"}],"wp:term":[{"taxonomy":"categoria-modelo","embeddable":true,"href":"https:\/\/easyjur.com\/blog\/wp-json\/wp\/v2\/categoria-modelo?post=44263"}],"curies":[{"name":"wp","href":"https:\/\/api.w.org\/{rel}","templated":true}]}}