{"id":44097,"date":"2023-08-09T17:50:19","date_gmt":"2023-08-09T17:50:19","guid":{"rendered":"https:\/\/easyjur.com\/blog\/?post_type=modelos-de-peticao&#038;p=3650"},"modified":"2023-08-09T17:50:19","modified_gmt":"2023-08-09T17:50:19","slug":"acao-reivindicatoria-cumulada-com-perdas-e-danos-liminar-de-imissao-de-posse","status":"publish","type":"modelos-de-peticao","link":"https:\/\/easyjur.com\/blog\/modelos-de-peticao\/acao-reivindicatoria-cumulada-com-perdas-e-danos-liminar-de-imissao-de-posse\/","title":{"rendered":"[MODELO] A\u00c7\u00c3O REIVINDICAT\u00d3RIA CUMULADA COM PERDAS E DANOS  &#8211;  Liminar de imiss\u00e3o de posse"},"content":{"rendered":"<p><strong>Reivindicat\u00f3ria &#8211; Inicial<\/strong><\/p>\n<p><strong>EXCELENT\u00cdSSIMO SENHOR DOUTOR JUIZ DE DIREITO DA &#8230;&#8230; VARA C\u00cdVEL DA COMARCA DE &#8230;&#8230;&#8230;&#8230;&#8230;&#8230;&#8230;&#8230;&#8230;&#8230;&#8230;<\/strong><\/p>\n<p><strong>(10 LINHAS)<\/strong><\/p>\n<p>&#8230;&#8230;&#8230;&#8230;, (nacionalidade), (profiss\u00e3o), (estado civil), portador da Carteira de Identidade RG n\u00ba &#8230;.., inscrito no CPF\/MF sob o n\u00ba &#8230;., residente e domiciliado na rua &#8230;&#8230;.., n\u00ba &#8230;.., bairro &#8230;&#8230;., cidade &#8230;&#8230;, no Estado de &#8230;&#8230;.. CEP &#8230;&#8230;., por seu procurador infra-assinado, mandato anexo, vem respeitosamente \u00e0 presen\u00e7a de Vossa Excel\u00eancia, a fim de promover com fundamento legal baseado nas disposi\u00e7\u00f5es dos artigos 524 e 58000, I, do C\u00f3digo Civil, artigo 282, e segs. do C\u00f3digo de Processo Civil a presente <\/p>\n<p><strong>A\u00c7\u00c3O REIVINDICAT\u00d3RIA CUMULADA COM PERDAS E DANOS <\/strong><\/p>\n<p>contra &#8230;&#8230;&#8230;&#8230;, (nacionalidade), (profiss\u00e3o), (estado civil), portador da Carteira de Identidade RG n\u00ba &#8230;.., inscrito no CPF\/MF sob o n\u00ba &#8230;., residente e domiciliado na rua &#8230;&#8230;.., n\u00ba &#8230;.., bairro &#8230;&#8230;., cidade &#8230;&#8230;, no Estado de &#8230;&#8230;.. CEP &#8230;&#8230;. e &#8230;&#8230;&#8230;&#8230;, pessoa jur\u00eddica de direito privado, com sede na rua &#8230;&#8230;.., n\u00ba &#8230;.., bairro &#8230;&#8230;., cidade &#8230;&#8230;, no Estado de &#8230;&#8230;.., CEP &#8230;&#8230;., com seus atos constitutivos arquivados no (nome do \u00f3rg\u00e3o a que est\u00e1 sujeito &#8211; Junta Comercial ou Cart\u00f3rio de Registro), sob n\u00famero (NIRE ou de registro), inscrita no CNPJ\/MF sob n\u00ba &#8230;&#8230;&#8230;.\/&#8230;.-.., motivo porque explicita e requer o seguinte.<\/p>\n<p>Atrav\u00e9s de escritura p\u00fablica de compra e venda, lavrada perante o Cart\u00f3rio &#8230;&#8230;&#8230;&#8230; desta comarca, \u00e0 fl. &#8230;, do livro &#8230;, o autor adquiriu de &#8230;&#8230;&#8230;&#8230; o im\u00f3vel consistente da &quot;Data de terras sob n.\u00ba &#8230;&#8230;&#8230;&#8230; da quadra n.\u00ba &#8230;&#8230;&#8230;&#8230; com \u00e1rea de &#8230;&#8230;&#8230;&#8230; metros quadrados, situada no Parque &#8230;&#8230;&#8230;&#8230;, desta cidade, da subdivis\u00e3o de parte do lote n.\u00ba &#8230;&#8230;&#8230;&#8230;, da gleba &#8230;&#8230;&#8230;&#8230;, neste munic\u00edpio e comarca, contendo uma depend\u00eancia mista de 1 pavimento, com a \u00e1rea de &#8230;&#8230;&#8230;&#8230; metros quadrados, com as seguintes divisas e confronta\u00e7\u00f5es: frente para a rua &#8230;&#8230;&#8230;&#8230;, numa largura de &#8230;&#8230;&#8230;&#8230; metros; de um lado com a data n.\u00ba &#8230;&#8230;&#8230;&#8230; numa extens\u00e3o de &#8230;&#8230;&#8230;&#8230; metros; e, finalmente, na conflu\u00eancia da rua &#8230;&#8230;&#8230;&#8230;, com a rua &#8230;&#8230;&#8230;&#8230;, numa linha curva de &#8230;&#8230;&#8230;&#8230; metros e raio de &#8230;&#8230;&#8230;&#8230; metros&quot;. <\/p>\n<p>Referido t\u00edtulo dominical foi regularmente registrado em &#8230;&#8230;&#8230;&#8230;, em nome do autor, perante a matr\u00edcula de n.\u00ba &#8230;&#8230;&#8230;&#8230;, ficha n.\u00ba &#8230;&#8230;&#8230;&#8230;, mantida junto ao Cart\u00f3rio de Registro de Im\u00f3veis do &#8230;. Of\u00edcio desta comarca.<\/p>\n<p>Esta propriedade anteriormente pertencia ao primeiro r\u00e9u e outros, que, por da\u00e7\u00e3o em pagamento, atrav\u00e9s de escritura p\u00fablica, transferiram-na a &#8230;&#8230;&#8230;&#8230;, conforme demonstra-se pela ficha n.\u00ba &#8230;.. da mesma matr\u00edcula, ora em anexo.<\/p>\n<p>Hodiernamente ocupa a propriedade unicamente o r\u00e9u &#8230;&#8230;&#8230;&#8230; e sua empresa, ambos qualificados na inicial, da\u00ed porque a presente a\u00e7\u00e3o contra si \u00e9 endere\u00e7ada.<\/p>\n<p>O autor com o fito de obter a posse de seu im\u00f3vel solicitou in\u00fameras vezes &#8211; verbalmente &#8211; aos r\u00e9us a sua desocupa\u00e7\u00e3o, sem contudo ser atendido.<\/p>\n<p>Obrigou-se assim a promover as suas notifica\u00e7\u00f5es a fim de que no prazo legal de trinta dias efetivamente desocupassem o im\u00f3vel, procedente a entrega regular de suas chaves, conseq\u00fcentemente da posse. Tal ato, solene, realizou-se atrav\u00e9s do Cart\u00f3rio de T\u00edtulos e Documentos, em data de 4 de setembro pr\u00f3ximo passado, registrado que foi sob n.\u00ba &#8230;.. naquela escrivania.<\/p>\n<p>Desprezando o apelo, os r\u00e9us mant\u00eam-se na posse, sequer dando mostras de pretenderem amigavelmente desocupar o im\u00f3vel, persistindo os preju\u00edzos em manifesta vantagem il\u00edcita.<\/p>\n<p>Esta ilicitude decorre da manifesta\u00e7\u00e3o do Autor quanto \u00e0 ocupa\u00e7\u00e3o decorrente, j\u00e1 que ao adquirir a propriedade pretende obter dela receita de aluguel em face ao investimento desembolsado que foi da ordem de R$&#8230;&#8230;,.. (valor por extenso).<\/p>\n<p>Sem embargo a ocupa\u00e7\u00e3o desautorizada, bem como a inexist\u00eancia de qualquer pagamento a este t\u00edtulo, o autor sujeita-se ainda a danos no im\u00f3vel, ao pagamento dos impostos municipais e outros preju\u00edzos certamente de dif\u00edcil recupera\u00e7\u00e3o.<\/p>\n<p><strong>OS MOTIVOS DA LIMINAR<\/strong><\/p>\n<p>Os requerentes s\u00e3o compradores de boa-f\u00e9, tendo realizado o neg\u00f3cio junto ao Banco &#8230;&#8230;&#8230;&#8230;, conforme relatado acima, solicitando a desocupa\u00e7\u00e3o do im\u00f3vel regularmente atrav\u00e9s de notifica\u00e7\u00e3o premonit\u00f3ria.<\/p>\n<p>Desta forma, raz\u00e3o n\u00e3o h\u00e1 para que o autor continue tendo preju\u00edzos com tal situa\u00e7\u00e3o, sendo propriet\u00e1rio de um im\u00f3vel no qual os requeridos se mant\u00e9m irregularmente, conforme fotoc\u00f3pia da escritura p\u00fablica e da  matr\u00edcula do im\u00f3vel em anexo, requerendo urgentemente a concess\u00e3o da liminar de imiss\u00e3o de posse, com fulcro no 00028 do C\u00f3digo de Processo Civil, <em>verbis<\/em>:<\/p>\n<p><em>Art.\u00a000028.\u00a0\u00a0Estando a peti\u00e7\u00e3o inicial devidamente instru\u00edda, o juiz deferir\u00e1, sem ouvir o r\u00e9u, a expedi\u00e7\u00e3o do mandado liminar de manuten\u00e7\u00e3o ou de reintegra\u00e7\u00e3o; no caso contr\u00e1rio, determinar\u00e1 que o autor justifique previamente o alegado, citando-se o r\u00e9u para comparecer \u00e0 audi\u00eancia que for designada.<\/em><\/p>\n<p>Outro fator de importante relev\u00eancia \u00e9 que os encargos do im\u00f3vel est\u00e3o correndo por conta do propriet\u00e1rio, ora autor, desde a respectiva transcri\u00e7\u00e3o no Registro de Im\u00f3veis, que ocorreu em 23\/8\/01, o que acarretar\u00e1 grandes preju\u00edzos para ele, conforme relatado.<\/p>\n<p>Desta forma, requer seja concedida liminarmente a imiss\u00e3o de posse <em>inaudita altera pars<\/em>, para compelir o requerido a se retirar do im\u00f3vel em car\u00e1ter de urg\u00eancia, a fim de se evitarem mais desgastes e custos desnecess\u00e1rios para os requerentes.<\/p>\n<p>Confira-se quanto \u00e0 possibilidade da concess\u00e3o da liminar:<\/p>\n<p><em>Tribunal de Al\u00e7ada do Paran\u00e1 ACAO REIVINDICATORIA &#8211; IMISSAO NA POSSE DETERMINADA POR LIMINAR &#8211; CONSTATACAO DA PRESENCA DE <\/em>FUMUS BONI JURIS<em> E DO <\/em>PERICULUM IN MORA<em> &#8211; FATOS ALEGADOS PELOS AGRAVANTES QUE NAO DESCONSTITUEM, NESTE MOMENTO PROCESSUAL, A BASE DOCUMENTAL EM QUE SE EMBASAM AS ALEGACOES DOS AUTORES &#8211; RECURSO DESPROVIDO. (Agravo de Instrumento &#8211; 156304400 &#8211; Engenheiro Beltrao &#8211; Juiz Fernando Vidal De Oliveira &#8211; Segunda Camara Civel &#8211; Julg: 000\/8\/00 &#8211; Ac.: 1200067 &#8211; Public.: 25\/8\/00). <\/em><\/p>\n<p><em>Tribunal de Al\u00e7ada do Paran\u00e1. E M E N T A 1) REPRESENTA\u00c7\u00c3O JUDICIAL DE EMPRESA SOB O REGIME DE LIQUIDA\u00c7\u00c3O EXTRAJUDICIAL &#8211; COMPETE AO LIQUIDANTE A OUTORGA DE MANDATO, PARA REPRESENTAR A MASSA, EM JU\u00cdZO OU FORA DELE (ARTIGO 16 DA LEI 6.024 DE 13\/3\/74) NULIDADE INEXISTENTE &#8211; II) REIVINDICAT\u00d3RIA &#8211; REQUISITOS DO ARTIGO 00027 DO C\u00d3DIGO DE PROCESSO CIVIL &#8211; COMPROVA\u00c7\u00c3O EXIGIDA PARA OBTEN\u00c7\u00c3O DA LIMINAR, EM A\u00c7\u00c3O POSSESS\u00d3RIA FASE PROCESSUAL QUE ANTECEDE O RITO ORDIN\u00c1RIO &#8211; III) REIVINDICAT\u00d3RIA &#8211; MANTENDO A POSSE INJUSTA O MESMO V\u00cdCIO COM QUE FOI ADQUIRIDA, N\u00c3O \u00c9 L\u00cdCITO DELA VALER-SE, EM REIVINDICATORIA, PARA EXCLUIR DIREITO DE QUEM DET\u00c9M TITULO DOMINAL INCONTESTADO &#8211; EXEGESE DO ARTIGO 40002 DO C\u00d3DIGO CIVIL BRASILEIRO &#8211; LEGISLA\u00c7\u00c3O: CC &#8211; ART. 40002. L 6024\/74 &#8211; ART. 16. CPC &#8211; ART. 00027. CC &#8211; ART. 525. CC &#8211; ART. 40000. Doutrina: Negr\u00e3o, Theotonio &#8211; CPC e Legisla\u00e7\u00e3o Processual em Vigor, 26 ed, 10000005, p. 82. Fabr\u00edcio, Adroaldo Furtado &#8211; Comentarios ao CPC, vol. VIII, p. 545. Jurisprud\u00eancia: JTJESP 144\/12000. (Apela\u00e7\u00e3o C\u00edvel &#8211; 007650002800 &#8211; Cascavel &#8211; Juiz S\u00e9rgio Rodrigues &#8211; Quarta C\u00e2mara C\u00edvel &#8211; Julg: 28\/6\/0005 &#8211; AC.: 5883 &#8211; PUBLIC.: 11\/8\/0005). <\/em><\/p>\n<p>O artigo 524 do C\u00f3digo Civil brasileiro assim disp\u00f5e:<\/p>\n<p><em>Art. 524. A lei assegura ao propriet\u00e1rio o direito de usar, gozar e dispor de seus bens, e de reav\u00ea-los do poder de quem quer que injustamente os possua.<\/em><\/p>\n<p>E, conforme coment\u00e1rios do C\u00f3digo Civil e legisla\u00e7\u00e3o em vigor do ilustre Theot\u00f4nio Negr\u00e3o, a a\u00e7\u00e3o pr\u00f3pria para reaver o im\u00f3vel, conforme o artigo 524, \u00e9 a reivindicat\u00f3ria, que segue o procedimento comum do artigo 272 do C\u00f3digo de Processo Civil.<\/p>\n<p>J. M. de Carvalho Santos, <em>in C\u00f3digo Civil Brasileiro Interpretado<\/em>, volume VII, p. 280 e segs., preleciona sobre tal tema no seguinte sentido:<\/p>\n<p><em>&quot;000 &#8211; A\u00e7\u00e3o de reivindica\u00e7\u00e3o. A a\u00e7\u00e3o de reivindica\u00e7\u00e3o, como tutelar do dom\u00ednio, exerce-se <\/em>erga omnes<em>, como o direito, da qual \u00e9 parte integrante e a que visa proteger. \u00c9 uma a\u00e7\u00e3o real, por meio da qual o propriet\u00e1rio de uma coisa pede, contra o possuidor ou detentor da mesma, o reconhecimento de seu direito de propriedade e, como conseq\u00fc\u00eancia, a restitui\u00e7\u00e3o da pr\u00f3pria coisa com suas acess\u00f5es (Pacific-Mazzoni, Ist., vol. 3, n. 15; Aubry et Rau, cit., \u00a7 21000; Correia Teles, <\/em>Doutrina das A\u00e7\u00f5es<em>, par\u00e1grafo 68).<\/em><\/p>\n<p>A a\u00e7\u00e3o de reivindica\u00e7\u00e3o, na express\u00e3o de Wieland (obr. cit., p. 11), \u00e9 a a\u00e7\u00e3o dada ao propriet\u00e1rio n\u00e3o possuidor contra o possuidor n\u00e3o propriet\u00e1rio. O que deixa perceber que a reivindica\u00e7\u00e3o visa preliminarmente ao reconhecimento do direito de algu\u00e9m sobre uma coisa, e, como conseq\u00fc\u00eancia, a restitui\u00e7\u00e3o dela para o dom\u00ednio do reivindicante, porque s\u00f3 assim poder\u00e1 ele agir diretamente, no exerc\u00edcio de seu direito de propriet\u00e1rio.<\/p>\n<p>A a\u00e7\u00e3o reivindicat\u00f3ria pode ser intentada contra qualquer possuidor, n\u00e3o s\u00f3 o de m\u00e1-f\u00e9, mas tamb\u00e9m o de boa-f\u00e9, e contra qualquer detentor, qualquer que seja a causa pela qual possua a coisa, pouco importando que a possua ou detenha por conta pr\u00f3pria ou por conta de outrem. Porque o propriet\u00e1rio \u00e9 autorizado a reivindicar a coisa que lhe pertence de qualquer pessoa que a tenha em seu poder, n\u00e3o sendo justo que se exigisse dele, para exercitar esse seu direito, fosse pesquisar por qual t\u00edtulo o objeto se encontra nas m\u00e3os do detentor ou possuidor. Tanto mais quanto o dom\u00ednio \u00e9 um direito real, vale dizer, exeq\u00fc\u00edvel contra qualquer em poder de quem esteja a coisa, seja a que t\u00edtulo for.<\/p>\n<p>A a\u00e7\u00e3o de reivindica\u00e7\u00e3o compete tamb\u00e9m contra o suposto possuidor (<em>fictus possessor<\/em>), como tal se considerando aquele que  possui a coisa, com dolo, isto \u00e9, com a inten\u00e7\u00e3o de dificultar ao autor vindic\u00e1-la. &#8230; a a\u00e7\u00e3o de reivindica\u00e7\u00e3o tem por fim principal reconhecer no autor o direito de propriedade da coisa que reivindica, e como conseq\u00fc\u00eancia, restituir-lhe a pr\u00f3pria coisa com todas as pertin\u00eancias e depend\u00eancias. Devendo, pois, o r\u00e9u ser condenado a restituir a coisa com todos os seus acess\u00f3rios, rendimentos e indeniza\u00e7\u00e3o de deterioriza\u00e7\u00f5es, como j\u00e1 doutrinava Correira Telles (<em>Doutrina das A\u00e7\u00f5es<\/em>, \u00a7 68). <\/p>\n<p>Segundo disposto pelo citado artigo 524 do C\u00f3digo Civil brasileiro, a lei assegura ao propriet\u00e1rio o direito de usar, gozar e dispor de seus bens, e de reav\u00ea-los do poder de quem quer que injustamente os possua. Cuida a lei, no preceito legal, dos direitos elementares do dom\u00ednio e dentre eles daquele constante da faculdade assegurada ao seu titular de reaver a coisa do poder de quem injustamente a detenha, e, por demais sabido que esse direito consoante ensinamento de Orlando Gomes:<\/p>\n<p><em>(&#8230;) segundo conhecida f\u00f3rmula, compete ao propriet\u00e1rio n\u00e3o possuidor ir contra o possuidor n\u00e3o propriet\u00e1rio (&#8230;).<\/em><\/p>\n<p>Isto posto, comprovado est\u00e1 que os R\u00e9us s\u00e3o possuidores de m\u00e1-f\u00e9, eis que, deixaram de desocupar o im\u00f3vel quando instado a faz\u00ea-lo atrav\u00e9s da notifica\u00e7\u00e3o efetivada pelo autor;<\/p>\n<p>Desta forma, os r\u00e9us dever\u00e3o ser compelidos a se retirar do im\u00f3vel, atrav\u00e9s de liminar a ser concedida por este MM. Ju\u00edzo e confirmada na senten\u00e7a a ser proferida, ou, se assim n\u00e3o entender V. Exa., tal processo dever\u00e1 ser julgado totalmente procedente, para condenar os r\u00e9us a se retirarem do im\u00f3vel atrav\u00e9s de senten\u00e7a, com a condena\u00e7\u00e3o nas perdas e danos a t\u00edtulo de contrapresta\u00e7\u00e3o por esta ocupa\u00e7\u00e3o, que dever\u00e3o ser arbitradas por V. Exa., relativas ao per\u00edodo contados do prazo da notifica\u00e7\u00e3o at\u00e9 efetiva restitui\u00e7\u00e3o do im\u00f3vel, al\u00e9m dos demais encargos que reca\u00edrem sobre o mesmo durante este per\u00edodo.<\/p>\n<p>A) pelo exposto, requer a concess\u00e3o da liminar de imiss\u00e3o de posse <em>inaudita altera pars<\/em>, e a sua confirma\u00e7\u00e3o por senten\u00e7a, para que os r\u00e9us desocupem o im\u00f3vel com a urg\u00eancia necess\u00e1ria e imediata ou em prazo curto a ser determinado; <\/p>\n<p>B) se assim n\u00e3o entender V. Exa., requer sejam os r\u00e9us citados via oficial de justi\u00e7a, para responder a presente, no prazo legal, sob pena de revelia, devendo a presente a\u00e7\u00e3o ser julgada totalmente procedente para compelir os requeridos a se retirar do im\u00f3vel, bem como para conden\u00e1-los nas perdas e danos causadas pela posse de m\u00e1-f\u00e9, a serem arbitradas por este Ju\u00edzo, conforme constou do item acima, bem como nas custas processuais e honor\u00e1rios advocat\u00edcios.<\/p>\n<p>Requer todos os meios de prova em direito admitidos, especialmente, depoimento pessoal dos r\u00e9us, ouvida de testemunhas e juntada de documentos.<\/p>\n<p>Requer ainda, os benef\u00edcios do artigo 172, \u00a7 2\u00b0, do C\u00f3digo de Processo Civil, para que o mandado seja cumprido em tais dias.<\/p>\n<p>D\u00e1-se a causa o valor de R$&#8230;&#8230;,.. (valor por extenso).<\/p>\n<p>Termos em que<\/p>\n<p>Pede deferimento.<\/p>\n<p>(Local, data e ano).<\/p>\n<p>(Nome e assinatura do advogado).<\/p>\n<p>(OAB\/UF)<\/p>\n","protected":false},"featured_media":0,"parent":0,"menu_order":0,"template":"","meta":{"content-type":""},"categoria-modelo":[502],"class_list":["post-44097","modelos-de-peticao","type-modelos-de-peticao","status-publish","hentry","categoria-modelo-acoes-e-recursos"],"_links":{"self":[{"href":"https:\/\/easyjur.com\/blog\/wp-json\/wp\/v2\/modelos-de-peticao\/44097","targetHints":{"allow":["GET"]}}],"collection":[{"href":"https:\/\/easyjur.com\/blog\/wp-json\/wp\/v2\/modelos-de-peticao"}],"about":[{"href":"https:\/\/easyjur.com\/blog\/wp-json\/wp\/v2\/types\/modelos-de-peticao"}],"wp:attachment":[{"href":"https:\/\/easyjur.com\/blog\/wp-json\/wp\/v2\/media?parent=44097"}],"wp:term":[{"taxonomy":"categoria-modelo","embeddable":true,"href":"https:\/\/easyjur.com\/blog\/wp-json\/wp\/v2\/categoria-modelo?post=44097"}],"curies":[{"name":"wp","href":"https:\/\/api.w.org\/{rel}","templated":true}]}}