{"id":42512,"date":"2023-08-09T14:27:19","date_gmt":"2023-08-09T14:27:19","guid":{"rendered":"https:\/\/easyjur.com\/blog\/?post_type=modelos-de-peticao&#038;p=3650"},"modified":"2023-08-09T14:27:19","modified_gmt":"2023-08-09T14:27:19","slug":"mandado-de-seguranca-preventivo-fechamento-indevido-de-radio-comunitaria","status":"publish","type":"modelos-de-peticao","link":"https:\/\/easyjur.com\/blog\/modelos-de-peticao\/mandado-de-seguranca-preventivo-fechamento-indevido-de-radio-comunitaria\/","title":{"rendered":"[MODELO] MANDADO DE SEGURAN\u00c7A PREVENTIVO  &#8211;  Fechamento indevido de r\u00e1dio comunit\u00e1ria"},"content":{"rendered":"<p>MANDADO DE SEGURAN\u00c7A PREVENTIVO<\/p>\n<p>Requisitos<\/p>\n<p>a) Ocorr\u00eancia de situa\u00e7\u00e3o concreta e objetiva indicativa de iminente les\u00e3o ou direito l\u00edquido e certo (individual ou coletivo)<\/p>\n<p>b) justo receio de que a situa\u00e7\u00e3o se concretize.<\/p>\n<p>Modelo<\/p>\n<p>EXCELENT\u00cdSSIMO SENHOR DOUTOR JUIZ FEDERAL DE &#8230;&#8230; ou<\/p>\n<p>EXCELENT\u00cdSSIMO SENHOR DOUTOR JUIZ PRESIDENTE DO TRIBUNAL REGIONAL FEDERAL<br \/>DE &#8230;&#8230;..<\/p>\n<p>FULANO DE TAL, brasileiro, estado civil, profiss\u00e3o, residente e<br \/>domiciliado \u00e0 , vem \u00e0 presen\u00e7a de Vossa Excel\u00eancia, por interm\u00e9dio de<br \/>seu advogado infra-firmado, com apoio no art. 5\u00ba, LVIX, da Constitui\u00e7\u00e3o<br \/>Federal e nos termos da Lei 1.533\/51, impetrar o presente<\/p>\n<p>MANDADO DE SEGURAN\u00c7A SUSPENSIVO<\/p>\n<p>com pedido de liminar<\/p>\n<p>contra ato do &#8230;.SICRANO DE TAL (autoridade coatora), &#8230;.o que<br \/>faz pelos seguintes fundamentos de fato e de direito a seguir delineados.<\/p>\n<p>DOS FATOS<\/p>\n<p>O impetrante \u00e9 propriet\u00e1rio da r\u00e1dio-comunit\u00e1ria localizada em<br \/>&#8230;. citar outras informa\u00e7\u00f5es.<\/p>\n<p>A r\u00e1dio comunit\u00e1ria funciona h\u00e1 mais de , utilizando da<br \/>freq\u00fc\u00eancia . A sua constitui\u00e7\u00e3o foi devidamente noticiada e<br \/>comunicada \u00e0s autoridades do munic\u00edpio, bairro etc&#8230;<\/p>\n<p>Ocorre que nesta data, sem qualquer justificativa legal ou<br \/>plaus\u00edvel, por ordem de (autoridade coatora) fiscais da ou<br \/>policiais federais &#8230;.. procederam ao fechamento da r\u00e1dio e \u00e0 apreens\u00e3o<br \/>de v\u00e1rios equipamentos, &#8230;..<\/p>\n<p>Descrever outros fatos acerca da ilegalidade &#8230; do arb\u00edtrio .<\/p>\n<p>A fechamento e a apreens\u00e3o dos equipamentos se revestiram de grave<br \/>ilegalidade, eis que sem amparo na Legisla\u00e7\u00e3o que informa a mat\u00e9ria.<\/p>\n<p>DA INVIABILIDADE DO SUPORTE JUR\u00cdDICO ERIGIDO PARA O FECHAMENTO DA R\u00c1DIO<\/p>\n<p>A autoridade respons\u00e1vel pela ordem de fechamento e apreens\u00e3o da<br \/>r\u00e1dio fundamentou sua decis\u00e3o em face da inv\u00e1lida previs\u00e3o legal do art.<br \/>70, da lei 4.117\/62, que prescreve:<\/p>\n<p>&quot;Constitui crime pun\u00edvel com a pena de deten\u00e7\u00e3o de um a dois anos,<br \/>aumentada da metade se houver dano a terceiro, a instala\u00e7\u00e3o ou utiliza\u00e7\u00e3o<br \/>de telecomunica\u00e7\u00f5es, sem observ\u00e2ncia do disposto nesta lei e nos<br \/>regulamentos&quot;.<\/p>\n<p>\u00c9 portanto, o &#8230;&#8230;. , a autoridade coatora no presente<br \/>caso.<\/p>\n<p>Diferentemente do fundamento invocado para se perpetrar a<br \/>ilegalidade, entende-se que as r\u00e1dios comunit\u00e1rias, n\u00e3o se abarcam no campo<br \/>de incid\u00eancia dos citados dispositivos legais. Com a promulga\u00e7\u00e3o da Emenda<br \/>Constitucional n\u00ba 8, de 15 de agosto de 1995, as normas da lei 4.117\/62, no<br \/>que dizem respeito \u00e0 classifica\u00e7\u00e3o e natureza das emissoras de r\u00e1dio e<br \/>televis\u00e3o, por n\u00e3o estarem mais albergadas pelo conceito de<br \/>telecomunica\u00e7\u00f5es, n\u00e3o mais se aplicam por terem perdido sua fundamenta\u00e7\u00e3o<br \/>material. De outra forma, com a altera\u00e7\u00e3o constitucional, as r\u00e1dios<br \/>comunit\u00e1rias est\u00e3o plenamente previstas e asseguradas na Constitui\u00e7\u00e3o.<\/p>\n<p>Ademais, o C\u00f3digo Brasileiro de Telecomunica\u00e7\u00f5es n\u00e3o regulamenta em<br \/>nenhum momento, a pot\u00eancia das emissoras. Se n\u00e3o prev\u00ea a exist\u00eancia das<br \/>r\u00e1dios comunit\u00e1rias, por outro lado tamb\u00e9m nele n\u00e3o se encontra proibi\u00e7\u00e3o<br \/>quanto \u00e0 baixa pot\u00eancia que apresente. Por outro lado, os servi\u00e7os de<br \/>radiodifus\u00e3o de car\u00e1ter local, que encontram regulamenta\u00e7\u00e3o no C\u00f3digo, n\u00e3o<br \/>se confundem de forma com as r\u00e1dios comunit\u00e1rias. Estas apresentam \u00e2mbito<br \/>de divulga\u00e7\u00e3o sonora bem mais restrito.<\/p>\n<p>Enganou-se, dessa forma, a autoridade coatora. N\u00e3o h\u00e1 ilicitude nas<br \/>atividades das r\u00e1dios comunit\u00e1rias. Estas, na verdade, se constituem na<br \/>vigente ordem jur\u00eddica e social, em um imperativo social, decorrente da<br \/>necessidade de informa\u00e7\u00e3o, de natureza local e de ve\u00edculo de ordem<br \/>cultural.<\/p>\n<p>ATEN\u00c7\u00c3O &#8230;. NOVA FUNDAMENTA\u00c7\u00c3O<\/p>\n<p>De qualquer sorte Excel\u00eancia, a celeuma jur\u00eddico-repressiva<br \/>existente em torno do funcionamento da emissoras de R\u00e1diodifus\u00e3o<br \/>Comunit\u00e1ria agora perde relevo, tendo em vista a edi\u00e7\u00e3o e promulga\u00e7\u00e3o da<br \/>Lei n\u00ba 9.612, de 19 de fevereiro de 1998 que instituiu o Servi\u00e7o de<br \/>Radiodifus\u00e3o Comunit\u00e1ria.<\/p>\n<p>Com efeito, a referida lei, regulamentada pelo Decreto n\u00ba 2.615, de<br \/>3 de junho de 1998 e pela Portaria do Minist\u00e9rio das Comunica\u00e7\u00f5es de n\u00ba<br \/>191, de 6 de agosto de 1998, veio explicitar os Comandos democr\u00e1ticos j\u00e1<br \/>prescritos no texto da Carta da Rep\u00fablica, mas, sobretudo, atender aos<br \/>anseios de cidadania da popula\u00e7\u00e3o brasileira, afastando, porquanto, as<br \/>injustas e ilegais posturas autorit\u00e1rias ainda adotadas pela fiscaliza\u00e7\u00e3o<br \/>do Minist\u00e9rio das Comunica\u00e7\u00f5es e pelo Departamento de Pol\u00edcia Federal.<\/p>\n<p>Nesse sentido, a R\u00e1dio &#8230;., em conson\u00e2ncia com o mencionado<br \/>comando normativo, j\u00e1 encaminhou &#8230;. ou est\u00e1 encaminhando &#8230;. ou j\u00e1 tem<br \/>autoriza\u00e7\u00e3o do poder p\u00fablico para operar emissora de R\u00e1diodifus\u00e3o<br \/>Comunit\u00e1ria, n\u00e3o havendo, portanto, justa causa ou raz\u00e3o plaus\u00edvel para a<br \/>atitude arbitr\u00e1ria e abusiva da autoridade coatora indicada.<\/p>\n<p>(Outros fatos que julgar relevante em face da nova lei&#8230;..)<\/p>\n<p>&#8230;&#8230;&#8230;&#8230;&#8230;&#8230;&#8230;&#8230;.<\/p>\n<p>DO DIREITO<\/p>\n<p>A Constitui\u00e7\u00e3o Federal prescreve:<\/p>\n<p>&quot;Art. 5\u00ba, inciso IX: \u00c9 livre a express\u00e3o da atividade<br \/>intelectual, art\u00edstica, cient\u00edfica e de comunica\u00e7\u00e3o,<br \/>independentemente de censura ou licen\u00e7a&quot;.<\/p>\n<p>&quot;Art. 215: O Estado garantir\u00e1 a todos o pleno exerc\u00edcio dos<br \/>direitos culturais e acesso \u00e0s fontes de cultura nacional, e<br \/>apoiar\u00e1 e incentivar\u00e1 a valoriza\u00e7\u00e3o e difus\u00e3o das manifesta\u00e7\u00f5es<br \/>culturais&quot;.<\/p>\n<p>Outros dispositivos legais v\u00e3o na mesma esteira da licitude do<br \/>funcionamento da r\u00e1dio comunit\u00e1ria e, por conseguinte, de<br \/>encontro \u00e0 ilegalidade do fechamento.<\/p>\n<p>&quot;O Decreto n\u00ba 52.026, de 20 de maio de 1963, aprovou o<br \/>Regulamento Geral para a execu\u00e7\u00e3o da Lei 4.117, de 27 de agosto de<br \/>1962, em 80 artigos&quot;;<\/p>\n<p>&quot;O Decreto 52.795, de 31 de outubro de 1963, aprovou o<br \/>Regulamento dos Servi\u00e7os de Radiodifus\u00e3o, em 185 artigos.<br \/>Repetindo, no art. 171, o crime previsto no art. 70, da lei 4.117,<br \/>preceituando que seria crime a instala\u00e7\u00e3o de equipamento de<br \/>radiodifus\u00e3o ou a sua utiliza\u00e7\u00e3o sem observ\u00e2ncia da lei 4.117\/62, e<br \/>seus regulamentos, com claro desrespeito ao art. 1\u00ba do C\u00f3digo Penal<br \/>de 1940&quot;.<\/p>\n<p>&quot;O Decreto 678, de 6 de novembro de 1992, que promulgou a<br \/>Conven\u00e7\u00e3o Americana sobre Direitos Humanos (Pacto de S\u00e3o Jos\u00e9 da<br \/>Costa Rica), de 22 de novembro de 1969, determinou em seu art. 1\u00ba:<\/p>\n<p>&quot;A Conven\u00e7\u00e3o Americana sobre Direitos Humanos (Pacto de S\u00e3o<br \/>Jos\u00e9 da Costa Rica), celebrada em S\u00e3o Jos\u00e9 da Costa Rica em 22 de<br \/>novembro de 1969, apensa por c\u00f3pia ao presente decreto, dever\u00e1 ser<br \/>cumprida t\u00e3o inteiramente como nela se cont\u00e9m&quot;.<\/p>\n<p>O que cont\u00e9m esta Conven\u00e7\u00e3o?<\/p>\n<p>Art. 13. Liberdade de pensamento e de express\u00e3o<\/p>\n<p>1. Toda pessoa tem direito \u00e0 liberdade de pensamento e de<br \/>express\u00e3o. Esse direito compreende a liberdade de buscar, receber e<br \/>difundir informa\u00e7\u00f5es e id\u00e9ias de toda natureza, sem considera\u00e7\u00e3o de<br \/>fronteiras, verbalmente ou por escrito, ou em forma impressa ou<br \/>art\u00edstica, ou por qualquer outro processo de sua escolha.<\/p>\n<p>2. O exerc\u00edcio do direito previsto no inciso precedente n\u00e3o<br \/>pode estar sujeito a censura pr\u00e9via, mas a responsabilidades<br \/>ulteriores, que devem ser expressamente fixadas pela lei e ser<br \/>necess\u00e1rias para assegurar:<\/p>\n<p>a) o respeito aos direitos ou \u00e0 reputa\u00e7\u00e3o das demais pessoas;<br \/>ou<\/p>\n<p>b) a prote\u00e7\u00e3o da seguran\u00e7a nacional, da ordem p\u00fablica, ou da<br \/>sa\u00fade ou da moral p\u00fablicas.<\/p>\n<p>3. N\u00e3o se pode restringir o direito de express\u00e3o por vias ou<br \/>meios indiretos, tais como o abuso de controles oficiais ou<br \/>particulares de papel de imprensa, de freq\u00fc\u00eancias r\u00e1dio-el\u00e9tricas<br \/>ou de equipamentos e aparelhos usados na difus\u00e3o de informa\u00e7\u00e3o, nem<br \/>por quaisquer outros meios destinados a obstar a comunica\u00e7\u00e3o e a<br \/>circula\u00e7\u00e3o de id\u00e9ias e opini\u00f5es.<\/p>\n<p>4. A lei pode submeter os espet\u00e1culos p\u00fablicos a censura<br \/>pr\u00e9via, com o objetivo exclusivo de regular o acesso a eles, para<br \/>prote\u00e7\u00e3o moral da inf\u00e2ncia e da adolesc\u00eancia, sem preju\u00edzo do<br \/>disposto no inciso 2.<\/p>\n<p>A conven\u00e7\u00e3o Americana sobre Direitos Humanos (Pacto de S\u00e3o<br \/>Jos\u00e9 da Costa Rica), de 22 de novembro de 1969, promulgada no<br \/>Brasil pelo Decreto 678 de 6 de novembro de 1992, e em face do<br \/>Decreto legislativo n\u00ba 27, de 26 de maio de 1992, do Congresso<br \/>Nacional, passou a valer como lei interna do Pais&quot;.<\/p>\n<p>Lei n\u00ba 9.612, de 19 de fevereiro de 1998, que institui o Servi\u00e7o de<br \/>Radiodifus\u00e3o Comunit\u00e1ria e d\u00e1 outras provid\u00eancias.<\/p>\n<p>Art. 1\u00ba Denomina-se Servi\u00e7o de Radiodifus\u00e3o Comunit\u00e1ria a<br \/>radiodifus\u00e3o sonora, em frequ\u00eancia modulada, operada em baixa pot\u00eancia e<br \/>cobertura restrita, outorgada a funda\u00e7\u00f5es e associa\u00e7\u00f5es comunit\u00e1rias, sem<br \/>fins lucrativos, com sede na localidade de presta\u00e7\u00e3o de servi\u00e7o. (&#8230;)&quot;<\/p>\n<p>Decreto n\u00ba 2.615, de 3 de junho de 1998, que Aprova o Regulamento<br \/>do Servi\u00e7o de Radiodifus\u00e3o Comunit\u00e1ria, e Portaria n\u00ba 191, de 6 de agosto<br \/>de 1998, que traz Norma Complementar do Servi\u00e7o de Radiodifus\u00e3o<br \/>Comunit\u00e1ria.<\/p>\n<p>DA POSI\u00c7\u00c3O DOUTRIN\u00c1RIA E JURISPRUDENCIAL VIGENTE ANTES MESMO DA EXIST\u00caNCIA<br \/>DA LEI QUE INSTITUIU O SISTEMA DE R\u00c1DIO DIFUS\u00c3O COMUNIT\u00c1RIA<\/p>\n<p>A Justi\u00e7a Federal, por diversas decis\u00f5es de seus magistrados,<br \/>posicionou-se no sentido de acompanhar o trem da democracia, seguindo os<br \/>ventos que apontam para um futuro de plena liberdade em nosso pa\u00eds. S\u00e3o<br \/>alguns trechos de ac\u00f3rd\u00e3os:<\/p>\n<p>&quot;R.A. Defiro &quot;inaudita altera parte&quot; a medida liminar para o<br \/>fim de impedir a busca e apreens\u00e3o de equipamentos e bens da<br \/>emissora, diante do justo receio de que seja realizada busca e<br \/>apreens\u00e3o diante a proximidade de policiais, bem como do &quot;fumus<br \/>boni iuris&quot;, diante das reiteradas manifesta\u00e7\u00f5es, constantes dos<br \/>autos, no sentido da licitude da atividade&quot;.<\/p>\n<p>(Ju\u00edzo de Direito da Comarca de Iguape\/SP &#8211; 1\u00aa Vara &#8211; Cart\u00f3rio<br \/>do 1\u00ba of\u00edcio c\u00edvel &#8211; juiz de Direito Titular Dr. Caramuru Afonso<br \/>Francisco &#8211; Medida Cautelar com Pedido de Liminar &#8211; Proc. n\u00ba<br \/>426\/95).<\/p>\n<p>&quot;(&#8230;) com a edi\u00e7\u00e3o da Constitui\u00e7\u00e3o Federal de 1988 pretendeu-<br \/>se, sem d\u00favida, p\u00f4r termo a um regime autorit\u00e1rio e<br \/>antidemocr\u00e1tico, com a revoga\u00e7\u00e3o de todas as normas que lhe davam<br \/>tal fei\u00e7\u00e3o, estabelecendo-se um regime democr\u00e1tico, sem qualquer<br \/>restri\u00e7\u00e3o \u00e0s liberdades individuais e coletivas de manifesta\u00e7\u00e3o do<br \/>pensamento, notadamente manifesta\u00e7\u00f5es e atividades culturais,<br \/>consoante se v\u00ea dispositivos acima mencionados.<\/p>\n<p>N\u00e3o h\u00e1 como negar que o Decreto-lei n\u00ba 236, de 28.02.67,<br \/>editado no auge do regime autorit\u00e1rio, modificando o C\u00f3digo<br \/>Brasileiro de Telecomunica\u00e7\u00f5es e estabelecendo san\u00e7\u00f5es criminais no<br \/>caso de instala\u00e7\u00e3o ou utiliza\u00e7\u00e3o de aparelhos de telecomunica\u00e7\u00f5es,<br \/>visava cercear a manifesta\u00e7\u00e3o do pensamento e a veicula\u00e7\u00e3o de<br \/>qualquer forma de atividade cultural, para desta forma exercer o<br \/>pleno controle da sociedade, levando-a a absorver somente as<br \/>informa\u00e7\u00f5es de interesse do regime e dos grupos que representava&quot;.<\/p>\n<p>(Poder Judici\u00e1rio &#8211; Justi\u00e7a Federal &#8211; 4\u00aa Vara Criminal da<br \/>Justi\u00e7a Federal\/SP &#8211; Juiz Federal Dr. Casem Mazioum &#8211; Proc. n\u00ba<br \/>91.0101021-2).&#8217; &#8216;<\/p>\n<p>&quot;EMENTA: CONSTITUCIONAL. CONVEN\u00c7\u00c3O INTERNACIONAL. R\u00c1DIO<br \/>COMUNIT\u00c1RIA. SEGURAN\u00c7A CONCEDIDA.<\/p>\n<p>1. Por ser o Brasil signat\u00e1rio do Pacto de S\u00e3o Jos\u00e9 da Costa<br \/>Rica, que integra o ordenamento jur\u00eddico nacional por for\u00e7a do<br \/>Decreto n\u00ba 678\/92, n\u00e3o pode a Uni\u00e3o, via Delegacia Regional do<br \/>Minist\u00e9rio das Comunica\u00e7\u00f5es, coibir o funcionamento de R\u00e1dios<br \/>Comunit\u00e1rias, sob pena de estar violando o art. 5\u00ba, inciso IX e \u00a7<br \/>2\u00ba da Constitui\u00e7\u00e3o de 1988.<\/p>\n<p>II &#8211; Ao assegurar que \u00e9 da compet\u00eancia do Poder Executivo<br \/>&quot;outorgar e renovar concess\u00e3o, permiss\u00e3o e autoriza\u00e7\u00e3o para o<br \/>servi\u00e7o de radiodifus\u00e3o sonora e de sons e imagens&quot; (art. 223,<br \/>caput), est\u00e1 a Constitui\u00e7\u00e3o Federal disciplinando a conduta do<br \/>Estado para com o segmento empresarial das comunica\u00e7\u00f5es sociais.<br \/>N\u00e3o s\u00e3o destinat\u00e1rias da mencionada regra constitucional as<br \/>atividades de radiodifus\u00e3o extra-empresariais ou n\u00e3o-oficiais, tais<br \/>como as nominadas R\u00e1dios Comunit\u00e1rias, expedidoras de sinais de<br \/>baixa freq\u00fc\u00eancia e curto espectro.<\/p>\n<p>(JUSTI\u00c7A FEDERAL DE PRIMEIRA INST\u00c2NCIA &#8211; SE\u00c7\u00c3O JUDICI\u00c1RIA DO<br \/>RIO GRANDE DO NORTE &#8211; 5\u00aa VARA &#8211; A\u00c7\u00c3O DE MANDADO DE SEGURAN\u00c7A &#8211; N\u00ba<br \/>96.1996-7 &#8211; IVAN LIRA DE CARVALHO &#8211; JUIZ FEDERAL).<\/p>\n<p>Como ficou patente, as r\u00e1dios comunit\u00e1rias s\u00e3o uma exig\u00eancia do<br \/>mundo atual. Com efeito, a malha de emissoras de m\u00e9dio ou grande porte<br \/>existente em todo o territ\u00f3rio nacional, n\u00e3o se presta a servir as pequenas<br \/>comunidades do interior ou aos bairros das grandes cidades com a mesma<br \/>efici\u00eancia e esp\u00edrito de atendimento. E isto \u00e9 bastante natural porque as<br \/>emissoras de r\u00e1dio e televis\u00e3o existem para atender a um p\u00fablico bastante<br \/>maior e diversificado.<\/p>\n<p>A legisla\u00e7\u00e3o que agrida a liberdade de imprensa, em seu sentido<br \/>gen\u00e9rico, \u00e9 suspeita aos olhos de uma na\u00e7\u00e3o livre e democr\u00e1tica. Sendo<br \/>suspeita, merece exame atento pelo judici\u00e1rio, no aspecto da sua recep\u00e7\u00e3o<br \/>face \u00e0 Constitui\u00e7\u00e3o (regra matriz), que \u00e9 m\u00e3e e fonte de validade de todas<br \/>as normas inferiores (perif\u00e9ricas).<\/p>\n<p>Assim, \u00e0 luz dos princ\u00edpios constitucionais erigidos como colunas<br \/>mestras da democracia e do desenvolvimento de uma na\u00e7\u00e3o livre, com total<br \/>garantia da preserva\u00e7\u00e3o da iniciativa privada e liberdade civis, n\u00e3o pode,<br \/>jamais, ser considerado crime a abertura e o funcionamento das r\u00e1dios<br \/>comunit\u00e1rias.<\/p>\n<p>Dessa forma, a cria\u00e7\u00e3o de r\u00e1dio n\u00e3o pode tipificar, por si s\u00f3, a<br \/>pr\u00e1tica de crime. Eventualmente, o abuso das faixas de pot\u00eancia \u00e9 que,<br \/>podem vir a configurar algum il\u00edcito, se assim estiver tipificado em lei.<br \/>Portanto, n\u00e3o constitui a atividade informativa qualquer crime. N\u00e3o<br \/>justificando, assim, o fechamento e a apreens\u00e3o de produtos.<\/p>\n<p>Nesse sentido, o dispositivo incriminador mencionado no art. 70, da<br \/>Lei 4.117\/62, n\u00e3o foi recepcionado pela Constitui\u00e7\u00e3o atual. Perdeu,<br \/>portanto, sua vig\u00eancia. Seu valor atual e, juridicamente, nenhum.<\/p>\n<p>DOS PRESSUPOSTOS DA MEDIDA LIMINAR<\/p>\n<p>A medida ora pleiteada comporta presta\u00e7\u00e3o preliminar, o que desde<br \/>j\u00e1 se requer, eis que presente todos os pressupostos necess\u00e1rios para o<br \/>deferimento mesma.<\/p>\n<p>A plausibilidade jur\u00eddica da concess\u00e3o da liminar encontra-se<br \/>devidamente caracterizada na presente. O fumus boni iuris foi devidamente<br \/>demonstrado pelos elementos f\u00e1ticos e jur\u00eddicos trazidos \u00e0 cola\u00e7\u00e3o e a<br \/>incid\u00eancia do periculum in mora repousa, ainda, no preju\u00edzo que o<br \/>fechamento sum\u00e1rio da r\u00e1dio acarreta para a comunidade local, que ficar\u00e1<br \/>privada de ouvi-la, quando se sabe da enorme import\u00e2ncia deste ve\u00edculo de<br \/>comunica\u00e7\u00e3o na divulga\u00e7\u00e3o de informa\u00e7\u00f5es para as pequenas comunidades<br \/>interioranas. Ademais, os equipamentos poder\u00e3o vir a ser danificados,<br \/>comprometendo investimentos pagos com penosos sacrif\u00edcios.<\/p>\n<p>DO PEDIDO<\/p>\n<p>Como ficou devidamente consignado, o fechamento da r\u00e1dio e a<br \/>apreens\u00e3o dos equipamentos n\u00e3o encontra guarida no ordenamento jur\u00eddico em<br \/>vigor, revestindo-se, portanto, de flagrante ilegalidade.<\/p>\n<p>Diante desse fato e configurado, pois, a ilegalidade cometida, sem<br \/>amparo jur\u00eddico e f\u00e1tico, requer o impetrante se digne Vossa Excel\u00eancia<br \/>conceder em face do presente mandamus, a pretendida medida liminar, para<br \/>determinar a reabertura da r\u00e1dio &#8230;.. e a devolu\u00e7\u00e3o dos equipamentos<br \/>&#8230;&#8230; e, ao final, seja concedida em definitivo a seguran\u00e7a, por ser<br \/>medida da mais relevante<\/p>\n<p>JUSTI\u00c7A!<\/p>\n<p>T. em que<\/p>\n<p>Pede deferimento<\/p>\n<p>Cidade ( ), de de 2012<\/p>\n<p>Advogado<\/p>\n","protected":false},"featured_media":0,"parent":0,"menu_order":0,"template":"","meta":{"content-type":""},"categoria-modelo":[509],"class_list":["post-42512","modelos-de-peticao","type-modelos-de-peticao","status-publish","hentry","categoria-modelo-recursos-e-incidentes"],"_links":{"self":[{"href":"https:\/\/easyjur.com\/blog\/wp-json\/wp\/v2\/modelos-de-peticao\/42512","targetHints":{"allow":["GET"]}}],"collection":[{"href":"https:\/\/easyjur.com\/blog\/wp-json\/wp\/v2\/modelos-de-peticao"}],"about":[{"href":"https:\/\/easyjur.com\/blog\/wp-json\/wp\/v2\/types\/modelos-de-peticao"}],"wp:attachment":[{"href":"https:\/\/easyjur.com\/blog\/wp-json\/wp\/v2\/media?parent=42512"}],"wp:term":[{"taxonomy":"categoria-modelo","embeddable":true,"href":"https:\/\/easyjur.com\/blog\/wp-json\/wp\/v2\/categoria-modelo?post=42512"}],"curies":[{"name":"wp","href":"https:\/\/api.w.org\/{rel}","templated":true}]}}