{"id":40185,"date":"2023-08-08T19:34:36","date_gmt":"2023-08-08T19:34:36","guid":{"rendered":"https:\/\/easyjur.com\/blog\/?post_type=modelos-de-peticao&#038;p=3650"},"modified":"2023-08-08T19:34:36","modified_gmt":"2023-08-08T19:34:36","slug":"acao-previdenciaria-para-concessao-de-pensao-por-morte-reconhecimento-de-uniao-estavel","status":"publish","type":"modelos-de-peticao","link":"https:\/\/easyjur.com\/blog\/modelos-de-peticao\/acao-previdenciaria-para-concessao-de-pensao-por-morte-reconhecimento-de-uniao-estavel\/","title":{"rendered":"[MODELO] A\u00e7\u00e3o Previdenci\u00e1ria para Concess\u00e3o de Pens\u00e3o por Morte  &#8211;  Reconhecimento de Uni\u00e3o Est\u00e1vel"},"content":{"rendered":"<p><strong>EXCELENT\u00cdSSIMO(A) SENHOR(A) DOUTOR(A) JU\u00cdZ(\u00cdZA) FEDERAL DA VARA FEDERAL DE MUNIC\u00cdPIO\/UF.<\/strong><\/p>\n<p>\u00a0<\/p>\n<p>\u00a0<\/p>\n<p>\u00a0\u00a0<\/p>\n<p><strong>NOME DO CLIENTE,\u00a0<\/strong>brasileiro(a), estado civil, ocupa\u00e7\u00e3o, portador(a) do RG n\u00ba, inscrito(a) no CPF sob o n\u00ba, residente e domiciliado na Rua , n\u00ba , Bairro , Cidade\/UF, CEP, por seus advogados que esta subscrevem, com escrit\u00f3rio profissional na, n\u00ba, Bairro, cidade\/UF,\u00a0<em>onde recebem intima\u00e7\u00f5es<\/em>e notifica\u00e7\u00f5es \u00e0 presen\u00e7a de Vossa Excel\u00eancia requerer a presente<\/p>\n<p><strong>\u00a0<\/strong><\/p>\n<p><strong>\u00a0<\/strong><\/p>\n<p><strong>A\u00c7\u00c3O PREVIDENCI\u00c1RIA DE CONCESS\u00c3O DE PENS\u00c3O POR MORTE\u00a0<\/strong>com fundamento na Constitui\u00e7\u00e3o Federal, art. 201, V, e na Lei 8213\/91, art. 74, contra o<\/p>\n<p><strong>\u00a0<\/strong><\/p>\n<p><strong>\u00a0<\/strong><\/p>\n<p><strong>\u00a0INSTITUTO NACIONAL DO SEGURO SOCIAL<\/strong>, com endere\u00e7o na rua, n\u00ba, bairro, munic\u00edpio\/UF, CEP, ante os motivos de fato e de direito, que a seguir passa a expor e ao final requerer:<\/p>\n<p>\u00a0<\/p>\n<p>\u00a0\u00a0<\/p>\n<ul>\n<li><strong>\u00a0\u00a0\u00a0\u00a0\u00a0 I.\u00a0\u00a0\u00a0\u00a0\u00a0\u00a0\u00a0\u00a0DOS FATOS<\/strong><\/li>\n<\/ul>\n<p><strong>\u00a0<\/strong><\/p>\n<p><strong>\u00a0<\/strong><\/p>\n<p>A requerente era companheira do segurado instituidor ALVARO PEREIRAdesde 1986, sendo que possuem um filho com 26 anos de idade.<\/p>\n<p>\u00a0<\/p>\n<p>O segurado instituidor veio ao \u00f3bito em30\/09\/2012 decorrente c\u00e2ncer no pulm\u00e3o.<\/p>\n<p>\u00a0<\/p>\n<p>A requerente entrou com o pedido de concess\u00e3o de Pens\u00e3o por Morte, NB 21\/158.926.977-0, em 26\/09\/2012.Contudo,teve o benef\u00edcio negado sob o argumento de\u00a0<strong>falta de qualidade de dependente.<\/strong><\/p>\n<p>\u00a0<\/p>\n<p><strong>DO RECONHECIMENTO DA UNIAO ESTAVEL<\/strong><\/p>\n<p>\u00a0<\/p>\n<p>A autora comprova com extensa documenta\u00e7\u00e3o que era companheira do de cujus, desde 1986, juntando in\u00fameras contas de \u00e1gua e luz, que comprovam a coabita\u00e7\u00e3o recente.<\/p>\n<p>\u00a0<\/p>\n<p>Viveram durante anos conjuntamente, o que poder\u00e1 demonstrar a partir de contas que tinham em comum, demonstrando a vida financeira compartilhada.Constru\u00edram uma casa na Rua Tr\u00eas, 352, Bairro Nova Nordeste, em Imb\u00e9.<\/p>\n<p>\u00a0<\/p>\n<p>Al\u00e9m disso, possuem um filho chamado Luiz Carlos, com 26 anos de idade.<\/p>\n<p>\u00a0<\/p>\n<p>Requer ainda a oitiva de testemunhas que comprovem a uni\u00e3o est\u00e1vel.<\/p>\n<p><strong>\u00a0<\/strong><\/p>\n<p><strong>\u00a0<\/strong><\/p>\n<p><strong>DA QUALIDADE DE SEGURADO<\/strong><\/p>\n<p>\u00a0<\/p>\n<p>O autor possu\u00eda qualidade de segurado na data do \u00f3bito, pois teve recolhimentos no ano de 2011 e 2012, inclusive tendo carteira assinada no per\u00edodo de 11\/2011 a 04\/2012.<\/p>\n<p>\u00a0<\/p>\n<p>Tamb\u00e9m efetuou recolhimento em dia no m\u00eas de 05\/2012. Dessa forma, comprova a qualidade de segurado nos doze meses anteriores ao \u00f3bito.<\/p>\n<p>\u00a0<\/p>\n<p>\u00a0<\/p>\n<ul>\n<li><strong>\u00a0\u00a0\u00a0 II.\u00a0\u00a0\u00a0\u00a0\u00a0\u00a0\u00a0\u00a0DO DIREITO<\/strong><\/li>\n<\/ul>\n<p><strong>\u00a0<\/strong><\/p>\n<p>O benef\u00edcio da pens\u00e3o por morte \u00e9 devido ao conjunto dos dependentes do segurado que falecer, aposentado ou n\u00e3o, na forma do artigo 74, da Lei n\u00ba 8.213\/91, independente de car\u00eancia (artigo 26, inciso I, da citada lei).<br \/>Em primeiro lugar, asseveramos que a requerente \u00e9 companheira do\u00a0<em>de cujus<\/em>, n\u00e3o havendo d\u00favidas quanto \u00e0 tal condi\u00e7\u00e3o, pois faz juntada das c\u00f3pias de certid\u00e3o de casamento, da prole havida na const\u00e2ncia, do \u00f3bito e outros documentos da uni\u00e3o marital civil.\u00a0Aplic\u00e1vel ao caso, portanto, a presun\u00e7\u00e3o de depend\u00eancia econ\u00f4mica para os fins de benef\u00edcio previdenci\u00e1rio, conforme art. 226 da Constitui\u00e7\u00e3o Federal e 16, inciso I e \u00a7 3\u00ba da Lei 8.213\/91.<\/p>\n<p>\u00a0<\/p>\n<p>V\u00ea-se, portanto, que o instituidor falecido ostentava a condi\u00e7\u00e3o de segurado do \u00f3rg\u00e3o previdenci\u00e1rio quando do seu falecimento, em raz\u00e3o da exist\u00eancia de v\u00ednculo empregat\u00edcio. Dessa forma, \u00e9 de se reconhecer o direito da autora.<\/p>\n<p>\u00a0<\/p>\n<p>\u00a0<\/p>\n<ul>\n<li><strong>\u00a0\u00a0 III.\u00a0\u00a0\u00a0\u00a0\u00a0\u00a0\u00a0\u00a0DO PEDIDO<\/strong><\/li>\n<\/ul>\n<p>\u00a0<\/p>\n<p>ANTE AO EXPOSTO,\u00a0<strong>requer<\/strong>\u00a0a Vossa Excel\u00eancia:<\/p>\n<p>\u00a0<\/p>\n<p>a)\u00a0\u00a0\u00a0 Seja determinada a cita\u00e7\u00e3o do INSS, no endere\u00e7o indicado preambularmente para contestar querendo a presente a\u00e7\u00e3o no prazo legal, sob as penas do art. 359 do CPC<\/p>\n<p>\u00a0<\/p>\n<p>b)\u00a0\u00a0\u00a0 Provar por todos os meios de prova em direito admitidoo ora alegado, tais como, oitiva de testemunhas e depoimento pessoal da requerente;<\/p>\n<p>\u00a0<\/p>\n<p>c)\u00a0\u00a0\u00a0 Seja julgada procedente a presente a\u00e7\u00e3o para reconhecer a uni\u00e3o est\u00e1vel havida entre o de cujus e a autora;<\/p>\n<p>\u00a0<\/p>\n<p>d)\u00a0\u00a0\u00a0 Seja julgada procedente a demanda para, ap\u00f3s reconhecer o pedido do item \u201cc\u201d CONCEDER A PENS\u00c3O POR MORTE A AUTORA;<\/p>\n<p>\u00a0<\/p>\n<p>\u00a0<\/p>\n<p>e)\u00a0\u00a0\u00a0 Seja concedido \u00e0 requerente, o benef\u00edcio da Justi\u00e7a Gratuita, nos termos da Lei n\u00ba. 1060\/50, eis que a mesma \u00e9 pessoa pobre e n\u00e3o possui condi\u00e7\u00f5es financeiras de arcar com as despesas processuais e os honor\u00e1rios advocat\u00edcios sem preju\u00edzo do seu pr\u00f3prio sustento;<\/p>\n<p>\u00a0<\/p>\n<p>f)\u00a0\u00a0\u00a0\u00a0 Seja o INSS condenadoao pagamento das remunera\u00e7\u00f5es atrasadas desde a data do \u00f3bito dosegurado, cujo valor dever\u00e1 ser acrescido de atualiza\u00e7\u00e3o monet\u00e1ria e juros legais at\u00e9 a data do devido pagamento;<\/p>\n<p>\u00a0<\/p>\n<p>g)\u00a0\u00a0\u00a0 A condena\u00e7\u00e3o do \u00d3rg\u00e3o Requerido, no pagamento dos honor\u00e1rios advocat\u00edcios no percentual equivalente a 20% sobre a condena\u00e7\u00e3o, conforme preleciona o art. 20 do C\u00f3digo de Processo Civil.<\/p>\n<p>\u00a0<\/p>\n<p>\u00a0<\/p>\n<p>VALOR DA CAUSA:R$ 00.000,00 (____________ reais)<\/p>\n<p>(0+00 = 00 parcelas de 00,00 total de R$ 00.000,00)<\/p>\n<p>\u00a0<\/p>\n<p>Termos em que<br \/>Pede deferimento.<\/p>\n<p>\u00a0<\/p>\n<p>Munic\u00edpio, data<\/p>\n<p>\u00a0<\/p>\n<p>\u00a0<\/p>\n<p>\u00a0<\/p>\n<p>\u00a0<\/p>\n<p>Advogado<br \/>OAB<\/p>\n","protected":false},"featured_media":0,"parent":0,"menu_order":0,"template":"","meta":{"content-type":""},"categoria-modelo":[154],"class_list":["post-40185","modelos-de-peticao","type-modelos-de-peticao","status-publish","hentry","categoria-modelo-previdenciario"],"_links":{"self":[{"href":"https:\/\/easyjur.com\/blog\/wp-json\/wp\/v2\/modelos-de-peticao\/40185","targetHints":{"allow":["GET"]}}],"collection":[{"href":"https:\/\/easyjur.com\/blog\/wp-json\/wp\/v2\/modelos-de-peticao"}],"about":[{"href":"https:\/\/easyjur.com\/blog\/wp-json\/wp\/v2\/types\/modelos-de-peticao"}],"wp:attachment":[{"href":"https:\/\/easyjur.com\/blog\/wp-json\/wp\/v2\/media?parent=40185"}],"wp:term":[{"taxonomy":"categoria-modelo","embeddable":true,"href":"https:\/\/easyjur.com\/blog\/wp-json\/wp\/v2\/categoria-modelo?post=40185"}],"curies":[{"name":"wp","href":"https:\/\/api.w.org\/{rel}","templated":true}]}}