{"id":32861,"date":"2023-08-01T20:35:42","date_gmt":"2023-08-01T20:35:42","guid":{"rendered":"https:\/\/easyjur.com\/blog\/?post_type=modelos-de-peticao&#038;p=3650"},"modified":"2023-08-01T20:35:42","modified_gmt":"2023-08-01T20:35:42","slug":"legislacao-previdenciaria-provas-resolvidas-comentadas","status":"publish","type":"modelos-de-peticao","link":"https:\/\/easyjur.com\/blog\/modelos-de-peticao\/legislacao-previdenciaria-provas-resolvidas-comentadas\/","title":{"rendered":"[MODELO] Legisla\u00e7\u00e3o Previdenci\u00e1ria  &#8211;  Provas Resolvidas &#038; Comentadas"},"content":{"rendered":"<h2>COLE\u00c7\u00c3O<\/h2>\n<p><strong>PROVAS  RESOLVIDAS  &amp;  COMENTADAS<\/strong><\/p>\n<h2>LEGISLA\u00c7\u00c3O PREVIDENCI\u00c1RIA \u2013 INSS\/2012<\/h2>\n<p>Prova resolvida e comentada por:<\/p>\n<p><strong>ALEXANDRE JOS\u00c9 GRANZOTTO<\/strong>, engenheiro eletricista, pequeno empres\u00e1rio (por hora desempregado), \u201cconcurseiro\u201d, mantenedor do site <a href=\"http:\/\/www.resumosconcursos.hpg.com.br\/\" target=\"_blank\" rel=\"noopener\">www.resumosconcursos.hpg.com.br<\/a>,  lutando por uma vaga na \u00e1rea fiscal:  AFRF, AFPS, Fiscal de ICMS ou Fiscal do Trabalho.  Tomei por base para resolver estas quest\u00f5es o modelo e excelente material disponibilizado no site Ponto dos Concursos. (<a href=\"cfjneves@yahoo.com.br\">agranzotto@riopreto.com.br<\/a>)<\/p>\n<p><strong>01-<\/strong> \u00c0 luz da Seguridade Social <strong>definida na Constitui\u00e7\u00e3o Federal<\/strong>, julgue os itens abaixo:<\/p>\n<p>I. \tPrevid\u00eancia Social, Sa\u00fade e Assist\u00eancia Social s\u00e3o partes da Seguridade Social.<\/p>\n<p>II. \tA sa\u00fade exige contribui\u00e7\u00e3o pr\u00e9via.<\/p>\n<p>III. \tA Previd\u00eancia Social exige contribui\u00e7\u00e3o pr\u00e9via.<\/p>\n<p>IV. \tA assist\u00eancia social possui abrang\u00eancia universal, sendo qualquer pessoa por ela amparada.<\/p>\n<p>a) \tTodos est\u00e3o corretos.<\/p>\n<p>b) \tSomente I est\u00e1 incorreto.<\/p>\n<p>c) \tII e IV est\u00e3o incorretos.<\/p>\n<p>d) \tI e II est\u00e3o incorretos.<\/p>\n<p>e) \tIII e IV est\u00e3o incorretos.<\/p>\n<h5>Coment\u00e1rios<\/h5>\n<h6>Item I<\/h6>\n<p>Com base na CF, art. 10004:<\/p>\n<p><strong>Art.<\/strong> <strong>10004<\/strong> &#8211; A seguridade social compreende um conjunto integrado de a\u00e7\u00f5es de iniciativa dos Poderes P\u00fablicos e da sociedade, destinadas a assegurar os direitos relativos \u00e0 sa\u00fade, \u00e0 previd\u00eancia e \u00e0 assist\u00eancia social.<\/p>\n<p>Portanto, o item I est\u00e1 <strong>correto<\/strong>.<\/p>\n<h6>Item II<\/h6>\n<p>Em nossa CF, o t\u00f3pico relativo \u00e0 Sa\u00fade determina:<\/p>\n<p><strong>Art.<\/strong> <strong>10006<\/strong> &#8211; A sa\u00fade \u00e9 direito de todos e dever do Estado, garantido mediante pol\u00edticas sociais e econ\u00f4micas que visem \u00e0 redu\u00e7\u00e3o do risco de doen\u00e7a e de outros agravos e ao acesso universal e igualit\u00e1rio \u00e0s a\u00e7\u00f5es e servi\u00e7os para sua promo\u00e7\u00e3o, prote\u00e7\u00e3o e recupera\u00e7\u00e3o.<\/p>\n<p>Sendo um direito de todos e um dever do Estado, n\u00e3o se exige contribui\u00e7\u00e3o pr\u00e9via para dela fazer uso.  O item II est\u00e1<strong> INCORRETO<\/strong><\/p>\n<h6>Item III<\/h6>\n<p>No caso da Previd\u00eancia Social, a CF \u00e9  extremamente  clara:<\/p>\n<p><strong>Art.<\/strong> <strong>201<\/strong> &#8211; A previd\u00eancia social ser\u00e1 organizada sob a forma de regime geral, de car\u00e1ter contributivo e de filia\u00e7\u00e3o obrigat\u00f3ria, observados crit\u00e9rios que preservem o equil\u00edbrio financeiro e atuarial, e atender\u00e1, nos termos da lei, a:<\/p>\n<p>Para algu\u00e9m utilizar os servi\u00e7os e fazer juz aos benef\u00edcios da Previd\u00eancia Social, h\u00e1 que contribuir mensalmente para os cofres do INSS.  <strong>Correto<\/strong> o Item III.<\/p>\n<h6>Item IV<\/h6>\n<p>Muito f\u00e1cil esta quest\u00e3o, pois somente era necess\u00e1rio saber as defini\u00e7\u00f5es dos mecanismos constantes da Seguridade Social, s\u00f3 tomando cuidado com este item.  No caso da Assist\u00eancia Social:<\/p>\n<p><strong>Art.<\/strong> <strong>203 <\/strong>&#8211; A <strong>assist\u00eancia social ser\u00e1 prestada a quem dela necessitar<\/strong>, independentemente de contribui\u00e7\u00e3o \u00e0 seguridade social, e tem por <strong>objetivos<\/strong>:<\/p>\n<p><strong>I<\/strong> &#8211; a prote\u00e7\u00e3o \u00e0 fam\u00edlia, \u00e0 maternidade, \u00e0 inf\u00e2ncia, \u00e0 adolesc\u00eancia e \u00e0 velhice;<\/p>\n<p><strong>II<\/strong> &#8211; o amparo \u00e0s crian\u00e7as e adolescentes carentes;<\/p>\n<p><strong>III<\/strong> &#8211; a promo\u00e7\u00e3o da integra\u00e7\u00e3o ao mercado de trabalho;<\/p>\n<p><strong>IV<\/strong> &#8211; a habilita\u00e7\u00e3o e reabilita\u00e7\u00e3o das pessoas portadoras de defici\u00eancia e a promo\u00e7\u00e3o de sua integra\u00e7\u00e3o \u00e0 vida comunit\u00e1ria;<\/p>\n<p><strong>V<\/strong> &#8211; a garantia de um sal\u00e1rio m\u00ednimo de benef\u00edcio mensal \u00e0 pessoa portadora de defici\u00eancia e ao idoso que comprovem n\u00e3o possuir meios de prover \u00e0 pr\u00f3pria manuten\u00e7\u00e3o ou de t\u00ea-la provida por sua fam\u00edlia, conforme dispuser a lei.<\/p>\n<p>A Assist\u00eancia Social \u00e9 utilizada por quem dela necessitar, DESDE QUE SEJA CARENTE .  Por este motivo, o enunciado do Item est\u00e1  <strong>INCORRETO<\/strong>.<\/p>\n<p>Portanto, a alternativa que corresponde ao gabarito correto \u00e9 a<strong> alternativa \u201cC\u201d: CORRETO, INCORRETO, CORRETO, INCORRETO<\/strong><\/p>\n<p><strong>======================================================================<\/strong><\/p>\n<p><strong>02-<\/strong> Com rela\u00e7\u00e3o aos <strong>objetivos constitucionais da Seguridade Social<\/strong>, assinale a <strong>op\u00e7\u00e3o correta.<\/strong><\/p>\n<p>a) \tUniversalidade da base de financiamento.<\/p>\n<p>b) \tSeletividade e distributividade na presta\u00e7\u00e3o dos benef\u00edcios e servi\u00e7os.<\/p>\n<p>c) \tIrredutibilidade do valor dos servi\u00e7os.<\/p>\n<p>d) \tEq\u00fcidade na cobertura.<\/p>\n<p>e) \tDiversidade do atendimento.<\/p>\n<p><strong>Coment\u00e1rios<\/strong><\/p>\n<p>De acordo com a CF, no seu artigo 10004 que trata da Seguridade Social, no seu par\u00e1grafo \u00fanico, transcrito abaixo:<\/p>\n<p><strong>Par\u00e1grafo \u00danico-<\/strong>  Compete ao Poder P\u00fablico, nos termos da lei, organizar a seguridade social, com base nos seguintes objetivos:<\/p>\n<p><strong>I<\/strong> <strong>&#8211; universalidade da cobertura e do atendimento<\/strong>; <\/p>\n<p><strong>II<\/strong> &#8211; uniformidade e equival\u00eancia dos benef\u00edcios e servi\u00e7os \u00e0s popula\u00e7\u00f5es urbanas e rurais;<\/p>\n<p><strong>III<\/strong> &#8211; <strong>seletividade e distributividade na presta\u00e7\u00e3o dos benef\u00edcios e servi\u00e7os<\/strong>; <\/p>\n<p><strong>IV<\/strong> &#8211; <strong>irredutibilidade do valor dos benef\u00edcios<\/strong>;<\/p>\n<p><strong>V<\/strong> &#8211; <strong>eq\u00fcidade na forma de participa\u00e7\u00e3o no custeio<\/strong>; <\/p>\n<p><strong>VI<\/strong> &#8211; <strong>diversidade da base de financiamento<\/strong>;<\/p>\n<p>Esta quest\u00e3o \u00e9 um aut\u00eantico jogo de palavras, tentando confundir a cabe\u00e7a dos concurseiros com a troca de palavras que mudam totalmente o sentido que o legislador quis dar ao texto constitucional.<\/p>\n<p><strong>Alternativa \u201cA\u201d<\/strong> &#8211;  a UNIVERSALIDADE \u00e9 na cobertura e no atendimento (como est\u00e1 na CF) e n\u00e3o na base de financiamento (conforme o texto da alternativa).  <strong>Alternativa errada.<\/strong><\/p>\n<p><strong>Alternativa \u201cB\u201d<\/strong> &#8211;  <strong>esta alternativa \u00e9 o gabarito da quest\u00e3o<\/strong>, pois este \u00e9 realmente um dos objetivos pretendidos pela Seguridade Social.<\/p>\n<p><strong>Alternativa \u201cC\u201d<\/strong> &#8211;  A irredutibilidade objetivada pela Seguridade Social \u00e9 no valor dos benef\u00edcios e n\u00e3o no valor dos servi\u00e7os, como diz o enunciado da quest\u00e3o. <strong>Alternativa errada.<\/strong><\/p>\n<p><strong>Alternativa \u201cD\u201d &#8211;  <\/strong>Mais um jogo de palavras, pois o texto constitucional diz Eq\u00fcidade na forma de participa\u00e7\u00e3o no custeio e o enunciado da alternativa diz Eq\u00fcidade na cobertura.  <strong>Alternativa Errada.<\/strong><\/p>\n<p><strong>Alternativa \u201cE\u201d  &#8211;  <\/strong>A Diversidade objetivada pela Seguridade Social e da base de financiamento e n\u00e3o no atendimento.  <strong>Alternativa errada.<\/strong><\/p>\n<p><strong>======================================================================<\/strong><\/p>\n<p><strong>03-<\/strong> Assinale a <strong>op\u00e7\u00e3o correta<\/strong> entre as assertivas abaixo relacionadas \u00e0 gest\u00e3o da Seguridade Social, nos termos da Constitui\u00e7\u00e3o Federal.<\/p>\n<p>a) \tA gest\u00e3o da Seguridade Social ocorre de forma centralizada, monocr\u00e1tica, quadripartite.<\/p>\n<p>b) \tA gest\u00e3o da Seguridade Social ocorre de forma descentralizada, monocr\u00e1tica, quadripartite.<\/p>\n<p>c) \tA gest\u00e3o da Seguridade Social ocorre de forma centralizada, colegiada, quadripartite.<\/p>\n<p>d) \tA gest\u00e3o da Seguridade Social ocorre de forma descentralizada, colegiada, tripartite.<\/p>\n<p>e) \tA gest\u00e3o da Seguridade Social ocorre de forma descentralizada, colegiada, quadripartite.<\/p>\n<p><strong>Coment\u00e1rios<\/strong><\/p>\n<p>Quest\u00e3o das mais f\u00e1ceis, comprovando que esta prova de Legisla\u00e7\u00e3o Previdenci\u00e1ria foi uma das mais f\u00e1ceis dos \u00faltimos tempos, pois quem sabia s\u00f3 um pouquinho conseguiu acertar mais de 50 % da prova.  Imagina quem estudou um pouco mais!<\/p>\n<p>Esta quest\u00e3o \u00e9 quase uma continua\u00e7\u00e3o da anterior, pois utiliza a mesma base, ou seja, o artigo 10004, par\u00e1grafo \u00fanico, inciso VII, transcrito abaixo:<\/p>\n<p><strong>VII <\/strong>\u2013 car\u00e1ter democr\u00e1tico e <strong>descentralizado<\/strong> da administra\u00e7\u00e3o, mediante gest\u00e3o <strong>quadripartite<\/strong>, com participa\u00e7\u00e3o dos trabalhadores, dos empregadores, dos aposentados e do Governo <strong>nos \u00f3rg\u00e3os colegiados<\/strong>.<\/p>\n<p>Resposta:  alternativa \u201cE\u201d<\/p>\n<p><strong>======================================================================<\/strong><\/p>\n<p><strong>04-<\/strong> Pedro, menor carente, de 12 anos, e Paulo, empres\u00e1rio bem-sucedido, de 21 anos, desejam participar de programas assistenciais (Assist\u00eancia Social) e de sa\u00fade p\u00fablica (Sa\u00fade).  De acordo com a situa\u00e7\u00e3o-problema apresentada acima, <strong>\u00e9 correto afirmar<\/strong> que:<\/p>\n<p>a) \tPedro e Paulo podem participar da Assist\u00eancia Social.<\/p>\n<p>b) \ts\u00f3 Pedro pode participar da Sa\u00fade.<\/p>\n<p>c) \tPedro s\u00f3 pode participar da Assist\u00eancia Social.<\/p>\n<p>d) \tPaulo pode participar da Assist\u00eancia Social.<\/p>\n<p>e) \tPedro e Paulo podem participar da Sa\u00fade.<\/p>\n<p><strong>Coment\u00e1rios<\/strong><\/p>\n<p>Mais uma quest\u00e3o f\u00e1cil, o que se tornou uma constante nesta prova.<\/p>\n<p>A <strong>sa\u00fade<\/strong> \u00e9 direito de todos e dever do Estado, garantido mediante pol\u00edticas sociais e econ\u00f4micas que visem \u00e0 redu\u00e7\u00e3o do risco de doen\u00e7a e de outros agravos e ao <strong>acesso universal e igualit\u00e1rio<\/strong> \u00e0s a\u00e7\u00f5es e servi\u00e7os para sua promo\u00e7\u00e3o, prote\u00e7\u00e3o e recupera\u00e7\u00e3o.<\/p>\n<p>Com base nesta assertiva acima, podemos concluir que Pedro, menor carente,  e Paulo, empres\u00e1rio bem sucedido, podem utilizar os servi\u00e7os de sa\u00fade p\u00fablica, visto que o acesso \u00e9 universal (liberado a todo cidad\u00e3o brasileiro) e igualit\u00e1rio (n\u00e3o h\u00e1 nenhum tipo de discrimina\u00e7\u00e3o).<\/p>\n<p>J\u00e1 a  <strong>assist\u00eancia social<\/strong> \u00e9 a pol\u00edtica social que prov\u00ea <strong>o atendimento das necessidades b\u00e1sicas<\/strong>, traduzidas em <strong>prote\u00e7\u00e3o \u00e0 fam\u00edlia, \u00e0 maternidade, \u00e0 inf\u00e2ncia, \u00e0 adolesc\u00eancia, \u00e0 velhice e \u00e0 pessoa portadora de defici\u00eancia<\/strong>, independentemente de contribui\u00e7\u00e3o \u00e0 seguridade social. <\/p>\n<p>Neste caso, somente Pedro (menor carente) pode participar dos programas assistenciais disponibilizados pela Previd\u00eancia Social, pois se encaixa nos requisitos b\u00e1sicos atendidos pela mesma.  J\u00e1 Paulo (empres\u00e1rio bem sucedido) n\u00e3o necessita ser assistido pela Previd\u00eancia, pois t\u00eam meios pr\u00f3prios de garantir sua subsist\u00eancia.<\/p>\n<p>Portanto, a resposta para esta quest\u00e3o encontramos  na <strong>letra \u201cE\u201d<\/strong><\/p>\n<p><strong>05-<\/strong> A respeito do financiamento da Seguridade Social, nos termos da Constitui\u00e7\u00e3o Federal  e da legisla\u00e7\u00e3o de custeio previdenci\u00e1ria, assinale a <strong>op\u00e7\u00e3o correta<\/strong>.<\/p>\n<p>a) \tA pessoa jur\u00eddica em d\u00e9bito com o sistema de seguridade social n\u00e3o pode contratar com o poder p\u00fablico.<\/p>\n<p>b) \tA lei n\u00e3o pode instituir outras fontes de custeio al\u00e9m das previstas na Constitui\u00e7\u00e3o Federal.<\/p>\n<p>c) \tPode-se criar benef\u00edcio previdenci\u00e1rio sem pr\u00e9vio custeio.<\/p>\n<p>d) \tAs contribui\u00e7\u00f5es sociais criadas podem ser exigidas no ano seguinte \u00e0 publica\u00e7\u00e3o da lei.<\/p>\n<p>e) \tS\u00e3o isentas de contribui\u00e7\u00e3o para a seguridade social todas as entidades beneficentes de utilidade p\u00fablica federal.<\/p>\n<h5>Coment\u00e1rios<\/h5>\n<p>Esta quest\u00e3o \u00e9 respondida com base no artigo 10005 da CF.  Vamos a ela!<\/p>\n<p><strong>Alternativa \u201cA\u201d<\/strong><\/p>\n<p>De cara, temos a <strong>resposta correta para a quest\u00e3o<\/strong>.  O \u00a7 3\u00ba do artigo 10005, CF, nos traz a afirma\u00e7\u00e3o destacada na <strong>alternativa \u201cA\u201d.<\/strong>  Sem coment\u00e1rios\u201d<\/p>\n<\/p>\n<p><strong>\u00a7<\/strong> <strong>3\u00ba &#8211; <\/strong>A pessoa jur\u00eddica em d\u00e9bito com o sistema da seguridade social, como estabelecido em lei, <strong>n\u00e3o poder\u00e1 contratar<\/strong> com o Poder P\u00fablico nem dele receber benef\u00edcios ou incentivos fiscais ou credit\u00edcios<\/p>\n<h5>Alternativa \u201cB\u201d<\/h5>\n<p>O \u00a7 4\u00ba do mesmo artigo, contradiz totalmente o texto informado pelo examinador.  <strong>Alternativa incorreta.<\/strong><\/p>\n<p><strong>\u00a7<\/strong> <strong>4\u00ba &#8211; <\/strong>A lei poder\u00e1 instituir outras fontes destinadas a garantir a manuten\u00e7\u00e3o ou expans\u00e3o da seguridade social, obedecido o disposto no <strong>art. 154,<\/strong> <strong>I<\/strong>.<\/p>\n<p><strong>Alternativa \u201cC\u201d<\/strong><\/p>\n<p>Esta quest\u00e3o refor\u00e7a, mais uma vez, como estava f\u00e1cil esta prova.  Igualmente ao dito na alternativa anterior, esta segue o mesmo caminho.  O examinador contradiz o texto constitucional, o que torna esta <strong>alternativa totalmente incorreta.<\/strong><\/p>\n<p><strong>\u00a7<\/strong> <strong>5\u00ba &#8211; <\/strong>Nenhum benef\u00edcio ou servi\u00e7o da seguridade social poder\u00e1 ser criado, majorado ou estendido sem a correspondente fonte de custeio total.<\/p>\n<p><strong>Alternativa \u201cD\u201d<\/strong><\/p>\n<p>Diferentemente da maioria dos tributos, as contribui\u00e7\u00f5es sociais s\u00f3 poder\u00e3o ser exigidas <strong>ap\u00f3s decorridos 0000 dias<\/strong> da publica\u00e7\u00e3o da Lei, conforme o determinado pelo  \u00a7 6\u00ba do artigo 10005.<\/p>\n<p><strong>\u00a7<\/strong> <strong>6\u00ba &#8211; <\/strong>As contribui\u00e7\u00f5es sociais de que trata este artigo s\u00f3 poder\u00e3o ser exigidas ap\u00f3s decorridos noventa dias da data da publica\u00e7\u00e3o da lei que as houver institu\u00eddo ou modificado, n\u00e3o se lhes aplicando o disposto no <strong>art. 150, III, <em>b<\/em><\/strong>.<\/p>\n<p><strong>Alternativa \u201cE\u201d<\/strong><\/p>\n<p>Para que uma entidade beneficente de assist\u00eancia social possa ficar isenta de contribui\u00e7\u00e3o para a seguridade social ela deve satisfazer algumas exig\u00eancias estabelecidas em Lei, n\u00e3o bastando somente ter o t\u00edtulo de utilidade p\u00fablica federal.  O \u00a7 7\u00ba do artigo 10005, traz esta determina\u00e7\u00e3o:<\/p>\n<p><strong>\u00a7<\/strong> <strong>7\u00ba &#8211; <\/strong>S\u00e3o isentas de contribui\u00e7\u00e3o para a seguridade social as entidades beneficentes de assist\u00eancia social que atendam \u00e0s exig\u00eancias estabelecidas em lei.<\/p>\n<p>As exig\u00eancias requeridas para a aquisi\u00e7\u00e3o de isen\u00e7\u00e3o de contribui\u00e7\u00e3o para a seguridade social est\u00e3o explicitadas no artigo 206 e incisos, constantes do Decreto n\u00ba 3.048\/000000, conforme transcrito abaixo:<\/p>\n<p><strong>Art. 206.<\/strong> Fica isenta das contribui\u00e7\u00f5es de que tratam os arts. 201, 202 e 204 a pessoa jur\u00eddica de direito privado beneficente de assist\u00eancia social que atenda, cumulativamente, aos seguintes requisitos: <\/p>\n<p><strong>I <\/strong>&#8211; seja reconhecida como de utilidade p\u00fablica federal; <\/p>\n<p><strong>II <\/strong>&#8211; seja reconhecida como de utilidade p\u00fablica pelo respectivo Estado, Distrito Federal ou Munic\u00edpio onde se encontre a sua sede; <\/p>\n<p><strong>III &#8211;<\/strong> seja portadora do Registro e do Certificado de Entidade de Fins Filantr\u00f3picos fornecido pelo Conselho Nacional de Assist\u00eancia Social, renovado a cada tr\u00eas anos; <\/p>\n<p><strong>IV &#8211;<\/strong> promova, gratuitamente e em car\u00e1ter exclusivo, a assist\u00eancia social beneficente a pessoas carentes, em especial a crian\u00e7as, adolescentes, idosos e portadores de defici\u00eancia; <\/p>\n<p><strong>V &#8211;<\/strong> aplique integralmente o eventual resultado operacional na manuten\u00e7\u00e3o e desenvolvimento de seus objetivos institucionais, apresentando, anualmente, relat\u00f3rio circunstanciado de suas atividades ao Instituto Nacional do Seguro Social; <\/p>\n<p><strong>VI &#8211;<\/strong> n\u00e3o percebam seus diretores, conselheiros, s\u00f3cios, instituidores, benfeitores, ou equivalentes, remunera\u00e7\u00e3o, vantagens ou benef\u00edcios, por qualquer forma ou t\u00edtulo, em raz\u00e3o das compet\u00eancias, fun\u00e7\u00f5es ou atividades que lhes s\u00e3o atribu\u00eddas pelo respectivo estatuto social. <\/p>\n<p><strong>06-<\/strong> A respeito da organiza\u00e7\u00e3o e princ\u00edpios constitucionais da Seguridade Social, assinale a <strong>op\u00e7\u00e3o incorreta<\/strong>.<\/p>\n<p>a) \tAs contribui\u00e7\u00f5es sociais da empresa podem ter al\u00edquotas diferenciadas.<\/p>\n<p>b) \tO or\u00e7amento da seguridade social dos entes federados descentralizados \u00e9 distinto do or\u00e7amento da Uni\u00e3o.<\/p>\n<p>c) \tPode ser dada remiss\u00e3o para as contribui\u00e7\u00f5es sociais das empresas sobre a folha de sal\u00e1rios.<\/p>\n<p>d) \tA lei definir\u00e1 crit\u00e9rio de transfer\u00eancia de recursos para o sistema \u00fanico de sa\u00fade.<\/p>\n<p>e) \tPoder\u00e1 haver contribui\u00e7\u00e3o social do trabalhador sobre o lucro e o faturamento.<\/p>\n<h5>Coment\u00e1rios<\/h5>\n<p><strong>Alternativa \u201cA\u201d<\/strong><\/p>\n<p>A CF em seu artigo 10005 diz expressamente a forma como a seguridade social ser\u00e1 financiada:  por toda a sociedade, de forma direta e indireta, mediante recursos proveniente dos or\u00e7amentos Federal, Estaduais e Municipais e de contribui\u00e7\u00f5es sociais.  Estas contribui\u00e7\u00f5es sociais est\u00e3o definidas no artigo 10005  e s\u00e3o as seguintes:<\/p>\n<p><strong>I<\/strong> &#8211;  do empregador, da empresa e da entidade a ela equiparada na forma da lei, incidentes sobre:<\/p>\n<p><strong>a)<\/strong> a folha de sal\u00e1rios e demais rendimentos do trabalho pagos ou creditados, a qualquer t\u00edtulo, \u00e0 pessoa f\u00edsica que lhe preste servi\u00e7o, mesmo sem v\u00ednculo empregat\u00edcio;  <br \/><strong>b)<\/strong> a receita ou o faturamento;  <br \/><strong>c) <\/strong>o lucro;<\/p>\n<p><strong>II<\/strong> &#8211; do trabalhador e dos demais segurados da previd\u00eancia social, n\u00e3o incidindo contribui\u00e7\u00e3o sobre aposentadoria e pens\u00e3o concedidas pelo regime geral de previd\u00eancia social de que trata o art. 201;<\/p>\n<p><strong>III<\/strong> &#8211; sobre a receita de concursos de progn\u00f3sticos<\/p>\n<p>Com rela\u00e7\u00e3o \u00e0 afirma\u00e7\u00e3o da alternativa \u201cA\u201d, encontramos a resposta no <strong>\u00a7 000\u00b0<\/strong>  do artigo 10005 que prev\u00ea, para as empresas,  al\u00edquotas diferenciadas em raz\u00e3o da atividade econ\u00f4mica ou da utiliza\u00e7\u00e3o intensiva ou n\u00e3o de m\u00e3o-de-obra.  Portanto, a <strong>alternativa \u201cA\u201d est\u00e1 correta<\/strong>.<\/p>\n<p><strong>Alternativa \u201cB\u201d<\/strong><\/p>\n<p>\u201cAs receitas dos Estados, do Distrito Federal e dos Munic\u00edpios destinadas \u00e0 seguridade social CONSTAR\u00c3O DOS RESPECTIVOS OR\u00c7AMENTOS, e N\u00c3O integrar\u00e3o o or\u00e7amento da Uni\u00e3o\u201d  \u00e9 o que preconiza a CF em seu artigo 10005, \u00a7 1\u00ba.  Portanto a <strong>alternativa \u201cB\u201d est\u00e1 correta.<\/strong><\/p>\n<p><strong>Alternativa \u201cC\u201d <\/strong><\/p>\n<p>Esta quest\u00e3o nos traz um ponto para ser observado com maior carinho.  J\u00e1 disse em outras resolu\u00e7\u00f5es de quest\u00f5es  propostas pela ESAF que eles (os examinadores) adoram as palavras EXCETO, NUNCA, SEMPRE, ABSOLUTAMENTE, e quase sempre (ou SEMPRE &#8230;) estas quest\u00f5es s\u00e3o as respostas para as alternativas.  Neste caso, os examinadores utilizam uma express\u00e3o pouco vista em provas, pois eles nem afirmam nem negam uma assertiva, ou seja, a express\u00e3o <strong>PODE SER &#8230;<\/strong> enseja muitas solu\u00e7\u00f5es.  <\/p>\n<p>O candidato deve ter em mente que \u00e9 nestas quest\u00f5es, aut\u00eanticas \u201cpegadinhas\u201d, que ele pode se destacar e conseguir sua classifica\u00e7\u00e3o.  Vamos \u00e0 an\u00e1lise sint\u00e1tica da alternativa.<\/p>\n<p>Remiss\u00e3o nada mais \u00e9 do que PERD\u00c3O DE \u00d4NUS OU D\u00cdVIDA, e a CF, no seu \u00a7 11\u00ba do artigo 10005, traz a VEDA\u00c7\u00c3O <strong><em>parcial<\/em><\/strong>  a tal ato proposto pela alternativa \u201cC\u201d.  <\/p>\n<p><strong>\u00a7 11<\/strong>\u00ba \u00c9 vedada a concess\u00e3o de remiss\u00e3o ou anistia das contribui\u00e7\u00f5es sociais de que tratam os incisos I, a, e II deste artigo, para d\u00e9bitos em montante superior ao fixado em lei complementar<\/p>\n<p>Sabemos que os legisladores sempre deixam uma \u201cbrechinha\u201d na lei para que futuramente eles mesmos possam modific\u00e1-la (a lei).  E este \u00e9 um exemplo claro.  O in\u00edcio do texto constitucional traz, expressamente, a proibi\u00e7\u00e3o da concess\u00e3o de remiss\u00e3o ou anistia das contribui\u00e7\u00f5es sociais.  <\/p>\n<p>No mesmo par\u00e1grafo, no seu final, separado por v\u00edrgula, vem outra determina\u00e7\u00e3o,  que condiciona a proibi\u00e7\u00e3o imposta no in\u00edcio, que esta veda\u00e7\u00e3o n\u00e3o se aplica  \u00e0 D\u00c9BITOS EM MONTANTE SUPERIOR AO FIXADO EM LEI (outra lei &#8230;).  <\/p>\n<p>Portanto, se voc\u00ea foi afoito ao responder esta quest\u00e3o, com certeza errou.   <strong>A alternativa \u201cC\u201d est\u00e1 corret\u00edssima.<\/strong><\/p>\n<p><strong>Alternativa \u201cD\u201d<\/strong><\/p>\n<p>Esta alternativa tem o seu texto retirado literalmente do \u00a7 10\u00ba do artigo 10005 da CF, sendo portanto <strong>correta a afirma\u00e7\u00e3o<\/strong>.  Sem maiores coment\u00e1rios.<\/p>\n<p><strong>Alternativa \u201cE\u201d<\/strong><\/p>\n<p>A contribui\u00e7\u00e3o social \u00e9 devida pelo EMPREGADOR, pela  EMPRESA ou ENTIDADE a ela equiparada, e NUNCA pelo empregado, pelo TRABALHADOR, que tem como \u00fanica receita seu sal\u00e1rio, que n\u00e3o pode, em hip\u00f3tese alguma, ser tratado como lucro, como quer o enunciado da alternativa.  Portanto, esta \u00e9 <strong>a alternativa INCORRETA<\/strong> e gabarito da quest\u00e3o. <\/p>\n<p><strong>======================================================================<\/strong><\/p>\n<p><strong>07-<\/strong> A Sa\u00fade \u00e9 direito de todos e dever do Estado; analise as assertivas abaixo, <strong>buscando a correta<\/strong>, nos termos da defini\u00e7\u00e3o constitucional da Sa\u00fade.<\/p>\n<p>a) \tA manuten\u00e7\u00e3o dos \u00edndices do risco de doen\u00e7a e de outros agravos constituem garantia constitucional.<\/p>\n<p>b) \tO acesso universal e igualit\u00e1rio \u00e0s a\u00e7\u00f5es e servi\u00e7os para sua promo\u00e7\u00e3o, prote\u00e7\u00e3o e recupera\u00e7\u00e3o constitui garantia constitucional.<\/p>\n<p>c) \tAs a\u00e7\u00f5es e servi\u00e7os p\u00fablicos de sa\u00fade integram uma rede regionalizada e hierarquizada, constituindo um sistema m\u00faltiplo.<\/p>\n<p>d) \tAtendimento integral, com prioridade para as atividades repressivas, sem preju\u00edzo dos servi\u00e7os assistenciais, \u00e9 caracter\u00edstica da sa\u00fade.<\/p>\n<p>e) \tO sistema \u00fanico de sa\u00fade ser\u00e1 financiado, nos termos do art. 10005, com recursos do or\u00e7amento da Uni\u00e3o, dos Estados e dos Munic\u00edpios.<\/p>\n<h5>Coment\u00e1rios<\/h5>\n<p>A CF em seu artigo 10006, nos traz a resposta para as duas primeiras alternativas:<\/p>\n<p><strong>Art.<\/strong> <strong>10006<\/strong> &#8211; A sa\u00fade \u00e9 direito de todos e dever do Estado, garantido mediante pol\u00edticas sociais e econ\u00f4micas que visem \u00e0 redu\u00e7\u00e3o do risco de doen\u00e7a e de outros agravos e ao acesso universal e igualit\u00e1rio \u00e0s a\u00e7\u00f5es e servi\u00e7os para sua promo\u00e7\u00e3o, prote\u00e7\u00e3o e recupera\u00e7\u00e3o.<\/p>\n<p>Dividimos o artigo 10006 em 3 partes distintas mas ao mesmo tempo inter-relacionadas.<\/p>\n<p>A primeira parte afirma ser a sa\u00fade um direito de todos e um dever do Estado  que \u00e9 garantido mediante pol\u00edticas sociais e econ\u00f4micas.<\/p>\n<p>A segunda parte do enunciado do artigo 10006 nos traz que uma das pol\u00edticas sociais e econ\u00f4micas tem por objetivo a redu\u00e7\u00e3o do risco de doen\u00e7as e de outros agravos.<\/p>\n<p>Finalmente, a terceira parte do enunciado traz a proposta de acesso universal e igualit\u00e1rio \u00e0s a\u00e7\u00f5es e servi\u00e7os para a promo\u00e7\u00e3o, prote\u00e7\u00e3o e recupera\u00e7\u00e3o dos cidad\u00e3os.<\/p>\n<p>Com base na segunda parte do artigo, conclu\u00edmos que a <strong>alternativa \u201cA\u201d est\u00e1 incorreta<\/strong> pois a CF n\u00e3o diz nada a respeito da manuten\u00e7\u00e3o dos \u00edndices do risco de doen\u00e7a e de outros agravos e SIM da REDU\u00c7\u00c3O destes mesmos riscos e agravos.<\/p>\n<p>J\u00e1 a terceira parte nos traz a  resposta \u00e0 <strong>alternativa \u201cB\u201d de que esta \u00e9 o gabarito da quest\u00e3o<\/strong>, pois \u00e9 uma garantia constitucional (de acordo com a LEI, que \u00e9 o objetivo de toda e qualquer prova de concurso p\u00fablico) prevista na CF.<\/p>\n<p><strong>Alternativa \u201cC\u201d<\/strong><\/p>\n<p>As a\u00e7\u00f5es e servi\u00e7os p\u00fablicos de sa\u00fade integram, realmente, uma rede regionalizada e hierarquizada, por\u00e9m constituem um <strong>SISTEMA \u00daNICO<\/strong> (SUS \u2013 Sistema \u00danico de Sa\u00fade) e n\u00e3o m\u00faltiplo como quer nos fazer crer o enunciado da alternativa.  <strong>Incorreta, pois, a alternativa \u201cC\u201d.<\/strong><\/p>\n<p><strong>Alternativa \u201cD\u201d<\/strong><\/p>\n<p>Um jogo de palavras \u00e9 o conte\u00fado principal desta quest\u00e3o, e se o candidato estivesse desatento com certeza erraria esta quest\u00e3o.<\/p>\n<p>Atividades Repressivas  tem o mesmo significado que conter, moderar,  coibir, impedir pela amea\u00e7a ou pelo castigo.  E isto, com certeza, n\u00e3o \u00e9 fun\u00e7\u00e3o da Sa\u00fade. <\/p>\n<p>O correto seria  <strong>atividades preventivas, <\/strong>ou seja, preparar com anteced\u00eancia, adiantar-se, impedir que se realize.  Isto sim \u00e9 uma defini\u00e7\u00e3o constitucional para os servi\u00e7os da sa\u00fade.  <strong>Alternativa incorreta.<\/strong><\/p>\n<p><strong>Alternativa \u201cE\u201d<\/strong><\/p>\n<p>De acordo com o artigo 10005 da CF,  o  <strong>SUS <\/strong> ser\u00e1 financiado com recursos do or\u00e7amento da seguridade social, da Uni\u00e3o, dos Estados, do Distrito Federal e dos Munic\u00edpios, al\u00e9m de outras fontes.  Vemos, portanto, que o enunciado da alternativa \u201cE\u201d n\u00e3o est\u00e1 totalmente incorreto, mas INCOMPLETO, pois esquece de incluir o or\u00e7amento da seguridade social, do Distrito Federal e outras fontes.  Fica, portanto, <strong>incorreta a alternativa \u201cE\u201d. <\/strong><\/p>\n<p><strong>======================================================================<\/strong><\/p>\n<p><strong>08-<\/strong> Com rela\u00e7\u00e3o \u00e0 forma com que as a\u00e7\u00f5es e servi\u00e7os de sa\u00fade, em regra, s\u00e3o executados, assinale a <strong>op\u00e7\u00e3o incorreta<\/strong> em rela\u00e7\u00e3o \u00e0s institui\u00e7\u00f5es autorizadas a realiz\u00e1-las:<\/p>\n<p>a) \tInstitui\u00e7\u00f5es privadas.<\/p>\n<p>b) \tInstitui\u00e7\u00f5es p\u00fablicas.<\/p>\n<p>c) \tInstitui\u00e7\u00f5es p\u00fablicas municipais.<\/p>\n<p>d) \tEmpresas de capitais estrangeiros.<\/p>\n<p>e) \tInstitui\u00e7\u00f5es privadas locais.<\/p>\n<p><strong>Coment\u00e1rios<\/strong><\/p>\n<p>Esta quest\u00e3o \u00e9 respondida toda com base no artigo 1000000 da CF que trata da forma com que as a\u00e7\u00f5es e servi\u00e7os da sa\u00fade s\u00e3o executados.<\/p>\n<p>Sendo a assist\u00eancia \u00e0 sa\u00fade um direito de todos e um dever do Estado, \u00e9 l\u00f3gico afirmar que as institui\u00e7\u00f5es p\u00fablicas, quer municipais, estaduais ou federais, s\u00e3o competentes e autorizadas a realizarem as a\u00e7\u00f5es e servi\u00e7os de sa\u00fade.  <strong>Corretas, portanto, as alternativas \u201cB\u201d e \u201cC\u201d.<\/strong><\/p>\n<p>A assist\u00eancia \u00e0 sa\u00fade \u00e9 livre \u00e0 iniciativa privada, sendo, por\u00e9m, vedada a destina\u00e7\u00e3o de recursos p\u00fablicos para aux\u00edlios ou subven\u00e7\u00f5es \u00e0s institui\u00e7\u00f5es privadas com fins lucrativos.  Isto \u00e9 o que  preconiza o caput do artigo 1000000 e \u00a7 2\u00ba, <strong>validando portanto as alternativa \u201cA\u201d e \u201cE\u201d.<\/strong><\/p>\n<p>J\u00e1 com rela\u00e7\u00e3o \u00e0s empresas de capital estrangeiro, a CF VEDA a sua participa\u00e7\u00e3o, direta ou indireta, na assist\u00eancia \u00e0 sa\u00fade no Pa\u00eds, salvo nos casos previstos em lei.  Portanto, <strong>a alternativa \u201cD\u201d est\u00e1 incorreta<\/strong> e \u00e9 o gabarito da quest\u00e3o.<\/p>\n<\/p>\n<p><strong>0000-<\/strong>  Ao Sistema \u00danico de Sa\u00fade (SUS) compete:<\/p>\n<p>a) \texecutar procedimentos, produtos e subst\u00e2ncias de interesse para a prote\u00e7\u00e3o dos desfavorecidos.<\/p>\n<p>b) \tordenar a forma\u00e7\u00e3o de recursos materiais na \u00e1rea de assist\u00eancia.<\/p>\n<p>c) \tcolaborar na prote\u00e7\u00e3o do meio ambiente, nele compreendido o do trabalho.<\/p>\n<p>d) \tprote\u00e7\u00e3o \u00e0 maternidade, especialmente \u00e0 gestante.<\/p>\n<p>e) \tprote\u00e7\u00e3o ao trabalhador em situa\u00e7\u00e3o de desemprego involunt\u00e1rio.<\/p>\n<p><strong>Coment\u00e1rios<\/strong><\/p>\n<p>Tomando por base o artigo 200 da CF,  transcrito abaixo, iremos solucionar a presente quest\u00e3o, mais uma considerada f\u00e1cil.<\/p>\n<p>    <strong>Art.<\/strong> <strong>200<\/strong> &#8211; Ao sistema \u00fanico de sa\u00fade compete, al\u00e9m de outras atribui\u00e7\u00f5es, nos termos da lei:<\/p>\n<p><strong>I<\/strong> &#8211; controlar e fiscalizar procedimentos, produtos e subst\u00e2ncias de interesse para a sa\u00fade e participar da produ\u00e7\u00e3o de medicamentos, equipamentos, imunobiol\u00f3gicos, hemoderivados e outros insumos;<\/p>\n<p><strong>II<\/strong> &#8211; executar as a\u00e7\u00f5es de vigil\u00e2ncia sanit\u00e1ria e epidemiol\u00f3gica, bem como as de sa\u00fade do trabalhador;<\/p>\n<p><strong>III<\/strong> &#8211; ordenar a forma\u00e7\u00e3o de recursos humanos na \u00e1rea de sa\u00fade;<\/p>\n<p><strong>IV<\/strong> &#8211; participar da formula\u00e7\u00e3o da pol\u00edtica e da execu\u00e7\u00e3o das a\u00e7\u00f5es de saneamento b\u00e1sico;<\/p>\n<p><strong>V<\/strong> &#8211; incrementar em sua \u00e1rea de atua\u00e7\u00e3o o desenvolvimento cient\u00edfico e tecnol\u00f3gico;<\/p>\n<p><strong>VI<\/strong> &#8211; fiscalizar e inspecionar alimentos, compreendido o controle de seu teor nutricional, bem como bebidas e \u00e1guas para consumo humano;<\/p>\n<p><strong>VII<\/strong> &#8211; participar do controle e fiscaliza\u00e7\u00e3o da produ\u00e7\u00e3o, transporte, guarda e utiliza\u00e7\u00e3o de subst\u00e2ncias e produtos psicoativos, t\u00f3xicos e radioativos;<\/p>\n<p>VIII &#8211; colaborar na prote\u00e7\u00e3o do meio ambiente, nele compreendido o do trabalho.  <\/p>\n<p>Alternativa \u201cA\u201d<\/p>\n<p>N\u00e3o me canso de salientar que o concurseiro deve prestar aten\u00e7\u00e3o redobrada \u00e0 leitura dos enunciados das quest\u00f5es e alternativas, pois em mais da metade dos casos a mera leitura, atenta, dos textos nos conduz \u00e0 resposta correta.<\/p>\n<p>E este \u00e9 o caso desta quest\u00e3o e suas alternativas.  Com refer\u00eancia \u00e0 alternativa \u201cA\u201d a resposta est\u00e1 no artigo 200 da CF, acima transcrito.  O examinador tentou fazer um jogo de palavras, uma aut\u00eantica \u201csopa de letras\u201d com o texto constitucional.  Ele trocou a a\u00e7\u00e3o \u201ccontrolar e fiscalizar\u201d (conforme o texto constitucional) por \u201cexecutar\u201d, bem diferentes por sinal.  <\/p>\n<p>Outra mudan\u00e7a foi no final da frase onde ele (o examinador) se refere \u00e0  \u201c &#8230; subst\u00e2ncias de interesse para a sa\u00fade &#8230;\u201d como sendo \u201c &#8230; subst\u00e2ncias de interesse para a prote\u00e7\u00e3o dos desfavorecidos.\u201d  O termo <strong><em>desfavorecido, <\/em><\/strong>no caso referido, \u00e9 assistido pela Previd\u00eancia Social e n\u00e3o pela Sa\u00fade, um direito de todos e dever do Estado.  <\/p>\n<p>Portanto, chegamos \u00e0 conclus\u00e3o de  que uma boa leitura  no texto desta alternativa a anularia de imediato.  <strong>Alternativa incorreta.<\/strong><\/p>\n<p><strong>Alternativa \u201cB\u201d<\/strong><\/p>\n<p>A quest\u00e3o trata da SA\u00daDE e n\u00e3o da Assist\u00eancia  ou Previd\u00eancia Social.  S\u00f3 por isto j\u00e1 daria para pensar seriamente em descartar esta alternativa.  Ainda mais,  formar recursos materiais, se \u00e9 que eu entendo, \u00e9 fun\u00e7\u00e3o de \u00f3rg\u00e3o econ\u00f4mico e gestor do Governo Federal.  A Sa\u00fade deve ser preocupar com a forma\u00e7\u00e3o de recursos humanos.  Mais uma vez vemos a \u201csopa de palavras\u201d feitas pelo examinador.  <strong>Alternativa Incorreta.<\/strong><\/p>\n<p>Alternativa \u201cC\u201d<\/p>\n<p>F\u00e1cil, muito f\u00e1cil.  Esta alternativa era de acerto quase que obrigat\u00f3rio pois para o concurseiro que pretende ingressar no INSS \u00e9 exigido que ele saiba, \u201cde cor e salteado\u201d, as compet\u00eancias da Sa\u00fade, Assist\u00eancia e Previd\u00eancia Social.  E ainda mais quando o texto da alternativa \u00e9 \u201cigualzinho\u201d ( \u201csem tirar nem p\u00f4r\u201d) ao texto constitucional, \u00e9 covardia!.  O texto da alternativa \u00e9 id\u00eantico ao inciso VIII do artigo 200 da CF e portanto faz desta a <strong>alternativa correta<\/strong>.<\/p>\n<p>Alternativas \u201cD\u201d e \u201cE\u201d<\/p>\n<p>Igualmente \u00e0 alternativa anterior, meu coment\u00e1rio \u00e9 id\u00eantico:  \u00e9 obriga\u00e7\u00e3o do concurseiro saber \u201cna ponta da l\u00edngua\u201d quais s\u00e3o as compet\u00eancias da Sa\u00fade, Assist\u00eancia e Previd\u00eancia Social.   <\/p>\n<p>S\u00f3 que neste caso o examinador trocou as compet\u00eancias da Sa\u00fade pelas compet\u00eancias da Previd\u00eancia Social, o que faz das <strong>alternativas \u201cD\u201d e \u201cE\u201d incorretas<\/strong>, pois elas s\u00e3o id\u00eanticas aos incisos II e III do artigo 201 da CF, que trata dos atributos da Previd\u00eancia Social, transcrito abaixo:<\/p>\n<p><strong>Art.<\/strong> <strong>201<\/strong> &#8211; A previd\u00eancia social ser\u00e1 organizada sob a forma de regime geral, de car\u00e1ter contributivo e de filia\u00e7\u00e3o obrigat\u00f3ria, observados crit\u00e9rios que preservem o equil\u00edbrio financeiro e atuarial, e atender\u00e1, nos termos da lei, a: <\/p>\n<p><strong>I <\/strong>&#8211; cobertura dos eventos de doen\u00e7a, invalidez, morte e idade avan\u00e7ada; <br \/><strong>II<\/strong> &#8211; prote\u00e7\u00e3o \u00e0 maternidade, especialmente \u00e0 gestante; <br \/><strong>III<\/strong> &#8211; prote\u00e7\u00e3o ao trabalhador em situa\u00e7\u00e3o de desemprego involunt\u00e1rio; <br \/><strong>IV<\/strong> &#8211; sal\u00e1rio-fam\u00edlia e aux\u00edlio-reclus\u00e3o para os dependentes dos segurados de baixa renda; <br \/><strong>V<\/strong> &#8211; pens\u00e3o por morte do segurado, homem ou mulher, ao c\u00f4njuge ou companheiro e dependentes, observado o disposto no \u00a7 2\u00b0.<\/p>\n<p><strong>======================================================================<\/strong><\/p>\n<p><strong>10-<\/strong> \u00c0 luz da compet\u00eancia constitucional da Previd\u00eancia Social, julgue os itens abaixo que s\u00e3o de compet\u00eancia da Previd\u00eancia Social:<\/p>\n<p>I. \tcobertura dos eventos de doen\u00e7a, invalidez, morte e idade avan\u00e7ada.<\/p>\n<p>II. \tsal\u00e1rio-fam\u00edlia e aux\u00edlio-reclus\u00e3o para os dependentes dos segurados de baixa renda.<\/p>\n<p>III. \tpens\u00e3o por morte do segurado, homem ou mulher, ao c\u00f4njuge ou companheiro e dependentes.<\/p>\n<p>IV. \ta promo\u00e7\u00e3o da integra\u00e7\u00e3o ao mercado de trabalho.<\/p>\n<p>a) \tTodos est\u00e3o corretos.<\/p>\n<p>b) \tSomente IV est\u00e1 incorreto.<\/p>\n<p>c) \tI e II est\u00e3o incorretos.<\/p>\n<p>d) \tI e III est\u00e3o incorretos.<\/p>\n<p>e)\tIII e IV est\u00e3o incorretos.<\/p>\n<p><strong>Coment\u00e1rios<\/strong><\/p>\n<p>Mais uma quest\u00e3o de acerto obrigat\u00f3rio, pois trata, como  a \u00faltima, das compet\u00eancias da  Sa\u00fade, Previd\u00eancia e Assist\u00eancia Social.  Neste caso espec\u00edfico, o examinador queria saber das atribui\u00e7\u00f5es da Previd\u00eancia Social sob a \u00f3tica da CF, apesar do texto estar um tanto quanto confuso, pois repete o mesmo termo 2 vezes na mesma ora\u00e7\u00e3o, o que n\u00e3o \u00e9 comum para as provas da ESAF.  Mas n\u00e3o \u00e9 isso o que importa, e sim que o concurseiro devia saber quais as compet\u00eancias da Previd\u00eancia Social.  <\/p>\n<p>Tomando por base o artigo 201 da CF, transcrito acima na resolu\u00e7\u00e3o da quest\u00e3o anterior, vemos que as 3 primeiras assertivas est\u00e3o corretas pois reproduzem fielmente o texto constitucional (incisos I, IV e V do artigo 201).<\/p>\n<p>A assertiva IV est\u00e1 incorreta pois n\u00e3o \u00e9 atribui\u00e7\u00e3o da Previd\u00eancia Social a promo\u00e7\u00e3o da integra\u00e7\u00e3o ao mercado de trabalho, compet\u00eancia esta da esfera da Assist\u00eancia Social, conforme artigo 203, inciso III, da CF.<\/p>\n<p>Portanto a resposta para esta quest\u00e3o fica sendo:  <strong>CORRETA, CORRETA, CORRETA e INCORRETA<\/strong>.  <strong>Alternativa \u201cB\u201d \u00e9 a correta<\/strong>.<\/p>\n<p><strong>======================================================================<\/strong><\/p>\n<p><strong>11-<\/strong> Considerando a orienta\u00e7\u00e3o dos Tribunais Superiores sobre a legisla\u00e7\u00e3o previdenci\u00e1ria, assinale a <strong>assertiva incorreta<\/strong>.<\/p>\n<p>a) \tA defini\u00e7\u00e3o, em ato regulamentar, de grau m\u00ednimo de disacusia, n\u00e3o exclui, por si s\u00f3, a concess\u00e3o do benef\u00edcio previdenci\u00e1rio.<\/p>\n<p>b) \tN\u00e3o \u00e9 inconstitucional a inclus\u00e3o de s\u00f3cios e administradores como contribuintes obrigat\u00f3rios da Previd\u00eancia Social.<\/p>\n<p>c) \tCompete \u00e0 Justi\u00e7a Estadual processar e julgar os lit\u00edgios decorrentes de acidente do trabalho.<\/p>\n<p>d) \tEm caso de acidente de trabalho ou de transporte, a companheira tem direito a ser indenizada pela morte do am\u00e1sio, se entre eles havia impedimento para o matrim\u00f4nio.<\/p>\n<p>e) \tA a\u00e7\u00e3o acident\u00e1ria prescinde do exaurimento da via administrativa.<\/p>\n<p><strong>Coment\u00e1rios<\/strong><\/p>\n<p>Uma das quest\u00f5es, ao meu ver, mais dif\u00edceis desta prova.  Nessa a ESAF \u201cmandou bala\u201d!  Procurando aqui e ali, descobri na Lei 8213\/0001, que disp\u00f5e sobre os Planos de Benef\u00edcios da Previd\u00eancia Social, o seguinte:<\/p>\n<p><strong>Art. <\/strong>131. A autoridade previdenci\u00e1ria poder\u00e1 formalizar desist\u00eancia ou abster-se de recorrer nos processos judiciais sempre que a a\u00e7\u00e3o versar mat\u00e9ria sobre <strong><em>a qual Tribunal Federal houver expedido S\u00famula de Jurisprud\u00eancia favor\u00e1vel aos benefici\u00e1rios. <\/em><\/strong><\/p>\n<p>Temos, ainda, que:<\/p>\n<p><strong>S\u00daMULA. <\/strong>DO latim summula (resumo, ep\u00edtome breve), tem o sentido de sum\u00e1rio, ou de \u00edndice de alguma coisa. \u00c9 o que de modo abreviad\u00edssimo explica o teor, ou o conte\u00fado integral de alguma coisa. Assim, a s\u00famula de uma senten\u00e7a, de um ac\u00f3rd\u00e3o, \u00e9 o resumo, ou a pr\u00f3pria ementa da senten\u00e7a ou do ac\u00f3rd\u00e3o. No \u00e2mbito da uniformiza\u00e7\u00e3o da jurisprud\u00eancia, indica a condensa\u00e7\u00e3o de s\u00e9rie de ac\u00f3rd\u00e3os, do mesmo tribunal, que adotem id\u00eantica interpreta\u00e7\u00e3o de preceito jur\u00eddico em tese, sem car\u00e1ter obrigat\u00f3rio, mas, persuasivo, e que, devidamente numerados, se estampem em repert\u00f3rios.&quot; (SILVA ,De Pl\u00e1cido e. <em>Vocabul\u00e1rio jur\u00eddico<\/em>. 15.ed. Rio de Janeiro: Forense, 2012, p.784.).<\/p>\n<p>Continuando, pesquisei na Internet as s\u00famulas de Jurisprud\u00eancia do STF, e penso ter encontrado a resposta.  Para voc\u00eas terem id\u00e9ia, o STF t\u00eam mais de 600 (seiscentas) s\u00famulas e o STJ mais de 200 (duzentas) .  Fiz uma sele\u00e7\u00e3o das s\u00famulas de ambos os Tribunais e preparei um resumo, disponibilizado no meu site (<a href=\"http:\/\/www.resumosconcursos.hpg.com.br\/\" target=\"_blank\" rel=\"noopener\">www.resumosconcursos.hpg.com.br<\/a>), na se\u00e7\u00e3o de Anexos (Outros Materiais).<\/p>\n<p>Voltando \u00e0 resolu\u00e7\u00e3o da quest\u00e3o:<\/p>\n<h6>Alternativa \u201cA\u201d<\/h6>\n<p>Primeiramente, procurei o significado da palavra DISACUSIA.  Como meu \u201cAur\u00e9lio\u201d n\u00e3o \u00e9 o completo, ficou dif\u00edcil encontrar tal significado.  Procurei na internet, atrav\u00e9s do Google e s\u00f3 achei p\u00e1ginas m\u00e9dicas, onde consegui entender que <strong>disacusia \u00e9 uma doen\u00e7a provocada por acidente de trabalho<\/strong> (muito pouco, eu sei, mas fazer o que!)<\/p>\n<p>J\u00e1 a S\u00famula n\u00ba 44 do Superior Tribunal de Justi\u00e7a traz em seu bojo um texto id\u00eantico ao da alternativa, fazendo com que <strong>concluamos que a mesma seja correta.<\/strong> <\/p>\n<p>S\u00daMULA N\u00ba 44 &#8211; STJ<\/p>\n<p>A defini\u00e7\u00e3o, em ato regulamentar, de grau m\u00ednimo de disacusia, n\u00e3o exclui, por si s\u00f3, a concess\u00e3o do benef\u00edcio previdenci\u00e1rio<strong>. <\/strong><\/p>\n<p><strong>Alternativa \u201cB\u201d<\/strong><\/p>\n<p><strong>Correta a assertiva da alternativa \u201cB\u201d,<\/strong> visto estar de acordo com o que assevera o STF &#8211; Supremo Tribunal Federal, em sua s\u00famula n\u00ba 466, transcrita abaixo:<\/p>\n<p>S\u00daMULA N\u00ba 466 &#8211; STF<\/p>\n<p>N\u00e3o \u00e9 inconstitucional a inclus\u00e3o de s\u00f3cios e administradores de sociedades e titulares de firmas individuais como contribuintes obrigat\u00f3rios da previd\u00eancia social<\/p>\n<p><strong>Alternativa \u201cC\u201d<\/strong><\/p>\n<p><strong>Igualmente correta \u00e9 a alternativa \u201cC\u201d,<\/strong> pois vai de encontro ao exarado na S\u00famula n\u00ba 501 do STF, que reproduzo a seguir:<\/p>\n<p>S\u00daMULA N\u00ba 501 &#8211; STF<\/p>\n<p>Compete a justi\u00e7a ordin\u00e1ria estadual o processo e o julgamento, em ambas as inst\u00e2ncias, das causas de acidente do trabalho, ainda que promovidas contra a uni\u00e3o, suas autarquias, empresas p\u00fablicas ou sociedades de economia mista. <\/p>\n<p><strong>Alternativa \u201cD\u201d<\/strong><\/p>\n<p>Concubina nada mais \u00e9 do que aquela que vive \u201camasiada\u201d com seu homem.   O STF em sua s\u00famula n\u00ba 35, determina que a concubina, ou companheira, ou amasiada, tem direito de ser indenizada pela morte do am\u00e1sio, <strong>SE ENTRE ELES N\u00c3O HAVIA<\/strong>  impedimento para o casamento.<\/p>\n<p>O enunciado da alternativa \u00e9 incorreto, pois afirma que a amasiada ou companheira s\u00f3 ter\u00e1 direito \u00e0 indeniza\u00e7\u00e3o no caso de HAVER IMPEDIMENTO e a s\u00famula diz exatamente o contr\u00e1rio.  <strong>Alternativa incorreta,  e, portanto, o gabarito da quest\u00e3o.<\/strong><\/p>\n<p>S\u00daMULA N\u00ba 35 &#8211; STF<\/p>\n<p>Em caso de acidente do trabalho ou de transporte, a concubina tem direito de ser indenizada pela morte do am\u00e1sio, se entre eles n\u00e3o havia impedimento para o matrim\u00f4nio. <\/p>\n<p><strong>Alternativa \u201cE\u201d<\/strong><\/p>\n<p>A resposta para esta alternativa \u00e9 dada por duas s\u00famulas, uma do STF e outra do STJ, que tratam absolutamente do mesmo assunto, conforme demonstrado abaixo:<\/p>\n<p>S\u00daMULA N\u00ba 552 &#8211; STF<\/p>\n<p>Com a regulamenta\u00e7\u00e3o do art. 15, da Lei 5.316\/67, pelo Decreto 71.037\/72, tornou-se exeq\u00fc\u00edvel a exig\u00eancia da exaust\u00e3o da via administrativa antes do in\u00edcio da a\u00e7\u00e3o de acidente do trabalho.<\/p>\n<p> S\u00daMULA N\u00ba 8000 &#8211; STJ<\/p>\n<p>A a\u00e7\u00e3o acident\u00e1ria prescinde do exaurimento da via administrativa. <\/p>\n<p>Conclu\u00edmos, portanto, que a <strong>alternativa \u201cE\u201d \u00e9 correta.<\/strong><\/p>\n<p><strong>======================================================================<\/strong><\/p>\n<p><strong>12-<\/strong>  N\u00e3o \u00e9 segurado facultativo da Previd\u00eancia Social:<\/p>\n<p>a) \tpessoa participante de regime pr\u00f3prio de previd\u00eancia.<\/p>\n<p>b) \ta dona-de-casa. <\/p>\n<p>c) \to s\u00edndico de condom\u00ednio, quando n\u00e3o remunerado.<\/p>\n<p>d) \taquele que deixou de ser segurado obrigat\u00f3rio da previd\u00eancia social.<\/p>\n<p>e) \to bolsista que se dedique em tempo integral a pesquisa.<\/p>\n<p><strong>Coment\u00e1rios<\/strong><\/p>\n<p>\u00c9 <strong>segurado facultativo<\/strong> o <strong>maior de 16 anos de idade<\/strong> que se filiar ao Regime Geral de Previd\u00eancia Social, <strong>mediante contribui\u00e7\u00e3o<\/strong>, desde <strong>que n\u00e3o esteja exercendo atividade remunerada <\/strong>que o enquadre <strong>como segurado obrigat\u00f3rio<\/strong> da  previd\u00eancia social. <\/p>\n<p>I &#8211;\ta <strong>dona-de-casa<\/strong>; <\/p>\n<p>II &#8211;\to <strong>s\u00edndico de condom\u00ednio<\/strong>, quando n\u00e3o remunerado; <\/p>\n<p>III &#8211;\to <strong>estudante<\/strong>; <\/p>\n<p>IV &#8211;\to <strong>brasileiro que acompanha c\u00f4njuge<\/strong> que <strong>presta servi\u00e7o no exterior<\/strong>; <\/p>\n<p>V &#8211;\t<strong>aquele que deixou de ser segurado obrigat\u00f3rio<\/strong> da previd\u00eancia social; <\/p>\n<p>VI &#8211;\to <strong>membro de conselho tutelar<\/strong>, quando n\u00e3o esteja vinculado a qualquer regime de previd\u00eancia social; <\/p>\n<p>VII &#8211;\to <strong>bolsista e o estagi\u00e1rio<\/strong> que prestam servi\u00e7os a empresa;<\/p>\n<p>VIII &#8211;\to <strong>bolsista<\/strong> que se dedique <strong>em tempo integral a pesquisa, curso de especializa\u00e7\u00e3o, p\u00f3s gradua\u00e7\u00e3o, mestrado ou doutorado<\/strong>, no Brasil ou no exterior, desde que n\u00e3o esteja vinculado a qualquer regime de previd\u00eancia social; <\/p>\n<p>IX &#8211;\to <strong>presidi\u00e1rio<\/strong> que <strong>n\u00e3o exerce atividade remunerada<\/strong> nem esteja vinculado a qualquer regime de previd\u00eancia social; e <\/p>\n<p>X &#8211;\to <strong>brasileiro residente ou domiciliado no exterior<\/strong>, salvo se filiado a regime previdenci\u00e1rio de pa\u00eds com o qual o Brasil mantenha acordo internacional. <\/p>\n<p>Pelo  pequeno resumo acima podemos concluir que as <strong>alternativas \u201cB\u201d, \u201cC\u201d, \u201cD\u201d e \u201cE\u201d est\u00e3o corretas<\/strong>, ou seja, todos s\u00e3o segurados facultativos perante a Previd\u00eancia Social.  <\/p>\n<p>J\u00e1 no caso da <strong>alternativa \u201cA\u201d, <\/strong>por elimina\u00e7\u00e3o<strong>, encontramos a resposta \u00e0 quest\u00e3o<\/strong>.<\/p>\n<p>Elimina\u00e7\u00e3o, primeiro tendo em vista que as alternativas anteriores n\u00e3o satisfazem o requisito da quest\u00e3o (n\u00e3o \u00e9 segurado facultativo) e depois porque a Lei veda a filia\u00e7\u00e3o ao RGPS, na qualidade de segurado facultativo, a <strong>pessoa participante de regime pr\u00f3prio de previd\u00eancia social<\/strong>, salvo na hip\u00f3tese de afastamento sem vencimento e desde que n\u00e3o permitida, nesta condi\u00e7\u00e3o, contribui\u00e7\u00e3o ao respectivo regime pr\u00f3prio. <\/p>\n<p>O texto da alternativa est\u00e1 \u201cquase certo\u201d, ou melhor, incompleto.  Ele n\u00e3o traz a condi\u00e7\u00e3o necess\u00e1ria para que o participante de regime pr\u00f3prio de previd\u00eancia seja considerado segurado facultativo:  estar afastado sem vencimentos e n\u00e3o contribuir para o respectivo regime pr\u00f3prio. <\/p>\n<p><strong>13-<\/strong> Nos termos da legisla\u00e7\u00e3o previdenci\u00e1ria, assinale qual dos requisitos abaixo <strong>n\u00e3o \u00e9 exigido<\/strong> da empresa para fins de isen\u00e7\u00e3o de contribui\u00e7\u00f5es.<\/p>\n<p>a) \tSer reconhecida como de utilidade p\u00fablica federal.<\/p>\n<p>b) \tSer reconhecida como de utilidade p\u00fablica pelo respectivo Estado, Distrito Federal ou Munic\u00edpio onde se encontre a sua sede.<\/p>\n<p>c) \tSer portadora do Registro e do Certificado de Entidade Beneficente de Assist\u00eancia Social fornecidos pelo Conselho Nacional de Assist\u00eancia Social.<\/p>\n<p>d) \tN\u00e3o perceber seus diretores vantagens ou benef\u00edcios, por qualquer forma ou t\u00edtulo, em  raz\u00e3o das compet\u00eancias, fun\u00e7\u00f5es ou atividades que lhes s\u00e3o atribu\u00eddas pelo respectivo estatuto social.<\/p>\n<p>e) \tEstar em situa\u00e7\u00e3o irregular em rela\u00e7\u00e3o \u00e0s contribui\u00e7\u00f5es sociais.<\/p>\n<p><strong>Coment\u00e1rios<\/strong><\/p>\n<p>Em minha apostila de Legisla\u00e7\u00e3o Previdenci\u00e1ria, pag. 3000, que trata de Isen\u00e7\u00f5es, temos que:<\/p>\n<p>S\u00e3o <strong>isentas<\/strong> das contribui\u00e7\u00f5es para a Seguridade Social <strong>a pessoa jur\u00eddica de direito privado<\/strong> beneficente de assist\u00eancia social que atenda, <strong><em>cumulativamente<\/em><\/strong>, aos seguintes requisitos: <\/p>\n<p>I &#8211;\tseja <strong>reconhecida como de utilidade p\u00fablica federal<\/strong>; <\/p>\n<p>II &#8211; \tseja <strong>reconhecida como de utilidade p\u00fablica pelo respectivo Estado, Distrito Federal ou Munic\u00edpio<\/strong> onde se encontre a sua sede; <\/p>\n<p>III &#8211; \tseja <strong>portadora <\/strong>do<strong> Registro e do Certificado de Entidade de Fins Filantr\u00f3picos<\/strong> fornecido pelo <strong>Conselho Nacional de Assist\u00eancia Social<\/strong>, <strong><em>renovado<\/em><\/strong><em> a cada <\/em><strong><em>tr\u00eas anos<\/em><\/strong><em>;<\/em> <\/p>\n<p>IV &#8211; \tpromova, gratuitamente e em car\u00e1ter exclusivo, a <strong>assist\u00eancia social beneficente a pessoas carentes<\/strong>, em especial a crian\u00e7as, adolescentes, idosos e portadores de defici\u00eancia; <\/p>\n<p>V &#8211;\t<strong>aplique integralmente<\/strong> o eventual <strong>resultado operacional<\/strong> na <strong>manuten\u00e7\u00e3o e desenvolvimento de seus objetivos institucionais<\/strong>, apresentando, anualmente, relat\u00f3rio circunstanciado de suas atividades ao Instituto Nacional do Seguro Social; e <\/p>\n<p>VI &#8211;\t<strong>n\u00e3o percebam seus diretores, conselheiros, s\u00f3cios, instituidores, benfeitores, ou equivalentes<\/strong>, remunera\u00e7\u00e3o, vantagens ou benef\u00edcios, por qualquer forma ou t\u00edtulo, <strong><em>em raz\u00e3o das compet\u00eancias, fun\u00e7\u00f5es ou atividades<\/em><\/strong> que lhes s\u00e3o atribu\u00eddas pelo respectivo estatuto social.<\/p>\n<p>A <strong>alternativa \u201cE\u201d<\/strong> afirma que n\u00e3o \u00e9 exigido da empresa estar em situa\u00e7\u00e3o IRREGULAR. Logicamente, se a empresa ou entidade \u00e9 beneficente, e para tanto atendeu,  cumulativamente os 6 (seis) pontos acima elencados, n\u00e3o porque ou como estar em situa\u00e7\u00e3o irregular em rela\u00e7\u00e3o \u00e0s contribui\u00e7\u00f5es sociais, visto estar a mesma isenta  de tais contribui\u00e7\u00f5es e a lei (Decreto n\u00ba 3048\/000000, no seu artigo 206 e incisos, reproduzidos acima) n\u00e3o mencionar em hora alguma tal exig\u00eancia.<\/p>\n<p>Portanto, a <strong>alternativa \u201cE\u201d \u00e9 a correta<\/strong> e o gabarito da quest\u00e3o.<\/p>\n<p><strong>14-<\/strong> Nos termos da legisla\u00e7\u00e3o previdenci\u00e1ria, assinale a op\u00e7\u00e3o na qual <strong>n\u00e3o \u00e9 exigido<\/strong> da empresa a prova da inexist\u00eancia de d\u00e9bito.<\/p>\n<p>a) \tNa licita\u00e7\u00e3o.<\/p>\n<p>b) \tNa contrata\u00e7\u00e3o com o poder p\u00fablico.<\/p>\n<p>c)\tNo recebimento de benef\u00edcios ou incentivo fiscal ou credit\u00edcio concedidos pelo poder p\u00fablico.<\/p>\n<p>d) \tNa aliena\u00e7\u00e3o ou onera\u00e7\u00e3o, a qualquer t\u00edtulo, de bem m\u00f3vel de pequeno valor incorporado ao ativo permanente da empresa.<\/p>\n<p>e) \tNa aliena\u00e7\u00e3o ou onera\u00e7\u00e3o, a qualquer t\u00edtulo, de bem im\u00f3vel.<\/p>\n<h5>Coment\u00e1rios<\/h5>\n<p>O Decreto 3048\/000000 nos traz os casos em que \u00e9 exigido das empresas a prova de inexist\u00eancia de d\u00e9bito junto aos cofres da Previd\u00eancia, e que reproduzo abaixo com fins elucidativos:<\/p>\n<p><strong>Art. 257.<\/strong> Dever\u00e1 ser exigido documento comprobat\u00f3rio de inexist\u00eancia de d\u00e9bito relativo \u00e0s contribui\u00e7\u00f5es a que se referem os incisos I, III, IV, V, VI e VII do par\u00e1grafo \u00fanico do art. 10005, destinadas \u00e0 manuten\u00e7\u00e3o da seguridade social, fornecida pelo \u00f3rg\u00e3o competente, nos seguintes casos: <\/p>\n<p>I &#8211; da empresa: <\/p>\n<p>a) na <strong>licita\u00e7\u00e3o<\/strong>, na <strong>contrata\u00e7\u00e3o com o poder p\u00fablico<\/strong> e no <strong>recebimento de benef\u00edcios ou incentivo fiscal ou credit\u00edcio<\/strong> concedidos por ele; <\/p>\n<p>b) na <strong>aliena\u00e7\u00e3o ou onera\u00e7\u00e3o<\/strong>, a qualquer t\u00edtulo, <strong>de bem im\u00f3vel<\/strong> <strong>ou direito a ele relativo; <\/strong><\/p>\n<p>c) na <strong>aliena\u00e7\u00e3o ou onera\u00e7\u00e3o<\/strong>, a qualquer t\u00edtulo, de<strong> bem m\u00f3vel de valor superior a R$15.00004,18<\/strong> (quinze mil novecentos e quatro reais e dezoito centavos) incorporado ao ativo permanente da empresa; e <\/p>\n<p>d) <strong>no registro ou arquivamento<\/strong>, no \u00f3rg\u00e3o pr\u00f3prio, <strong>de ato relativo a baixa ou redu\u00e7\u00e3o de capital de firma individual, redu\u00e7\u00e3o de capital social, cis\u00e3o total ou parcial, transforma\u00e7\u00e3o ou extin\u00e7\u00e3o de entidade ou sociedade comercial ou civil e transfer\u00eancia de controle de cotas de sociedades de responsabilidade limitada<\/strong>, suprida a exig\u00eancia pela informa\u00e7\u00e3o de inexist\u00eancia de d\u00e9bito a ser prestada pelos \u00f3rg\u00e3os competentes de que trata o \u00a7 10; <\/p>\n<p>II &#8211; do propriet\u00e1rio, pessoa f\u00edsica ou jur\u00eddica, de <strong>obra de constru\u00e7\u00e3o civil<\/strong>, <strong>quando de sua averba\u00e7\u00e3o<\/strong> no Registro de Im\u00f3veis, salvo no caso do art. 278; <\/p>\n<p>III &#8211; do incorporador, na ocasi\u00e3o <strong>da inscri\u00e7\u00e3o de memorial de incorpora\u00e7\u00e3o<\/strong> no Registro de Im\u00f3veis; <\/p>\n<p>IV &#8211; do produtor rural pessoa f\u00edsica e do segurado especial referidos, respectivamente, na al\u00ednea &quot; <em>a<\/em> &quot; do inciso V e no inciso VII do <em>caput<\/em> do art. 000\u00ba, quando da <strong>constitui\u00e7\u00e3o de garantia para concess\u00e3o de cr\u00e9dito rural e qualquer de suas modalidades<\/strong>, por institui\u00e7\u00e3o de cr\u00e9ditos p\u00fablica ou privada, desde que comercializem a sua produ\u00e7\u00e3o com o adquirente domiciliado no exterior ou diretamente no varejo a consumidor pessoa f\u00edsica, a outro produtor rural pessoa f\u00edsica ou a outro segurado especial; <\/p>\n<p>V &#8211; na contrata\u00e7\u00e3o de opera\u00e7\u00f5es de cr\u00e9dito com institui\u00e7\u00f5es financeiras, assim entendidas as pessoas jur\u00eddicas p\u00fablicas ou privadas que tenham como atividade principal ou acess\u00f3ria a intermedia\u00e7\u00e3o ou aplica\u00e7\u00e3o de recursos financeiros pr\u00f3prios ou de terceiros, em moeda nacional ou estrangeira, autorizadas pelo Banco Central do Brasil ou por decreto do Poder Executivo a funcionar no Territ\u00f3rio Nacional<strong>, que envolvam: <\/strong><\/p>\n<p>a) <strong>recursos p\u00fablicos<\/strong>, inclusive os provenientes de fundos constitucionais e de incentivo ao desenvolvimento regional (Fundo Constitucional de Financiamento do Norte, Fundo Constitucional de Financiamento do Nordeste, Fundo Constitucional de Financiamento do Centro Oeste, Fundo de Desenvolvimento da Amaz\u00f4nia e Fundo de Desenvolvimento do Nordeste); <\/p>\n<p>b) <strong>recursos do Fundo de Garantia do Tempo de Servi\u00e7o, do Fundo de Amparo ao Trabalhador e do Fundo Nacional de Desenvolvimento da Educa\u00e7\u00e3o<\/strong>; ou <\/p>\n<p>c) <strong>recursos captados atrav\u00e9s de Caderneta de Poupan\u00e7a<\/strong>; e <\/p>\n<p>VI &#8211; <strong>na libera\u00e7\u00e3o de eventuais parcelas previstas nos contratos a que se refere o inciso anterior<\/strong>.<\/p>\n<p>Ap\u00f3s relembrarmos os casos em que se exige prova da inexist\u00eancia de d\u00e9bito, podemos resolver tranq\u00fcilamente esta quest\u00e3o.<\/p>\n<p>As <strong>tr\u00eas primeiras alternativas est\u00e3o incorretas<\/strong>, pois s\u00e3o casos descritos no <strong>inciso I, letra<\/strong> <strong>a)<\/strong> do artigo 257 acima descrito e, em todos eles, \u00e9 exigida a prova de inexist\u00eancia de d\u00e9bito.<\/p>\n<p>A <strong>alternativa \u201cE\u201d tamb\u00e9m est\u00e1 correta<\/strong>, pois \u00e9 previsto no mesmo inciso, letra b),  que a exig\u00eancia de provar o ind\u00e9bito com rela\u00e7\u00e3o \u00e0s contribui\u00e7\u00f5es \u00e9 condi\u00e7\u00e3o para a <strong>aliena\u00e7\u00e3o ou onera\u00e7\u00e3o<\/strong>, a qualquer t\u00edtulo, <strong>de bem im\u00f3vel<\/strong> <strong>ou direito a ele relativo.<\/strong><\/p>\n<p>Com rela\u00e7\u00e3o \u00e0 alternativa \u201cD\u201d, o mesmo Decreto estatui que somente para os bens m\u00f3veis, com valores superiores  a R$ 15.00004,18, \u00e9 que dever\u00e1 ser exigida a prova de inexist\u00eancia de d\u00e9bito quando de sua aliena\u00e7\u00e3o (venda).  J\u00e1 o texto da alternativa diz sobre bem m\u00f3vel de pequeno valor.  E isto faz da <strong>alternativa \u201cD\u201d a resposta correta<\/strong> para esta quest\u00e3o.<\/p>\n<p><strong>======================================================================<\/strong><\/p>\n<p><strong>15-<\/strong> A respeito do regime geral de previd\u00eancia social e da classifica\u00e7\u00e3o dos segurados obrigat\u00f3rios, assinale a <strong>assertiva incorreta.<\/strong><\/p>\n<p>a) \tComo empregado \u2013 aquele que presta servi\u00e7o de natureza urbana ou rural \u00e0 empresa, em car\u00e1ter n\u00e3o-eventual, sob sua subordina\u00e7\u00e3o e mediante remunera\u00e7\u00e3o, inclusive como diretor empregado.<\/p>\n<p>b) \tComo trabalhador avulso \u2013 quem presta, a diversas empresas, sem v\u00ednculo empregat\u00edcio, servi\u00e7o de natureza urbana ou rural definidos em Regulamento.<\/p>\n<p>c) \tComo contribuinte individual \u2013 o ministro de confiss\u00e3o religiosa e o membro de instituto de vida consagrada, de congrega\u00e7\u00e3o ou de ordem religiosa.<\/p>\n<p>d) \tComo empregado \u2013 o titular de firma individual urbana ou rural.<\/p>\n<p>e) \tComo contribuinte individual \u2013 o diretor n\u00e3o empregado e o membro de conselho de administra\u00e7\u00e3o de sociedade an\u00f4nima.<\/p>\n<h5>Coment\u00e1rios<\/h5>\n<p>Para responder esta quest\u00e3o devemos relembrar os conceitos de segurado obrigat\u00f3rio, empregado, trabalhador avulso, contribuinte individual, etc.  <\/p>\n<p>Duas s\u00e3o as condi\u00e7\u00f5es b\u00e1sicas para ser segurado da previd\u00eancia: ser pessoa f\u00edsica e ter 16 ou mais anos de idade. Qualquer um nestas condi\u00e7\u00f5es vincula-se ao sistema previdenci\u00e1rio: <strong>obrigatoriamente<\/strong>, quando exercer atividade remunerada que acarrete filia\u00e7\u00e3o obrigat\u00f3ria; ou <strong>facultativamente<\/strong>, quando n\u00e3o exerc\u00ea-la. <\/p>\n<p>Portanto, temos:<\/p>\n<p><strong>segurado obrigat\u00f3rio<\/strong> \u00e9 aquele cujo v\u00ednculo aperfei\u00e7oa-se independente de sua vontade.<\/p>\n<p><strong>segurado facultativo <\/strong>\u00e9 aquele que se filia discricionariamente ao sistema.<\/p>\n<p>Consultando a Lei 8213\/0001, temos as caracter\u00edsticas que fazem dos trabalhadores um <strong>segurado obrigat\u00f3rio<\/strong> ou n\u00e3o.  <\/p>\n<p><strong>Art. <\/strong>11. S\u00e3o <strong>segurados obrigat\u00f3rios<\/strong> da Previd\u00eancia Social as seguintes <strong>pessoas f\u00edsicas<\/strong>: <\/p>\n<p>I &#8211; como <strong>empregado<\/strong>: <\/p>\n<p>a) \taquele que presta servi\u00e7o de natureza urbana ou rural \u00e0 empresa, em car\u00e1ter n\u00e3o eventual, sob sua subordina\u00e7\u00e3o e mediante remunera\u00e7\u00e3o, inclusive como diretor empregado; <\/p>\n<p>b)\t aquele que, contratado por empresa de trabalho tempor\u00e1rio, definida em legisla\u00e7\u00e3o espec\u00edfica, presta servi\u00e7o para atender a necessidade transit\u00f3ria de substitui\u00e7\u00e3o de pessoal regular e permanente ou a acr\u00e9scimo extraordin\u00e1rio de servi\u00e7os de outras empresas; <\/p>\n<p>c) \to brasileiro ou o estrangeiro domiciliado e contratado no Brasil para trabalhar como empregado em sucursal ou ag\u00eancia de empresa nacional no exterior; <\/p>\n<p>d)\taquele que presta servi\u00e7o no Brasil a miss\u00e3o diplom\u00e1tica ou a reparti\u00e7\u00e3o consular de carreira estrangeira e a \u00f3rg\u00e3os a elas subordinados, ou a membros dessas miss\u00f5es e reparti\u00e7\u00f5es, exclu\u00eddos o n\u00e3o-brasileiro sem resid\u00eancia permanente no Brasil e o brasileiro amparado pela legisla\u00e7\u00e3o previdenci\u00e1ria do pa\u00eds da respectiva miss\u00e3o diplom\u00e1tica ou reparti\u00e7\u00e3o consular; <\/p>\n<p>e) \to brasileiro civil que trabalha para a Uni\u00e3o, no exterior, em organismos oficiais brasileiros ou internacionais dos quais o Brasil seja membro efetivo, ainda que l\u00e1 domiciliado e contratado, salvo se segurado na forma da legisla\u00e7\u00e3o vigente do pa\u00eds do domic\u00edlio; <\/p>\n<p>f) \to brasileiro ou estrangeiro domiciliado e contratado no Brasil para trabalhar como empregado em empresa domiciliada no exterior, cuja maioria do capital votante perten\u00e7a a empresa brasileira de capital nacional; <\/p>\n<p>II &#8211; \tcomo <strong>empregado dom\u00e9stico<\/strong>: aquele que presta servi\u00e7o de natureza cont\u00ednua a pessoa ou fam\u00edlia, no \u00e2mbito residencial desta, em atividades sem fins lucrativos; <\/p>\n<p>III &#8211; \tcomo <strong>empres\u00e1rio<\/strong>: o titular de firma individual urbana ou rural, o diretor n\u00e3o-empregado, o membro de conselho de administra\u00e7\u00e3o de sociedade an\u00f4nima, o s\u00f3cio solid\u00e1rio, o s\u00f3cio de ind\u00fastria e o s\u00f3cio que participe da gest\u00e3o ou receba remunera\u00e7\u00e3o decorrente de seu trabalho em empresa urbana ou rural; <\/p>\n<p>IV &#8211;\t como <strong>trabalhador aut\u00f4nomo<\/strong>: <\/p>\n<p>a) \tquem presta servi\u00e7o de natureza urbana ou rural, em car\u00e1ter eventual, a uma ou mais empresas, sem rela\u00e7\u00e3o de emprego; <\/p>\n<p>b) \ta pessoa f\u00edsica que exerce, por conta pr\u00f3pria, atividade econ\u00f4mica de natureza urbana, com fins lucrativos ou n\u00e3o; <\/p>\n<p>V &#8211; \tcomo <strong>equiparado a trabalhador aut\u00f4nomo<\/strong>, al\u00e9m dos casos previstos em legisla\u00e7\u00e3o espec\u00edfica: <\/p>\n<p>a) \ta pessoa f\u00edsica, propriet\u00e1ria ou n\u00e3o, que explora atividade agropecu\u00e1ria, pesqueira ou de extra\u00e7\u00e3o de minerais, em car\u00e1ter permanente ou tempor\u00e1ria, diretamente ou atrav\u00e9s de prepostos e com aux\u00edlio de empregados, utilizados a qualquer t\u00edtulo, ainda que de forma n\u00e3o cont\u00ednua; <\/p>\n<p>b) \to ministro de confiss\u00e3o religiosa e o membro de instituto de vida consagrada e de congrega\u00e7\u00e3o ou de ordem religiosa, este quando por ela mantido, salvo se filiado obrigatoriamente \u00e0 Previd\u00eancia Social em raz\u00e3o de outra atividade, ou a outro sistema previdenci\u00e1rio, militar ou civil, ainda que na condi\u00e7\u00e3o de inativo; <\/p>\n<p>c) \to empregado de organismo oficial internacional ou estrangeiro em funcionamento no brasil, salvo quando coberto por sistema pr\u00f3prio de previd\u00eancia social; <\/p>\n<p>d) \to brasileiro civil que trabalha no exterior para organismo oficial internacional do qual o Brasil \u00e9 membro efetivo, ainda que l\u00e1 domiciliado e contratado, salvo quando coberto por sistema de previd\u00eancia social do pa\u00eds do domic\u00edlio; <\/p>\n<p>VI &#8211; \tcomo <strong>trabalhador avulso<\/strong>: quem presta a diversas empresas, sem v\u00ednculo empregat\u00edcio, servi\u00e7o de natureza urbana ou rural definidos no Regulamento; <\/p>\n<p>VII &#8211; \tcomo <strong>segurado especial<\/strong>: o produtor, o parceiro, o meeiro, e o arrendat\u00e1rio rurais, o garimpeiro, o pescador artesanal e o assemelhado, que exer\u00e7am suas atividades, individualmente ou em regime de economia familiar, ainda que com o aux\u00edlio eventual de terceiros, bem como seus respectivos c\u00f4njuges ou companheiros e filhos maiores de 16 (dezesseis) anos ou a eles equiparados, desde que trabalhem, comprovadamente, com o grupo familiar respectivo. <\/p>\n<p><strong>1\u00ba.<\/strong>\t Entende-se como regime de economia familiar a atividade em que o trabalho dos membros da fam\u00edlia \u00e9 indispens\u00e1vel \u00e0 pr\u00f3pria subsist\u00eancia e \u00e9 exercido em condi\u00e7\u00f5es de m\u00fatua de depend\u00eancia e colabora\u00e7\u00e3o, sem a utiliza\u00e7\u00e3o de empregados. <\/p>\n<p><strong>2\u00ba.<\/strong>\t <strong>Todo aquele que exercer, concomitantemente, mais de uma atividade remunerada sujeita ao Regime Geral de Previd\u00eancia Social \u00e9 obrigatoriamente filiado em rela\u00e7\u00e3o a cada uma delas.<\/strong> <\/p>\n<p>Fazendo estas distin\u00e7\u00f5es e tendo conhecimento das defini\u00e7\u00f5es e conceitos, e sabendo  que o examinador quer a alternativa incorreta em rela\u00e7\u00e3o aos segurados obrigat\u00f3rios, podemos passar \u00e0 resolu\u00e7\u00e3o da quest\u00e3o.<\/p>\n<p>Agora, trazemos at\u00e9 voc\u00eas o \u201cpulo do gato\u201d, ou seja, a s\u00edntese da regra para a determina\u00e7\u00e3o de segurado obrigat\u00f3rio, facultativo, especial, etc. (de autoria do Prof. Gustavo Barchet).<\/p>\n<p>1\u00ba.  Se <strong>n\u00e3o h\u00e1 exerc\u00edcio de atividade remunerada<\/strong>: \u00e9 segurado facultativo;<\/p>\n<p>2\u00ba.  Se <strong>h\u00e1 interven\u00e7\u00e3o obrigat\u00f3ria do \u00f3rg\u00e3o gestor da m\u00e3o-de-obra ou do sindicato da categoria<\/strong>: \u00e9 trabalhador avulso;<\/p>\n<p>3\u00ba.  Se \u00e9 <strong>atividade agropecu\u00e1ria ou pesqueira, exercida sem empregados de forma individual ou em regime de economia familiar<\/strong>: \u00e9 segurado especial;<\/p>\n<p>4\u00ba.  Se <strong>h\u00e1 subordina\u00e7\u00e3o<\/strong>: \u00e9 empregado; se a <strong>atividade \u00e9 exercida no \u00e2mbito residencial sem fins lucrativos<\/strong>, \u00e9 empregado dom\u00e9stico; se <strong>ocupante de cargo efetivo<\/strong>, ser\u00e1 servidor p\u00fablico, exclu\u00eddo do RGPS;<\/p>\n<p>5\u00ba.  Se <strong>h\u00e1 autonomia<\/strong>, sem ser hip\u00f3tese de trabalhador avulso ou segurado especial: \u00e9 contribuinte individual.<\/p>\n<p>Esse procedimento, malgrado sua generalidade, al\u00e9m de auxiliar na obten\u00e7\u00e3o de uma vis\u00e3o geral das diversas esp\u00e9cies de segurados, pode ser utilizado de forma subsidi\u00e1ria na resolu\u00e7\u00e3o das quest\u00f5es. Sempre que, na situa\u00e7\u00e3o apresentada, n\u00e3o tivermos certeza de qual esp\u00e9cie de segurado se trata, \u00e9 \u00fatil recorrermos a ele para encontrarmos mais facilmente a resposta.<\/p>\n<h6>Alternativa \u201cA\u201d<\/h6>\n<p>Utilizando-nos da regra acima exemplificada, vemos que no caso do empregado, sendo remunerado e tendo que se subordinar a algu\u00e9m, conclu\u00edmos ser segurado obrigat\u00f3rio, o que faz desta alternativa, em rela\u00e7\u00e3o ao que pede o examinador, <strong>incorreta.<\/strong>   Isto \u00e9 confirmado pela Lei 8213\/0001, artigo 11, inciso I, letra a.<\/p>\n<h6>Alternativa \u201cB\u201d<\/h6>\n<p>Defini\u00e7\u00e3o dada pela Lei 8213\/0001, artigo 11, inciso VI.  <strong>Alternativa incorreta<\/strong>, pois o trabalhador avulso \u00e9 considerado segurado obrigat\u00f3rio.<\/p>\n<p><strong>Alternativa \u201cC\u201d<\/strong><\/p>\n<p>Utilizando-nos da regra acima, temos que o membro de institui\u00e7\u00e3o religiosa tem autonomia, e n\u00e3o \u00e9 trabalhador avulso ou segurado especial, sendo considerado equiparado a trabalhador aut\u00f4nomo.  Neste caso e tendo por base a Lei 8213\/0001, artigo 11, inciso V, letra b, temos que o contribuinte individual \u00e9 um segurado obrigat\u00f3rio, fazendo esta alternativa ser<strong> incorreta.<\/strong><\/p>\n<p><strong>Alternativa \u201cD\u201d<\/strong><\/p>\n<p>O titular de firma individual urbana ou rural \u00e9 considerado segurado obrigat\u00f3rio como EMPRES\u00c1RIO e n\u00e3o como empregado, visto que o titular de firma n\u00e3o se submete aos seguintes atributos: onerosidade, n\u00e3o eventualidade, subordina\u00e7\u00e3o e remunera\u00e7\u00e3o.  <strong>Alternativa correta<\/strong>, pois est\u00e1 de acordo com o que exige o examinador.<\/p>\n<p><strong>Alternativa \u201cE\u201d<\/strong><\/p>\n<p>Como contribuinte individual \u2013 o diretor n\u00e3o empregado e o membro de conselho de administra\u00e7\u00e3o de sociedade an\u00f4nima<\/p>\n<p>Igualmente \u00e0 alternativa anterior, o racioc\u00ednio usado \u00e9 o mesmo, pois o diretor n\u00e3o empregado e o membro do conselho de administra\u00e7\u00e3o de sociedade an\u00f4nima s\u00e3o considerados empres\u00e1rios ou contribuintes individuais e como tal, segurados obrigat\u00f3rios.  <strong>Alternativa incorreta.<\/strong><\/p>\n<p><strong>16-<\/strong> A respeito do conceito previdenci\u00e1rio de empresa ou de empregador dom\u00e9stico, assinale a <strong>assertiva incorreta<\/strong>.<\/p>\n<p>a) \tEmpresa \u2013 a firma individual ou sociedade que assume o risco de atividade econ\u00f4mica urbana ou rural, com fins lucrativos, bem como os \u00f3rg\u00e3os e entidades da administra\u00e7\u00e3o p\u00fablica direta, indireta ou fundacional.<\/p>\n<p>b) \tEmpregador dom\u00e9stico \u2013 a pessoa ou fam\u00edlia que admite a seu servi\u00e7o, sem finalidade lucrativa, empregado dom\u00e9stico.<\/p>\n<p>c) \tEquipara-se \u00e0 empresa, para os efeitos da Lei 8.213\/0001, o contribuinte individual em rela\u00e7\u00e3o a segurado que lhe presta servi\u00e7o.<\/p>\n<p>d) \tEquipara-se \u00e0 empresa, para os efeitos da Lei 8.213\/0001, a cooperativa.<\/p>\n<p>e) \tEquipara-se \u00e0 empresa, para os efeitos da Lei 8.213\/0001, a associa\u00e7\u00e3o ou entidade de qualquer natureza ou finalidade.<\/p>\n<p><strong>Coment\u00e1rios<\/strong><\/p>\n<p>Esta prova tem algo de muito interessante.  Ela \u00e9 extremamente did\u00e1tica.  Se voc\u00eas perceberam, os examinadores foram fazendo as quest\u00f5es de acordo com a progress\u00e3o da lei.  A quest\u00e3o anterior abordava assunto ligado ao artigo 11 da Lei 8213\/0001(segurado obrigat\u00f3rio).  A presente quest\u00e3o trata de quest\u00e3o relacionado a empresa e empregador dom\u00e9stico,  t\u00f3pico abordado no artigo 14 da Lei 8213\/0001.  Para quem usou de \u201cdecoreba\u201d foi um prato cheio!.   Entretanto, est\u00e1 \u00e9 tamb\u00e9m uma quest\u00e3o um tanto maliciosa, uma aut\u00eantica \u201cpegadinha\u201d.<\/p>\n<p>Bom, \u201cIn\u00eas \u00e9 morta!\u201d.  Vamos ao que interessa, que \u00e9 a resolu\u00e7\u00e3o da quest\u00e3o propriamente dita.<\/p>\n<p>Para auxiliar em nossa resolu\u00e7\u00e3o, transcrevemos o artigo 14 da Lei 8213\/0001 logo a seguir:<\/p>\n<p><strong>Art. <\/strong>14. Consideram-se: <\/p>\n<p>I &#8211; \t<strong>empresa<\/strong> &#8211; a firma individual ou sociedade que assume o risco de atividade econ\u00f4mica urbana ou rural, com fins lucrativos ou n\u00e3o, bem como os \u00f3rg\u00e3os e entidades da administra\u00e7\u00e3o p\u00fablica direta, indireta ou fundacional; <\/p>\n<p>II &#8211; \t<strong>empregador dom\u00e9stico<\/strong> a pessoa ou fam\u00edlia que admite a seu servi\u00e7o, sem finalidade lucrativa, empregado dom\u00e9stico. <\/p>\n<p>Par\u00e1grafo \u00fanico. \tConsidera-se <strong>empresa<\/strong>, para os efeitos desta lei, o <strong>aut\u00f4nomo e equiparado em rela\u00e7\u00e3o a segurado que lhe presta servi\u00e7o<\/strong>, bem como <strong>a cooperativa<\/strong>, a <strong>associa\u00e7\u00e3o ou entidade de qualquer natureza<\/strong> ou finalidade, a <strong>miss\u00e3o diplom\u00e1tica<\/strong> e a <strong>reparti\u00e7\u00e3o consular de carreira estrangeiras. <\/strong><\/p>\n<p>Todas as alternativas parecem ter sido tiradas \u201cliteralmente\u201d do texto  da Lei 8213\/0001, do artigo acima transcrito.  S\u00f3 a custo de uma observa\u00e7\u00e3o mais atenta, sem afoba\u00e7\u00e3o (coisa dif\u00edcil na hora da prova&#8230;) \u00e9 que podemos perceber o qu\u00e3o importante \u00e9 uma pequena palavrinha, um adv\u00e9rbio de nega\u00e7\u00e3o: <strong>N\u00c3O.<\/strong><\/p>\n<p>As alternativas \u201cB\u201d, \u201cC\u201d, \u201cD\u201d e \u201cE\u201d est\u00e3o de acordo com o texto do artigo 14 e, portanto<strong>, incorretas<\/strong> para o que se exige na quest\u00e3o.<\/p>\n<p>J\u00e1 a alternativa \u201cA\u201d &#8230;.  O examinador tentou ( e com certeza conseguiu) eliminar v\u00e1rias centenas de candidatos com a supress\u00e3o do adv\u00e9rbio de nega\u00e7\u00e3o <strong>N\u00c3O<\/strong>, que deveria estar junto a <strong><em>\u201c&#8230;, com fins lucrativos,&#8230;\u201d.  <\/em><\/strong><\/p>\n<p>Como para que uma entidade seja considerada empresa n\u00e3o \u00e9 necess\u00e1rio que a mesma seja lucrativa (cooperativas, associa\u00e7\u00f5es de amigos de bairro, entidade beneficentes, etc s\u00e3o empresas e nem por isso s\u00e3o lucrativas), a <strong>alternativa est\u00e1 incorreta<\/strong> e portanto <strong>\u00e9 o gabarito da quest\u00e3o<\/strong>.<\/p>\n<p><strong>======================================================================<\/strong><\/p>\n<p><strong>17-<\/strong> <strong>N\u00e3o constitui receita<\/strong> das contribui\u00e7\u00f5es sociais:<\/p>\n<p>a) \tas das empresas, incidentes sobre a remunera\u00e7\u00e3o paga ou creditada aos segurados a seu servi\u00e7o.<\/p>\n<p>b) \tas dos empregadores dom\u00e9sticos, incidentes sobre o sal\u00e1rio-de-contribui\u00e7\u00e3o dos empregados dom\u00e9sticos a seu servi\u00e7o.<\/p>\n<p>c) \tas provenientes da Uni\u00e3o.<\/p>\n<p>d) \tas das empresas, incidentes sobre o faturamento e o lucro.<\/p>\n<p>e) \tas incidentes sobre a receita de concursos de progn\u00f3sticos.<\/p>\n<h5>Coment\u00e1rios<\/h5>\n<p>O financiamento para o custeio da Previd\u00eancia Social \u00e9 obtido de duas maneiras:<\/p>\n<p><strong>Diretos \uf0e0<\/strong>  financiamentos obtidos mediante contribui\u00e7\u00f5es sociais;<\/p>\n<p><strong>Indiretos \uf0e0<\/strong>mediante receitas or\u00e7ament\u00e1rias da Uni\u00e3o, Estado, Distrito Federal e Munic\u00edpios (atrav\u00e9s de tributos);<\/p>\n<p>Constituem <strong>contribui\u00e7\u00f5es sociais<\/strong>:<\/p>\n<ol>\n<li>as <strong>das empresas<\/strong>, recaindo <strong>sobre a remunera\u00e7\u00e3o paga ou creditada aos segurados<\/strong> e demais pessoas f\u00edsicas a seu servi\u00e7o, mesmo sem v\u00ednculo empregat\u00edcio;<\/li>\n<li>as <strong>dos empregadores dom\u00e9sticos<\/strong>;<\/li>\n<li>as <strong>dos trabalhadores<\/strong>, incidindo sobre o respectivo sal\u00e1rio de contribui\u00e7\u00e3o;<\/li>\n<li>as das associa\u00e7\u00f5es desportivas;<\/li>\n<li>as <strong>incidentes sobre a receita bruta <\/strong>proveniente da <strong>comercializa\u00e7\u00e3o da produ\u00e7\u00e3o rural;<\/strong><\/li>\n<li>as <strong>das empresas<\/strong>, incidentes sobre a <strong>receita ou o faturamento e o lucro<\/strong>;<\/li>\n<li>as incidentes sobre a <strong>receita de<\/strong> <strong>concursos de progn\u00f3sticos<\/strong> (loterias).<\/li>\n<\/ol>\n<p>Com base no exposto acima, e sem maiores coment\u00e1rios, que poderiam se tornar redundantes, podemos afirmar que a alternativa correta para esta quest\u00e3o \u00e9 a <strong>alternativa \u201cC\u201d<\/strong>.<\/p>\n<p><strong>18-<\/strong> A respeito dos per\u00edodos de car\u00eancia, assinale qual dos benef\u00edcios abaixo necessita de per\u00edodo de car\u00eancia:<\/p>\n<p>a) \tPens\u00e3o por morte.<\/p>\n<p>b) \tAux\u00edlio-reclus\u00e3o.<\/p>\n<p>c) \tSal\u00e1rio-fam\u00edlia.<\/p>\n<p>d) \tAux\u00edlio-acidente.<\/p>\n<p>e) \tAux\u00edlio-doen\u00e7a.<\/p>\n<h5>Coment\u00e1rios<\/h5>\n<p><strong>Per\u00edodo de car\u00eancia<\/strong>  \u00e9 o tempo correspondente ao <strong>n\u00famero m\u00ednimo de contribui\u00e7\u00f5es mensais<\/strong> indispens\u00e1veis <strong>para que o benefici\u00e1rio fa\u00e7a jus ao benef\u00edcio<\/strong>, <em>consideradas a partir do transcurso do primeiro dia dos meses de suas compet\u00eancias<\/em>.<\/p>\n<\/p>\n<p><strong>Para o segurado especial<\/strong>:\tconsidera-se per\u00edodo de car\u00eancia o <strong>tempo m\u00ednimo de efetivo exerc\u00edcio de atividade rural<\/strong>, ainda que de forma descont\u00ednua, <strong>igual ao n\u00famero de meses necess\u00e1rio \u00e0 concess\u00e3o do benef\u00edcio requerido. <\/strong><\/p>\n<ul>\n<li>Para efeito de car\u00eancia, considera-se <strong>presumido o recolhimento das contribui\u00e7\u00f5es do segurado empregado e do trabalhador avulso<\/strong>. <\/li>\n<\/ul>\n<p>O <strong>per\u00edodo de car\u00eancia<\/strong> \u00e9 contado: <\/p>\n<p>I &#8211; \tpara o <strong>segurado empregado e trabalhador avulso<\/strong>, da data de filia\u00e7\u00e3o ao Regime Geral de Previd\u00eancia Social; e <\/p>\n<p>II &#8211; \tpara o <strong>segurado empregado dom\u00e9stico, empres\u00e1rio, trabalhador aut\u00f4nomo<\/strong> ou <strong>a este equiparado<\/strong>, <strong>contribuinte individual<\/strong>, e <strong>facultativo,<\/strong> da <strong>data do efetivo recolhimento da primeira contribui\u00e7\u00e3o sem atraso<\/strong>, n\u00e3o sendo consideradas para esse fim as contribui\u00e7\u00f5es recolhidas com atraso referentes a compet\u00eancias anteriores, observado, quanto ao segurado facultativo, <\/p>\n<p>A concess\u00e3o das <strong>presta\u00e7\u00f5es pecuni\u00e1rias<\/strong> do Regime Geral de Previd\u00eancia Social, depende dos seguintes <strong>per\u00edodos de car\u00eancia<\/strong>: <\/p>\n<p>I &#8211;\t<strong>12 contribui\u00e7\u00f5es mensais<\/strong>, nos casos de <strong>aux\u00edlio-doen\u00e7a<\/strong> e <strong>aposentadoria por invalidez<\/strong>; <\/p>\n<p>Il \u2013 \t<strong>180 contribui\u00e7\u00f5es mensais<\/strong>, nos casos de <strong>aposentadoria por idade<\/strong>, <strong>tempo de contribui\u00e7\u00e3o<\/strong> e <strong>especial<\/strong>. <\/p>\n<p><strong>Independe de car\u00eancia<\/strong> a concess\u00e3o das seguintes <strong>presta\u00e7\u00f5es<\/strong>: <\/p>\n<p>I &#8211; \t<strong>pens\u00e3o por morte<\/strong>, <strong>aux\u00edlio-reclus\u00e3o<\/strong>, <strong>sal\u00e1rio-fam\u00edlia<\/strong> e <strong>aux\u00edlio-acidente<\/strong> de qualquer natureza; <\/p>\n<p>II &#8211; \t<strong>sal\u00e1rio-maternidade<\/strong>, <strong>exceto<\/strong> para a <strong>segurada especial<\/strong>, que observar\u00e1 o disposto no \u00a7 2\u00ba do art. 0003; <\/p>\n<p>\u00a7 2\u00ba  Ser\u00e1 devido o sal\u00e1rio-maternidade \u00e0 segurada especial, desde que comprove o exerc\u00edcio de atividade rural nos \u00faltimos doze meses imediatamente anteriores ao requerimento do benef\u00edcio, mesmo que de forma descontinua. <\/p>\n<p>III &#8211; \t<strong>aux\u00edlio-doen\u00e7a<\/strong>  e  <strong>aposentadoria por invalidez<\/strong>  somente nos casos de acidente de qualquer natureza ou causa,  bem como nos casos de segurado que, ap\u00f3s filiar-se ao Regime Geral de Previd\u00eancia Social for acometido de alguma das doen\u00e7as e afec\u00e7\u00f5es especificadas em lista elaborada pelos Minist\u00e9rios da Sa\u00fade e do Trabalho e da Previd\u00eancia Social a cada tr\u00eas anos, de acordo com os crit\u00e9rios de estigma, deforma\u00e7\u00e3o, mutila\u00e7\u00e3o, defici\u00eancia, ou outro fator que lhe confira especificidade e gravidade que mere\u00e7am tratamento particularizado; <\/p>\n<p>\t(exce\u00e7\u00e3o)<\/p>\n<p>IV &#8211;\t<strong>aposentadoria por idade ou por invalidez<\/strong>, <strong>aux\u00edlio-doen\u00e7a<\/strong>, <strong>aux\u00edlio-reclus\u00e3o<\/strong> ou <strong>pens\u00e3o por morte<\/strong> aos <strong>segurados especiais<\/strong>, desde que comprovem o exerc\u00edcio de atividade rural no per\u00edodo imediatamente anterior ao requerimento do benef\u00edcio, ainda que de forma descont\u00ednua, igual ao n\u00famero de meses correspondente \u00e0 car\u00eancia do benef\u00edcio requerido; e <\/p>\n<p>V &#8211; \t<strong>reabilita\u00e7\u00e3o profissional<\/strong>. <\/p>\n<p>Ap\u00f3s este pequeno resumo sobre Car\u00eancia, conclu\u00edmos que a <strong>resposta correta<\/strong> para esta quest\u00e3o \u00e9 <strong>a alternativa \u201cE\u201d<\/strong>, pois para fazer juz ao aux\u00edlio-doen\u00e7a ou aposentadoria por invalidez o segurado necessita ter contribu\u00eddo no m\u00ednimo por 12 meses com a Previd\u00eancia Social, salvo o disposto na exce\u00e7\u00e3o acima descrita.<\/p>\n<p><strong>======================================================================<\/strong><\/p>\n<p><strong>1000-<\/strong> Com rela\u00e7\u00e3o \u00e0s esp\u00e9cies de presta\u00e7\u00f5es e aos benefici\u00e1rios correspondentes, assinale a <strong>op\u00e7\u00e3o incorreta<\/strong>.<\/p>\n<p>a) \tAposentadoria por invalidez \u2013 segurado.<\/p>\n<p>b) \tPens\u00e3o por morte \u2013 dependente.<\/p>\n<p>c) \tSal\u00e1rio-fam\u00edlia \u2013 segurado.<\/p>\n<p>d) \tAux\u00edlio-acidente \u2013 dependente.<\/p>\n<p>e) \tAux\u00edlio-doen\u00e7a \u2013 segurado.<\/p>\n<p><strong>Coment\u00e1rios<\/strong><\/p>\n<p>Quest\u00e3o \u201ccarimbada\u201d e que cai em todo concurso.  O concurseiro n\u00e3o pode confundir segurado com dependente pois isto faz uma diferen\u00e7a danada na hora de responder este tipo de quest\u00e3o. E para n\u00e3o perder mais tempo vamos \u00e0s defini\u00e7\u00f5es:<\/p>\n<p><strong>segurado<\/strong> \u00e9 a pessoa f\u00edsica que contribui para a Previd\u00eancia, gozando em contrapartida dos benef\u00edcios que ela oferece; <\/p>\n<p><strong>dependente<\/strong> \u00e9 aquele que, apesar de n\u00e3o efetuar nenhuma contribui\u00e7\u00e3o, faz jus a determinados benef\u00edcios previdenci\u00e1rios em virtude do v\u00ednculo mantido com o primeiro e do encargo por este suportado; <\/p>\n<p><strong>contribuinte<\/strong> \u00e9 a empresa ou a pessoa f\u00edsica ou jur\u00eddica a ela equiparada que, apesar de recolher as contribui\u00e7\u00f5es sociais, n\u00e3o goza das presta\u00e7\u00f5es e servi\u00e7os mantidos pelo sistema.<\/p>\n<h5>Alternativa \u201cA\u201d<\/h5>\n<p>A aposentadoria por invalidez \u00e9 um direito do segurado e \u00e9 ele quem faz gozo deste benef\u00edcio.<\/p>\n<p><strong>Alternativa \u201cB\u201d<\/strong><\/p>\n<p>A pens\u00e3o por morte \u00e9 direito do segurado mas s\u00e3o os dependentes que, se podemos dizer, gozar\u00e3o deste benef\u00edcio.<\/p>\n<p><strong>Alternativas  \u201cC\u201d e  \u201cE\u201d<\/strong><\/p>\n<p>O sal\u00e1rio fam\u00edlia e o aux\u00edlio doen\u00e7a, direitos do segurado, s\u00f3 poder\u00e3o ter como benefici\u00e1rios o pr\u00f3prio segurado.  <\/p>\n<p><strong>Alternativa \u201cD\u201d<\/strong><\/p>\n<p>No caso espec\u00edfico, desta quest\u00e3o, do aux\u00edlio acidente, temos que \u00e9 um direito do segurado e o benef\u00edcio \u00e9 pago pela Previd\u00eancia Social  ao pr\u00f3prio segurado, que \u00e9 quem faz juz ao mesmo.  Est\u00e1, portanto, <strong>incorreta esta alternativa<\/strong>.<\/p>\n<p><strong>======================================================================<\/strong><\/p>\n<p><strong>20-<\/strong> Com rela\u00e7\u00e3o \u00e0s esp\u00e9cies de presta\u00e7\u00f5es e aos per\u00edodos de car\u00eancia correspondentes, assinale a <strong>op\u00e7\u00e3o incorreta.<\/strong><\/p>\n<p>a) \tAposentadoria por invalidez oriunda de doen\u00e7a profissional \u2013 doze contribui\u00e7\u00f5es.<\/p>\n<p>b) \tAux\u00edlio-doen\u00e7a\u2013 doze contribui\u00e7\u00f5es.<\/p>\n<p>c) \tSal\u00e1rio-fam\u00edlia \u2013 zero contribui\u00e7\u00f5es.<\/p>\n<p>d) \tAux\u00edlio-funeral \u2013 zero contribui\u00e7\u00f5es.<\/p>\n<p>e) \tPens\u00e3o por morte \u2013 zero contribui\u00e7\u00f5es.<\/p>\n<p><strong>Coment\u00e1rios<\/strong><\/p>\n<p>J\u00e1 vimos que <strong>pens\u00e3o por morte<\/strong>, <strong>aux\u00edlio-reclus\u00e3o<\/strong>, <strong>sal\u00e1rio-fam\u00edlia<\/strong> e <strong>aux\u00edlio-acidente N\u00c3O <\/strong>necessitam de car\u00eancia para serem gozadas pelo segurado ou dependentes.<\/p>\n<p>No caso de <strong>aux\u00edlio-doen\u00e7a<\/strong> e <strong>aposentadoria por invalidez, <\/strong>existe uma car\u00eancia de <strong>12 contribui\u00e7\u00f5es mensais<\/strong>.   <strong>aposentadoria por idade<\/strong>,  por <strong>tempo de contribui\u00e7\u00e3o<\/strong> e <strong>especial <\/strong>necessitam de <strong>180 contribui\u00e7\u00f5es mensais<\/strong>.<\/p>\n<\/p>\n<p>O pagamento do <strong>aux\u00edlio-funeral<\/strong> ficar\u00e1 sob a responsabilidade da Previd\u00eancia Social at\u00e9 que entre em vigor lei que disponha sobre os benef\u00edcios e servi\u00e7os da Assist\u00eancia Social e n\u00e3o necessita de car\u00eancia.<\/p>\n<p>Em vista do exposto, a \u00fanica alternativa que est\u00e1 incorreta \u00e9 a <strong>alternativa \u201cA\u201d,<\/strong> pois a Lei 8213\/0001 deixa claro que <strong>INEXISTE car\u00eancia<\/strong> nos casos de Aposentadoria por invalidez oriunda de doen\u00e7a profissional.<\/p>\n<p><strong>====================================================================================<\/strong><\/p>\n<p><strong>21-<\/strong> Com rela\u00e7\u00e3o ao aux\u00edlio-doen\u00e7a e suas caracter\u00edsticas, assinale a <strong>op\u00e7\u00e3o incorreta<\/strong>.<\/p>\n<p>a) \tBenef\u00edcio continuado.<\/p>\n<p>b) \tDevido ao segurado.<\/p>\n<p>c) \tExtin\u00e7\u00e3o do benef\u00edcio pela recupera\u00e7\u00e3o da capacidade para o trabalho.<\/p>\n<p>d) \tPossui prazo de car\u00eancia, em regra.<\/p>\n<p>e) \tIncapacita\u00e7\u00e3o permanente para o trabalho.<\/p>\n<p><strong>Coment\u00e1rios<\/strong><\/p>\n<p>O benef\u00edcio  <strong>AUX\u00cdLIO &#8211; DOEN\u00c7A<\/strong> , regulamentado pelos  art. 5000 a 64 da Lei n\u00ba 8.213 \/ 0001, nos traz o seguinte:<\/p>\n<p><strong>Benefici\u00e1rios:\t<\/strong>ser\u00e1 <strong>devido ao segurado<\/strong> que, <strong>tendo cumprido<\/strong>, quando for o caso, o <strong>per\u00edodo de car\u00eancia <\/strong>exigido na lei, <strong>ficar incapacitado para o seu trabalho ou para a sua atividade habitual por mais de 15 dias<\/strong> \uf0e8 h\u00e1 a <strong><em>suspens\u00e3o do contrato de trabalho<\/em><\/strong>:  n\u00e3o h\u00e1 c\u00f4mputo do tempo de servi\u00e7o.<\/p>\n<ul>\n<li>os <strong>primeiros 15 dias correm por conta da empresa<\/strong>, quando o <strong>contrato de trabalho fica interrompido<\/strong><\/li>\n<\/ul>\n<table>\n<tr>\n<td>\n<p><strong>Renda Mensal do Benef\u00edcio<\/strong><\/p>\n<\/td>\n<td>\n<p>Data do Recebimento<\/p>\n<\/td>\n<td>\n<h5>Dura\u00e7\u00e3o<\/h5>\n<\/td>\n<td>\n<p><strong>Per\u00edodo  de Car\u00eancia<\/strong><\/p>\n<\/td>\n<\/tr>\n<tr>\n<td>\n<p>\uf0e8 <strong>0001 % do sal\u00e1rio de benef\u00edcio<\/strong>, n\u00e3o podendo Ter valor inferior ao do sal\u00e1rio m\u00ednimo, nem superior ao do limite m\u00e1ximo do sal\u00e1rio de contribui\u00e7\u00e3o<\/p>\n<\/td>\n<td>\n<p>\uf0e0 <strong>ser\u00e1 devida<\/strong>:<\/p>\n<p>I \u2013 ao segurado <strong>Empregado<\/strong>:<\/p>\n<ol>\n<li>a contar do <strong>16\u00ba dia<\/strong> do <strong>afastamento da atividade<\/strong>;<\/li>\n<\/ol>\n<p>II \u2013 <strong>demais segurados<\/strong>: a contar da data do in\u00edcio da   incapacidade e enquanto ele permanecer incapaz. <\/p>\n<\/td>\n<td>\n<p>\uf0e0 <strong>n\u00e3o cessar\u00e1 o benef\u00edcio<\/strong> at\u00e9 que o segurado em gozo do aux\u00edlio <strong>seja dado como habilitado<\/strong> para o desempenho de nova atividade que lhe garanta a subsist\u00eancia, <strong>ou qdo. considerado n\u00e3o-recuper\u00e1vel<\/strong>, <strong>for aposentado por invalidez.<\/strong><\/p>\n<\/td>\n<td>\n<p>\uf0e0 <strong>12 contribui\u00e7\u00f5es<\/strong> mensais<\/p>\n<\/td>\n<\/tr>\n<\/table>\n<p>Analisando uma a uma as alternativas podemos dizer que o benef\u00edcio Aux\u00edlio \u2013 Doen\u00e7a:<\/p>\n<p><strong>\u00c9 benef\u00edcio continuado<\/strong> pois s\u00f3 cessa quando o segurado \u00e9 dado como habilitado para o desempenho de nova atividade.<\/p>\n<p><strong>\u00c9 devido ao segurado<\/strong> a contar do 16\u00ba dia do afastamento da atividade, quando  este for empregado.<\/p>\n<p><strong>O benef\u00edcio \u00e9 extinto<\/strong> quando da recupera\u00e7\u00e3o do segurado para a atividade laboral.<\/p>\n<p>Em regra, <strong>o aux\u00edlio \u2013 doen\u00e7a necessita de uma car\u00eancia<\/strong> de 180 contribui\u00e7\u00f5es mensais para passar a ser um direito do segurado.<\/p>\n<p>Sobra, portanto, <strong>a alternativa \u201cE<\/strong>\u201d que \u00e9 a alternativa que responde a esta quest\u00e3o, pois  se houver incapacita\u00e7\u00e3o permanente para o trabalho o segurado ser\u00e1 aposentado por invalidez, cessando o benef\u00edcio do aux\u00edlio \u2013 doen\u00e7a.<\/p>\n<p><strong>======================================================================<\/strong><\/p>\n<p><strong>22- <\/strong>Com rela\u00e7\u00e3o ao aux\u00edlio-acidente e suas caracter\u00edsticas, assinale a <strong>op\u00e7\u00e3o incorreta.<\/strong><\/p>\n<p>a) \tBenef\u00edcio instant\u00e2neo.<\/p>\n<p>b) \tDevido ao segurado.<\/p>\n<p>c) \tCar\u00e1ter indenizat\u00f3rio.<\/p>\n<p>d) \tVinculado a seq\u00fcelas consolidadas.<\/p>\n<p>e) \tExtin\u00e7\u00e3o do benef\u00edcio pelo \u00f3bito do segurado.<\/p>\n<h5>Coment\u00e1rios<\/h5>\n<p>O <strong>AUX\u00cdLIO \u2013 ACIDENTE<\/strong>  \u00e9 regulamentado pelo  art. 86 da Lei n\u00ba 8.213 \/ 0001, o qual resumidamente transcrevemos abaixo, de uma forma mais did\u00e1tica.<\/p>\n<p><strong>Benefici\u00e1rios:\t <\/strong>trata-se de <strong>benef\u00edcio concedido como indeniza\u00e7\u00e3o<\/strong> quando, ap\u00f3s consolida\u00e7\u00e3o das les\u00f5es decorrentes de acidente de qualquer natureza, <strong>resultarem seq\u00fcelas que impliquem<\/strong> <strong>redu\u00e7\u00e3o da capacidade para o trabalho que habitualmente exercia<\/strong>.  \u00c9 devido somente aos <strong>empregados<\/strong>, aos <strong>avulsos<\/strong> e  aos <strong>segurados especiais<\/strong>.<\/p>\n<table>\n<tr>\n<td>\n<p><strong>Renda Mensal do Benef\u00edcio<\/strong><\/p>\n<\/td>\n<td>\n<p>Data do Recebimento<\/p>\n<\/td>\n<td>\n<h5>Dura\u00e7\u00e3o<\/h5>\n<\/td>\n<td>\n<p><strong>Per\u00edodo  de Car\u00eancia<\/strong><\/p>\n<\/td>\n<\/tr>\n<tr>\n<td>\n<p>\uf0e8 <strong>50 % do sal\u00e1rio de benef\u00edcio<\/strong>.<\/p>\n<\/td>\n<td>\n<p>\uf0e8 a <strong>data do in\u00edcio da cessa\u00e7\u00e3o<\/strong> do <strong>aux\u00edlio-doen\u00e7a<\/strong>, percebido <strong>enquanto n\u00e3o consolidadas<\/strong> as les\u00f5es decorrentes do acidente. <\/p>\n<\/td>\n<td>\n<p>\uf0e0 <strong>ser\u00e1 devido<\/strong> a <strong>partir do dia seguinte ao da cessa\u00e7\u00e3o do aux\u00edlio-doen\u00e7a<\/strong>, independentemente de qualquer remunera\u00e7\u00e3o ou rendimento auferido pelo acidentado, <strong>vedada sua acumula\u00e7\u00e3o com qualquer aposentadoria<\/strong><\/p>\n<\/td>\n<td><\/td>\n<\/tr>\n<\/table>\n<p>A resposta <strong>correta para esta quest\u00e3o est\u00e1 na alternativa \u201cA\u201d,<\/strong> pois o benef\u00edcio do aux\u00edlio \u2013 acidente n\u00e3o \u00e9 instant\u00e2neo e sim concedido ap\u00f3s a consolida\u00e7\u00e3o das les\u00f5es decorrentes de acidente de qualquer natureza.   Neste \u00ednterim, enquanto n\u00e3o faz juz ao aux\u00edlio \u2013 acidente, o  segurado recebe o aux\u00edlio \u2013 doen\u00e7a.<\/p>\n<p>O benef\u00edcio aux\u00edlio \u2013 acidente \u00e9 devido ao segurado (<strong>alternativa \u201cB\u201d<\/strong>), tem como caracter\u00edstica principal o seu car\u00e1ter indenizat\u00f3rio <strong>(alternativa \u201cC\u201d<\/strong>), sendo vinculado \u00e0 seq\u00fcelas que impliquem redu\u00e7\u00e3o da capacidade para o trabalho que habitualmente exercia (<strong>alternativa \u201cD\u201d<\/strong>)  e extingue-se com o \u00f3bito do segurado (<strong>alternativa \u201cE\u201d<\/strong>)<\/p>\n<p><strong>======================================================================<\/strong><\/p>\n<p><strong>23-<\/strong> Com rela\u00e7\u00e3o \u00e0 aposentadoria por invalidez e suas caracter\u00edsticas, assinale a <strong>op\u00e7\u00e3o incorreta.<\/strong><\/p>\n<p>a) \tBenef\u00edcio de renda mensal.<\/p>\n<p>b) \tExige, em regra, car\u00eancia.<\/p>\n<p>c) \tExtin\u00e7\u00e3o do benef\u00edcio com o retorno volunt\u00e1rio \u00e0 atividade.<\/p>\n<p>d) \tPode ser acumulado com aux\u00edlio-doen\u00e7a.<\/p>\n<p>e) \tAl\u00edquota de 100% do sal\u00e1rio-de-benef\u00edcio.<\/p>\n<p><strong>Coment\u00e1rios<\/strong><\/p>\n<p>A  <strong>APOSENTADORIA  POR  INVALIDEZ<\/strong>   \u00e9 tratada nos  art. 42 a 47 da Lei n\u00ba 8.213 \/ 0001, que apresentamos abaixo:<\/p>\n<p><strong>Benefici\u00e1rios:\t<\/strong>trata-se de <strong>benef\u00edcio de trato continuado<\/strong>, devido, mensal e sucessivamente, <strong>em face da incapacidade total e definitiva do segurado<\/strong>.<\/p>\n<table>\n<tr>\n<td>\n<p><strong>Renda Mensal do Benef\u00edcio<\/strong><\/p>\n<\/td>\n<td>\n<p>Data do Recebimento<\/p>\n<\/td>\n<td>\n<h5>Dura\u00e7\u00e3o<\/h5>\n<\/td>\n<td>\n<p><strong>Per\u00edodo  de Car\u00eancia<\/strong><\/p>\n<\/td>\n<\/tr>\n<tr>\n<td>\n<p>\uf0e8 <strong>100% do sal\u00e1rio de benef\u00edcio<\/strong>;<\/p>\n<p>\uf0e8 n\u00e3o pode ser inferior ao sal\u00e1rio m\u00ednimo;<\/p>\n<p>\uf0e8 se necessitar do aux\u00edlio de outra pessoa, <strong>o sal\u00e1rio ser\u00e1 acrescido de  25 %.<\/strong><\/p>\n<\/td>\n<td>\n<p>\uf0e0 ser\u00e1 devida <strong>a partir do dia imediato ao da cessa\u00e7\u00e3o do aux\u00edlio-doen\u00e7a<\/strong><\/p>\n<\/td>\n<td>\n<p>\uf0e0 <strong>enquanto permanecer<\/strong> a condi\u00e7\u00e3o do segurado de <strong>incapaz<\/strong> para o exerc\u00edcio da atividade que lhe garanta a subsist\u00eancia.<\/p>\n<\/td>\n<td>\n<p>\uf0e0 <strong>12 contribui\u00e7\u00f5es<\/strong> mensais, com ressalvas.<\/p>\n<\/td>\n<\/tr>\n<\/table>\n<p>O m\u00e9todo de resolu\u00e7\u00e3o repete \u00e0 das quest\u00f5es anteriores, ou seja, devemos escolher a quest\u00e3o incorreta de um rol no qual existem 4 alternativas corretas e apenas uma incorreta.  Falei o \u00f3bvio, n\u00e3o ?  Mais f\u00e1cil, imposs\u00edvel !!!<\/p>\n<p>As caracter\u00edsticas do beneficio de Aposentadoria por Invalidez s\u00e3o relacionados no quadro acima e verificando as alternativas, a \u00fanica que n\u00e3o se enquadra no quadro (\u00eata trocadilho porreta!!) \u00e9 a <strong>alternativa \u201cD\u201d,<\/strong> pois o benef\u00edcio da Aposentadoria por Invalidez ser\u00e1 devida  a partir da cessa\u00e7\u00e3o do aux\u00edlio \u2013 doen\u00e7a.  Sem mais coment\u00e1rios, pois estar\u00edamos chovendo no molhado.<\/p>\n<p><strong>======================================================================<\/strong><\/p>\n<p><strong>24-<\/strong> Com rela\u00e7\u00e3o \u00e0 reabilita\u00e7\u00e3o profissional e suas caracter\u00edsticas, assinale a <strong>op\u00e7\u00e3o incorreta.<\/strong><\/p>\n<p>a) \tDesenvolve capacidades residuais das pessoas incapacitadas.<\/p>\n<p>b) \t\u00c9 um benef\u00edcio tempor\u00e1rio.<\/p>\n<p>c) \tBusca integra\u00e7\u00e3o no mercado de trabalho.<\/p>\n<p>d) \tExige trabalho integrado de profissionais de diferentes \u00e1reas.<\/p>\n<p>e) \tPermite readapta\u00e7\u00e3o profissional.<\/p>\n<h5>Coment\u00e1rios<\/h5>\n<p>A habilita\u00e7\u00e3o e a reabilita\u00e7\u00e3o profissional s\u00e3o tratadas na Lei 8213\/0001, nos artigos 8000 a 0003, cuja transcri\u00e7\u00e3o parcial fazemos abaixo:<\/p>\n<p><strong>Art. <\/strong>8000. A habilita\u00e7\u00e3o e a reabilita\u00e7\u00e3o profissional e social dever\u00e3o proporcionar ao benefici\u00e1rio incapacitado parcial ou totalmente para o trabalho, e \u00e0s pessoas portadoras de defici\u00eancia, os meios para a (re)educa\u00e7\u00e3o e de (re)adapta\u00e7\u00e3o profissional e social indicados para participar do mercado de trabalho e do contexto em que vive. <\/p>\n<p><strong>Par\u00e1grafo \u00fanico<\/strong>. A reabilita\u00e7\u00e3o profissional compreende: <\/p>\n<p>a)\to fornecimento de aparelho de pr\u00f3tese, \u00f3rtese e instrumentos de aux\u00edlio para locomo\u00e7\u00e3o quando a perda ou redu\u00e7\u00e3o da capacidade funcional puder ser atenuada por seu uso e dos equipamentos necess\u00e1rios \u00e0 habita\u00e7\u00e3o e reabilita\u00e7\u00e3o social e profissional; <\/p>\n<p>b) \ta repara\u00e7\u00e3o ou a substitui\u00e7\u00e3o dos aparelhos mencionados no inciso anterior, desgastados pelo uso normal ou por ocorr\u00eancia estranha \u00e0 vontade do benefici\u00e1rio; <\/p>\n<p>c) \to transporte do acidentado do trabalho, quando necess\u00e1rio. <\/p>\n<p><strong>Art. <\/strong>0000. A presta\u00e7\u00e3o de que trata o artigo anterior \u00e9 devida em car\u00e1ter, obrigat\u00f3rio aos segurados, inclusive aposentados e, na medida das possibilidades do \u00f3rg\u00e3o da Previd\u00eancia Social, aos seus dependentes. <\/p>\n<p><strong>Art. <\/strong>0001. Ser\u00e1 concedido, no caso de habilita\u00e7\u00e3o e reabilita\u00e7\u00e3o profissional, aux\u00edlio para tratamento ou exame fora do domic\u00edlio do benefici\u00e1rio, conforme dispuser o Regulamento. <\/p>\n<p><strong>Art. <\/strong>0002. Conclu\u00eddo o processo de habilita\u00e7\u00e3o ou reabilita\u00e7\u00e3o social e profissional, a Previd\u00eancia Social emitir\u00e1 certificado individual, indicando as atividades que poder\u00e3o ser exercidas pelo benefici\u00e1rio, nada impedindo que este exer\u00e7a outra atividade para a qual se capacitar. <\/p>\n<p><strong>Art.<\/strong> 62. O segurado em gozo de aux\u00edlio-doen\u00e7a, insuscept\u00edvel de recupera\u00e7\u00e3o para sua atividade habitual, dever\u00e1 submeter-se a processo de reabilita\u00e7\u00e3o profissional para o exerc\u00edcio de outra atividade. N\u00e3o cessar\u00e1 o benef\u00edcio at\u00e9 que seja dado como habilitado para o desempenho de nova atividade que lhe garanta a subsist\u00eancia ou, quando considerado n\u00e3o-recuper\u00e1vel, for aposentado por invalidez. <\/p>\n<p>Esta \u00e9, realmente, uma quest\u00e3o bem interessante.   O examinador foi buscar um dos benef\u00edcios, como por dizer, \u201cmenos\u201d importante ou mais esquecido do rol de benef\u00edcios da Previd\u00eancia Social.  E as alternativas n\u00e3o ajudaram muito na elucida\u00e7\u00e3o da quest\u00e3o.  Uma das poucas quest\u00f5es desta prova que tiveram um grau de dificuldade m\u00e9dio. <\/p>\n<p>O texto das alternativas n\u00e3o \u00e9, como nas quest\u00f5es anteriores, c\u00f3pia fiel do texto legal (Lei 8213\/0001).  Portanto, o concurseiro tinha que ter conhecimento pleno da Lei, e mais especificamente deste t\u00f3pico para responder a contento esta quest\u00e3o.<\/p>\n<p>Alternativa \u201cA\u201d<\/p>\n<p>O texto legal traz que a habilita\u00e7\u00e3o e reabilita\u00e7\u00e3o profissional devem proporcionar ao benefici\u00e1rio incapacitado os meios para sua readapta\u00e7\u00e3o profissional e social para participar do mercado de trabalho e do meio em que vive.  O trabalho desenvolvido com estes segurados \u00e9 amplo e complexo e por vezes acaba trazendo outros ganhos para o benefici\u00e1rio. <\/p>\n<p> Exemplos s\u00e3o pessoas que exerciam atividades que contemplavam o uso maci\u00e7o de um dos sentidos humanos: vis\u00e3o, audi\u00e7\u00e3o, paladar, tato ou olfato.  Na perda de um deles, a reabilita\u00e7\u00e3o promove o agu\u00e7amento em outros \u00f3rg\u00e3os sensoriais, possibilitando ao benefici\u00e1rio um aumento em sua capacidade residual.   <strong>Alternativa correta.<\/strong><\/p>\n<p><strong>Alternativa \u201cB\u201d<\/strong><\/p>\n<p>Tempor\u00e1rio \u00e9 o mesmo que provis\u00f3rio.  E o benef\u00edcio de reabilita\u00e7\u00e3o ou readapta\u00e7\u00e3o fornecido ao segurado incapacitado n\u00e3o pode ser considerado provis\u00f3rio, pois ele \u00e9 concedido em car\u00e1ter obrigat\u00f3rio e enquanto perdurar sua invalidez ou at\u00e9 que seja constatado que est\u00e1 apto para desempenhar nova atividade que lhe garanta a subsist\u00eancia.  Portanto, o benef\u00edcio concedido pela Previd\u00eancia Social n\u00e3o \u00e9 tempor\u00e1rio e sim cont\u00ednuo enquanto perdurar a situa\u00e7\u00e3o vivida pelo segurado.   <strong>Alternativa incorreta e portanto o gabarito da quest\u00e3o<\/strong>.<\/p>\n<p><strong>Alternativa \u201cC\u201d<\/strong><\/p>\n<p>Realmente, a busca pela integra\u00e7\u00e3o no mercado de trabalho \u00e9 um dos principais objetivos deste benef\u00edcio concedido pela Previd\u00eancia Social.  O processo de habilita\u00e7\u00e3o e reabilita\u00e7\u00e3o procura proporcionar ao segurado incapacitado novas oportunidades, novas habilidades, que o qualifiquem a voltar ao mercado de trabalho e conseguir sua subsist\u00eancia.  <strong>Alternativa correta.<\/strong><\/p>\n<p><strong>Alternativa \u201cD\u201d<\/strong><\/p>\n<p><strong>Correto.  <\/strong>A reabilita\u00e7\u00e3o \u00e9 realizada para qualquer tipo de incapacita\u00e7\u00e3o que o segurado vier a sofrer como conseq\u00fc\u00eancia de acidente de trabalho.  Pode ser feita por fisioterapeutas, ortopedistas, terapeutas, psic\u00f3logos, neurologistas, etc.<\/p>\n<p><strong>Alternativa \u201cE\u201d<\/strong><\/p>\n<p>Com certeza<strong>.  Corret\u00edssimo<\/strong>.  \u00c9 caracter\u00edstica fundamental do programa de reabilita\u00e7\u00e3o que tem como objetivo recolocar o segurado novamente no mercado de trabalho, exercendo, se poss\u00edvel, a mesma atividade, ou em caso contr\u00e1rio, outra atividade que lhe permita garantir sua subsist\u00eancia.<\/p>\n<p><strong>======================================================================<\/strong><\/p>\n<p><strong>ANULADA<\/strong><\/p>\n<p><strong>25-<\/strong> A respeito da manuten\u00e7\u00e3o e perda da qualidade de segurado, assinale a <strong>op\u00e7\u00e3o incorreta<\/strong>.<\/p>\n<p>a) \tMant\u00e9m a qualidade de segurado, independentemente de contribui\u00e7\u00f5es sem limite de prazo para quem est\u00e1 em gozo de benef\u00edcio. <\/p>\n<p>b) \tMant\u00e9m a qualidade de segurado, at\u00e9 12 (doze) meses ap\u00f3s a cessa\u00e7\u00e3o das contribui\u00e7\u00f5es, o segurado que deixar de exercer atividade remunerada abrangida pela Previd\u00eancia Social.<\/p>\n<p>c) \tMant\u00e9m a qualidade de segurado, at\u00e9 12 (doze) meses ap\u00f3s a cessa\u00e7\u00e3o das contribui\u00e7\u00f5es, o segurado que estiver licenciado sem remunera\u00e7\u00e3o.<\/p>\n<p>d) \tMant\u00e9m a qualidade de segurado, at\u00e9 12 (doze) meses ap\u00f3s a cessa\u00e7\u00e3o das contribui\u00e7\u00f5es, o segurado que estiver suspenso. <\/p>\n<p>e) \tMant\u00e9m a qualidade de segurado, at\u00e9 12 (doze) meses ap\u00f3s cessar a segrega\u00e7\u00e3o, o segurado acometido de doen\u00e7a de segrega\u00e7\u00e3o compuls\u00f3ria.<\/p>\n<p><strong>Coment\u00e1rios<\/strong><\/p>\n<p>Esta quest\u00e3o foi de uma infelicidade tamanha para quem a elaborou, pois o gabarito oficial apontou a alternativa \u201cC\u201d como a resposta da quest\u00e3o.  Entretanto, esta alternativa tem respaldo no inciso II do artigo 15 da Lei 8213\/0001, o que a torna corret\u00edssima e portanto, como a quest\u00e3o pedia a alternativa incorreta, o gabarito estava errado.<\/p>\n<p>Al\u00e9m disso, a alternativa \u201cD\u201d tamb\u00e9m foi erroneamente formulada, visto estar, tamb\u00e9m, amparada pelo mesmo inciso II do artigo 15 da Lei 8213\/0001.  <\/p>\n<p>No texto legal est\u00e1 escrito  que o segurado mant\u00e9m a qualidade de segurado at\u00e9 12 (doze) meses ap\u00f3s a cessa\u00e7\u00e3o das contribui\u00e7\u00f5es se estiver SUSPENSO ou LICENCIADO sem remunera\u00e7\u00e3o.  Podemos ver, tamb\u00e9m, que o problema pode ser imputado ao  legislador, que n\u00e3o soube se expressar adequadamente.  Se ele queria conceder o benef\u00edcio aos segurados que estivessem SUSPENSOS ou LICENCIADOS, ambos sem remunera\u00e7\u00e3o, deveria ter colocado estas duas palavras entre v\u00edrgulas.  Existem v\u00e1rias maneiras de melhor redigir este texto, e como aqui n\u00e3o \u00e9 resolu\u00e7\u00e3o de prova de L\u00edngua Portuguesa e a quest\u00e3o j\u00e1 foi anulada, deixemos pr\u00e1 l\u00e1.<\/p>\n<p>Concluindo, temos como corretas as 5 (cinco) alternativas propostas pela quest\u00e3o, que por sua vez pedia a INCORRETA.  Imposs\u00edvel de encontrar uma resposta, quest\u00e3o acertadamente anulada.<\/p>\n<p>Abaixo, transcrevemos o artigo 15 da Lei 8213\/0001, para que voc\u00eas relembrem em quais casos h\u00e1 a manuten\u00e7\u00e3o da qualidade de segurado.<\/p>\n<p><strong>Mant\u00e9m a qualidade de segurado<\/strong>, independentemente de contribui\u00e7\u00f5es: <\/p>\n<p>I &#8211;\tsem limite de prazo, <strong>quem est\u00e1 em gozo de benef\u00edcio<\/strong>; <\/p>\n<p>II &#8211;\t<strong>at\u00e9 12 meses ap\u00f3s a cessa\u00e7\u00e3o de benef\u00edcio<\/strong> por incapacidade ou <strong>ap\u00f3s a cessa\u00e7\u00e3o das contribui\u00e7\u00f5es<\/strong>, <strong>o segurado que deixar de exercer atividade remunerada<\/strong> abrangida pela previd\u00eancia social ou <strong>estiver suspenso ou licenciado sem remunera\u00e7\u00e3o<\/strong>; <\/p>\n<p>III &#8211;\t<strong>at\u00e9 12 meses ap\u00f3s cessar a segrega\u00e7\u00e3o<\/strong>, o <strong>segurado acometido de doen\u00e7a de segrega\u00e7\u00e3o compuls\u00f3ria; <\/strong><\/p>\n<p>IV &#8211;\t<strong>at\u00e9 12 meses ap\u00f3s o livramento<\/strong>, o segurado <strong>detido ou recluso<\/strong>; <\/p>\n<p>V &#8211;\t<strong>at\u00e9 3 meses ap\u00f3s o licenciamento<\/strong>, o segurado <strong>incorporado \u00e0s For\u00e7as Armadas<\/strong> para <strong>prestar servi\u00e7o militar<\/strong>; e <\/p>\n<p>VI &#8211;\t<strong>at\u00e9 6 meses ap\u00f3s a cessa\u00e7\u00e3o das contribui\u00e7\u00f5es<\/strong>, o <strong>segurado facultativo. <\/strong><\/p>\n<p>\uf0e8\tO prazo do inciso II <strong>ser\u00e1 prorrogado para at\u00e9 24 meses<\/strong>, se o <strong>segurado j\u00e1 tiver pago mais de 120 contribui\u00e7\u00f5es mensais<\/strong> sem interrup\u00e7\u00e3o que acarrete a perda da qualidade de segurado. <\/p>\n<p>\uf0e8\tO prazo do inciso II  <strong>ser\u00e1 acrescido<\/strong>, AINDA,  de <strong>12 meses<\/strong> para <strong>o segurado desempregado<\/strong>, desde que comprovada essa situa\u00e7\u00e3o por registro no \u00f3rg\u00e3o pr\u00f3prio do Minist\u00e9rio do Trabalho e Emprego. <\/p>\n<ul>\n<li>Durante <strong>os prazos<\/strong> deste artigo, o <strong><em>segurado conserva todos os seus direitos perante a previd\u00eancia social. <\/em><\/strong><\/li>\n<\/ul>\n<p><strong>======================================================================<\/strong><\/p>\n<p><strong>26-<\/strong> Constituem parcelas integrantes do sal\u00e1rio de contribui\u00e7\u00e3o, <strong>exceto<\/strong>:<\/p>\n<p>a)\to sal\u00e1rio-maternidade.<\/p>\n<p>b) \tgratifica\u00e7\u00e3o natalina para todos os fins.<\/p>\n<p>c) \ta remunera\u00e7\u00e3o paga.<\/p>\n<p>d)\to sal\u00e1rio-base para o contribuinte individual.<\/p>\n<p>e)\ta remunera\u00e7\u00e3o registrada na Carteira de Trabalho para o empregado dom\u00e9stico.<\/p>\n<p><strong>Coment\u00e1rios<\/strong><\/p>\n<h1>Para responder esta quest\u00e3o, utilizaremos a excelente apostila \u201cSal\u00e1rio de Contribui\u00e7\u00e3o\u201d, do AFRF Prof. Gustavo Barchet, publicada sob forma de aulas no site Ponto dos Concursos e compilada, e com nova editora\u00e7\u00e3o, no site <a href=\"http:\/\/www.resumosconcursos.hpg.com.br\/\" target=\"_blank\" rel=\"noopener\">www.resumosconcursos.hpg.com.br<\/a>.<\/h1>\n<h1>\u201cO Regulamento, no art. 214, define o sal\u00e1rio de contribui\u00e7\u00e3o de cada categoria espec\u00edfica de segurado. Embora o dispositivo seja extenso, \u00e9 necess\u00e1ria sua memoriza\u00e7\u00e3o, em vista da freq\u00fc\u00eancia com que a pr\u00f3pria defini\u00e7\u00e3o legal, nos exatos termos da lei, \u00e9 exigida nos concursos. <\/h1>\n<h1>De acordo com o citado dispositivo, entende-se por sal\u00e1rio de contribui\u00e7\u00e3o:<\/h1>\n<h1>I &#8211; para o empregado (menos o dom\u00e9stico) e para o trabalhador avulso \uf0e0  <\/h1>\n<h1>a remunera\u00e7\u00e3o auferida em uma ou mais empresas, assim entendida a totalidade dos rendimentos pagos, devidos ou creditados, a qualquer t\u00edtulo, durante o m\u00eas, destinados a retribuir o trabalho, qualquer que seja a sua forma, inclusive as gorjetas, <\/h1>\n<h1>os ganhos habituais sob a forma de utilidades;<\/h1>\n<h1>e os adiantamentos decorrentes de reajuste salarial, quer pelos servi\u00e7os efetivamente prestados, quer pelo tempo \u00e0 disposi\u00e7\u00e3o do empregador ou do tomador dos servi\u00e7os, nos termos da lei ou do contrato ou, ainda, de conven\u00e7\u00e3o ou acordo coletivo de trabalho ou de conven\u00e7\u00e3o normativa;<\/h1>\n<h1>II &#8211; para o empregado dom\u00e9stico \uf0e0<\/h1>\n<h1>&#8211;\ta remunera\u00e7\u00e3o registrada na Carteira Profissional e\/ou Carteira de Trabalho e   Previd\u00eancia Social, observados os limites m\u00ednimo e m\u00e1ximo;<\/h1>\n<h1>III &#8211; para o contribuinte individual \uf0e0<\/h1>\n<h1>&#8211; \ta remunera\u00e7\u00e3o auferida em uma ou mais empresas, ou pelo exerc\u00edcio de sua atividade por conta pr\u00f3pria durante o m\u00eas, observados tamb\u00e9m os limites m\u00ednimo e m\u00e1ximo;<\/h1>\n<h1>IV &#8211; para o dirigente sindical na qualidade de empregado \uf0e0<\/h1>\n<h1>&#8211; \ta remunera\u00e7\u00e3o paga, devida ou creditada pela entidade sindical, pela empresa ou por ambas;<\/h1>\n<h1>V &#8211; para o dirigente sindical na qualidade de trabalhador avulso \uf0e0<\/h1>\n<h1>&#8211;  \ta remunera\u00e7\u00e3o paga, devida ou creditada pela entidade sindical;<\/h1>\n<h1>VI &#8211; para o segurado facultativo \uf0e0<\/h1>\n<h1>o valor por ele declarado, observados os limites m\u00e1ximo e m\u00ednimo.<\/h1>\n<h1>O segurado especial n\u00e3o consta na rela\u00e7\u00e3o acima, e o motivo \u00e9 muito simples: ele n\u00e3o contribui com base no sal\u00e1rio de contribui\u00e7\u00e3o, mas sim, por imperativo constitucional (art. 10005, \u00a7 8\u00ba), a partir da receita bruta da comercializa\u00e7\u00e3o de sua produ\u00e7\u00e3o. Assim, em regra, as disposi\u00e7\u00f5es legais acerca do sal\u00e1rio de contribui\u00e7\u00e3o n\u00e3o t\u00eam aplicabilidade no que diz respeito ao segurado especial. <\/h1>\n<h1>Todavia, o Regulamento permite que esse segurado, facultativamente, contribua tamb\u00e9m na qualidade de contribuinte individual, hip\u00f3tese em que, por essa contribui\u00e7\u00e3o facultativa, incidir\u00e3o sobre ele as disposi\u00e7\u00f5es legais relativas ao sal\u00e1rio de contribui\u00e7\u00e3o. \u201c<\/h1>\n<p>Complementando o texto acima temos que:<\/p>\n<h6>Outras parcelas integrantes do sal\u00e1rio de contribui\u00e7\u00e3o:<\/h6>\n<p><strong>&#8211;   remunera\u00e7\u00e3o adicional de f\u00e9rias<\/strong>;<\/p>\n<p><strong>&#8211;   gratifica\u00e7\u00e3o natalina &#8211; d\u00e9cimo terceiro sal\u00e1rio<\/strong>:  exceto para o c\u00e1lculo do sal\u00e1rio-de-benef\u00edcio, sendo devida a contribui\u00e7\u00e3o quando do pagamento ou cr\u00e9dito da \u00faltima parcela ou na rescis\u00e3o do contrato de trabalho. <\/p>\n<p>&#8211;  O <strong>valor das di\u00e1rias para viagens<\/strong>, quando <strong>excedente a 50 % da remunera\u00e7\u00e3o mensal<\/strong> do empregado, integra o sal\u00e1rio-de-contribui\u00e7\u00e3o <strong>pelo seu valor total<\/strong>. <\/p>\n<p>&#8211; O <strong>sal\u00e1rio-maternidade<\/strong> \u00e9 considerado <strong>sal\u00e1rio-de-contribui\u00e7\u00e3o<\/strong>.<\/p>\n<p>Ap\u00f3s uma atenta leitura no texto acima, fica \u201cbrincadeira\u201d responder a esta quest\u00e3o e todas as outras que tratem de sal\u00e1rio de contribui\u00e7\u00e3o.<\/p>\n<p><strong>A \u00fanica alternativa que satisfaz plenamente ao requisito da quest\u00e3o \u00e9 a alternativa \u201cB\u201d<\/strong> que generaliza a gratifica\u00e7\u00e3o natalina (ou d\u00e9cimo terceiro sal\u00e1rio).  O 13\u00ba \u00e9 pago em duas parcelas.  A 1\u00aa parcela n\u00e3o sofre desconto, n\u00e3o fazendo parte do sal\u00e1rio de contribui\u00e7\u00e3o.  J\u00e1 com a 2\u00aa parcela n\u00e3o ocorre o mesmo e ela faz parte do sal\u00e1rio de contribui\u00e7\u00e3o.<\/p>\n<p>As demais alternativas est\u00e3o contempladas no texto acima e n\u00e3o necessitam de maiores coment\u00e1rios.<\/p>\n<p><strong>======================================================================<\/strong><\/p>\n<p><strong>27-<\/strong> Nos termos do Regulamento da Previd\u00eancia Social, Decreto-lei 3.048\/000000, <strong>s\u00e3o obriga\u00e7\u00f5es acess\u00f3rias da rela\u00e7\u00e3o tribut\u00e1ria previdenci\u00e1ria<\/strong>, <strong>exceto<\/strong>:<\/p>\n<p>a) \tpreparar folha de pagamento da remunera\u00e7\u00e3o paga, devida ou creditada a todos os segurados a seu servi\u00e7o, devendo manter, em cada estabelecimento, uma via da respectiva folha e recibos de pagamentos.<\/p>\n<p>b) \tlan\u00e7ar mensalmente em t\u00edtulos pr\u00f3prios de sua contabilidade, de forma discriminada, os fatos geradores de todas as contribui\u00e7\u00f5es, o montante das quantias descontadas, as contribui\u00e7\u00f5es da empresa e os totais recolhidos. <\/p>\n<p>c) \tprestar ao Instituto Nacional do Seguro Social e \u00e0 Secretaria da Receita Federal todas as informa\u00e7\u00f5es cadastrais, financeiras e cont\u00e1beis de interesse dos mesmos, na forma por eles estabelecida, bem como os esclarecimentos necess\u00e1rios \u00e0 fiscaliza\u00e7\u00e3o.<\/p>\n<p>d)\tencaminhar ao sindicato representativo da categoria profissional mais numerosa entre seus empregados, at\u00e9 o dia dez de cada m\u00eas, c\u00f3pia da Guia da Previd\u00eancia Social relativamente \u00e0 compet\u00eancia anterior.<\/p>\n<p>e) \tpagar todas contribui\u00e7\u00f5es sociais devidas no per\u00edodo de apura\u00e7\u00e3o, juntamente com as multas decorrentes do atraso no pagamento.<\/p>\n<p><strong>Coment\u00e1rios<\/strong><\/p>\n<p>Apesar do texto extenso, a quest\u00e3o \u00e9 relativamente f\u00e1cil, s\u00f3 tendo o concurseiro de prestar a devida aten\u00e7\u00e3o ao texto, procurando poss\u00edveis \u201cpegadinhas\u201d, muito comuns em quest\u00f5es desta natureza.<\/p>\n<p>O Decreto 3048\/000000, no seu artigo 225, abaixo transcrito, traz quais s\u00e3o as obriga\u00e7\u00f5es acess\u00f3rias da rela\u00e7\u00e3o tribut\u00e1ria previdenci\u00e1ria.<\/p>\n<p><strong>Art. 225.<\/strong> A empresa \u00e9 tamb\u00e9m obrigada a: <\/p>\n<p>I &#8211; \tpreparar folha de pagamento da remunera\u00e7\u00e3o paga, devida ou creditada a todos os segurados a seu servi\u00e7o, devendo manter, em cada estabelecimento, uma via da respectiva folha e recibos de pagamentos: <\/p>\n<p>II &#8211; \tlan\u00e7ar mensalmente em t\u00edtulos pr\u00f3prios de sua contabilidade, de forma discriminada, os fatos geradores de todas as contribui\u00e7\u00f5es, o montante das quantias descontadas, as contribui\u00e7\u00f5es da empresa e os totais recolhidos; <\/p>\n<p>III &#8211; \tprestar ao Instituto Nacional do Seguro Social e \u00e0 Secretaria da Receita Federal todas as informa\u00e7\u00f5es cadastrais, financeiras e cont\u00e1beis de interesse dos mesmos, na forma por eles estabelecida, bem como os esclarecimentos necess\u00e1rios \u00e0 fiscaliza\u00e7\u00e3o; <\/p>\n<p>IV &#8211;\t informar mensalmente ao Instituto Nacional do Seguro Social, por interm\u00e9dio da Guia de Recolhimento do Fundo de Garantia do Tempo de Servi\u00e7o e Informa\u00e7\u00f5es \u00e0 Previd\u00eancia Social, na forma por ele estabelecida, dados cadastrais, todos os fatos geradores de contribui\u00e7\u00e3o previdenci\u00e1ria e outras informa\u00e7\u00f5es de interesse daquele Instituto; <\/p>\n<p>V &#8211; \tencaminhar ao sindicato representativo da categoria profissional mais numerosa entre seus empregados, at\u00e9 o dia dez de cada m\u00eas, c\u00f3pia da Guia da Previd\u00eancia Social relativamente \u00e0 compet\u00eancia anterior; e <\/p>\n<p>VI &#8211; \tafixar c\u00f3pia da Guia da Previd\u00eancia Social, relativamente \u00e0 compet\u00eancia anterior, durante o per\u00edodo de um m\u00eas, no quadro de hor\u00e1rio de que trata o art. 74 da Consolida\u00e7\u00e3o das Leis do Trabalho. <\/p>\n<h5>Alternativas \u201cA\u201d,  \u201cB\u201d, \u201cC\u201d e \u201cD\u201d<\/h5>\n<p><strong>Corretas<\/strong>.  Textos das alternativas s\u00e3o id\u00eanticos, sem meias palavras, aos incisos I, II, III e V, respectivamente, do artigo acima transcrito.<\/p>\n<p><strong>Alternativa \u201cE\u201d<\/strong><\/p>\n<p>A alternativa \u201cE\u201d, por sua vez, n\u00e3o \u00e9 considerada Obriga\u00e7\u00e3o acess\u00f3ria e sim OBRIGA\u00c7\u00c3O PRINCIPAL, e portanto a <strong>alternativa correta para esta quest\u00e3o<\/strong>.<\/p>\n<h4>ANULADA<\/h4>\n<p><strong>28-<\/strong> Nos termos do Regulamento da Previd\u00eancia Social, analise as assertivas a respeito da <strong>responsabilidade solid\u00e1ria<\/strong> da contribui\u00e7\u00e3o social, <strong>assinalando a correta.<\/strong><\/p>\n<p>a) \tA empresa contratante de servi\u00e7os executados mediante cess\u00e3o ou empreitada de m\u00e3o-de-obra dever\u00e1 reter onze por cento do valor bruto da nota fiscal, fatura ou recibo de presta\u00e7\u00e3o de servi\u00e7os e recolher a import\u00e2ncia retida em nome da empresa contratada.<\/p>\n<p>b) \tO propriet\u00e1rio, o incorporador definido na Lei n\u00ba 4.50001, de 100064, o dono da obra ou cond\u00f4mino da unidade imobili\u00e1ria, cuja contrata\u00e7\u00e3o da constru\u00e7\u00e3o, reforma ou acr\u00e9scimo n\u00e3o envolva cess\u00e3o de m\u00e3o-de-obra, <strong>n\u00e3o s\u00e3o<\/strong> solid\u00e1rios com o construtor.<\/p>\n<p>c) \tConsidera-se construtor, para os efeitos do Regulamento da Previd\u00eancia Social, a pessoa f\u00edsica ou jur\u00eddica que executa obra sob sua responsabilidade, no todo ou em parte.<\/p>\n<p>d) \tExclui-se da responsabilidade solid\u00e1ria perante a seguridade social o adquirente de pr\u00e9dio ou unidade imobili\u00e1ria que realize a opera\u00e7\u00e3o com empresa de comercializa\u00e7\u00e3o.<\/p>\n<p>e) \tAs empresas que integram grupo econ\u00f4mico de qualquer natureza respondem entre si, solidariamente, pelas obriga\u00e7\u00f5es decorrentes do disposto no Regulamento da Previd\u00eancia Social.<\/p>\n<p><strong>Coment\u00e1rios<\/strong><\/p>\n<p>Esta quest\u00e3o s\u00f3 pode ter sido anulada por erro de grafia, pois o examinador queria, com certeza, que fosse assinalada a alternativa INCORRETA, pois as <strong>alternativas \u201cA\u201d, \u201cC\u201d, \u201cD\u201d e \u201cE\u201d est\u00e3o corretas<\/strong>, conforme podemos comprovar pelo excerto do Regulamento transcrito abaixo.  J\u00e1 a <strong>alternativa \u201cB\u201d est\u00e1 incorreta<\/strong> e deveria ser o gabarito correto se a quest\u00e3o pedisse para assinalar a incorreta.<\/p>\n<p><strong>Reten\u00e7\u00e3o:<\/strong>\tA empresa contratante de <strong>servi\u00e7os executados mediante cess\u00e3o ou empreitada de m\u00e3o-de-obra<\/strong> <strong>dever\u00e1 reter<\/strong>  <strong>11 <em>%  do valor bruto da nota fiscal, fatura ou recibo de presta\u00e7\u00e3o de servi\u00e7os<\/em><\/strong> e <strong>recolher<\/strong> a import\u00e2ncia retida <strong>em nome da empresa contratada<\/strong>. (<strong>alternativa \u201cA\u201d est\u00e1 correta<\/strong>, pois \u00e9 literalmente igual a este dispositivo legal)<\/p>\n<p><strong>Cess\u00e3o de m\u00e3o-de-obra:<\/strong>\t  \u00e9 a <strong>coloca\u00e7\u00e3o \u00e0 disposi\u00e7\u00e3o do contratante<\/strong>, em suas depend\u00eancias ou nas de terceiros, <strong>de segurados que realizem servi\u00e7os cont\u00ednuos<\/strong>, relacionados ou n\u00e3o com a atividade fim da empresa, independentemente da natureza e da forma de contrata\u00e7\u00e3o, <strong>inclusive por meio de trabalho tempor\u00e1rio. <\/strong><\/p>\n<\/p>\n<ul>\n<li>O <strong>valor retido<\/strong> dever\u00e1 <strong>ser destacado na nota fiscal, fatura ou recibo de presta\u00e7\u00e3o de servi\u00e7os<\/strong>, sendo compensado pelo respectivo estabelecimento da empresa contratada quando do recolhimento das contribui\u00e7\u00f5es destinadas \u00e0 seguridade social devidas sobre a folha de pagamento dos segurados. <\/li>\n<\/ul>\n<p><strong>RESPONSABILIDADE SOLID\u00c1RIA:<\/strong>\th\u00e1 <strong>solidariedade<\/strong>, quando <strong>na mesma obriga\u00e7\u00e3o<\/strong> <strong>concorre mais de um credor<\/strong>, ou mais de um devedor, <strong>cada um com direito, ou obriga\u00e7\u00e3o, \u00e0 d\u00edvida toda.<\/strong><\/p>\n<p><strong>\uf0e8 <\/strong>A solidariedade pode ser:  <\/p>\n<ol>\n<li><strong>ativa ou passiva;<\/strong><\/li>\n<li><strong>legal ou convencional<\/strong>.<\/li>\n<\/ol>\n<p><strong>Solidariedade Ativa<\/strong>:\tquando, <strong>havendo v\u00e1rios credores<\/strong>, cada um tem direito de exigir do devedor comum o <strong>cumprimento da presta\u00e7\u00e3o por inteiro<\/strong>.<\/p>\n<p><strong>Solidariedade Passiva<\/strong>:   quando, <strong>havendo v\u00e1rios devedores<\/strong>, o credor tem o direito de exigir e de receber de um ou de alguns dos devedores, <strong>parcial ou totalmente, a divida comum.<\/strong><\/p>\n<ul>\n<li>a legisla\u00e7\u00e3o da Seguridade Social at\u00eam-se \u00e0 <strong>solidariedade passiva<\/strong> e <strong>legal<\/strong>, estabelecendo a responsabilidade solid\u00e1ria em determinadas hip\u00f3teses.<\/li>\n<\/ul>\n<p>\uf0e8\tO <strong>propriet\u00e1rio, o incorporador, o dono da obra <\/strong>ou<strong> cond\u00f4mino da unidade imobili\u00e1ria<\/strong> cuja contrata\u00e7\u00e3o da constru\u00e7\u00e3o, reforma ou acr\u00e9scimo<strong> n\u00e3o envolva cess\u00e3o de m\u00e3o-de-obra<\/strong>, <strong>s\u00e3o<\/strong> <strong>solid\u00e1rios<\/strong> com <strong>o construtor<\/strong>, e este e aqueles com <strong>a subempreiteira<\/strong>, pelo cumprimento das obriga\u00e7\u00f5es para com a seguridade social, ressalvado o seu direito regressivo contra o executor ou contratante da obra e admitida a reten\u00e7\u00e3o de import\u00e2ncia a este devida para garantia do cumprimento dessas obriga\u00e7\u00f5es, <strong>n\u00e3o se aplicando, em qualquer hip\u00f3tese, o benef\u00edcio de ordem<\/strong>. <strong>( esta \u00e9 a alternativa que n\u00e3o condiz com o texto legal e portanto est\u00e1 incorreta, devido \u00fanica e exclusivamente \u00e0 nega\u00e7\u00e3o da solidariedade com o construtor descrita no texto da alternativa.)<\/strong><\/p>\n<ul>\n<li>N\u00e3o se considera cess\u00e3o de m\u00e3o-de-obra, para os fins deste artigo, a contrata\u00e7\u00e3o de constru\u00e7\u00e3o civil em que a empresa construtora assuma a responsabilidade direta e total pela obra ou repasse o contrato integralmente. <\/li>\n<\/ul>\n<p>\uf0e8\tA  <strong>responsabilidade solid\u00e1ria<\/strong> ser\u00e1 <strong>elidida (suprimida)<\/strong>: <\/p>\n<p>I &#8211;\t<strong>pela comprova\u00e7\u00e3o<\/strong> <strong>do recolhimento<\/strong> das <strong>contribui\u00e7\u00f5es incidentes sobre a remunera\u00e7\u00e3o dos segurados<\/strong>, inclu\u00edda em nota fiscal ou fatura correspondente aos servi\u00e7os executados, quando corroborada por escritura\u00e7\u00e3o cont\u00e1bil; e <\/p>\n<p>II &#8211;\t<strong>pela comprova\u00e7\u00e3o do recolhimento<\/strong> <strong>das contribui\u00e7\u00f5es incidentes sobre a remunera\u00e7\u00e3o dos segurados,<\/strong> aferidas indiretamente nos termos, forma e percentuais previstos pelo INSS.<\/p>\n<p><strong>Construtor:\t<\/strong>para os efeitos deste Regulamento, a pessoa f\u00edsica ou jur\u00eddica que executa obra sob sua responsabilidade, no todo ou em parte. ( a <strong>alternativa \u201cC\u201d est\u00e1 correta<\/strong>, pois concorda com o texto legal)<\/p>\n<ul>\n<li><strong>Exclui-se<\/strong> da <strong>responsabilidade solid\u00e1ria<\/strong> perante a seguridade social o adquirente de pr\u00e9dio ou unidade imobili\u00e1ria <strong>que realize a opera\u00e7\u00e3o com empresa de comercializa\u00e7\u00e3o <\/strong>ou<strong> com incorporador de im\u00f3veis<\/strong>, ficando estes <strong>solidariamente respons\u00e1veis com o construtor<\/strong>. (<strong>correta a alternativa \u201cD\u201d,<\/strong> pois o texto \u00e9 id\u00eantico ao dispositivo legal)<\/li>\n<\/ul>\n<p>\uf0e8\tAs <strong>empresas que integram grupo econ\u00f4mico<\/strong> de qualquer natureza <strong>respondem entre si,<\/strong> <strong>solidariamente,<\/strong> pelas obriga\u00e7\u00f5es decorrentes do disposto neste Regulamento. (novamente, o texto legal \u00e9 base para o texto literalmente id\u00eantico proposto na <strong>alternativa \u201cE\u201d<\/strong>, que fica sendo correta)<\/p>\n<p>\uf0e8\tO <strong>operador portu\u00e1rio<\/strong> e o <strong>\u00f3rg\u00e3o gestor de m\u00e3o-de-obra<\/strong> <strong>s\u00e3o solidariamente respons\u00e1veis<\/strong> pelo <strong><em>pagamento das contribui\u00e7\u00f5es previdenci\u00e1rias e demais obriga\u00e7\u00f5es, inclusive acess\u00f3rias, devidas \u00e0 seguridade social<\/em><\/strong>, arrecadadas pelo <strong>INSS<\/strong>, relativamente <strong>\u00e0 requisi\u00e7\u00e3o de m\u00e3o-de-obra de trabalhador avulso<\/strong>, vedada a invoca\u00e7\u00e3o do benef\u00edcio de ordem. <\/p>\n<p>\uf0e8\tOs <strong>administradores de autarquias e funda\u00e7\u00f5es p\u00fablicas<\/strong>, criadas ou mantidas pelo Poder P\u00fablico, <strong>de empresas p\u00fablicas e de sociedades de economia mista<\/strong> sujeitas ao controle da Uni\u00e3o, dos Estados, do Distrito Federal ou dos Munic\u00edpios<strong>, que se encontrarem em mora por mais de 30 dias, no recolhimento das contribui\u00e7\u00f5es previstas neste Regulamento<\/strong>, <strong>tornam-se<\/strong> <strong>solidariamente respons\u00e1veis<\/strong> pelo respectivo pagamento.. <\/p>\n<p><strong>======================================================================<\/strong><\/p>\n<p><strong>2000-<\/strong> Nos termos do Regulamento da Previd\u00eancia Social, assinale <strong>a assertiva correta<\/strong> a respeito da <strong>notifica\u00e7\u00e3o fiscal de lan\u00e7amento de d\u00e9bito<\/strong>.<\/p>\n<p>a) \tConstatada a falta de recolhimento de qualquer contribui\u00e7\u00e3o ou outra import\u00e2ncia devida nos termos desse Regulamento, a fiscaliza\u00e7\u00e3o lavrar\u00e1 notifica\u00e7\u00e3o fiscal de lan\u00e7amento, ap\u00f3s a segunda advert\u00eancia ao contribuinte faltoso.<\/p>\n<p>b) \tA notifica\u00e7\u00e3o fiscal de lan\u00e7amento dever\u00e1 discriminar com clareza e precis\u00e3o os fatos geradores, as contribui\u00e7\u00f5es devidas e os per\u00edodos a que se referem.<\/p>\n<p>c) \tN\u00e3o haver\u00e1 notifica\u00e7\u00e3o fiscal de lan\u00e7amento em caso de falta de pagamento de benef\u00edcio reembolsado.<\/p>\n<p>d) \tRecebida a notifica\u00e7\u00e3o, a empresa, o empregador dom\u00e9stico ou o segurado ter\u00e3o o prazo de dez dias para efetuar o pagamento ou apresentar defesa.<\/p>\n<p>e) \tO cr\u00e9dito n\u00e3o pago, mesmo que questionado na via administrativa, ser\u00e1 inscrito em D\u00edvida Ativa.<\/p>\n<p><strong>Coment\u00e1rios<\/strong><\/p>\n<p><strong>Alternativas \u201cA\u201d e \u201cB\u201d<\/strong><\/p>\n<p>Havendo <strong>insufici\u00eancia de documenta\u00e7\u00e3o<\/strong>,  ou <strong>recusa quanto \u00e0 sua apresenta\u00e7\u00e3o<\/strong>, ou ainda, a <strong>constata\u00e7\u00e3o de infring\u00eancia \u00e0 lei espec\u00edfica<\/strong>, ser\u00e1 lavrado o correspondente <strong>AUTO DE INFRA\u00c7\u00c3O \u2013 AI,<\/strong> com relat\u00f3rio anexo, devidamente fundamentado.<\/p>\n<p>Se for <strong>apurada a falta de recolhimento das contribui\u00e7\u00f5es<\/strong>, ou ainda,  <strong>a sua inexatid\u00e3o<\/strong>, ser\u00e1 lavrada a <strong>Notifica\u00e7\u00e3o Fiscal de Lan\u00e7amento de D\u00e9bito \u2013 NFLD<\/strong>, discriminando os fatos geradores, as contribui\u00e7\u00f5es devidas e os per\u00edodos correlatos, de forma clara e precisa.<\/p>\n<p>Vimos, portanto ap\u00f3s o exposto acima, que a <strong>alternativa \u201cA\u201d encontra-se incorreta<\/strong>, pois a fiscaliza\u00e7\u00e3o n\u00e3o lavra a NFLD ap\u00f3s a 2\u00aa advert\u00eancia e sim quando apurada a falta de recolhimento das contribui\u00e7\u00f5es ou a sua inexatid\u00e3o.  <\/p>\n<p>J\u00e1 <strong>a alternativa \u201cB\u201d encontra-se totalmente correta<\/strong>, pois a NFLD deve  discriminar com clareza e precis\u00e3o os fatos geradores, as contribui\u00e7\u00f5es devidas e os per\u00edodos a que se referem.<\/p>\n<p><strong>Alternativa \u201cC\u201d<\/strong><\/p>\n<p>O mesmo procedimento, ou seja, a lavratura da NFLD \u00e9 feita no caso de falta de pagamento de benef\u00edcio reembolsado ou em caso de pagamento desse benef\u00edcio sem observ\u00e2ncia das normas pertinentes estabelecidas pelo <strong>INSS.  <\/strong>Isto faz com que a assertiva exposta na <strong>alternativa \u201cC\u201d esteja incorreta.<\/strong><\/p>\n<h6>Alternativa \u201cD\u201d<\/h6>\n<p><strong>Antes da a\u00e7\u00e3o fiscal<\/strong>, a empresa ou segurado, para n\u00e3o receber a notifica\u00e7\u00e3o fiscal, <strong>poder\u00e1 reconhecer o d\u00e9bito<\/strong>, firmando o instrumento de <strong>CONFISS\u00c3O DE D\u00cdVIDA FISCAL.<\/strong><\/p>\n<p>A <strong>partir do recebimento da notifica\u00e7\u00e3o fiscal<\/strong>, tem o interessado o <strong>prazo de 15 dias<\/strong> para exercer a op\u00e7\u00e3o de <strong>oferecer defesa <\/strong>ou<strong> recolher o d\u00e9bito apurado<\/strong>.  Como a alternativa traz que o prazo \u00e9 de 10 dias, conclu\u00edmos pela incorre\u00e7\u00e3o da mesma.<\/p>\n<h6>Alternativa \u201cE\u201d<\/h6>\n<p><strong>Decorrido o prazo<\/strong>, sem manifesta\u00e7\u00e3o do interessado, ser\u00e1 decretada automaticamente a revelia, <strong>considerando-se de plano procedente o lan\u00e7amento<\/strong>.  O processo permanecer\u00e1 no \u00f3rg\u00e3o jurisdicionante, pelo prazo de 30 dias, para cobran\u00e7a amig\u00e1vel, <em>ap\u00f3s o qual ser\u00e1 o cr\u00e9dito inscrito em D\u00edvida Ativa<\/em>.<\/p>\n<p>\uf0e8\tAs contribui\u00e7\u00f5es arrecadadas pelo <strong>INSS<\/strong> poder\u00e3o, sem preju\u00edzo da respectiva liquidez e certeza, ser inscritas em D\u00edvida Ativa.<\/p>\n<p>Portanto, diferentemente do que est\u00e1 expresso no texto da alternativa \u201cE\u201d, o cr\u00e9dito n\u00e3o pago s\u00f3 ser\u00e1 inscrito em D\u00edvida Ativa ap\u00f3s decorridos todos os prazos legais, sem a devida manifesta\u00e7\u00e3o do interessado e da perman\u00eancia pelo prazo de 30 dias, no \u00f3rg\u00e3o jurisdicionante, para cobran\u00e7a amig\u00e1vel.  <strong>Alternativa incorreta<\/strong>.<\/p>\n<p><strong>30-<\/strong> Nos termos do Regulamento da Previd\u00eancia Social, assinale a <strong>assertiva incorreta<\/strong> a respeito <strong>do parcelamento de contribui\u00e7\u00f5es<\/strong> e demais import\u00e2ncias devidas \u00e0 seguridade social.<\/p>\n<p>a) \tCaso o segurado contribuinte individual manifeste interesse em recolher contribui\u00e7\u00f5es relativas a per\u00edodo anterior \u00e0 sua inscri\u00e7\u00e3o, a retroa\u00e7\u00e3o da data do in\u00edcio das contribui\u00e7\u00f5es ser\u00e1 autorizada, podendo ser parcelado o pagamento.<\/p>\n<p>b) \tAs contribui\u00e7\u00f5es sociais objeto de parcelamento ficam sujeitas, entre outros acr\u00e9scimos, a juros de mora, de car\u00e1ter irrelev\u00e1vel, incidentes sobre o valor atualizado.<\/p>\n<p>c) \tPoder\u00e3o ser objeto de parcelamento as contribui\u00e7\u00f5es descontadas do segurado empregado.<\/p>\n<p>d) \tA empresa ou segurado que tenha sido condenado criminalmente por senten\u00e7a transitada em julgado, por obter vantagem il\u00edcita em preju\u00edzo da seguridade social ou de suas entidades, n\u00e3o poder\u00e1 obter parcelamento de seus d\u00e9bitos.<\/p>\n<p>e) \tO deferimento do parcelamento pelo Instituto Nacional do Seguro Social fica condicionado ao pagamento da primeira parcela.<\/p>\n<h5>Coment\u00e1rios<\/h5>\n<h6>Alternativa \u201cA\u201d<\/h6>\n<p>Caso o segurado empres\u00e1rio, trabalhador aut\u00f4nomo ou a este equiparado (contribuinte individual) manifeste interesse em recolher contribui\u00e7\u00f5es relativas a per\u00edodo anterior \u00e0 sua inscri\u00e7\u00e3o, a retroa\u00e7\u00e3o da data do in\u00edcio das contribui\u00e7\u00f5es ser\u00e1 autorizada, desde que comprovado o exerc\u00edcio de atividade remunerada no respectivo per\u00edodo.<\/p>\n<p>O valor do d\u00e9bito poder\u00e1 ser objeto de parcelamento mediante solicita\u00e7\u00e3o do segurado junto ao setor de arrecada\u00e7\u00e3o e fiscaliza\u00e7\u00e3o do Instituto Nacional do Seguro Social. <strong> Concluindo, a assertiva est\u00e1 correta.<\/strong><\/p>\n<h6>Alternativa \u201cB\u201d<\/h6>\n<p>A resposta para a alternativa \u201cB\u201d nos encontramos no Decreto n\u00ba 3048\/000000, no artigo apenso abaixo:<\/p>\n<p><strong>Art<\/strong> <strong>23000.<\/strong>  As contribui\u00e7\u00f5es sociais e outras import\u00e2ncias arrecadadas pelo Instituto Nacional do Seguro Social, inclu\u00eddas ou n\u00e3o em notifica\u00e7\u00e3o fiscal de lan\u00e7amento, pagas com atraso, objeto ou n\u00e3o de parcelamento, ficam sujeitas a: <\/p>\n<p>I &#8211; atualiza\u00e7\u00e3o monet\u00e1ria, quando exigida pela legisla\u00e7\u00e3o de reg\u00eancia; <\/p>\n<p>II &#8211; juros de mora, de car\u00e1ter irrelev\u00e1vel, incidentes sobre o valor atualizado, equivalentes a:  &#8230;.<\/p>\n<p>O inciso II faz a assertiva da <strong>alternativa \u201cB\u201d ser correta.<\/strong><\/p>\n<p><strong>Alternativa \u201cC\u201d<\/strong><\/p>\n<p>Presente do examinador ter colocado esta alternativa como op\u00e7\u00e3o para esta quest\u00e3o.  <\/p>\n<p>Devemos lembrar que as contribui\u00e7\u00f5es devidas \u00e0 <strong>Seguridade Social<\/strong>, inclu\u00eddas ou n\u00e3o em notifica\u00e7\u00e3o de d\u00e9bito, poder\u00e3o, <strong>ap\u00f3s verificadas e confessadas<\/strong>, ser objeto de <strong>PARCELAMENTO<\/strong> (<strong><em>acordo para pagamento parcelado em at\u00e9 60 meses consecutivos<\/em><\/strong>).<\/p>\n<p>As 3 \u00fanicas exce\u00e7\u00f5es de parcelamento de d\u00e9bitos de contribui\u00e7\u00f5es sociais com a Previd\u00eancia s\u00e3o:<\/p>\n<p>1.   o do <strong>segurado empregado: <\/strong> <strong>N\u00e3o poder\u00e3o ser objeto de parcelamento<\/strong> as <strong>contribui\u00e7\u00f5es descontadas do segurado empregado<\/strong>, <em>inclusive o dom\u00e9stico<\/em>, e <strong>trabalhador avulso;<\/strong><\/p>\n<p><strong>2.  N\u00e3o \u00e9 permitido<\/strong> o parcelamento de d\u00edvidas de <strong>empresa com fal\u00eancia decretada<\/strong><\/p>\n<p>3.  A empresa ou segurado <strong>que tenha sido condenado criminalmente por senten\u00e7a transitada em julgado<\/strong>, <strong><em>por obter vantagem il\u00edcita em preju\u00edzo da seguridade social ou de suas entidades<\/em><\/strong>, n\u00e3o poder\u00e1 obter parcelamento <strong>de seus d\u00e9bitos<\/strong>, nos <strong>cinco anos seguintes ao tr\u00e2nsito em julgado da senten\u00e7a. <\/strong><\/p>\n<p><strong>Incorreta, portanto, a alternativa \u201cC\u201d, <\/strong>fazendo dela o gabarito para a quest\u00e3o<strong>.<\/strong><\/p>\n<p><strong>Alternativa \u201cD\u201d<\/strong><\/p>\n<p>A resposta est\u00e1 contemplada nas exce\u00e7\u00f5es discriminadas na resolu\u00e7\u00e3o da alternativa anterior.  Apesar de incompleta, pois o parcelamento para a empresa ou segurado que tenha sido condenado criminalmente por senten\u00e7a transitada em julgado s\u00f3 ocorrer\u00e1  ap\u00f3s terem decorridos 5 anos do tr\u00e2nsito em julgado da senten\u00e7a, <strong>a alternativa est\u00e1 correta<\/strong>.<\/p>\n<p><strong>Alternativa \u201cE\u201d<\/strong><\/p>\n<p>De acordo com o Decreto n\u00ba 3048\/000000, o deferimento do parcelamento  pelo <strong>INSS<\/strong> fica <strong>condicionado ao pagamento da primeira parcela.   <\/strong>Exatamente como o disposto na alternativa.<strong>  Correta.<\/strong><\/p>\n<p><strong>Em tempo:    <\/strong>Conv\u00e9m nos lembrarmos de que:<\/p>\n<ul>\n<li><strong>Ser\u00e1 admitido<\/strong> o <strong>reparcelamento<\/strong> por <strong>uma \u00fanica vez<\/strong>. <\/li>\n<li>Os <strong>cr\u00e9ditos de qualquer natureza da seguridade social<\/strong>, constitu\u00eddos ou n\u00e3o, <strong>que forem objeto de parcelamento<\/strong> ser\u00e3o <strong>consolidados na data da concess\u00e3o<\/strong> e expressos em moeda corrente<strong> <\/strong><\/li>\n<\/ul>\n<p><strong>31-<\/strong> Nos termos do Regulamento da Previd\u00eancia Social, assinale a <strong>assertiva correta<\/strong> a respeito da <strong>prescri\u00e7\u00e3o <\/strong>e <strong>da decad\u00eancia<\/strong>.<\/p>\n<p>a) \t\u00c9 de cinco anos o prazo de decad\u00eancia de todo e qualquer direito ou a\u00e7\u00e3o do segurado ou benefici\u00e1rio para a revis\u00e3o do ato de concess\u00e3o de benef\u00edcio.<\/p>\n<p>b) \tA contagem do prazo de decad\u00eancia do direito do segurado ou benefici\u00e1rio para a revis\u00e3o do ato de concess\u00e3o de benef\u00edcio come\u00e7a do segundo dia do m\u00eas seguinte ao do recebimento da primeira presta\u00e7\u00e3o.<\/p>\n<p>c) \tO direito da seguridade social de apurar e constituir seus cr\u00e9ditos extingue-se ap\u00f3s dez anos. <\/p>\n<p>d) \tNa hip\u00f3tese de ocorr\u00eancia de dolo, fraude ou simula\u00e7\u00e3o, a seguridade social n\u00e3o pode, a qualquer tempo, apurar e constituir seus cr\u00e9ditos. <\/p>\n<p>e) \tO direito de pleitear judicialmente a desconstitui\u00e7\u00e3o de exig\u00eancia fiscal fixada pelo Instituto Nacional do Seguro Social no julgamento de lit\u00edgio em processo administrativo fiscal extingue-se com o decurso do prazo de cento e oitenta dias.<\/p>\n<p><strong>Coment\u00e1rios<\/strong><\/p>\n<p>Nunca \u00e9 demais nos recordarmos dos conceitos de Decad\u00eancia e Prescri\u00e7\u00e3o.<\/p>\n<p><strong>DECAD\u00caNCIA:\t <\/strong>\u00e9 a  <strong>perda do direito de constituir o cr\u00e9dito pelo decurso de prazo<\/strong>.  <strong>N\u00e3o se  interrompe, nem se suspende.  <\/strong><\/p>\n<p>\uf0e8\tO direito de a <strong>Seguridade Social<\/strong> apurar e constituir seus cr\u00e9ditos <strong>extingue-se<\/strong> ap\u00f3s <strong>10 (dez) anos<\/strong>, ou seja, o  prazo de <strong>Decad\u00eancia<\/strong>  <strong>\u00e9 contado<\/strong>:<\/p>\n<ol>\n<li>do 1\u00ba dia do exerc\u00edcio seguinte \u00e0quele em que o cr\u00e9dito poderia ter sido constitu\u00eddo;<\/li>\n<li>da data em que se tornar definitiva a decis\u00e3o que houver anulado, por v\u00edcio formal, a constitui\u00e7\u00e3o de cr\u00e9dito que tivesse sido anteriormente efetuado;<\/li>\n<li>da data da notifica\u00e7\u00e3o do sujeito passivo de medida preparat\u00f3ria para o lan\u00e7amento.<\/li>\n<\/ol>\n<p><strong>PRESCRI\u00c7\u00c3O:   <\/strong>\u00e9 a <strong>perda do direito de cobrar seus cr\u00e9ditos<\/strong> no prazo previsto em lei.<\/p>\n<ul>\n<li>o direito de a\u00e7\u00e3o do INSS nasce com a constitui\u00e7\u00e3o do cr\u00e9dito previdenci\u00e1rio pelo lan\u00e7amento.  <\/li>\n<li>O <strong>prazo de prescri\u00e7\u00e3o<\/strong> \u00e9 de <strong>10 (dez) anos<\/strong> contados a partir da constitui\u00e7\u00e3o definitiva do cr\u00e9dito.<\/li>\n<\/ul>\n<p>\uf0e8\t\ta <strong>Prescri\u00e7\u00e3o<\/strong> pode <strong>ser interrompida <\/strong>por:<\/p>\n<ul>\n<li>distribui\u00e7\u00e3o da execu\u00e7\u00e3o em ju\u00edzo;<\/li>\n<li>protesto judicial;<\/li>\n<li>outro ato judicial que constitua em mora o devedor;<\/li>\n<li>ato inequ\u00edvoco, ainda que extra-judicial, que importe no reconhecimento de d\u00e9bito pelo devedor;<\/li>\n<li>cita\u00e7\u00e3o pessoal do devedor.<\/li>\n<li>a <strong>Seguridade Social<\/strong> pode, <strong>a qualquer  tempo<\/strong>, <strong>apurar e constituir seus cr\u00e9ditos<\/strong>, na ocorr\u00eancia de dolo, fraude ou simula\u00e7\u00e3o.<\/li>\n<li>O <strong>direito do interessado pleitear judicialmente<\/strong> a descontinua\u00e7\u00e3o de exig\u00eancia fiscal fixada pelo <strong>INSS<\/strong>, ao julgar processo administrativo fiscal, <strong>extingue-se com o decurso de prazo de 180 dias<\/strong>, contados da intima\u00e7\u00e3o da referida decis\u00e3o.<\/li>\n<\/ul>\n<p>Outro ponto importante est\u00e1 no Decreto n\u00ba 3048\/000000:<\/p>\n<p><strong>Art<\/strong> <strong>347<\/strong>. \u00c9 de <strong>cinco anos o prazo de decad\u00eancia<\/strong> de todo e qualquer direito ou a\u00e7\u00e3o do segurado ou benefici\u00e1rio para a revis\u00e3o do ato de concess\u00e3o de benef\u00edcio, a contar do dia primeiro do m\u00eas seguinte ao do recebimento da primeira presta\u00e7\u00e3o ou, quando for o caso, do dia em que tomar conhecimento da decis\u00e3o indeferit\u00f3ria definitiva no \u00e2mbito administrativo. <\/p>\n<p><strong>Par\u00e1grafo \u00fanico<\/strong>. <strong>Prescreve em cinco anos<\/strong>, a contar da data em que deveriam ter sido pagas, toda e qualquer a\u00e7\u00e3o para haver presta\u00e7\u00f5es vencidas ou quaisquer restitui\u00e7\u00f5es ou diferen\u00e7as devidas pela previd\u00eancia social, salvo o direito dos menores, incapazes e ausentes, na forma do C\u00f3digo Civil. <\/p>\n<h5>Alternativa \u201cA\u201d<\/h5>\n<p><strong>Alternativa Correta.<\/strong>   Totalmente correta esta assertiva, pois est\u00e1 de acordo com o prescrito no caput do artigo 347 do Decreto n\u00ba 3048\/000000.<\/p>\n<h5>Alternativa \u201cB\u201d<\/h5>\n<p>Est\u00e1 determinado pelo Decreto n\u00ba 3048\/000000, em seu artigo 347, acima transcrito, que a contagem do prazo de decad\u00eancia do direito do segurado de rever o ato de concess\u00e3o de benef\u00edcio come\u00e7a a partir do dia 1\u00ba do m\u00eas seguinte ao do recebimento da 1\u00aa presta\u00e7\u00e3o, o que \u00e9 contr\u00e1rio o que postula a presente alternativa.  Portanto, <strong>incorreta a alternativa \u201cB\u201d<\/strong><\/p>\n<h5>Alternativa \u201cC\u201d<\/h5>\n<p>Esta quest\u00e3o, ao meu ver, levanta uma certa pol\u00eamica, pois muitos concurseiros, incluindo eu, acham que esta quest\u00e3o t\u00eam duas respostas certas:  as alternativas \u201cA\u201d e \u201cC\u201d.<\/p>\n<p>Com base no exposto acima, podemos ver a assertiva est\u00e1 incompleta e nem  por isto est\u00e1 <strong>incorreta<\/strong>.   <\/p>\n<p>Realmente \u00e9 de 10 anos o prazo que a Seguridade Social tem para apurar e constituir seus cr\u00e9ditos, s\u00f3 que existem 3 maneiras de se contar este prazo, e o texto da alternativa n\u00e3o foi claro o suficiente para determinar quando \u00e9 que se inicia a contagem dos 10 anos.   Mas que s\u00e3o 10 anos \u00e9 ineg\u00e1vel:  est\u00e1 na lei. <\/p>\n<p> Infelizmente, a banca examinadora n\u00e3o pensou assim e esta quest\u00e3o, que seria a 4\u00aa quest\u00e3o anulada em um prova de 35 quest\u00f5es (um absurdo para os padr\u00f5es da ESAF!), ficou sendo <strong>considerada incorreta.<\/strong><\/p>\n<h5>Alternativa \u201cD\u201d <\/h5>\n<p><strong>Incorreta a alternativa<\/strong>, pois a Previd\u00eancia pode,  A QUALQUER TEMPO, apurar e constituir seus cr\u00e9ditos quando  da ocorr\u00eancia de dolo, fraude ou simula\u00e7\u00e3o, n\u00e3o se contando neste caso o prazo decadencial de 10 anos.<\/p>\n<h5>Alternativa \u201cE\u201d<\/h5>\n<p>O artigo 348 do Decreto n\u00ba 3048\/000000, em seu \u00a7 3\u00ba nos mostra a incorre\u00e7\u00e3o da alternativa \u201cE\u201d, pelo mesmo motivo comentado na alternativa \u201cC\u201d.  O examinador suprimiu o trecho final do texto legal, o qual informava do in\u00edcio do prazo de decad\u00eancia.<\/p>\n<p><strong>\u00a7 3\u00ba<\/strong> O direito de pleitear judicialmente a desconstitui\u00e7\u00e3o de exig\u00eancia fiscal fixada pelo Instituto Nacional do Seguro Social no julgamento de lit\u00edgio em processo administrativo fiscal extingue-se com o decurso do prazo de cento e oitenta dias, contado da intima\u00e7\u00e3o da referida decis\u00e3o.<\/p>\n<p>Isto, ao meu ver, n\u00e3o torna esta  quest\u00e3o incorreta, pois no seu \u00e2mago ela est\u00e1 totalmente certa.  Mas, mais uma vez, a banca examinadora conseguiu \u201cpegar\u201d os concurseiros, menos atentos, de \u201ccal\u00e7a curta\u201d.  Os mais afoitos, e tamb\u00e9m aqueles que estavam bem preparados, perderam um tempo precioso na resolu\u00e7\u00e3o desta quest\u00e3o, pois 3 (tr\u00eas) quest\u00f5es suscitavam d\u00favidas, pelo menos ao meu ver.  <\/p>\n<p>Continuo afirmando que esta quest\u00e3o deveria ter sido anulada, pela sua m\u00e1 formula\u00e7\u00e3o e pela teimosia da banca examinadora. <\/p>\n<p><strong>======================================================================<\/strong><\/p>\n<p><strong>32-<\/strong> Nos termos da legisla\u00e7\u00e3o previdenci\u00e1ria, assinale a <strong>assertiva correta<\/strong> a respeito da restitui\u00e7\u00e3o e compensa\u00e7\u00e3o de contribui\u00e7\u00f5es.<\/p>\n<p>a) \tNa hip\u00f3tese de pagamento ou recolhimento indevido, a contribui\u00e7\u00e3o n\u00e3o ser\u00e1 atualizada monetariamente.<\/p>\n<p>b) \tSer\u00e1 admitida a restitui\u00e7\u00e3o ou a compensa\u00e7\u00e3o de contribui\u00e7\u00e3o a cargo da empresa, recolhida ao Instituto Nacional do Seguro Social, que, por sua natureza, tenha sido transferida ao pre\u00e7o de bem ou servi\u00e7o oferecido \u00e0 sociedade.<\/p>\n<p>c) \tSomente poder\u00e1 ser restitu\u00edda ou compensada contribui\u00e7\u00e3o para a seguridade social,  arrecadada pelo Instituto Nacional do Seguro Social, na hip\u00f3tese de pagamento ou recolhimento indevido.<\/p>\n<p>d) \tA restitui\u00e7\u00e3o de contribui\u00e7\u00e3o ou de outra import\u00e2ncia recolhida indevidamente, que comporte, por sua natureza, a transfer\u00eancia de encargo financeiro, ser\u00e1 feita de imediato.<\/p>\n<p>e) \tDireito de pleitear judicialmente a compensa\u00e7\u00e3o s\u00f3 pode ser exercido no prazo de cento e oitenta dias do seu pagamento.<\/p>\n<h5>Coment\u00e1rios<\/h5>\n<p>Recordemos os t\u00f3picos sobre restitui\u00e7\u00e3o e compensa\u00e7\u00e3o de contribui\u00e7\u00f5es e ao mesmo tempo vamos resolvendo a quest\u00e3o, alternativa por alternativa.<\/p>\n<p><strong>restitui\u00e7\u00e3o:   <\/strong>\u00e9 a <strong>devolu\u00e7\u00e3o da quantia paga a mais<\/strong>.  Pode ser requerida perante o Fisco, como tamb\u00e9m ser objeto de <strong>a\u00e7\u00e3o de repeti\u00e7\u00e3o de ind\u00e9bito<\/strong>.  <strong>Somente ser\u00e1 feita \u00e0quele que provar ter assumido esse encargo<\/strong> ou, no caso de t\u00ea-lo transferido a terceiro, <strong>estar por este expressamente autorizado a receb\u00ea-la. <\/strong><\/p>\n<p><strong>COMPENSA\u00c7\u00c3O:   <\/strong>\u00c9 uma forma de <strong>extin\u00e7\u00e3o das obriga\u00e7\u00f5es<\/strong>.  Se duas pessoas forem ao mesmo tempo credor e devedor uma da outra, as duas obriga\u00e7\u00f5es extinguem-se, at\u00e9 quando se compensarem.  <\/p>\n<ul>\n<li>a <strong>compensa\u00e7\u00e3o <\/strong>ou<strong> restitui\u00e7\u00e3o<\/strong> \u00e9 acrescida de juros equivalentes \u00e0 taxa referencial do <strong>SELIC<\/strong>, acumulada mensalmente<strong>, calculados a partir da data do pagamento indevido<\/strong> ou a maior at\u00e9 o m\u00eas anterior ao da compensa\u00e7\u00e3o ou restitui\u00e7\u00e3o e de <strong>1 % relativamente ao m\u00eas em que estiver sendo efetuada<\/strong>. <\/li>\n<\/ul>\n<p>A <strong>alternativa \u201cA\u201d<\/strong> traz o pressuposto de que a contribui\u00e7\u00e3o recolhida indevidamente n\u00e3o ser\u00e1 atualizada monetariamente, o que podemos ver pelo exposto acima, \u00e9 totalmente inver\u00eddico.  Nem o governo seria t\u00e3o cruel a este ponto de penalizar  a empresa ou o segurado que por erro efetuou um recolhimento a maior, indevido.  <strong>Est\u00e1, portanto, incorreta esta alternativa.<\/strong><\/p>\n<ul>\n<li><strong>Somente ser\u00e1 admitida a restitui\u00e7\u00e3o ou a compensa\u00e7\u00e3o<\/strong> de contribui\u00e7\u00e3o <strong>a cargo da empresa<\/strong>, recolhida ao <strong>INSS<\/strong>, que, por sua natureza, <strong><em>n\u00e3o tenha sido transferida ao pre\u00e7o de bem ou servi\u00e7o oferecido \u00e0 sociedade. <\/em><\/strong><\/li>\n<\/ul>\n<p>A Previd\u00eancia n\u00e3o \u00e9 cruel nem tampouco \u00e9 \u201cboba\u201d.  Se por um lado ela, a Previd\u00eancia, realiza a compensa\u00e7\u00e3o ou restitui\u00e7\u00e3o sobre recolhimento a maior, indevido, por outro lado, nos casos em que tal contribui\u00e7\u00e3o recolhida aos cofres do INSS foi transferida aos pre\u00e7os do bem ou do servi\u00e7o oferecido \u00e0 Sociedade, tal restitui\u00e7\u00e3o ou compensa\u00e7\u00e3o n\u00e3o \u00e9 admitida, pois a sociedade j\u00e1 pagou e seria ela quem deveria ser restitu\u00edda.  Como isto \u00e9 imposs\u00edvel, tais recursos ficam para a Previd\u00eancia, que afinal tem por objetivo devolv\u00ea-los \u00e0 sociedade. <strong> Portanto, est\u00e1 incorreta a Alternativa \u201cB\u201d<\/strong><\/p>\n<p>Alternativa \u201cC\u201d<\/p>\n<p>A resposta para a alternativa \u201cC\u201d est\u00e1 no Decreto n\u00ba 3048\/000000, em seu artigo 247, transcrito abaixo e \u201ccopiada\u201d no texto da alternativa.  <strong>Portanto, alternativa correta e o gabarito para esta quest\u00e3o.<\/strong><\/p>\n<p><strong>Art. 247.<\/strong> Somente poder\u00e1 ser restitu\u00edda ou compensada contribui\u00e7\u00e3o para a seguridade social, arrecadada pelo Instituto Nacional do Seguro Social, na hip\u00f3tese de pagamento ou recolhimento indevido. <\/p>\n<p><strong>Art 248<\/strong>.  A restitui\u00e7\u00e3o de contribui\u00e7\u00e3o ou de outra import\u00e2ncia recolhida indevidamente, que comporte, por sua natureza, a transfer\u00eancia de encargo financeiro, somente ser\u00e1 feita \u00e0quele que provar ter assumido esse encargo ou, no caso de t\u00ea-lo transferido a terceiro, estar por este expressamente autorizado a receb\u00ea-la. <\/p>\n<p><strong>Alternativa \u201cD\u201d<\/strong><\/p>\n<p>A resposta est\u00e1 no artigo 248, impresso acima.  A restitui\u00e7\u00e3o de contribui\u00e7\u00e3o recolhida indevidamente e que comporte, por sua natureza, a transfer\u00eancia de encargo financeiro, somente ser\u00e1 feita \u00e0quele que provar ter assumido este encargo.  <strong>Alternativa Incorreta<\/strong>.<\/p>\n<p><strong>Alternativa \u201cE\u201d<\/strong><\/p>\n<p>Recorremos novamente ao Decreto n\u00ba 3048\/000000 para podermos solucionar esta alternativa.  E isto nos \u00e9 trazido pelo artigo 253, reproduzido abaixo:<\/p>\n<p><strong>Art<\/strong> <strong>253.<\/strong> O direito de pleitear restitui\u00e7\u00e3o ou de realizar compensa\u00e7\u00e3o de contribui\u00e7\u00f5es ou de outras import\u00e2ncias extingue-se em <strong>cinco anos<\/strong>, contados da data: <\/p>\n<p>I &#8211; \t<strong>do pagamento ou recolhimento indevido<\/strong>; ou <\/p>\n<p>II &#8211; \tem que se tornar definitiva a decis\u00e3o administrativa ou passar em julgado a senten\u00e7a judicial que tenha reformado, anulado ou revogado a decis\u00e3o condenat\u00f3ria. <\/p>\n<p>Temos, portanto, uma incorre\u00e7\u00e3o na alternativa no que diz respeito ao prazo de extin\u00e7\u00e3o do direito de pleitear a restitui\u00e7\u00e3o.  O prazo correto \u00e9 de 5 anos, e n\u00e3o de 180 dias.<\/p>\n<p><strong>Em tempo:<\/strong>  \u00c9 bom sabermos mais algumas coisas sobre Compensa\u00e7\u00e3o e Restitui\u00e7\u00e3o.<\/p>\n<p>\uf0e8\tNo caso de <strong>recolhimento a maior<\/strong>, origin\u00e1rio de evidente erro de c\u00e1lculo, a <strong>restitui\u00e7\u00e3o<\/strong> <strong>ser\u00e1 feita por rito sum\u00e1rio<\/strong> estabelecido pelo <strong>INSS<\/strong>, reservando-se a este o direito de fiscalizar posteriormente a regularidade das import\u00e2ncias restitu\u00eddas. <\/p>\n<ul>\n<li>Da decis\u00e3o sobre pedido de restitui\u00e7\u00e3o de contribui\u00e7\u00f5es ou de outras import\u00e2ncias, cabe recurso \u00e0 C\u00e2mara de Julgamento &#8211; CaJ.<\/li>\n<li>a <strong>compensa\u00e7\u00e3o<\/strong> n\u00e3o poder\u00e1 ser superior a 30 % do valor a ser recolhido em cada compet\u00eancia.<\/li>\n<li>A <strong>compensa\u00e7\u00e3o<\/strong> somente poder\u00e1 ser efetuada <strong><em>com parcelas de contribui\u00e7\u00e3o da mesma esp\u00e9cie. <\/em><\/strong><\/li>\n<\/ul>\n<p><strong>======================================================================<\/strong><\/p>\n<p><strong>33-<\/strong> Nos termos da legisla\u00e7\u00e3o previdenci\u00e1ria, assinale qual benef\u00edcio \u00e9 reembolsado \u00e0 empresa:<\/p>\n<p>a) \tsal\u00e1rio-fam\u00edlia pago aos segurados a seu servi\u00e7o.<\/p>\n<p>b) \taux\u00edlio-acidente.<\/p>\n<p>c) \taposentadoria por idade.<\/p>\n<p>d) \taposentadoria por invalidez.<\/p>\n<p>e) \tpens\u00e3o por morte.<\/p>\n<h5>Coment\u00e1rios<\/h5>\n<p>A empresa \u00e9 reembolsada pelos pagamentos que faz aos seus funcion\u00e1rios, segurados da Previd\u00eancia Social, somente em 3 casos, de acordo com o artigo 255 do Decreto n\u00ba 3048\/000000:<\/p>\n<ol>\n<li><strong>sal\u00e1rio-maternidade<\/strong>, <strong>inclu\u00edda a gratifica\u00e7\u00e3o natalina proporcional<\/strong> ao per\u00edodo da correspondente licen\u00e7a;<\/li>\n<li>das cotas do <strong>sal\u00e1rio-fam\u00edlia<\/strong> e<\/li>\n<li> <strong>do aux\u00edlio-natalidade<\/strong>, <\/li>\n<\/ol>\n<p>Este reembolso \u00e9 feito mediante dedu\u00e7\u00e3o dos valores dos benef\u00edcios pagos, no ato do recolhimento das contribui\u00e7\u00f5es devidas, na forma estabelecida pelo Instituto Nacional do Seguro Social. <\/p>\n<p>Portanto, a <strong>resposta correta \u00e9 a alternativa \u201cA\u201d<\/strong><\/p>\n<p><strong>======================================================================<\/strong><\/p>\n<p><strong>34-<\/strong> A respeito de crime, responsabiliza\u00e7\u00e3o civil, criminal e administrativa contra a previd\u00eancia social, assinale a <strong>op\u00e7\u00e3o incorreta<\/strong> a respeito da(s) natureza(s) da conduta \u201cDeixar de repassar \u00e0 previd\u00eancia social as contribui\u00e7\u00f5es recolhidas dos contribuintes, no prazo e forma legal ou convencional&quot;:<\/p>\n<p>a) \tinfra\u00e7\u00e3o administrativa.<\/p>\n<p>b) \tcrime.<\/p>\n<p>c) \tcrime tipificado no C\u00f3digo Penal brasileiro.<\/p>\n<p>d) \tcrime tipificado na Lei 8.212\/0001.<\/p>\n<p>e) \tinfra\u00e7\u00e3o administrativa que acarreta san\u00e7\u00e3o administrativa.<\/p>\n<p><strong>Coment\u00e1rios<\/strong><\/p>\n<p>A quest\u00e3o trata do crime de <strong>APROPRIA\u00c7\u00c3O  IND\u00c9BITA  PREVIDENCI\u00c1RIA<\/strong> cuja defini\u00e7\u00e3o legal \u00e9:<\/p>\n<p>\u201c<strong>Deixar de repassar<\/strong> \u00e0 Previd\u00eancia Social <strong>as contribui\u00e7\u00f5es recolhidas<\/strong> dos contribuintes, <strong>no prazo e na forma legal<\/strong> ou convencional\u201d.<\/p>\n<p>A pena para tal crime \u00e9<strong>  reclus\u00e3o<\/strong> de 2 a 5 anos, e <strong>multa.<\/strong><\/p>\n<p>A punibilidade pode ser extinta  se  o agente, <em>espontaneamente<\/em>, <strong>declara,  confessa e efetua o pagamento das contribui\u00e7\u00f5es, import\u00e2ncias ou valores<\/strong> e <strong>presta as informa\u00e7\u00f5es devidas \u00e0 Previd\u00eancia Social<\/strong>, na forma definida em lei ou regulamento, <strong>antes do in\u00edcio da a\u00e7\u00e3o fiscal.<\/strong><\/p>\n<p>Desde 14\/07\/2012, o crime de Apropria\u00e7\u00e3o ind\u00e9bita Previdenci\u00e1ria passou a fazer parte do C\u00f3digo Penal, tipificado como artigo 168-A, atrav\u00e9s da Lei 00000083\/00.<\/p>\n<p>Podemos inferir que esta a\u00e7\u00e3o, deixar de repassar \u00e0 Previd\u00eancia Social as contribui\u00e7\u00f5es recolhidas dos contribuintes, \u00e9:<\/p>\n<p><strong>Infra\u00e7\u00e3o administrativa<\/strong>, e que por sua vez acarreta san\u00e7\u00e3o administrativa;<\/p>\n<p><strong>crime<\/strong>, e se \u00e9 crime \u00e9 tipificado no C\u00f3digo Penal Brasileiro (art. 168-A)<\/p>\n<p>A \u00fanica alternativa que n\u00e3o se sustenta \u00e9 a <strong>alternativa \u201cD\u201d,<\/strong> pois realmente este crime n\u00e3o est\u00e1 tipificado na Lei 8212\/0001.<\/p>\n<p><strong>======================================================================<\/strong><\/p>\n<h4>ANULADA<\/h4>\n<p><strong>35-<\/strong> A respeito do Sistema Integrado de Pagamento de Impostos e Contribui\u00e7\u00f5es das Microempresas e das Empresas de Pequeno Porte (SIMPLES), assinale a <strong>op\u00e7\u00e3o incorreta<\/strong>.<\/p>\n<p>a) \tO SIMPLES visa regular dispositivo da Constitui\u00e7\u00e3o Federal.<\/p>\n<p>b) \tMicroempresa e empresas de pequeno porte s\u00e3o sin\u00f4nimos na legisla\u00e7\u00e3o do SIMPLES.<\/p>\n<p>c) \tA inscri\u00e7\u00e3o no SIMPLES isenta o recolhimento da contribui\u00e7\u00e3o do empregado pela empresa.<\/p>\n<p>d) \tA inscri\u00e7\u00e3o no SIMPLES n\u00e3o isenta o recolhimento do Imposto de Importa\u00e7\u00e3o.<\/p>\n<p>e) \tA inscri\u00e7\u00e3o no SIMPLES n\u00e3o isenta o recolhimento do Imposto Territorial Rural.<\/p>\n<h4>Coment\u00e1rios<\/h4>\n<p>Muito interessante.  A \u00fanica quest\u00e3o a tratar do Simples \u00e9 Anulada pela ESAF.  Vamos analisar todas as alternativas e ver se conseguimos saber o motivo de tal anula\u00e7\u00e3o.<\/p>\n<p><strong>Alternativa \u201cA\u201d<\/strong><\/p>\n<p>A Lei que institui o Simples  regula, em conformidade com o disposto no art. 17000 da Constitui\u00e7\u00e3o, o tratamento diferenciado, simplificado e favorecido, aplic\u00e1vel \u00e0s microempresas e as empresas de pequeno porte, relativo aos impostos e \u00e0s contribui\u00e7\u00f5es que menciona.  Portanto, a assertiva da <strong>alternativa \u201cA\u201d est\u00e1 correta<\/strong>, pois o Simples veio para regular dispositivo da CF.<\/p>\n<p><strong>Alternativa \u201cB\u2019<\/strong><\/p>\n<p>No dicion\u00e1rio Aur\u00e9lio, sin\u00f4nimo significa aquelas palavras que t\u00eam o mesmo ou quase o mesmo significado.  Microempresa e empresa de pequeno porte t\u00eam  quase o mesmo significado MAS o SIMPLES faz uma diferencia\u00e7\u00e3o das duas.  Existe um inciso para definir microempresa e outro para definir empresa de pequeno porte. <\/p>\n<p>Art. 2\u00ba .Para os fins do disposto nesta Lei, considera-se:<\/p>\n<p>I <strong>&#8211; microempresa<\/strong>, a pessoa jur\u00eddica que tenha auferido, no ano-calend\u00e1rio, receita bruta igual ou inferior a R$ 120.000,00 (cento e vinte mil reais);<\/p>\n<p>II <strong>&#8211; empresa de pequeno porte<\/strong>, a pessoa jur\u00eddica que tenha auferido, no ano-calend\u00e1rio, receita bruta superior a R$ 120.000,00 (cento e vinte mil reais)  e igual ou inferior a R$ 720.000,00 (setecentos e vinte mil reais)<\/p>\n<p>Os valores acima foram alterados pela Lei n \u00b0 000.77000\/2012.<\/p>\n<p>Al\u00e9m do mais essa distin\u00e7\u00e3o \u00e9 relevante, pois implica al\u00edquotas diferenciadas para recolhimento dos tributos, conforme determinado no art. 5 \u00b0 em sua reda\u00e7\u00e3o original: <\/p>\n<p>Art. 5\u00ba O valor devido mensalmente pela microempresa e empresa de pequeno porte, inscritas no SIMPLES, ser\u00e1 determinado mediante a aplica\u00e7\u00e3o, sobre a receita bruta mensal auferida, dos seguintes percentuais:<\/p>\n<p><strong>Portanto, esta quest\u00e3o est\u00e1 incorreta.<\/strong><\/p>\n<p><strong>Alternativa \u201cC\u201d<\/strong><\/p>\n<p>O SIMPLES N\u00c3O ISENTA o recolhimento da contribui\u00e7\u00e3o SOCIAL do empregado pela empresa.  \u00c9 isto o que estatui a Lei n\u00ba 000317\/0006.  A quest\u00e3o foi mal formulada, pois n\u00e3o esclarece qual contribui\u00e7\u00e3o o SIMPLES d\u00e1 a isen\u00e7\u00e3o no recolhimento.  Entretanto, a alternativa fala em ISEN\u00c7\u00c3O para a contribui\u00e7\u00e3o do empregado e isto est\u00e1  <strong>INCORRETO.<\/strong><\/p>\n<p>Temos, portanto, duas alternativas incorretas e isto foi o motivo da anula\u00e7\u00e3o desta quest\u00e3o.<\/p>\n<p>\uf0e8\ta inscri\u00e7\u00e3o no <strong>SIMPLES \u2013 Sistema integrado de pagamento de Impostos e Contribui\u00e7\u00f5es das Microempresas e das Empresas de Pequeno Porte<\/strong> \u2013 <strong>implica<\/strong> pagamento mensal unificado dos seguintes impostos e contribui\u00e7\u00f5es:<\/p>\n<ol>\n<li><strong>IRPJ;<\/strong><\/li>\n<li><strong>PIS \u2013 PASEP<\/strong>;<\/li>\n<li><strong>Contribui\u00e7\u00e3o social sobre o lucro L\u00edquido &#8211; CSLL;<\/strong><\/li>\n<li><strong>COFINS<\/strong>;<\/li>\n<li><strong>IPI;<\/strong><\/li>\n<li><strong>Contribui\u00e7\u00e3o para a Seguridade Social<\/strong> devida pela empresa com base no artigo 22 da Lei 8212 (envolve, portanto, a contribui\u00e7\u00e3o de 20% ou 15 % e a do acidente de trabalho);<\/li>\n<\/ol>\n<p>\uf0e8\ta inscri\u00e7\u00e3o para o <strong>SIMPLES<\/strong> <strong>dispensa<\/strong> a empresa <strong>do recolhimento das contribui\u00e7\u00f5es<\/strong> do SESC, SENAI, SENAC, SESI, SEST, SENAT, SEBRAE, SESCOOP, etc.<\/p>\n<p><strong>\u00a7 2\u00ba<\/strong> &#8211; O pagamento na forma do par\u00e1grafo anterior <strong>n\u00e3o exclui a incid\u00eancia dos seguintes impostos ou contribui\u00e7\u00f5es<\/strong>, devidos na qualidade de contribuinte ou respons\u00e1vel, em rela\u00e7\u00e3o aos quais ser\u00e1 observada a legisla\u00e7\u00e3o aplic\u00e1vel \u00e0s demais pessoas jur\u00eddicas: <\/p>\n<p>a IOF; <\/p>\n<p>b) Imposto sobre Importa\u00e7\u00e3o &#8211; II; <\/p>\n<p>c) Imposto sobre Exporta\u00e7\u00e3o &#8211; IE; <\/p>\n<p>d) Imposto de Renda, relativo aos pagamentos ou cr\u00e9ditos efetuados pela pessoa jur\u00eddica e aos rendimentos ou ganhos l\u00edquidos auferidos em aplica\u00e7\u00f5es de renda fixa ou vari\u00e1vel, bem assim relativo aos ganhos de capital obtidos na aliena\u00e7\u00e3o de ativos; <\/p>\n<p>e) Imposto sobre a Propriedade Territorial Rural &#8211; ITR; <\/p>\n<p>f) Contribui\u00e7\u00e3o Provis\u00f3ria sobre a Movimenta\u00e7\u00e3o Financeira &#8211; CPMF; <\/p>\n<p>g) Contribui\u00e7\u00e3o para o Fundo de Garantia do Tempo de Servi\u00e7o &#8211; FGTS; <\/p>\n<p>h) Contribui\u00e7\u00e3o para a Seguridade Social, relativa ao empregado. <\/p>\n<p><strong>\u00a7 3\u00ba <\/strong>&#8211; A incid\u00eancia do imposto de renda na fonte relativa aos rendimentos e ganhos l\u00edquidos auferidos em aplica\u00e7\u00f5es de renda fixa ou vari\u00e1vel e aos ganhos de capital, na hip\u00f3tese da al\u00ednea <em>d<\/em> do par\u00e1grafo anterior, ser\u00e1 definida. <\/p>\n<p><strong>\u00a7 4\u00ba<\/strong> &#8211; A inscri\u00e7\u00e3o no SIMPLES dispensa a pessoa jur\u00eddica do pagamento das demais contribui\u00e7\u00f5es institu\u00eddas pela Uni\u00e3o. <\/p>\n<p><strong>Alternativas \u201cD\u201d e \u201cE\u201d<\/strong><\/p>\n<p><strong>Est\u00e3o corretas<\/strong>, pois de acordo com a Lei que institui o <strong>SIMPLES \u2013  Lei  n\u00ba  000.317 \/ 0006 \u2013 <\/strong>a inscri\u00e7\u00e3o  no SIMPLES <strong>n\u00e3o isenta<\/strong> o recolhimento do <strong>Imposto de Importa\u00e7\u00e3o<\/strong> e tampouco <strong>do ITR \u2013 Imposto Territorial Rural.<\/strong><\/p>\n<p><strong>=============================  F I M  ============================<\/strong><\/p>\n<p><strong>Gabarito<\/strong><\/p>\n<p>Prova 2:<\/p>\n<p>01 a 35 \u2013 Previdenciario<\/p>\n<p>36 a 45 \u2013 Leg. Trabalhista<\/p>\n<p>46 a 60 \u2013 Contabilidade<\/p>\n<p>61 a 80 \u2013 D. Tributario<\/p>\n<p><img decoding=\"async\" src=\"data:image\/png;base64,iVBORw0KGgoAAAANSUhEUgAAAkYAAAFTCAIAAABTTFSOAAAAAXNSR0IArs4c6QAAaVBJREFUeF7tvV\/oVWd2Pt753tWokIxiY0ArUlRoIKUdSLzwD6Qi6HjRkaCQKTUUzQhGSPK5SPQy6kXSgXEgfEZKI40QkeiFHUFCIH8uNJApabEwShlCBJsGZxhInNzO7\/n1me\/6rr57n33ed+199jlnf559cdhnn\/dd71rPWu9a77991nd+\/\/vf\/5EuISAEhIAQEALzj8D\/mX8RJIEQEAJCQAgIgf8fAYU02YEQEAJCQAgMBAGFtIEoUmIIASEgBISAQppsQAgIASEgBAaCgELaQBQpMYSAEBACQkAhTTYgBISAEBACA0FAIW0gipQYQkAICAEhoJAmGxACQkAICIGBIPAdvWo9EE22E+Pu3bvffvutp7Fs2bJ169a1o9plbbAHJkERXIG3LkmLlhAQAkNBQLO0oWiynRw\/+9nPtvzva\/369fv372cUmfp18eLFhx56iAw+\/fTT165dmzpLYkAICIEZRECztBlUyhRYOnHixOnTp3\/wgx9s2rSJzeMrPp966qn3339\/urMiBLC9e\/eCmeeffx6fi4uL+PzFL37xl3\/5l6VIYar3wQcf\/PKXv\/ztb3+LmL1t27bNmzeXEpmp8hhzlE6mb9++\/atf\/Wrjxo2zIDv4v3XrFiDds2fPTAErZuYVASw86hICr776Kiz45z\/\/uUHxxRdf0KY\/\/PDDBB\/89Otf\/9o\/xBPEieRhDqqoxauhMAKt5+3111\/HV3zm0Pdlfve73zEo+gvT01I6s1P+nXfegSyl\/EDLia5LKXRYHoaHYRPsp0OaIrWUEdDC47yORSbNN8b+jHMPHjzAJ4b23\/mfC3MmzG9WrVr1m9\/8Bs\/\/9V\/\/FeuTeIIlQTzEbI9rlSiGwj\/60Y+MT8yQSIEFPvroo61bt9piJ+7xpFao1157DV74ySef5K+ogk9Ms0oROHXqFGZ4iGGIbejzCNWgcOTIEYhWSmpGyh88eHBGOImxAZOA3rGqXDrRjDWnWksCgaUczyW7IVCdpcHvY\/hsw3lMpHx\/wMwJdbH6x4eYMyHqkAhqYbqG6vzJBuCcHGCehIo2BcQ8wyriVwab5oszLVQcV\/B\/\/c4WybZdaBqXTS4R5DgjhAh+wgq5cEFY\/oqmQY3C4okJyGIkzgJk0u5BE5RxoSGjhmK1UhszhLdahgzgwg1n0hAEAdse+qmPb45zOxMQX6lofBqqqMvZMGWsztQpZi2TYBVsVGkm+kITNmnGTQIjBxy0FmMenODe6LRpvch4VHiOEChetZgj2cRqPgL0j\/ikl4drM+dOj28hzdw0HiZLgnhCOlzNo3s1L0n\/Zc6Xbt04pPdsXoE0moya+dKhJANqQyBkAUhkIdbWJM2zMybxK36l07cwyefkinAxwhl0DHIsxvhBTKqLn6yCX9HiqDJJSEMgoTpAjVHKFvSAFRvFcwtUDGmUmiMSikYFmR7teVU1o5gkTdoSmffjA+LDAROHDrUwkhnIwmET9UIBaTZtWi+yHBWeLwQU0uZLX5Pi1vwjfZ+5XRuem1+2WGIzLR9d6IDgj8zp8N4K+9kGKoK+eXZUbA5pNgWpnTSAsu3MVTf2xm4g0YeaLPSenDoQDd5bDKBf5k\/Uir+vhjTiYNGCXp5w2dzOtAs2UIAtjiqTtEjGLDpylsMdx2Ra5sMMmkBFKsUXoywMHvgEteoYYhSTNuMHWdKvbpXhJxvT1MJIfNAEqdEwGJspVJvWJ9WLRHcGENBemvfhS\/3eZmlwKPA4OOu4ffv2BJTvfve7fGLvsdkTPMRRe3zevHkTnzhQh8CAe2ySXb9+nQ6XhydRF7tu2HvbsWMHNoTu378\/Fvpz585h3wvFwFiVKzzHFp1\/DeGTTz4ZS9MKYDsNfEJ8k+XQoUP4lYfxePn9Hu7nFR0E3blzp+cHBw4NriqfYAMFABr2Kf\/qr\/4qR5AbN26gGM5wsjAhWlhYMCnYIi4eHzWhli9f\/uabb2JPy+\/MMZCgaex94owo7r2WWXcUkyDFVmAMZ86cwT0UnYgA6P78z\/\/8P\/\/zP7HbSptJLsKFJnjyFkc0sTtLnVKoNq1Xm9OTwSCgkDYYVXYgCJwRzlLzgk9sdtn2K8+J8Prqq6\/waatzDAyffvrp+fPncWPH7q9evQpXhekCZgAYpL\/77rvN3DOegSxG67XxDNXBD3ezeMFTe5p\/8id\/gq+cytiFgwmgPCPv3nnGcOgGUROg7dq1K+G5AzX\/bwQwqkCoeOGFF2wSjN8x4LCFPoQQlKm+CziKSRgPhh32xgViGw7mJGzDZr7\/\/e8jiCLQckKZXIntIWDzonJRuE3r3WIoarOFwAzMFMXC9BGwxaJRrNjCoy\/QvJdmK0WMcP5oBpvzhxHYK2oXHu0QCsrb0mLg2De5tUVLWwsFTa59gU9bFyWHXHkjbxQ8WcD0P\/l7v1roFyFt4ZGSJj8Ztr71zIXHZHXRtppAk7HKNrS4d8Wv5DlZeMRXLjba+h7KVFdHRzGJpkmcdDwsJqDf2mxYv0V5ao3LnlzJJJE2rU+\/v4mDiSGgWdpsjTDmi5tXXnkFDGMY\/sYbb2AUz\/e1ERieffZZCoLVIThQrkNyxsbr8ccfxycG6Zgn4Tpw4ECD4Fy8YnlbWvRTikzQ8DIASmLCgcUusIoXD\/AVdLBAijkBbsAnluCwCAlZOIksepubzhfiYALxj\/\/4j5lc1RZ7+OGH8Rx0ckihDHj+67\/+a1TBfAjLvHjyk5\/8BF\/\/\/u\/\/Hp9cjcRPeA7RuHDHi6MNLC2i1tmzZ+35sWPHODPDmvC9e\/fwnHD5axSTb7\/9NkyC09\/\/\/u\/\/RhUiU73QKDgH5g1Y0Wx+\/OMfoyREABucL7ZvvY2CVHd2EZhYsBTheUIgNkuDhHbAmiYOOsn8yZaV\/PkCDLf9gRQ7iVc9kWhzqaQLVScNOXAnZ9P9STwePbdWQN9mbHw4dpZmkvIgH9GoTsX8eYdRszTwaYu3dvq0eo7fzk+yIa8LvipgmFhJxGk\/n6vybG9Z+Djk0TCao5hMlOvfc7C6\/rV3EOfEsTonZnk7pUlIiUOb1nNMRWXmFAH9IdbsjjbmiDP+6\/Hq1aurhwgapGCtmfobYuzxYF4S\/stmVu9EIv5N81hIqxjyzfEqD+St+idYDTyPVWsDkzlIgtVMqEktQaNl63PUv8RqPgIKaflYqaQQEAJCQAjMNALaS5tp9Yg5ISAEhIAQyEdAIS0fK5UUAkJACAiBmUZAIW2m1SPmhIAQEAJCIB8BhbR8rFRSCAgBISAEZhoBHQ+ZafWIOSEwFwiMPRs5F1KIyQEgoFnaAJQoEYTANBHACXu8AY2Xu\/\/4j\/94mnyobSHwR3+kWZqsQAgIgVYI4O888M740aNHi\/7HuVWTqiwERiCgkCbT+H8IYPkI\/z2Pv50NgILXZvF36fgXWrzM6+8DpHyVDkmFOcEsBH\/sS9GMCBnDV\/xnvHflfO4xhMfHfyj7f1smzqiLVN3+5XQ2xIe8R5mkrj3Hn4r55ABjnyd0MtHA68z4uyz+zT+mYvhvreRlbRbArwk\/ho9vKMEKP+VXT+iTLP5SC3+KjRTn+H8s\/Fma0SfZanOZUqvYHCMwp\/96IrYngQD+u6iajjKzIf9\/vmOTk2XSRLEOSeU3mpRM\/vYXv\/q\/zkrykfKv4o0C\/3Gq+oQuw7J0+n\/bSv7tCcX4J1XV5\/4vmO0PtFB+1HOjkwmF\/9sq83E+caspCL8yjZldtQkEEnlLqyfGWf2fTwhofxvWxpgz8VGxGURAKUBnUCnTYYnON3FY+az42IO\/c6wm4cwnVfWM1bTIMWqltfwfPxoP\/GNGeExg5TOCkjh+spLm1i2kMZszcfb\/A8m6Fg6ZmQV\/xmh\/2+iTTaOipVqlB7e\/6Eyej6KTiYPlEWUrZNhnVMBDNsHL\/wulpSS15AlkMol8mdXBSZL2gfRR3bKD8q8gDWr+lWVp9vNMZFRsZhFQSJtZ1fTNGF2GtWpOhG7I\/isWLgPOAg4Frpn\/z8sqPqShLor5uQI9F8pjZG2Or7YJkDI\/zrZ8kBhVxYOFP7Sl9\/Ts8aHnnFmVKXXt3\/KCJsMPP2slNZ9OBhjtOCygh2Vd87MsYG6dvxrzDGP4ik+r4oElQZYnfTr0Uc9H0cm0LQvYpjI88cML\/qk0WPIJa6r24MHxE9ai6kxpbeITuuQ\/sn0uckIdXnXIhEjFZg0BnXi0IeaSvsFOzOXLl+3f8bERgtwi+JdY+C9EI6QjuXDhAgDCFgWyriALCZ4jPwueII0I9jMS7B48eIBi+MRzUEbumH\/\/93+He8XeBjJ5Iv8nno9qAuWRTBnMoDw2SHyq5VFVfOtsDvsobA7sIduLcQ5q2BZCukvkkYGASKGCtNEQENxSwOplkiY\/ffPNN\/4J\/yyYu2vMeY0NHvDw05\/+1BfzBfCcuZtZl59\/9md\/hk+IYGkzuY+FFKYsYNmx2QoIjno+ik6+oTMHELT\/9NNPI1kMFI3W\/TYheQOe5Kq62IjENGCPF5LOoAySmhoDY6t7VrG\/CE1BcdiJxIUbBDC\/m4jC0CY+uU\/JPb\/33nsvX16VHAICsxZjxc9UEOASk+V2wYgY7olD4Go2S0uVyZ+4QzNqL81Ps5h2hMP8UU0k0zJO75qreMSSvTd4PY7rOWa3Mb5PptOQY9MvuNnshNMFwmV5TzhbAlnbr2LdJH1Mwp5PNMOfkgwy1AtpjiLV3ATB8XSKDAwV\/S5dkrPGT5WSaVM1vEEQqMMLOLa6nxESXhDhSiZu\/ISvdmpI49HaY5HG572wZmlDGJe0l4EzqhUrVpAURsQ44Hf9+nUMezFnSujbQTJmyFxcXGxggENmUMMnTgZi8sFh\/qgmfHkUwzTLiDdzxWIc+GNygHOGzBWJ4TznMbhsisOv5Oqhhx4axX\/tqXSwwQiBOd+VK1d8XjHMDu1kY+mJdrhpuGBfC7MiTCXh95lqNXw108GvxIpwJRfEef\/99yEvVvDACWe3mCShGBKKcqqEuTsQ\/pu\/+RvD34hwBMML95h8v\/TSS\/w1p3pYZFZ85JFH8ImsNC3pqPocIaCQNkfK6o9VuBusa50\/fx7LRLXD7fasBJrIr\/LZZ58htuHatGkTPGlpdBkrHRw9ZhsIQnD3aALl0QRXw7hyWHSRPURHf9CfcQgBAwunXF4bJUWzdFU6CW9YmsO4gVfyExN8gz4YO3z4MPDkrJTDDp7dR5RiqnEmy\/apsfF169atGMHwwmgGMRsDIEbEnOoJP6wCNAgIlosRTX0Z2ioWaYvwV+EhIaCQNiRtdiYL3CtoYR8IjqzqIOhZcNE3+WlKlQO8zISH3EPChS0Z+GjseI1qIinPJSZezVyxDKtzLwrXD3\/4Q3wmOy4tYQLzEAF7b9itgbsHGpi+oAk6+j\/90z9toM95IT0vNyZxg7oMh48++ijrctcQZP\/5n\/\/ZmE\/8OImA4Kjno+gk7GF30w4lJj+dPHkScc7P3lauXMkyYJ4xzCZhuIElQAqMPGoRQBWbMAWqgw0Q5wAFFxch\/Q4oQEO8BGjcZbSr8wFNS\/tR9ckiMO8rp+K\/EwSSk3gcjGOtCftM3JDgvoUFGPzEhTI6tYa9NNvEsmPrPAXe3AQck5W3JkZV8Qj4E\/bclvOc2+6L38QatTFjZJMNMDznJhDPE3r2kgPu1Q0wPOEIwPbheCSPTdiuT3WUQJD5JhZwoGjW3Kjno+hk2oxN0EEf93aGk\/ug5KS6kcmHLAAG+GYCLoLmd17zq5sgdsQRN3aaFG3ZO2p2ztbUlCmsig0DAR3iH4YeO5ACDsJcpPkLOl86FC610SvZ60S1Z82TGOCPGIAUvdKoJvAT\/TUb8qdFGqpUHSspWHNJ3GoZ0riXxsuOifMVhUQT1XjppbBXg+HcPfhG3G4Y0vy7z2jO\/Hvtcx6RT67kwMVYu0F5fzyEb+OhFg0geYsRbLA53NSuV0NMhu1AddRNjuzjq4\/ZydEVnuJJouZYeVVg3hHQH2JVe\/0SfYIlQaxBwRHwL5qwNITVMJzj9\/\/YhLUdrOogHmA1D\/dY0slc0yM1kPV\/p1TbBNHH4h4WqZL\/XhrFVVVhpJzPXkDlDcznUCtCLyHIv72vgjPqeQ4\/zWV4vmaieIaZpKlUecP6J042YfDhdyjDrajivCCgkDYvmpo4n3ANq1atanYBPqRNnCE1IARaIIAhGk6+vPvuuy1oqOr8IaDjIfOnswlxjNkYVvn4YrIuITDXCGAWiyWHli8\/zDUCS5Z5zdKWrOoluBAQAkJgaAholjY0jUoeISAEhMCSRUAhbcmqXoILASEgBIaGgELa0DQqeYSAEBACSxYBhbQlq3oJLgSEgBAYGgIKaUPTqOQRAkJACCxZBBTSlqzqJbgQEAJCYGgIKKQNTaOSRwgIASGwZBFQSFuyqpfgQkAICIGhIaCQNjSNSh4hIASEwJJFQCFtyapeggsBISAEhoaAQtrQNCp5hIAQEAJLFgGFtCWregkuBISAEBgaAgppQ9Oo5BECQkAILFkEFNKWrOoluBAQAkJgaAg0JZf5zne+MzRxJY8QEAJCQAjMGwK\/\/\/3vM1nWLC0TKBUTAkJACAiBWUdg\/CwtPzzOuqziTwgIASEgBOYNAawX5ochzdLmTb3iVwgIASEgBEYgoJAm0xACQkAICIGBIKCQNhBFSgwhIASEgBBQSJMNCIGZQOCNN97AnsG5c+dwc+LEiZngSUwIgXlDQCFt3jQmfgeKwG9\/+9tf\/vKXK1euxM0Pf\/jDgUopsYTAZBHQicfJ4ivqs4bAt99++8EHHyB4IHI8\/PDD3\/ve97Zv325MXrt2Dfd79uyxJ7dv3\/7Vr361cePGzZs3874q0ZNPPvnd734Xz1Hg448\/\/uKLL3C\/devWnTt3Llu2DPcfffTRgwcPGiqSqxs3bqDM+vXrN23aVOUqqb58+XKWSepu27YNrM4a7OJHCIQRKDrx+Ec4HDnqIgcNBfSTEJgvBH73u989\/\/zzSdd69dVXTYqqzf\/85z\/HQ3yiDO+rFwIkfv3www+Tn9AWKaOJhoq1XP3sZz9LuKplu7buL37xi\/nSi7gVAs2RKB8fhbR8rFRy7hFgaHn99dd\/\/etfQxiEIkY4Rix798XLWQ1pCDao6C\/EFVT5wQ9+AFIMb6DPr4hz+Ip5G8tbc\/zKiplcJY2CpsVRSERS5BZNz72qJIAQ+L8IFM2sFNJkOEsFAa4Hwt3T+\/Piw6eeeio\/pFn8S4DjLIohjfESJe0rHzJ6+Ye1XCEiNnNlTTOGWUhjVBvF4VLRtOQcFgJFIU3HQ8ILvKo4ZwjcunULHO\/atYv7W7zWrVuHIHfz5s27d+9myoMdL2y52YV9MlZEXMHnli1bfvSjH+FXtII9ubHbWrVcYWcO87mEK98o7n\/zm9+guccffxyfCwsLTz\/9NE5Lghls4Pm9wEyhVEwIDAMBhbRh6FFS5CLw2GOPJUVxFgNPcMgik8Tp06f3uuu9995jxaNHj3IStri4iN9xygNn8TPJVrl65JFHEq58o7i\/f\/8+QzLWNjHLRPw7cuTIjh07ENssymZKpGJCYDAIKKQNRpUSpCcEkr00BBI2jGnZqVOnsJCIdT\/umSH4vfnmm12xleylIZiRMs49vv\/++whsYIyxDYEtf9LZFXuiIwRmAoGGRVfyN6xVWUmzdBHAOUDYs51CRITgIRHaOTfYqjZfPR5Su1MFUggq1U2ypAdV99ISrqgeMNPMlWmRO3ZeqVz\/1Hba0jX0wUleFIY0S5uJgYWY6AEB7HJhEoNVQa7L\/eQnP\/n+97\/P\/+lApOEGG2dXeL3M+OG7YngJrJnD\/\/iP\/8Dc6OTJk7bS+NBDD6EKWmyumHDFwnhHzXPVQAEtYhGSr9PxwsvaPYCpJoTAbCKgV61nUy\/iaiIIIJgh8IA01ujg+s+ePYtlOnzFBIuvLSM2IEIgDr3wwgsrVqxAPMPiIb5iZQ8xj7\/iOAm33+zCkRO8sv23f\/u3ly9fxq+HDh365ptv3n33XXx95513Dhw4YCURQUEQUyt\/bMRzhU01a\/TixYtcXWQy3urLbVjnJEuUCHVBGUdFwPC\/\/Mu\/8O1vXUJg3hHQq9aDm3hLoO4QQPTiG2O8bBZlK3UIQt4FoLAtJ4561Zp1sYuWRB2EGf\/CQO0hfkrGIx7WLhrla2e8Rrkk\/orWk7p61bo7exGl6SMA+89nQrO0eR\/BiP8IAjg9gRVCTLwwDcIyI5bvXnvtNZs54Scer2CBogZwtt7OIvq3BXKIkKvVq1cHJlhcLA0wnMOYygiBKSJQNEtTSJuiptS0EBACQkAIjEGgKKTpeIjsSQgIASEgBAaCgELaQBQpMYSAEBACQkAhTTYgBISAEBACA0FAIW0gipQYQkAICAEhMP54iDASAkJACAgBITBdBBreZvGMaZY2XTWpdSEgBISAEOgMgfGztMzY2BlHEyPEv2AYkjhDkmVgqhmMOMPrNYNRDQQpOt0+Mc86ccJFRqhZ2sT1oQaEgBAQAkKgHwQU0vrBWa0IASEgBITAxBFQSJs4xGpACAgBISAE+kFAIa0fnNWKEBACQkAITBwBhbSJQ6wGhIAQEAJCoB8EJnLiEX8ofv36dQiwe\/fu5I\/Mmatwz549ReKB4KVLlz755BPU2r9\/\/759+0r\/4xwVi47NJOwho9WdO3cOHz6cPD937hxSZzHVVs5FOlYSCa527twZkIXixE48QgX37t1DtrAERmqtqrIGuRJxWLKIAquEVUMGAGPVokpVY2ISnyK1JhCFxQEd\/BP\/hQsXktYDqiFLkAWpZ5AZAASR1C3fUE2isCyEkXQSBcWcAOg0qDun982apcFEY\/3FayfmBEjBHLX3SL4rBTRFofxV2z0z9RXxDw15aEguP1ENSyLPk2fXp31C3in8hFxQRTRZixUtL1SShiqHYEwcUEZbtXWZWAs5sXJaZxkUrurS0nHl06EdF5Vn4ddff90YAJgeRiZ0RuKufLK14hRRYFsx1fjsZYlRBVSTWC\/AycchKRkTh0SohcSoAqoBKUveZvnhAEupUGFZvJ177cScgLcTUA50\/zaW5lPodWVpZr3okqVKsfIxJ2DV0VUTd9ReU1X\/Vurwq2gUGWGTWywiZHywI8Fwabv4yp\/MLEolJBsWGknHyOZbQ0wcr3VrCz3KYkMgpJnTN7POl6KNNXO0QfwJI30cnpvXKwpIDGlFVWoljamGtaALenyODMKq8VZqNhzQSzhCo6LZgxlVWDUkZe7ShmV+iJkjXUw1tDToBbaBywZtYScAVs2fmN3m8J+UCYhjstiAgxi2tDQaLT8DgliEDtelCFSQ5cWtJsINuOvSKmNFKNJa9yENzdsIl5MqcMzAQE9RJDB7ZjK6jPnQIlx85IAUJgif05VTnDYhzUiZJY3VbpuQBgsGkkSPGiHzjGeBqcB0QxrdHD45vOB9WDXmI0CKXiw8fI5ZmkUdb1Rh1SQWC+kgVGk8C4dndltYFNRhvTXsBKgadjeqJjyHDqiGstDvewDbWBqlgEQkHuj+nYQ0cyZUjRl8G02Vevgcj1ektYmENAta7JDsTvQ4pQJ35TTbdE5z+oY+ZIFEPirkKMYcrg\/JASKdWLOf2YAH+NMA1KwC\/wJF25UJhS9WZLIJffJgvTGsGgZII1UNCflyxcShRujjbJwUVk1pRxslXUyWZEWa2gk7ATN4RjI\/gslXih+yFNVKZLH1oTaWxtkqdM1xDFRfxJIVpndtf9FR23JuG03RYLxDCAdsL2a+pD2deMQhkc2bN1Pa+bpqT7JAluTYy3wJdeLEicXFRXROKgWnBmJHVGZB6q+\/\/hpsXLlyBXvduGmjGoaTvXv34hMQ4ZPb4z1caAgagadbvny5b25OVYMTAXBqcPrwkohDCwsLOPbSxglQES+88AI+n3nmGcaDHvRiTUAcDC8gy+nTp3FKpaWlnT17FhTgW9Dv0A2heuDTpzi+LYhz+fJlRG5zAm00NS0prN2eQtpYOQErzlbxosXwQt\/A54MHDzwF2PcULWCsLCiAY5mUBTfN5Skazh\/mkO2kDJw1uiU60qlTpzIJNotz5syZd92VSbOrYi+\/\/DIGlTdv3gQbOTRxIsssLSkPz4snJ0+ehLwEpze\/yTiK8Pzee+\/hBp+Z0dRkqZ40g59KPNft27dzIGpfBs4aFoHhBbzk3\/3d34Hgp59+OpbsKCdgikAkgGpefPFFPKGyeruOHTuG4QVtzB9abmBgVK+BFmCu9BK40Blxf\/Xq1d5kSRqiyeGgcj4DDZ0IRBD+vUMoPd+ez0Ztye5DGuSxvoQbO3fQzOiGDRswTOCFeyv8+OOP4\/6tt96yJxcvXkT\/z3fHLQGKVT906BBlwU0zBTrNrVu3xhoqrQX00IWw0FEEYL44pfyEy8MvwJtzLrVq1Sp84qh6DjUcZzdL8+UZQuxI7dq1a\/G15+HzkSNH6ODQcbzNN8hlskAuX4w7TzY6xBBwx44dW7Zs4Vx20he9OVvhvtGaNWvGNjrKCYB5KALVqRRTU2bUH9tucwECy6Fn0QB0VK9hlzfHyBvO26ZyweRg9kXLTqM60VT4TxttWIdl0dKFWi4Tw2na3kCya1J0PAR17ZQUeq+dS+5to5vM26aglyWwDWZbyvREJBs7hhBQjb1fYbtffpk7vJcGpZhj9ccB8i0nZmmsBfQIo5cloBqaq7er2qNJOULFxCHlWs4DqrHDJtSOYZXDf9JhA5bG7S5Aypuky1efNHNlO09WzJ9CLJIophrWMhi9kQQsrcpD+IRtQDUJXHZQpRbGUk2BiGHlfUKRjqqFi7TW\/fEQMGQH3KvOOoARCMK52PAZ\/ST8IlfYAroNadSQ6T6m74As\/vWaausBv5nsnIclKjJZgwtmYENdO0\/REBgacGYASM7R1T7MUVZMnG5DGqiBfxsC0iPnMJ+UicniD7iDh+Q1slInwL6fEKl9OFbAmDje0pLDDqUhLXm5ggzXPhwrC+NHTrGGMs38l2rKQpp3ce2ZLNLaRP49JJFnRr6G\/wdhRvhP2Aj\/e8gMijM81bAbzyDUpSxJNaWI9Vl+SE6gAbciI+x+L61PjaotISAEhIAQEAKGgEKajEEICAEhIAQGgoBC2kAUKTGEgBAQAkJAIU02IASEgBAQAgNBQCFtIIqUGEJACAgBITD+xKMwEgJCQAgIASEwXQQyjxBrljZdNal1ISAEhIAQ6AyB8bO0zNjYGUcTI1T0csPEuOiM8JBeSRmeaqDmYXQcqaazHjsBQkNyAg3wFBmhZmkTMDSRFAJCQAgIgWkgoJA2DdTVphAQAkJACEwAAYW0CYAqkkJACAgBITANBBTSpoG62hQCQkAICIEJIKCQNgFQRVIICAEhIASmgcBETjwizeD169chDjKlWmY55PH74IMP7t27h0TVRXlOk3S9SACNhJlFCesIbNGxmUQXSKWIVLaHDx+255Dxxo0bSEOMbHhId1uqOwrl8SmlEDvsNIptZFOEaoDtvn37LF97Jkumbo9PZt2WqqFeEotqoxoQRJJf0Fy9ejUyzRYZqoncxtJAhLowMGPimFK8IgK2GpaFUrB1U1BXTmDbtm1ImV1kY7NjaTRaYx7g7Ny5s7TTmThtDtYmnICmWQhS7H788celPqpKsNTb1+q0zAgbUumQemk+HsszyeqWLs8SnuEhUijlk60VEml+8imwZEwc5p1K6iYyJimUxjLG9Ei4Ysk\/TZyxDSUFRrFt+e3AEtSUJKYa24ol5SrFwSjHVGMworolmWyjGiNoadiQnG+s+NUCMXFIB6m5fPWwOMyDlVyBlGlhWXzTpp0OnUCRD2lpaT7RYHtLq80yGM4BGbBPq1LlhBbiexb0mM9brWilOZ9bdqjuU4BahlZ2TloeMSJeTB+cD5N3WKjOvhqAKdY5vWswrCkjfqpGuxwLIwL8zClfWyZQt5ZtOk3iya6LzyKuTJZYAAiPNqhQqMBbVFg1hoNF9Nq07DnIxCyNlM3p82tYnNLUlKPkisliWafBBi529q6cAIgTlsAQKiCOz6DtU5+HVZPk2rX4kWNaSZmAE\/AUIBoVZF6OMxDrWfTh+f06Ec36ZmAG4vks0lr3IQ3NW3Zg9k8wB6QgLfEqzZ6cBLDmzOINZlGEi9GhOCYIn0NDNuCtTXjdwIbxT1MOdEsSD1hzLdswO8Qw2lzAD5oU7OGlMzyTJSAO6tJXcpbJ+7BqPBFyBVnyB17hHugr+kFuS0sLqLLWaGO9hlYBVwiJzJ116AT6TDhOWej3bc2pjaVVHSCfBFxBrNdUFZ0wAE6MmcT9Nni2Wt9Ot+Bxa6bQ3ggnEtJsClV194FpDTsVSPHi1wBG4c4JlEfFrdJRDEhxJgSLIRT5I6BE2W2seRTbpRNosMQqkIU9v3SG1zKkWS+qLuGWqqZ0aNLQM2OWRoYhSC0npeLYuNs6Dm4CETomS7IAlWgn5gSShZmYvgLiJLJUFzxLVVMNaeHxRxsnYAZMddSue5Uu21A0TABodZwJBJa7q74uX9JeTzxic\/jpp5+mQ6dtha9bt26F6xZVbDgggB3ULVu2gNrx48fzaZ49exaFQRYbwugei4uLgCW\/evuSo9g+ceIEmAFL+Rvv4BxVENUgC4GidH1eOKGD5q5cuYIDEdZuTDV9sl1t67nnnsPDo0ePVn+aO3FwKIARFO4Sfm1hYcGMvEMn0Ke+IA4CD2Q5ffo0DkHMtaUluF24cAFPjh07ljzHAZ+DBw9CZBwZawP1+fPne3VxnQ82IXztLI3GjV9r59d+yypZePUEuRxEfEsnsLFabKU6JLRt\/NqRr80mk7GP1fIzzvDMphQBlB\/FNtcHarfcG1Rj2+ZenN6mAia+3+1okJHlq4t7fF5dIQHZwFoQSAUsjUhypY7VbaG+2dJGiRMe+LcZINcapJ+UdOUE0FCyF5DZFwKq8fwnqMacQHWWFl7hCLjBKlC1mJClUYfFRvm3qmil87xaPRZprftZGqS9fPkymcCNCf\/SSy\/dvHkTEtbOezZs2AA4eOG+YVCACYE\/N9Vm+BCui0EH52ew6do5zaFDhygLbnwrNBRvEPja28xmFNsXL17E2BP+9NSpU1VMGlRDzhNx2k\/Bc\/SCiQuO9mJmicKrVq3C5\/379\/E5VjU4pmyW5hvCmyH4ypdPeJ05cwbn+DFWzeGnZRnONTHlPXLkCEnh5vPPPw+L05KfltX379\/Pg9e4OOBYs2YNPrtyAtA+nIkdtW3JbXN1GAwKPHjwwD7xrkuOpY1yAtXm2GVogT1fQBIt+jPP+IqHsHzcvP\/++7VvF+SLtmLFCtChefd0dT5Ls\/GmPzDmj0dzRJ8\/licQ5obsuGDmuMyKkU5prdpZmvUl26jIJFvlwQ6IZlLw4pRWqWXbjonbCnjm1MSfaG0Jckw1rGWbT2Q7rBrUpWlBpzA2xmk76FQEdUwca8IvCYTF4XyCstiVqVkvbEwWukjgyRuuVXTlBMz\/9rahbi6IN2w3rBpOZVCdeqG6Y+\/zhB2aqbj2kJrFHvq3fN4S0WwJId\/bt5+ldX88BDyZzRkWdBb+yj\/WmVRkVwmcrIt1ztqQVmUpx+XRehL7qH2YQy1gzbVs+3durOvmMEAtJ16y9uFYajHVoJ\/YBBGdh63EVGMc+nU8OJ2AmRkPY6UeVcCHtLA4frnYe6hSrmKqAW7mBAzGDp0ASMW8ZEwcb2n+KGCinUxsvY0V9bgq\/YATSIhUlwptNTVgNlXRqi4iE6XwuGoi\/x5S7Yez8KTsFfRZ4LiRh9i\/h8ymWMNTDX3NbKJdxJVUUwRXz4WH5AQaoCsywu730npWqpoTAkJACAgBIUAEFNJkCUJACAgBITAQBBTSBqJIiSEEhIAQEAIKabIBISAEhIAQGAgCCmkDUaTEEAJCQAgIgfEnHoWREBACQkAICIHpIpB5hFiztOmqSa0LASEgBIRAZwiMn6VlxsbOOJoYoaKXGybGRWeEh\/RKyvBUAzUPo+NINZ312AkQGpITaICnyAg1S5uAoYmkEBACQkAITAMBhbRpoK42hYAQEAJCYAIIKKRNAFSRFAJCQAgIgWkgoJA2DdTVphAQAkJACEwAAYW0CYAqkkJACAgBITANBCZy4hF5C69evYq0b8iet337dpMLCc7v3LmDJO61WUBHic9aya+7d+9et25dEWJFx2YSynfv3kVySN+oyVjKyblz5xLipYCweuywEwS5ceNGVTVIdHnv3r1EX2PhZS0rFhOEsuAzcESw1qKoLORpRIL52gSGzXLFoPA0w+KACOzqwoULXhGxXkN+IAuSoSA5Kgju2rXLd8axyjUza6Maa+Xw4cO8j4kzdScws5YW6DWmFPYUbwnWhafu3+IdqiF7DYkG0tv4rNOWXsgnO2ZKwMyrNgdPfro1ayUsDigw1ZM1avnmSbOImaorKULDi5MJoBWzbJ\/kwVTjswNb4rEc4pauzIQaldm9mVpMNbUWlWR7Kk145hOi5iBQWyYmDknR0kwL4V4DUj5HJVlCbrxSocKyJNnR2G5YnOk6AZ9T0HrrjFhaqUJ9+WpSPUo3C\/7N81lkhN2nAKXVwgiAi2eF93hIW8\/P4FdNUhfTYhEuPgyY47bQRRnBGM0aEuWzhPKxGJY0ATr5jbIkfRyk8KqhEwdLib5yiPtklajOno9WcuqGTdYq1lqUyUhmSp24iVBkolXVBLTjPX6S0TTQa5LUsqbc0kzQsV4DWVgRxsaLEM2jE2AHYR+n7\/JZrSHadC2ttK\/58rAKUxD7Moe5s+Dfwv6h+700rGsBGq75MLMtprfs4QgAeLhx40Za9lxcL7744uXLl5MhJxZOYdbPPvts6eLndEXG0hN8JVafoAWL0xABlv3jH\/8YD\/30upRVVD9w4ADInj59GqsWpdUD5Wst6tSpUzAzyLhixYoAzYMHD6LWkSNH2L0DFMJVANrevXuT6uFeAxxA6uWXXyZBaAcWi6sfi6UBwJywZfDgwQNb8AyLE0a1fcVbt26BCGwba4+vvPIKRCCG82tphgmsAqqhduDl4K65JTSn\/u0PcjUEeZYoHQX4kXt1gsUnwC6fLKuge4CyXfnVk0F9aUXOaWpnirZIlT\/jtIGql8UWAIt4C6jG6NdOLv0wLZMTr2tWiU2pY5bmW0wsitGIU89MWehtzTgZ3fPrhgeVVpHDJhsge4KBXkPxY\/y3lyVZ0QKYLcWZohNI1jyTRYipW1p7FYMCO3LSWabr38JG2P0srXlYhIMJKHDlyhVO3Wb\/4pymlk8MRWkK\/\/Zv\/zb7ghiHt2\/f3rJlC74eP368ynbPU5P2uI2yKLhRDDw\/\/fTT\/CYoO6dKJ06cwCeOV+RXb1MSDS0uLmIJa\/ny5VU6c9drIAIiNMdqiAE3b970SM6jOOjpiNMwKixCYLrmdTRflla1LoiDnoLInTi6OfVv3e+lNc\/SYOJ+bboaioF4ckIhNvCvDl7aTwVqj4Fw8yaZqPmRXcJJh8PnwADN9rRrZ5a2D+op+xF3gkB1lsal5qJpq81cA+KwSrNFJWSbVUPt4OIsrWiX1BoKWBqrgDeaExhI5u6lvabKA3RXqpf2qgEF2k\/SqUvFmaIT8E3XyjIKJVvbr06XqZ1OLC3ca6wiTW7UJuu0\/NsMzdKwYQOAMBXA52effYZPTHTwFSebOfJdtWoVPnGwOBkvwHR44cBxmwFvD3XfeOMNiMOJ5sMPP4zPr776yrcLEUycHvjJbALDLs7P4No2b97MWhg+Q5bqINpobtiwwWTBfUNboL+wsIACRjyTsUCxURa1detWnqHHVbs1OEo1RMCqrF27Fl8xc+pnX5AMYw8PkwDcYNT81ltvtek19EQ2n4AUO3bsgPb7WR3BmyrWQbCXBk7wTkUbcQIW0lUVuiNKYbLgfqylHTp0iB0HN56ZWbA0zw9MDmbvN1nn1L\/9QaiGIM8SpaMAzgOAEQfstvRManhYumfDURLomGPFTdG5eYoQE4d1k0EiZzMmYxFKZMPLkgxgMwEvapQ0\/alujhBtikOWyFv+oTiqMgnega3BmGpqLYoyYnbFm\/zjl\/4wG+GqnbPmaCcmDikn84Bwr7Ejjuw4RieH\/\/AA2SpaB7GmuU8TFme6TsD6rO8gM2JppQpNynO6XLtBOF3\/FjbC7hcezRcAKb8\/j1BnM\/EiJ+5XimhSdKOlumzjaKrrHsYVhCpazzER\/E2pLPQOpbWqTXvfzV+LApIplHXRB4qqG\/8x1dRaFFynRW7cZB4PYQBITjHUPszBPCZObUgL9xpQ81DEuowFoRypkzL2LpfvIGFxpusEPNtm4TNiaQHV+CqjllKn7t\/CIW0i\/x5S67Wn\/rDNfzpMnfkqA7F\/D5lBQcDS8FTDAcdsol3ElVRTBFfPhYfkBBqgKzLCvk889qxyNScEhIAQEAJLBwGFtKWja0kqBISAEBg4AgppA1ewxBMCQkAILB0EFNKWjq4lqRAQAkJg4AiMPx4ycAAknhAQAkJACMw8ApnnrTRLm3lNikEhIASEgBDIQ2D8LC0zNuY1N81SRSdBp8loXttDOr87PNVAh8PoOFJNXnecTqkhOYEGBIuMULO06diiWhUCQkAICIHOEVBI6xxSERQCQkAICIHpIKCQNh3c1aoQEAJCQAh0joBCWueQiqAQEAJCQAhMBwGFtOngrlaFgBAQAkKgcwQmcuIRyZmuXr2K3LVINYRkaQnTSBd07969w4cPZwqDnE937txJCu\/evdsn+MkhVXRsJiFIHqo8IwXUxx9\/nM9MIstjjz22c+fOUVmzm4WKHXZCuqwbN26MUs3FixdXrFixZ8+eHDxRhqr0hbdt2xZIlhZWDfEEjFWeS1UDZK5fv26yIL8XEmKV2hirh8VBXfSdCxcuVDtOaa8xQZC6DPf5JpqoPiyLt41EQaNkHGt1DeoeW7elambW0tocrK261sTwpmV1rYywITcB6QaSF\/jUi0m2EcuqnE+2Nq9En\/nSLPVUwrM9z2emVpai3DQ+IUs+hizJ3Eh2JaphNpBqBt6GVpLkMqTcW94fJuXilbAdUI1P3j0KokzAwx0H9Jm2LcEw0GuStEHIU5jJfFIsLIu3tEQ7tTLmsGc0M3MGVWnGxLFEOTNoaTm4jSpTdUfe8KZodW2MsPt8aZY4sTYSWLTL10Q1V1l+3XDSHavoPV3SLnOc4ioNaVbenHJAosBog4nE0HpVNRbtAiHNmDcipeLEHA1rQRa6SD8yCKgmSRwFarTV\/ISofrQR0A6qmz0kIS3Qa8gMkeFnqVJYPqYaWgLaBaq4vGpGyTiWPXpY2jBizNjytQUC4pgshqc3ialbWgwH1oIgVJB5OS\/aFK2uTUjrfi8N61qwm3379mE9jfq23PBYA7l586Yfvs3+PdLbQ7V+3kmeMWdfWFhoyT+Wyxiwmbt90teuXbvQHJaCoZpkgvXiiy+2bz22TBduF3YPNwdZNm7c6Il0ohosn545cwZkL126FOawqCKW4\/bu3VutEu416HeLi4uIASTbj42R\/1u3bvGGWwa2Fj1Kxhyg3n77bRQ7cuQIPs+ePZtTpZMylOXAgQOwq1deeQVWZ3Y+p5ZmsEAQeANcVBNGGybaPFod5eo+pBEd7g9hQwKfn3\/+OT6xtwFzRJCrXa0aa3wwpv3uGlu+qwJQM4L02rVrPUH0TIa62oXEoqaxeI3yyY5UEYX8wrBdbgdCF5cvX+bgHRe20PDVr+Pl00RJUwv3XcJ0ihplYfhK9D2MLWBX9JsdqobbwJ988kmAsUCVl156qYpem17DwSV2BLFf27NeaM8IqOjy6ClvvPEGAamVMROr06dPo8fB50LXGBkDmcyKLYtRFkiBa\/369SdOnCDB+bW0BBAIAjXBLduG9JxaHeXqPqSNMqDnnnsOPx09erSlhfVcvfasxJtvvgk2\/umf\/qlnZjppDva6ZcsWkDp+\/Dg+MZY\/ePAgwlv+qZBmNuhJe7tw1AVtXblyhYsBc6oaTKEQALCetnz5cg9dm17DqQzUivEl5mqgD+fVj15wHgQuEnNoLAsjDmHMgaZHyZjDEqeYL7zwAj6feeYZfPY5ckJzEAerc5AFkRWTs\/m1tCraOI6Eh8eOHbOf5tTq\/sB\/w1IsS5Su1XISxlq2Dcb9VfhNm9bgJtmlMECTjYTp7qVREC8U1\/Q5ReNz+ItkO81mosnWVFUW23osxTmgGq7UEWfb3uBcDSNfrxrPjN9NrBXTF65ua+XIFbM0o2y7HTmq8RPrqpje9rjjCIlyRPBlAuKwClrnXhHMBobRpteYokHKrDGwBRWQJYHLbL5WxkxLo12h03lxSvWC8gFxfJ+1DdccSxvlBJJdW3DVxtICIDTvVOVY3SjRurK6Nntp3R8PoQXQY9q+dM6pRZThlfjNWQtptUfjkjAMf0RZklOFVVkIUewMQqk126kQv11fuw7sKYM3U03Cp4\/0rMLd0\/zzMqwVcDR2WMA8AsfRNjAaNUJCGROnOaSxbycazME8IE6VbYjTptdQEQwAFgYQEnL4bxmeUd0bBoO0OTsvaTLgG2VpZrcmC\/e2+1ENjYpt2QA0x9JGOYFqSGtjaaUKTcpTL\/5AbI7VjRKtK6ubrZBm4xeKB4NO+Kv6wWatEGLQMU9UDXs5eg04GiM7iufScJvIQrKxA9aomCO1L0Pn4j1d1XQSL9PcBPk3vdjpr1LGYqphLdudHTt6aOaKjoaBxGZLgRgQi9DGW9Xf8afSXlOF1EJLkXZiqqElYLhmPq559NDMUtXj+1OIPYhDEMzXJwO7UifQraUViV8tzCA9anAwLaubrZBmYxk6iOobJKUw1Y4akllRjl5jnbPZoZRac1WWgCBkKRDSiIC\/OglpniBiQOA1u5hq0JBNMaswlqqmOu5GDIi9\/xQTh7roJKTRTyVDpdqHYztOTBbgZuObKoyjZBzFDOdkiS5qH05IHG9pVe8\/XUsbK3JzgWbmi3x1h1bXJqRN5N9Dqq5zFp6E\/wdhFpiv8hD795CZlYURejbZK+VqSJY2JFmgx+GJM5he09DLirTW34nHUr+g8kJACAgBISAEihBQSCuCS4WFgBAQAkJgdhFQSJtd3YgzISAEhIAQKEJAIa0ILhUWAkJACAiB2UVAIW12dSPOhIAQEAJCoAgBhbQiuFRYCAgBISAEZhcBhbTZ1Y04EwJCQAgIgSIEFNKK4FJhISAEhIAQmF0Exr9qPbu8izMhIASEgBBYGghkvlSuWdrSMAdJKQSEgBBYAgiMn6VlxsbZx6roX1XmQhypZjbVNCRLG5IssJbhiTMYJ9DQl4u0plnabHpFcSUEhIAQEALFCCikFUOmCkJACAgBITCbCCikzaZexJUQEAJCQAgUI6CQVgyZKggBISAEhMBsIqCQNpt6EVdCQAgIASFQjMBETjzevXv3+vXr4GX37t3r1q0jUx999NGdO3eMwcOHDxcxy+qPPfbYnj17iipa4aJjM0kTbN3zfO3atXv37rFYPlcJCKi4c+fOZcuWBSSKpQCFam7cuPH1119v2rRp+\/btbNf0xa9ea2MZ+\/bbb69evfruu++i5JNPPvnMM8+YxsfWba+aWquIqcas9L333oOuV69evXfv3pixtbE0sEH+zdhi4iQ6pXRe6ZnaCctSy3YbJwCJLl269Mknn4Dz\/fv379u3L9BxAuIQyZUrV\/oWY0qpYg46SAZ9\/\/59qGbXrl3WJfO10+bEY6IObyHnzp0zHvLNpkow3zc2iFymtYY03myjNBH4F1984ZnDV1J4\/vnn\/fNSslY3ydeeTycmDuijxWpdLwvSmWeywbToyYU08JnVfbH2qrGU8++8845n6cMPP8zkB8g89dRTqItP5nTHlV\/dWomphonheXkVxFQDZoygyQKjzYQiUU1AO6QAY0jQiIkDLVQtDeZXKk5MNYmfNe2EnYDBAlI0OVwBV1AqTgKjtRhTSgL+q6++atbLG\/TEIgWFzYytVN0RLcTQJlf5ZlPr3\/Ld4yjZi7TWFLGKCBk31BNAIS74yp9IDSbCq0hzRiqg9ZZ+09u0kWLYRv+kLPkxiSo38c2HFqFheJbWomrQehKk+RzMUJx8T2EVR7njTA5jlmZ+jY6SWgirhhXR\/Ux8krXAnymLmXp+eV\/S\/DUfhsWh3eY7o068ydgOEnYCrGjjYw7CzLfkQ11qaWZjbJHGEFaK55N9\/\/XXX+dD65ImY45QoJBTbFQZtGUO2SNM3mA8\/DWfpcS\/QSh2olKHnzBcpLXu99JOnz6Nbrn5fy7c4CsYwvIUPvEVSzoPHjwonV+\/\/fbbqH7kyBF8nj17lhL2c+3YsQNsm6Nho7du3eINl1IhaYwZrGvRCLD+EKNQVAsrG2gO4GPFxiYioPDBBx\/g85tvvvnyyy+\/973vZa7nQKdQLkzWVueAA+KKdc4i3gKFYfdoDtxu3LjRqodVg0UtEHnttddM\/H\/4h38A\/djaY0AcVMFqz82bN33dsDgxBrqqVct22AmwdyCo2Jr2gQMH4CVPnTrVFcO1dLDkiOfoMrh54oknYG80hk6UQuZffvllNg2rQ+TAFVi3D4OAtuANcNGPIZKxdU4hsD2B5xs2bAizBKEeeeQRkAKRMJPFFRuCPGmVjgJQxWaa9JugkMzfESGKyIIIq2BQQ8SLqrNwTByOy0wQkkrm1zbUGstVMooxZAKj6YBqjD2arK2qJUaTOSjrah4QVo3XhakgrJpExWNV2XnHoVIgiOckLI71OFCzK9BxYr2mlu2wE6j2mrB2isSpMswZfFgpnm3vJ9uIE65rFTkG9cuDfrzLUJfZCpHhNoQtEQec22zN0kYFVThQQoPlAgxF8+clLPnCCy\/gE6cPCHFx6I5WqB2kY88TCuOMBPpbWFjgCHQurtu3b2\/ZsgWsHj9+HJ8YgUIjDAkElvOVebkwlgSrV65c4Zh6flXz3HPPgf+jR4965OdUnFFsh53AdK0R\/YJe68KFC3NtY7UwUqhjx47ZrzjnBU3BuXGY1XI2fP78+V7dY+eDTR\/wa0e+taN7PyBKFl65GmuRn7hnjhqSYVGsYnWW5snWDiFtmJNsjVYLM4qUbgtzZhMAwTZ+Rw3YvfpIf5RquKOQ7GdAnMxJXleqAR3b20gAqVWNH2L78twX9MzjPn982lIcbtXA1I093CRIFonT1Rw63N0MkFq2i5wA+0iiC3zN3\/Q1ZorESZisdg2bsSUua5SNNRtJ0a48ScWcQNEcqNaH5\/s3GnbAv4U7VPd7aZD28uXLNB3cUHhsEuAgJsfR2EvDJw7F+iEDFlthB7z8wivC++LiIkquXbuW5bmtlT\/J8610dY8zxDxXSieIzzVr1njihw4doiy4aW6U3XXr1q1d8dZAB2ByfoZ4Zvt\/QBKyEE8qCOfXc1TDFXZsp9kQDPM\/HHxfv359D7KgLbB94sQJtLVq1Sp84iQ0PseqBieSzdI8n1QBXz7hdebMGYjTj6VxrglT54YxLtx8\/vnnYXF6UEFDE7Vsh53A448\/jrbeeusta\/HixYtQTcvZw1iIuOXPDk4jZ9foRCkcQuHUO9kAfWzbo3uyD\/Z2oR+hLW7o8AID1rPw1Zy5Zynfv61YsQIVad49XZ3P0my86Q+M0XEjGtn4JXOE5Q8akdVRQ\/KxUxYCOrZYbYFkqEILgIC8yT+lSvFhzfSqJJu\/FZeMXEpl8YeGudhteIIN8MPhQv7xJJvzQQTrFYGZTUw1rGWbT2w3rBrUpcUCFlNN6aavjZ3DlgYK3tjC4nCGQVns6k01tWyHnQAwsfdMIIuZcQ\/rAWyrQxuzPmunqOgNzJiLOnUbM2NDtTNg+gFIzR4B9jK5SvybyRXYxA3P0ro\/xG9uJXHWZpTchcrEiOAm8a\/24ViCMb9JsklIAz\/mwWGRmeEZdPyKBPnJN5dEwIA1s0V\/kaZfWiz1elClvWwEvZRWbxMD0LQtgBiMYdWQE6+gIs2Ge2DVbr2xhcVJjjZQ6fljL+Mq1mtGsR1zAuZ87eAxTC7fh7RRDQSxCNqVjfmoZsRjriDgBBJ7o8Eno1iMFao9a6yDrfVvIB7zCWGtTeTfQ6qucxaelL2CPgscN\/IQ+\/eQ2RRreKqhr5lNtIu4kmqK4Oq58JCcQAN0RUbY\/V5az0pVc0JACAgBISAEiIBCmixBCAgBISAEBoKAQtpAFCkxhIAQEAJCQCFNNiAEhIAQEAIDQUAhbSCKlBhCQAgIASEw\/sSjMBICQkAICAEhMF0EMo8Qjw9pmYSmK21O60UnQXMITrfMkM7vDk81sI1hdBypZrrdvLn1ITmBBkmLjFALj7NsseJNCAgBISAEChBQSCsAS0WFgBAQAkJglhFQSJtl7Yg3ISAEhIAQKEBAIa0ALBUVAkJACAiBWUZAIW2WtSPehIAQEAJCoACBiZx4RO6fq1evIkcOclMx5xAvZOJBPipkStu3b9+yZcsy2URKoTt37iSFd+\/ezXxd+VfRsZmELHk4fPiwPTcZA5yACHJH4TNWlzzEDjtBBTdu3KiqhgIiGXFtFu9RICOX2L179\/yv27Zts0xsPaimlu2YamicxjOsFBnUSm3MVIOb2IlHMI8sw77jxHqNCdLS0sK9xtuGtys+TzzDWFOhFO21ExZnZi0tZmZEsupaTS8xq6sSLHUptZZQprWGlAGknpNTICljOSBQ3TILJNku2iRkAdn8nF4t02SgumU28lkhPPSlzDBHEa5YpjRLyFKqGqaas8tUYyk\/8FNR\/hHLQOHJBtLlxCzNYPRsm7JIM181tdlYYnkxYuJQm0mGqnCvsYQsLS0tLIs3CTMqy0OEX4vspNbT5Su3pROo7SAzYmmlTsCXH5XrKmx1VYKlLqVWnCIj7D5fGh0NjCCJBGQLD6tZPZu1UpvRJ6DIIlyMvteuPWSWI2RsYg7M0sjEjs3PgCDhkEa2IZFXjU+pSpbyMysmaeQsZJYKFVONWRTZZgKtsGqoaPOzoMaRWT4aLf0mqluQNjbCvcYHyDaWFlONGRVQxUXVJJ6hKL1q4hktwWkPljaqg8yIpZUi4MtDNCrIvBytPWx1ia+Gn6HtBQYfns8iI+x+Lw3rWuCAS4vMk4k5LLOPQ2DcPPHEE2C3aIGrdozWz0NkT0ff8\/NOtHv69Gl4cwj41VdfQZaXX345nxkgsLi4iP6ATPOohXWY\/LotS+7atQsqwFIwOLcJ1q1bt0D2wIEDWDR45ZVXIE5stQ1EwhVjcoFV+ErIsnHjRqPQRjWeDSyfnjlzBk8uXboUY6+0FpYcaRJ2tew1U7Q0GhUubhlwLdo8w6effgpnx6+xa8OGDaiIVbJY9aJaozrI\/FqaiY8OC2+Ai2rCmANPWlqdxxZ985FHHsET6qunqyHIk4PSUYAfuVvQTmayiBClC4+oAsp2lXJlQ4\/Silx6SqYjiW6KEuzaJJVTJYxiSlkKz9KsIU4u2XSyVoBYm88PYTGlEJbAYl3M0sgn+beJclg1ySzNQC5aibVagY7D8SynMpyltek1qN6JpcVUkxgVtZMsUxfZCdlILK2fCfSoDjIjlpbfW0eVpCMyO29jdcTKfDVnAkUrzLVMFhlh97O05lAMO4bTvHnzJvbAewra7ZppmE1CFnqNkydP5jdy9uxZFAZZDGEABWZsGJ7nV29f8vbt21u2bAGd48ePGzUYNEwZJoixJ6ZrbVppM\/oOtIujLqh15coVji55xVQTaL2rKpiswxJgTsuXL6\/SjPWaKVoaDgXAojBygruEUS0sLJiRI7wxbGNK2tLybS7YlRYa6IzqIHNnaVUZ6YqPHTuW\/BSzuir98+fPt1R0mX77nKX5HYLq4Nf4TqL6dPfSiE91lmb8Jz\/58pAoEZPTIz63QSscWWCoBSKBWsaAzSw9vLUzFT9qS9bEq7L7ba189ohJfvmkpN\/t8JjXqsYPuj2dquzhaXRAHFYBb9yhAedwKAlLVXOytQfW9eJ0ZWkBWRLtmIHVrt9UVcAWE0tLZK+e2Mo0noA4ozrIWEuzDp44gW4tLVPwfD+fY3WjRKv6ag76Yy7OeC7SWvezNGzYgANMBfD52Wef4ZPLtbih62HEXr16NRm1C3Dw6meJPGm96Cs0evnyZVb5r\/\/6r2rdQ4cOURbc+F85PvUGga8cTfdwAXnOz+Dv7Kg90X7w4IF94vy6Zwbr4KaasWvi3NbCFuOkxYGB4WjviRMn0NCqVavwef\/+fWLbrBrIa+I0M4kXUVAg2d+aqFxHjhzBLBlNQIS33nqrTa+ZrqXt37+fB69xsdevWbOGnoGTac6t8TBmaVjhSLa3J6eXUR1krKWNcgJVVvu3NOOBjpqHHnjlWF2+aCtWrDB1T05H\/4tyfvTOHA5weAiDI0y2N8PhJx7SoeevpDPyo7p5ItwEjtBQ7EwpkmLJeJ\/+AjMSCpW\/\/1Tlwc5NlTIWkIVt4bI9Cb\/3Y9OX\/C0KwmJ6sY4RkCUgDmVJLCqsGjtER3GIVdGpvNigMsEqGSOHe01XlhbrNbQEdBDecJrC2GaeoUjjZMMszc4M92lpSQeZEUsrRSApTykSbxy2uqqvpuKKThtUJSoywu4P8YMhO4sMU7ZjILgxl5oskjRrxa8UUTYad6kui3BpDmn41biCUJlHXQhLcuK\/9mGOaEUewYcuw9AowOBs4pg\/1ABNq2U04bAC5htTjWfb20NANZAl2RUHS\/maTfQVE4dEkpAW6zUdWlpMFrBt4xsPo\/cMRXbijZb3iGqZ\/c5rJybOqA4yC5aW4ysaylCEZIYQszrvFb2+ilxKLatFWpvIv4dU7W8WnpS9gj4LHDfyEPv3kNkUa3iq4XBhNtEu4kqqKYKr58JDcgIN0BUZYfd7aT0rVc0JASEgBISAECACCmmyBCEgBISAEBgIAgppA1GkxBACQkAICAGFNNmAEBACQkAIDAQBhbSBKFJiCAEhIASEwPgTj8JICAgBISAEhMB0Ecg8QqxZ2nTVpNaFgBAQAkKgMwTGz9IyY2NnHE2MUNHLDRPjojPCQ3olZXiqgZqH0XGkms567AQIDckJNMBTZISapU3A0ERSCAgBISAEpoGAQto0UFebQkAICAEhMAEEFNImAKpICgEhIASEwDQQUEibBupqUwgIASEgBCaAgELaBEAVSSEgBISAEJgGAhM58Ygsf9evX4c4u3fvXrduHW6Qh\/7evXteQPtprNTnzp3zZZCgcuvWrSRbdBUdm0kof\/TRR3fu3Dl8+DCfJyzhif2UwxLQQMIFpKxEdkHkRWTOvdIrfNiJugCM+\/btQypFU5Yx8Nhjj+3ZsyeHH8KSlMzXrFUMq4YMeIbDqqnFYefOnYAoBwpfJiwOiCBN64ULF2AYsIo2qiE\/7S0tLIvv8lRQGycAWYDGpUuXPvnkE9wjxSittzfVdGhpXakGdMJOgDxU+y8MD2l+6b0DDsGqsBsGXEGtQsuMsCGVDqmX5uNhoj+7mE+ymlgrP4dnrZD51Y3\/mDioXs0KX2UpHyWfh5N0YlnMA6oBkz59LXKbQbRqnrAkr\/zYZEsJGr2pxpJvgQHjOayaKg4k1VtSLuLM5JZM\/9ZGNajeiaWFe41XBLXTxgkwsTAVbfmse1MNeqiJ097SulIN3xLJ9zzVktVUlMyunHSifIfAJqxjJrkhw6wWGWH3KUAtTTOtkBmfcQ+kcFHaomTB3mFZPy9F2V4SKoXVK9jqUhZcjBD5mktyM1qwzE8k7SN0qSwcbRA69lJ8MqrxiiUcD8SwhPMik03GKOCfYYApJcOqSXJvghQ7fJ\/JZs0XsNE2qunK0mKqoaVBL1QHVdPSCYCgdRNab342+cRmijqOyWIDDrIRtrSuVNM+pEEQk4KKxpM2VkdgLed4y4gb01r3Ic1HLI6nvAHRaRZ58CSk0cL6sWYaDaSoCkKPUxqeq3QgThEabUIaGIYvYASqenA+yQ\/P5vSnFdLoJfHJgYXPkhxQTRWQ2hz2Od4wFgZsfFONowHVdGVpMVkIHVwbR\/0JaKVOgNSSxYyY1QXEYet0\/dWuGrC0rlTTPqSZXjh6S9JPB6wOBM0\/h7tPtYsVaW0iIc2mULRdY7HqNfIdBEjxstFETl1fpggXq0g1J4Lw19oc581cJeG5VIREnDbV\/cyGdChj0WIOEUAXNe0EZs\/smeEBHXlIInFANTROKsgsrU9xqBE6gmRqGFBNV5YWU02youW1E3ACAW2O6hoBcRJZksF0gLeuVNNVSGNUrpp6wOrAEifQMGOShVW3cVOsW6S1Xk88\/vSnPwVzzz77LFlsc926datN9fy6ow5KYBv\/yJEj0HrscEc+A5MoeeLEicXFRXTOzZs3kz42ii9fvoz+GdhynwSH+TS\/\/vprFL5y5QqOD7BWh6oBJrdv385nJlwSRyegEbiD5cuXJ0TmUTU4D4KugXkz\/BpGPAsLC1AK5erQCYTRDlSEOAjGkOX06dPQSOeWFmCpqyo4jgRSx44d8wTDVnf27FnQgduEJ4GHgVWb6rtieAydhhDKmqUxFlVqZ2nNC4Y2Rkb1ZEnBEwQz1cMamRzGxPEzGN9Q87TaZpPJ2KfKg+00ZEphxQKqYV1udiaDTT4ctQQ6SpzAELVWzDaqAUG\/24Gvzarxg27PTHX2wM3gwDAzIA6rgDcqAoDbKlCzaqx7JxO7riwtIEuiYm8kMSdQq1DOAwK9prTjeP4TI5lfJ+Bxq1VxzCH4UzzmNGLH38ZyOHIi3nlI82t0PhrZhLS2Rdg6TIdX4liTkIbqtTtbY427TeesLjxymWhUp4KtU5ZkeZqGYjG75+MhtixQddPgquHMzihxphjS\/OGjZOWkWTUA3yytOaSNWpCZhKVVB542GGpWjcmSDAS7srRYr\/H9xc6LmfklncLwHOUE\/LEmFu7zeAjDGHlOdvXm1Al4A2Y\/qu6gxxwCd7X9NkQznbFdiQWKjLD7vTRaG5RtewNkqznsj42s1nXtOE0mHFasCJeEeDWkxahZDAMaNl0oOpHhxSlFwN6vsN0vdtTwiRuKQFlG+dYcJmNgshbQo3bMUcao0XOBlAnCkVNgjBljgEAl84CwarqytJgsdG3oqubjWjoBO0ZvE1nQD5yrionDWtZhrd0Yta5UQ1+f078aytRONMNWVwXED2jCrBbh3H1IA9\/28pN31rUnLHKEpDz+QlfpZ83B2KsNabGzA+DcXhhiP8kBoVomYM3+9RrrpVU3ms+PX8QzBQUkKjJZYw8DTFvc8I0yMuVL4WNJYmnh0UZAO7UhLXCYwgTvxNJiqkHT5gRg7dZbw04AQsH52htp8AD+gGu+rmPieEvzU8yYpYHbTlTTSUirXWiJWV3ycgKVUvswX18sWaS1ifx7SDUIzcKTslfQZ4HjRh5a\/nHATMk3PNUwpM0UyDFmpJoYbv3UGpITaECsyAh7PfHYj5rVihAQAkJACCxNBBTSlqbeJbUQEAJCYIAIKKQNUKkSSQgIASGwNBFQSFuaepfUQkAICIEBIqCQNkClSiQhIASEwNJEYPyJx6WJi6QWAkJACAiB2UEg8wixZmmzozJxIgSEgBAQAq0QGD9Ly4yNrbjopXLRyw29cNSqkSG9kjI81UC1w+g4Uk2rXjrhykNyAg1QFRmhZmkTNjqRFwJCQAgIgb4QUEjrC2m1IwSEgBAQAhNGQCFtwgCLvBAQAkJACPSFgEJaX0irHSEgBISAEJgwAgppEwZY5IWAEBACQqAvBCZy4vHu3bvXr1+HCLt37163bh1lwcMbN258\/fXXSOKONN75Ap47d84X3rZt2+bNm\/OrW8miYzMJfUo0CXHQUCkg5C122Mm0sGnTpu3bt5MUMql\/8MEH9+7dAyc7d+5EhvVMeK9du4Za7bUTVg3Syd+5cycB8Pbt2x9\/\/DG4KjIVM1qKs3Llyq1bt5r1ZgJiqsFN7MQjdHHhwgWvHYJcyg+RMbZLNdu+13jbMAXNrxOgeUAL+\/btsw7SlTg9OwFTbmIkeG6GN12rS7pbmX9oSF1DuqW5bSzPJKszXV7ysCgNVdWbIANTKVelSXcS+sw7aomDuxUnkNwrliopYdsyP1kaKsjYkNu6irmlK\/M66i1fGlMx8TIM\/UM8H5VAuSoLc0QlV351TzDWcUiBlmYYWtYx35tyjL82lV0gx1hYFo8ktdNtr+nTCSS2wfRv3YrTmxPwxlM1Ehre1K0usfAiI+w+BailMWUKcFoesUMKSsvomtMtLf+b6RtmRPoBX1OEi7GHFs1xW0jrSpx8EKolA6MNQgcpvBbYXeFJzZ+amGPZSzI6WicfW7GNyVpdKhSyMAzQX5Ml3NP88j1FkvYQ1Rnpe0udDOYtHltIMxmZvjV\/uJCkdjTK\/aiGlgC9AFVcVE1XvaZ\/J5Bogc6nK3FKNZIMntpUB5JUkMVsWvvUra6Nf+h+L+306dPwBVgbxIUbfAVAWHmoDoEDT7AQdOLECVQ8depUoHqgyosvvnj58mU6Tbu6EifAT5squ3btQj\/EeiNWTixOb9iwIaFZfZLZaGyZLpN4tRjsHr4SsmzcuNF+xcqJL5l8zW8L1nvmzBmUv3TpUn6tNiWx5Lh3795mCmHDw1I\/XTAWlNowmVn31q1bLMnFT+4UhJlPGu3ZCWB1EQwAPdw88cQTsDrum3QlTiakkygGJOENcFFNCNW1XTgsac9W9weIGoI8S5SOAlDFhsZ+FM8pAq+iBRBPkMzE0r3HxOGcpprOvI04lMiuwIyTI6lS1Vh5zmA4M\/OTA5p1PlkqwgQhwkUU2FZMNaxL1dhSNpRl66i44RpRzlWbnL5qezmkYuJw2MTplM3GqCleRUttVYutFXCsODFZkhUt006bXpNMuHtzAsmqozeqNuJM3QmY6rlm4+GdutXN1izNeqC\/wT4kpmtAjau0J0+erC02gw85p0kYm19xIAhOT2zZsgU3x48fx6dNDuiGMFHAkzaKwCGgNtVL6+LAEapcuXKFo2mcrbh58yZ8DSIEbvC1lOBUymPytLi4iNXF5cuXewbYU9BruOABw5sKe6WNYlyPzg7PyBHGwsICjGquew0QwGgDdmVGNe\/imE7ZR44dO2ZP5tTq\/sB\/P7M0jkA5ZGZUSyZqfiiU7OUkIwhQ4DB87ACzTahP6iZj3rHi+FFqlY38DZ5m7ZQigPI2\/jL8uUnDqRWnCHjiKTeopjpS9tta+ezRFvPLJyVt54YTPjvhUmsno1RTncRw9Gpz2Xz2AuKwCnjjwB\/AQhdUFqc4o5gxN5Rss1VnabXKHStUQJZRfWdsr5lNJ5AYhrmjseLMrBNodow5VmfbFokr68rq2rju7vfSICQ2n9gTcEPh79+\/b32PN1999ZV\/gv0bwMGreS8HkwwOwxOCfX4dKw62cEycPhlrbgsjZc7PYLX2IgRnOf5KnuSrBkS4rZUodxIIwAxwtJcbq6tWraq1sdp281Vz9epVUBi7v9WhdEeOHOHeMzrOW2+9VYWxanhmZmN3DRnS8GZChwyPIrV\/\/34evMbFAceaNWvG9pp8S+vTCfBdF0rBBYzVq1fX2luir3xL60Ejo5oAkvjJH3HMsbpDhw7R8HDTzHyfVvcHTjqfpXHUjyGM7Q3Y8B+jZsNu7PDQCpBRImjV+zyHBk6S0Qf11F4c80f5aHhYSmvZOMB2v0DBjinaoDIfW45XTIqAcikCVVwqDmuhUbLBiSZlhO3xJn\/\/iYNxkKI4rF70SkNisaXisHx1TlCVMYcytQkpKA4hKnp5po1qaAnQAm84lu+q1\/TvBGgMiaV1JU7PTiAxHkqR7H\/X9qw+ra7NLK37Q\/zgxmzOdyHzmFxkzwHIdyobC6CfFFXvxNEkIc2CHLtrET8miL\/JR6NNSKs2TWr+Xa6iwx22\/mCUEQOK0GjjN9GQMQAFkRQW6Cxy46b0eIiHqKi612AsQteGtFoZc6zFuptJZBDlVG\/ZawC7OQEP45w6AW9UHsauxAkbTGAgmGi\/6tlQYOpW1yakTeTfQ2q99tQflr2CPnV2xzEQ+\/eQcVSn8\/vwVENfMx00O21VqukUzo6JDckJNEBTZITd76V1rDSREwJCQAgIASGQh4BCWh5OKiUEhIAQEAIzj4BC2syrSAwKASEgBIRAHgIKaXk4qZQQEAJCQAjMPAIKaTOvIjEoBISAEBACeQiMP\/GYR0elhIAQEAJCQAhMCoHMI8SapU1KAaIrBISAEBACPSMwfpaWGRt75jvQXNHLDQH6PVcZ0ispw1MNjGEYHUeq6blfFzU3JCfQIHiREWqWVmRCKiwEhIAQEAKzi4BC2uzqRpwJASEgBIRAEQIKaUVwqbAQEAJCQAjMLgIKabOrG3EmBISAEBACRQgopBXBpcJCQAgIASEwuwhM5MTj3bt3r1+\/DqF37969bt06So\/secipiPSS\/mEmMCB46dKlTz75BOWRXXDfvn3Lli3LrGvFio7NJMSRlP3OnTuHDx+255Rx5cqVRcyQjhFBPvudO3cGZAGF2GEnsH3jxg1oAfkJmduQ17Vr1+7du5c8HIswa\/li27Zts+SiY6u3Vw3xBIx79uxpqZqWUHhh21gausmFCxe8ImplHIttV5YWlsXbhiko7ATOnTvnRUa\/Qy5T8y1j0ZhBSwM+SOSEtKjQ9a5du3xnLBKnzcHaxEjQrhlezOrMmbQXLd6hGpInkWhRdiUUtpSSrM58ksnDoqRcTByOC8mxkI6L9\/l5sFpmfmIKrgQKn2DMZMwBqprFCtUDCcZoxzkt+jKjtGCogmZRlshqvjRQCOTlilma14IljA+rhkAZRLHkn23Sv7EuE+cahj7dcBFLXVlaTDWJn6V22jiBWi+PdKmlXSAmDtMamxdio20szSfjJVk0USpLzAn4VkYl1QtbHYh3JZrns0hr3acApUhw0wxFTCtMjGAE1fAwVpGUx1It07zysxW3DGnMMpxgyhgAlryMYwVBgdrs2IHgFLNmqgYSeS2wZzKS0Z+WZrU2wc1n5UARNtlEoZCFbHNkEFYNyZp1GcFSWcybByqal2RIo5oQD3BDxvLHgl1ZWpE3SSwBeoGx4aJqWjoBG7WAlKUgLwU5IA6tGrIkHSRsab7HmZaL+p3vAqUI+PIQjQoyL4cnbayuQ9HC\/qH7kAbd2HCSWgdzHM6TS3a2TL9JjJIhTGB0FnY0FMcEoQh0NLz3oo01r1HZsfNdVRtrBm42\/De2PUu07HxmqrIHXEZYNajofSXvw6oxzdI4LcyP1Wm1QAwEG2egOtVEdZjKcJ8\/kuvK0mKysNsiDIAN661hJ5CoFV+poHw0fK8xR5SpWcpCv++9VtjSEmdCcTL9YcJzqSyjRKa1sOO3sboORQuHtIkcD1m7di17gt2sXr0aX2\/fvm3+4vPPP2eZ5otbNY8++qgvFlt3HtdU\/e9QMzafTBArdPnyZWwM4CtuYpRZC4vX+Ex2pNoQbKgL3LgdCEWAbU5usC2Bzy+\/\/BKfDx48CDCD3U1e3HdJFmQmJAvJYt8OuywLCwuYAdgeXlg1tE+QwiYNOifITpT5hPhLL72UoLdmzRo8+eyzz\/CJTVB8+o3YUt76tDTa8+Li4pEjR3bs2PHGG2\/ga9gJUFKo1Sxt\/fr1eALipSAEylMWSIEL7Z44ccKIxCzt5s2byYo97C2wLxiQpbYK\/BiQBEvckG5jdbMg2kRCWhW4AwcO4OGWLVuwqXv69OmulNEDHX\/uwJrjoOahhx6iE5+vC44bigDPx48fxyeOt+Dz4MGD8Bd79+5tLwtGAO2J5FPAURcUvnLlCp1+G9UwGBMEei7s4edz0qYkGkIAwGrE8uXLjQ6CNBwNnqPX0InPy4XzIOAc82ZMPTk4gN\/s3AncunWrN0AgDqYvkAXuC0cnWlpab2znNITjSCh27NgxFp5fq\/uDsA2zb5bInJ77qX3tohz8BaYFuGxHx1P2W1Z+XZFeJlkK455cgLGAOKNWF+F9ICZkqV14tFGY3wAAqepyUO3Kao5oMVnsrI0\/k4J7CkL2kvMdo1RTu+jqt7VypPDLffnlk5J+twM\/NavGb4lXl3EgPnCwg0jcQSm9Ah2HVcAbewcYoM3DzjFrNNUk5sQVOavr+ezK0gKyJHB5TmJOoLrwGNiSD1tadWXeOkjMCVQhte3GgKWVVqmWr\/Iz1upG+bcORQsvPHa\/l+ZdPDsnmIPTgR1wvZidtuqVUICXX1amt\/I9uefjIbUhzW9KJeyxPLouZUmCcdXRlJ7IMNwCIc0cgY9nPHrAYYRtG3jtUHdV1dSGNB4BKN3sDPhNfzDHNrTB0ljVsAAvLyZlxzCcIc06bT+DJ4tMdkObB1c0IXaEhGc8N1kSzLuytIBqEsOw82JhJ1ANaXhS3bbJce4BcfwGsx+AjrW0UU4gGdNbrwxspwWcQIIS+1Fyznms1fUg2gyFNIYcTshw47ccYYV0eUUnxe0ErY1hQSGm\/rAFJFMx+otExpwexYqwaXoiki1Co01I8+dr6bVBzXoUeSs6KU7+zava2d8cKMIm6xEgemSDlhZWTXVs0WYCHba0ZHPeLMTO12Vi25WlBWIAOKQlAFLe0NIoWswJkA2zNCorMIeOiWOt84bOJ2xp1uPoB0izNyeQ2E\/tMljY6joULewfup+lmUEnejJ\/h5vSkS9wt3enYMfhF7nCjiYJaXZwHASLXigxC6Yds5dmOqmkWEAWa9RuSNMOdEDMorGCTWWMINQU0E7M0aAhY8BgjKmGXTEJ57UPc5QVE4eUk5AGGc3yi+a+XVlaTBauXLEuHLf197ATqJou\/ECpG+FsL9BxvKXZukvM0qhl1LXxZc9OIDHg6mweBcJW16Fo4ZA2kX8PqdrfLDwJ\/w\/CLDBf5SH27yEzKwsdzWyyV8rVkCxtSLJAj8MTZzC9pqGXFWmtpxOPpU5B5YWAEBACQkAIlCKgkFaKmMoLASEgBITAjCKgkDajihFbQkAICAEhUIqAQlopYiovBISAEBACM4qAQtqMKkZsCQEhIASEQCkC4088llJUeSEgBISAEBAC3SKQebZTs7RuYRc1ISAEhIAQmBoC42dpmbFxahJkN1z0ckM21akV1HtpU4N+XMNDsrQhyQK9DU+cwfjnhl5VpDXN0sb5J\/0uBISAEBACc4KAQtqcKEpsCgEhIASEwDgEFNLGIaTfhYAQEAJCYE4QUEibE0WJTSEgBISAEBiHgELaOIT0uxAQAkJACMwJAhM88Xju3LlNmzZt376dUCBT+9WrV7\/++mv\/MAcl0PHFVq5cibz169aty6nryxQdm\/EVr127du\/ePbS7b9++ZcuW8ae7d+9ev34dN7t37w4wQ6FidclA7MQj2U5kATXK+Nhjj+3Zs6cIWKr13XffRa0nn3zymWeeCaARVg1ZJfOHDx9uoxpTqIkPNHbu3Gkaz4clJs5HH310584da8XE4fOqypr5SaihcEC5NDN8xo7VUS9Jf+9KnFj3CYhTRdIkijmBrlQTdgKJ5Zh\/8361K3cdNry4627I\/0SiOQmiqmWYt9MnA7O0T3ie5HpubqK26xbljiL9mDiW4QnVIQJTNDHFsF1FOcZ8frJY3j8Tp1Q1zGBrVzWLFX4qYgkUqFYmgybl3lRD8U0ofg2rhonKqldvSbmY1tIuimOp7Ahyvsar+dJAwWeHzyQV6zUg7sUxP9CtOP1Y2qjMc2FL60o19GmZehxVzPs3UDNX1qG7Dlhdwm2REXafAtRn\/0tMGXHO0p7mayLpinQ9AZiKcPH+kW0xSDPhp+Wepz\/F13xxrLezzxdV9IUDdS1DvJeFPZMJgquZnZvZI0EboCTRJV+0gGqMuPU9PgmrJsm9CVJ0PYEcrTFxbEAATsxZ8yF6DVWWPxZMUjtavsrSMBCTxRKCJ2lUuxIn37TaOEdzAtSIDXro98OW1pVqOglpiUZo7Yn6ilxNzDk3K7TICLvfS7tw4cLCwoLP2QqGbty4gU8u3HFcgDk7GS29NmzYgCqY+5dWDJRftWoVXMmxY8dQ99FHH8UnFk7xefr0aXjSzf9z4QZf84lD8MXFReCzd+9e1MKsP79uy5KnTp1C1MFS8IoVK4zUrVu3cE9m+MknYy8sTUBwREFbqwQaoG+jlrEU2hfA+u3Nmzc9nTaqSfjBSh2e8HPSF8BEE7AlrDE+ePCAy\/XsI+gv6DXoO7hnPwpcoPDII4+gIrvPpC\/r759++insgV87FGfS\/Hv6WEiHOnBxWRjunkvrXVlaz6ppho7W3qG77lNTbKv7kLZt2zaMYnbt2uWFoTVwWwK7Avj8\/PPP86W9fPny\/v97rV+\/HhWPHDmSXz1cEgwfOHCA\/uXixYv4hHSktnbt2uQmsxWaC5atsU\/DHpJZsZNiiDoIoghdmHrSS2K3A5\/Lly+3Tz4Ze8Fbocxf\/MVf+JKgH9h8GttWbYHbt2\/DDODxbc2zpWpoV2ZpRKl0czEmC8FEeAYDaBfmYX2E\/YWo+s22nIZeeeUVigOCcMEYgwd2OnMaSsqQz4ceemjHjh345LiNXb4TcShUgLFwFYw5oJrEHsJOAGxMSzUJAlxZgY4OHjyIcTatvUN3DTX1OWoH892HNDi1HrpN5kwibMFJxRMnTnBqBela0jx79iwowHTgpEAQZDlC7\/PCbACjBLrR+b2ee+45MH\/06NHJiQCUEDgnR99TxnyX64qwCsS2STiC8+fP92lsGG1wxIYg3We7k9AXFp9Algs2k7h6Vo2JcPLkSdxDU1xtwtGVSUjXK82GRUzyEVu2TnYmOI4mqWQpmQ\/95nyy3I+KfucssBvHJsLicBHVb5h5lrxohpXNG5I9P9ttwnMrw\/250iusmgQNr47qflKDargJl+wjwoWVHpaJqYZ7SwgDttmOG7JkmNeqxm\/Oe8yrslNZ3GUsusKW5vsC+ExYSjqC1yN+Svb8qr3Mb6DmixOTpba\/dytOvgi+ZEycWhMda2mjnEBXqiFXMRxYixbOE2H0q7T2se56VCciS4GDDs1SFGmt+1labUDmOiQHvJ999hk+7XA\/y2OJHzDxal7ux+TGn8apba7Dh1hv5I4RNqKMLHSG8Tu\/4iZZ+MLDQ4cOURbceGY4aPW2jq+ct\/VwYfWJh5hxGYbclfzyyy\/tM9mnHKUa21GwATj0i\/E4V4YnfXFTE3NcW4LGDZa2xqoG0pmlNTNJAe\/fvz9pWUAfm4JQDXebsJeGTyzQsY+wv7DvJOv5eGKyjN1d5gYqcZv0RT4pDltcs2ZNt+JMWgRPn+AnhwPHWtooJ1DlvE\/V+Na\/+uqrhBla+1h3nd+J+lTTH9pqCI8sERsFJCMyDgfgRmkWRUcEyYZ1XZ7K62fsbOd0eUgdF5eGbIpAZvLPoVUhtXNTpTgHVMO2wHMy7zSESzVuk06o1Tp8Phomcmm7CVZ+UBlWjZ2kNUtj1A\/MoQPicKyDFm38y5cHaGBcF8JN\/gyYdKDoJH5DZUWWFpAF9NlxrL+brXYoDmexRbLE1gNQi9pJDDtsaV2ppv0szQCxDWnK2KG7pvmVqikpX2SE3R\/iJzfVZRw7BwEHVPSuTzXOo2MUUSBLRbiwCq3WX6Ye8+D5L3IRgaR87cMcCwiENIBmJ1FxYxjCgm3SVuryUN7eQAKRQDyLqcZDlCwwBlRjFpuoO1+5np+ApXljgzimBTt8XzRyAjW\/NGRCBbQTk8XCAKpPTpyAr4yJU10qpLpjltaVajoJabA0WzTyeHborgOeqk1Im+C\/h1RD0XSfBP44YLoMN7ce+\/eQ2ZRoeKphN55NtIu4kmqK4Oq58JCcQAN0RUbY015az5pWc0JACAgBIbAEEVBIW4JKl8hCQAgIgWEioJA2TL1KKiEgBITAEkRAIW0JKl0iCwEhIASGiYBC2jD1KqmEgBAQAksQgfEnHpcgKBJZCAgBISAEZgqBzCPEmqXNlNbEjBAQAkJACMQRaJqlxamqphAQAkJACAiB3hHQLK13yNWgEBACQkAITAYBhbTJ4CqqQkAICAEh0DsCCmm9Q64GhYAQEAJCYDIIKKRNBldRFQJCQAgIgd4RUEjrHXI1KASEgBAQApNBQCFtMriKqhAQAkJACPSOgEJa75CrQSEgBISAEJgMAgppk8FVVIWAEBACQqB3BBTSeodcDQoBISAEhMBkEFBImwyuoioEhIAQEAK9I\/D\/AZiyIsCmnEB3AAAAAElFTkSuQmCC\" \/><\/p>\n","protected":false},"featured_media":0,"parent":0,"menu_order":0,"template":"","meta":{"content-type":""},"categoria-modelo":[154],"class_list":["post-32861","modelos-de-peticao","type-modelos-de-peticao","status-publish","hentry","categoria-modelo-previdenciario"],"_links":{"self":[{"href":"https:\/\/easyjur.com\/blog\/wp-json\/wp\/v2\/modelos-de-peticao\/32861","targetHints":{"allow":["GET"]}}],"collection":[{"href":"https:\/\/easyjur.com\/blog\/wp-json\/wp\/v2\/modelos-de-peticao"}],"about":[{"href":"https:\/\/easyjur.com\/blog\/wp-json\/wp\/v2\/types\/modelos-de-peticao"}],"wp:attachment":[{"href":"https:\/\/easyjur.com\/blog\/wp-json\/wp\/v2\/media?parent=32861"}],"wp:term":[{"taxonomy":"categoria-modelo","embeddable":true,"href":"https:\/\/easyjur.com\/blog\/wp-json\/wp\/v2\/categoria-modelo?post=32861"}],"curies":[{"name":"wp","href":"https:\/\/api.w.org\/{rel}","templated":true}]}}