{"id":32526,"date":"2023-08-01T20:16:01","date_gmt":"2023-08-01T20:16:01","guid":{"rendered":"https:\/\/easyjur.com\/blog\/?post_type=modelos-de-peticao&#038;p=3650"},"modified":"2023-08-01T20:16:01","modified_gmt":"2023-08-01T20:16:01","slug":"recurso-inominado-concessao-de-auxilio-acidente-por-reducao-da-capacidade-laboral","status":"publish","type":"modelos-de-peticao","link":"https:\/\/easyjur.com\/blog\/modelos-de-peticao\/recurso-inominado-concessao-de-auxilio-acidente-por-reducao-da-capacidade-laboral\/","title":{"rendered":"[MODELO] Recurso inominado \u2013 Concess\u00e3o de aux\u00edlio &#8211; acidente por redu\u00e7\u00e3o da capacidade laboral"},"content":{"rendered":"<p>EXCELENT\u00cdSSIMO SENHOR DOUTOR JUIZ FEDERAL DA X\u00aa VARA FEDERAL DA SUBSE\u00c7\u00c3O JUDICI\u00c1RIA DE CIDADE-UF.<\/p>\n<p><strong>Processo n\u00ba<\/strong>: <strong>XXXXXXXXXXXXXXXXXXXXXXXXXXXXX<\/strong><\/p>\n<p><strong>NOME DA PARTE<\/strong>, j\u00e1 devidamente qualificada nos autos do presente processo, vem, respeitosamente, perante Vossa Excel\u00eancia, atrav\u00e9s de seus procuradores, inconformada com a senten\u00e7a proferida, interpor <strong>RECURSO INOMINADO <\/strong>com fulcro no art. 513 e segs. do CPC, c\/c 42 da Lei 9.099\/95. Nessa conformidade, <strong>REQUER<\/strong> o recebimento do recurso, sendo remetidos os autos, com as raz\u00f5es recursais anexas, \u00e0 Egr\u00e9gia Turma Recursal, para que, ao final, seja dado provimento ao presente recurso. Deixa de juntar preparo por ser benefici\u00e1ria de AJG (evento XX).<\/p>\n<p><strong><em>Nesses Termos,<\/em><\/strong><\/p>\n<p><strong><em>Pede Deferimento.<\/em><\/strong><\/p>\n<p>Local e Data.<\/p>\n<p>Advogado<\/p>\n<p>OAB\/UF<\/p>\n<p><strong>RECURSO INOMINADO<\/strong><\/p>\n<p><strong>\u00ad\u00ad<\/strong><\/p>\n<p><strong>Recorrente <\/strong>:    XXXXXXXXXXXXXXXXXXXXXXXXXXXXXXXXX<\/p>\n<p><strong>Recorrido    <\/strong>:    Instituto Nacional do Seguro Social<\/p>\n<p><strong>Processo n\u00ba<\/strong>:    XXXXXXXXXXXXXXXXXXXXXXXXXXXXXXXXX<\/p>\n<p><strong>Origem        :    <\/strong>X\u00aa Vara Federal de Cidade\/UF<\/p>\n<\/p>\n<p><strong>Colenda Turma<\/strong><\/p>\n<p><strong>                             Em\u00e9ritos Julgadores<\/strong><\/p>\n<p>A Autora (ora Recorrente) ajuizou o presente processo visando a concess\u00e3o de Benef\u00edcio por Incapacidade, indeferido na esfera administrativa sob a alega\u00e7\u00e3o de \u201c<em>N\u00e3o constata\u00e7\u00e3o de Incapacidade Laborativa<\/em>\u201d (evento X).<\/p>\n<p><strong>Instru\u00eddo o feito, demonstrou-se a satisfa\u00e7\u00e3o dos requisitos inerentes ao benef\u00edcio postulado, conforme se demonstrar\u00e1 a seguir. <\/strong>Entretanto, em que pese a comprova\u00e7\u00e3o da Autora apresentar redu\u00e7\u00e3o de sua capacidade laborativa, o N. Magistrado <em>a quo<\/em> julgou <strong>IMPROCEDENTE<\/strong> o pedido exordial (evento XX). Desta maneira, n\u00e3o resta alternativa \u00e0 Autora sen\u00e3o a interposi\u00e7\u00e3o do presente, para fins de anula\u00e7\u00e3o da senten\u00e7a.<\/p>\n<p><strong>Raz\u00f5es Recursais<\/strong><\/p>\n<p>\tAo longo da instru\u00e7\u00e3o probat\u00f3ria foi realizada per\u00edcia m\u00e9dica judicial, laudo de evento XX do feito. Na ocasi\u00e3o, o Dr. Perito relatou que a Autora \u00e9 portadora de \u201c<em>XXXXXXXXXXXXXX XXXXXXXXXXX XXXXXXXXX<\/em>\u201d, patologia que, no momento, n\u00e3o a incapacita para o exerc\u00edcio de suas atividades laborativas. <\/p>\n<p>Al\u00e9m disso, diagnosticou o <em>expert<\/em> que a patologia apresentada pela Recorrente encontra-se em fase estabilizada, <strong>e que a les\u00e3o decorrente de acidente de qualquer natureza j\u00e1 est\u00e1 consolidada<\/strong>. <\/p>\n<p>Neste sentido, ressaltou o Perito, em resposta ao quesito XX, que a consolida\u00e7\u00e3o das sequelas da referida les\u00e3o <strong>implica na limita\u00e7\u00e3o da capacidade laboral da Autora<\/strong>. Desta forma, face \u00e0 redu\u00e7\u00e3o do potencial laboral por parte da Recorrente, em virtude de acidente de qualquer natureza, <strong>resta configurado o direito desta \u00e0 concess\u00e3o do benef\u00edcio de aux\u00edlio-acidente<\/strong>. Assim, perceba o que disp\u00f5e a Lei 8.213\/91 (com grifos nossos):<\/p>\n<p>Art. 86. <strong>O aux\u00edlio-acidente ser\u00e1 concedido<\/strong>, como indeniza\u00e7\u00e3o, ao segurado quando, <strong>ap\u00f3s consolida\u00e7\u00e3o das les\u00f5es decorrentes de acidente de qualquer natureza, resultarem seq\u00fcelas que impliquem redu\u00e7\u00e3o da capacidade para o trabalho que habitualmente exercia<\/strong>.<em>\u00a0<\/em><a href=\"http:\/\/www.planalto.gov.br\/ccivil_03\/leis\/L9528.htm&quot; \\l &quot;art86..\" target=\"_blank\" rel=\"noopener\">(Reda\u00e7\u00e3o dada pela Lei n\u00ba 9.528, de 1997)<\/a><\/p>\n<p>Ademais, oportuno destacar o entendimento do Tribunal Regional Federal da 4\u00aa Regi\u00e3o sobre o assunto:<\/p>\n<p>PREVIDENCI\u00c1RIO. AUX\u00cdLIO-DOEN\u00c7A\/APOSENTADORIA POR INVALIDEZ. INCAPACIDADE LABORAL. AUS\u00caNCIA. EXIST\u00caNCIA DE REDU\u00c7\u00c3O DA CAPACIDADE LABORAL. CONCESS\u00c3O DE AUX\u00cdLIO-ACIDENTE. POSSIBILIDADE. INOCORR\u00caNCIA DE JULGAMENTO EXTRA PETITA. 1. Tratando-se de aux\u00edlio-doen\u00e7a ou aposentadoria por invalidez, o Julgador firma sua convic\u00e7\u00e3o, via de regra, por meio da prova pericial. 2. Considerando as conclus\u00f5es do perito judicial de que a parte autora n\u00e3o est\u00e1 incapacitada para o exerc\u00edcio de atividades laborativas, n\u00e3o s\u00e3o devidos os benef\u00edcios de aposentadoria por invalidez ou aux\u00edlio-doen\u00e7a. 3. <strong>Por\u00e9m, tendo o perito judicial constatado que o autor apresenta sequelas decorrentes de acidente que causam redu\u00e7\u00e3o da capacidade para o trabalho que exercia, \u00e9 devido o benef\u00edcio de aux\u00edlio-acidente, nos termos do art. 86 da Lei de Benef\u00edcios<\/strong>. 4. N\u00e3o \u00e9 extra petita a decis\u00e3o que concede aux\u00edlio-acidente quando pleiteados os benef\u00edcios de aux\u00edlio-doen\u00e7a ou de aposentadoria por invalidez. Precedentes. (TRF4, AC 0014522-05.2013.404.9999, Sexta Turma, Relator Celso Kipper, D.E. 27\/05\/2014, com grifos acrescidos)<\/p>\n<p>De mesmo modo, a Terceira Turma Recursal do Paran\u00e1:<\/p>\n<p>RECURSO INOMINADO. PREVIDENCI\u00c1RIO. BENEF\u00cdCIO DE AUX\u00cdLIO-ACIDENTE. REDU\u00c7\u00c3O DA CAPACIDADE. CONCESS\u00c3O. CRIT\u00c9RIO DE C\u00c1LCULO. 1. <strong>Comprovada a redu\u00e7\u00e3o da capacidade para o trabalho que o segurado habitualmente exercia, em raz\u00e3o de les\u00f5es consolidadas decorrentes de acidente de qualquer natureza, \u00e9 devida a concess\u00e3o de benef\u00edcio de aux\u00edlio-acidente<\/strong>. 2. O c\u00e1lculo da renda mensal inicial do benef\u00edcio de aux\u00edlio-acidente deve observar a regra do art. 29, \u00a7 2\u00ba da Lei n\u00ba 8.213\/91 que estabelece expressamente que o sal\u00e1rio-de-benef\u00edcio n\u00e3o poder\u00e1 ser inferior ao sal\u00e1rio m\u00ednimo. Aplicando-se o coeficiente de 50% (cinquenta por cento) do sal\u00e1rio-de-benef\u00edcio (que n\u00e3o pode ser inferior ao sal\u00e1rio-m\u00ednimo), resulta a conclus\u00e3o de que a renda mensal inicial do aux\u00edlio-acidente n\u00e3o \u00e9 inferior a meio sal\u00e1rio-m\u00ednimo. Irretoc\u00e1vel a senten\u00e7a neste aspecto. 3. Recurso parcialmente provido apenas para alterar o crit\u00e9rio de corre\u00e7\u00e3o monet\u00e1ria fixado em senten\u00e7a. \u00a0 ( 5014573-69.2011.404.7001, Terceira Turma Recursal do PR, Relatora p\/ Ac\u00f3rd\u00e3o Fl\u00e1via da Silva Xavier, julgado em 07\/08\/2013, com grifos acrescidos)<\/p>\n<p>Outrossim, se faz de m\u00e1xima import\u00e2ncia salientar que o Dr. Perito, conforme se observa no quesito XX do laudo pericial, enquadrou a situa\u00e7\u00e3o de sa\u00fade da Autora na <strong>letra \u201cg\u201d, do quadro n\u00ba 6 do anexo III do Decreto 3.048\/99<\/strong>, de modo a deixar claro o direito da Demandante \u00e0 concess\u00e3o do benef\u00edcio de aux\u00edlio-acidente.<\/p>\n<p><strong>ISTO POSTO<\/strong>, a anula\u00e7\u00e3o da senten\u00e7a \u00e9 medida que se imp\u00f5e, pois, n\u00e3o somente o Dr. Perito tenha enquadrado o caso cl\u00ednico da Demandante no rol de situa\u00e7\u00e3o que permite a concess\u00e3o do aux\u00edlio-acidente, restou comprovada a <strong>redu\u00e7\u00e3o da capacidade laboral da Autora<\/strong>, ainda que n\u00e3o propriamente a incapacidade sustentada, devendo ser-lhe concedido o referido benef\u00edcio desde o dia posterior \u00e0 cessa\u00e7\u00e3o do aux\u00edlio-doen\u00e7a (<strong>DIB em XX\/XX\/XXXX<\/strong>).<\/p>\n<p><strong><em>DO PEDIDO <\/em><\/strong><\/p>\n<p>Assim sendo,<strong> POSTULA<\/strong> pelo provimento do presente recurso, e, consequentemente, a anula\u00e7\u00e3o da r. Senten\u00e7a, sendo reconhecido por esta MM. Turma Recursal o direito da Recorrente, sendo concedido <strong>aux\u00edlio-acidente<\/strong> \u00e0 Autora <strong>desde XX\/XX\/XXXXX (dia posterior \u00e0 cessa\u00e7\u00e3o do aux\u00edlio-doen\u00e7a)<\/strong>.<\/p>\n<p><strong>ISTO POSTO<\/strong>, <strong>requer<\/strong> o provimento do recurso inominado, para o fim de anula\u00e7\u00e3o da r. decis\u00e3o proferida pelo Juiz <em>a quo<\/em>, julgando procedente o pedido exordial, nos termos da fundamenta\u00e7\u00e3o retro.<strong> <\/strong><\/p>\n<p><strong><em>Nesses Termos,<\/em><\/strong><\/p>\n<p><strong><em>Pede Deferimento.<\/em><\/strong><\/p>\n<p><em>Local e Data.<\/em><\/p>\n<p>Advogado<\/p>\n<p>OAB\/UF<\/p>\n","protected":false},"featured_media":0,"parent":0,"menu_order":0,"template":"","meta":{"content-type":""},"categoria-modelo":[154],"class_list":["post-32526","modelos-de-peticao","type-modelos-de-peticao","status-publish","hentry","categoria-modelo-previdenciario"],"_links":{"self":[{"href":"https:\/\/easyjur.com\/blog\/wp-json\/wp\/v2\/modelos-de-peticao\/32526","targetHints":{"allow":["GET"]}}],"collection":[{"href":"https:\/\/easyjur.com\/blog\/wp-json\/wp\/v2\/modelos-de-peticao"}],"about":[{"href":"https:\/\/easyjur.com\/blog\/wp-json\/wp\/v2\/types\/modelos-de-peticao"}],"wp:attachment":[{"href":"https:\/\/easyjur.com\/blog\/wp-json\/wp\/v2\/media?parent=32526"}],"wp:term":[{"taxonomy":"categoria-modelo","embeddable":true,"href":"https:\/\/easyjur.com\/blog\/wp-json\/wp\/v2\/categoria-modelo?post=32526"}],"curies":[{"name":"wp","href":"https:\/\/api.w.org\/{rel}","templated":true}]}}