{"id":3036135,"date":"2024-06-08T01:02:12","date_gmt":"2024-06-08T01:02:12","guid":{"rendered":"https:\/\/easyjur.com\/blog\/?post_type=modelos-de-peticao&#038;p=3650"},"modified":"2024-06-08T01:02:12","modified_gmt":"2024-06-08T01:02:12","slug":"tutela-art-1728-ncc-pedido-definitivo","status":"publish","type":"modelos-de-peticao","link":"https:\/\/easyjur.com\/blog\/modelos-de-peticao\/tutela-art-1728-ncc-pedido-definitivo\/","title":{"rendered":"[MODELO] TUTELA  &#8211;  ART. 1.728 NCC  &#8211;  Pedido Definitivo"},"content":{"rendered":"<p>TUTELA \u2013 ART. 1.728 NCC<\/p>\n<\/p>\n<p>Excelent\u00edssimo Senhor Doutor Juiz de Direito da &#8230; <\/p>\n<p>Vara C\u00edvel da Comarca de  &#8230;, Estado de &#8230;<\/p>\n<\/p>\n<\/p>\n<\/p>\n<\/p>\n<\/p>\n<p>ROBERTA, brasileira, casada, caixa, portadora de <\/p>\n<p>C\u00e9dula de Identidade RG n.\u00ba &#8230;&#8230;&#8230;&#8230;. SSP\/SP e de <\/p>\n<p>CPF\/MF &#8230;&#8230;&#8230;, e PAULO, brasileiro, casado, <\/p>\n<p>aut\u00f4nomo, portador do R.G. n\u00b0 000 SSP\/SP e do <\/p>\n<p>CPF\/MF n\u00b0 000, residentes e domiciliados na Rua <\/p>\n<p>&#8230;&#8230;&#8230;&#8230;., n\u00b0&#8230;&#8230;&#8230;&#8230;.., bairro &#8230;&#8230;&#8230;&#8230;., nesta cidade e <\/p>\n<p>comarca de &#8230;&#8230;&#8230;&#8230;&#8230;, Estado de &#8230;&#8230;&#8230;., por seu <\/p>\n<p>advogado e procurador infra-assinado, <\/p>\n<p>observando-se o procedimento dos artigos 1.103 e <\/p>\n<p>seguintes do C\u00f3digo de Processo Civil, v\u00eam, com <\/p>\n<p>respeito e acatamento \u00e0 douta presen\u00e7a de V.Exa., <\/p>\n<p>requerem<\/p>\n<\/p>\n<p>TUTELA<\/p>\n<\/p>\n<p>em face do menor JEAN, brasileiro, menor imp\u00fabere <\/p>\n<p>(15 anos), residente e domiciliado na Rua &#8230;&#8230;&#8230;&#8230;.., <\/p>\n<p>n\u00b0 &#8230;., bairro &#8230;&#8230;&#8230;, nesta cidade e comarca de <\/p>\n<p>&#8230;&#8230;&#8230;&#8230;&#8230;.., expondo e requerendo como segue:<\/p>\n<p>DOS FATOS<\/p>\n<\/p>\n<p>                   A requerente \u00e9 irm\u00e3 do menor. A m\u00e3e <\/p>\n<p>dos mesmos faleceu no dia &#8230;\/&#8230;\/&#8230;. A crian\u00e7a sempre <\/p>\n<p>morou com a m\u00e3e e com a irm\u00e3, ora requerente. O <\/p>\n<p>pai e a m\u00e3e do menor separaram-se logo depois do <\/p>\n<p>seu nascimento, fazendo com que a genitora mudasse <\/p>\n<p>de S\u00e3o Paulo para o interior, perdendo, <\/p>\n<p>definitivamente, contato com o pai de seu filho. <\/p>\n<\/p>\n<p>                   Desde a morte da m\u00e3e, o menor ficou <\/p>\n<p>sob os cuidados fraternos da requerente. Com o <\/p>\n<p>tempo, a mesma casou-se e, mesmo assim, continuou <\/p>\n<p>zelando, agora com seu consorte, pelo irm\u00e3o.<\/p>\n<\/p>\n<p>                   Os requerente t\u00eam outros tr\u00eas filhos que, <\/p>\n<p>juntamente com o ora tutelado, formam uma grande <\/p>\n<p>fam\u00edlia.<\/p>\n<\/p>\n<p>                   Nenhuma not\u00edcia existe sobre o genitor <\/p>\n<p>do menor.<\/p>\n<\/p>\n<p>         DO DIREITO<\/p>\n<\/p>\n<p>                   Conforme preceitua o Novo C\u00f3digo Civil <\/p>\n<p>vigente, em seu art. 1.728 <\/p>\n<p>\u201cOs filhos menores s\u00e3o postos em tutela:<\/p>\n<p>I-                com o falecimento dos pais, ou sendo <\/p>\n<p>estes julgados ausentes;<\/p>\n<\/p>\n<p>O art. 1.731, do mesmo diploma, <\/p>\n<p>ressalta:<\/p>\n<p>\u201cEm falta de tutor nomeado pelos pais incumbe a <\/p>\n<p>tutela aos parentes consangu\u00edneos do menor, por <\/p>\n<p>esta ordem:<\/p>\n<p>II-             aos colaterais at\u00e9 o terceiro grau, <\/p>\n<p>preferindo os mais pr\u00f3ximos aos mais remotos, e, <\/p>\n<p>no mesmo grau, os mais velhos aos mais mo\u00e7os; <\/p>\n<p>em qualquer dos casos, o juiz escolher\u00e1 entre eles <\/p>\n<p>o mais apto a exercer a tutela em benef\u00edcio do <\/p>\n<p>menor\u201d<\/p>\n<\/p>\n<p>DO PEDIDO<\/p>\n<\/p>\n<p>                                                        Diante do <\/p>\n<p>exposto, requerem:<\/p>\n<\/p>\n<p>                                                        I &#8211; a concess\u00e3o <\/p>\n<p>da TUTELA definitiva aos requerentes, na forma da <\/p>\n<p>Lei, com a conseq\u00fcente destitui\u00e7\u00e3o do poder familiar <\/p>\n<p>em face do Sr. &#8230;&#8230;&#8230;&#8230;&#8230;&#8230;;<\/p>\n<\/p>\n<p>II &#8211; seja ouvido o Ilustre Representante do Minist\u00e9rio <\/p>\n<p>P\u00fablico;<\/p>\n<\/p>\n<p>III &#8211; os benef\u00edcios da assist\u00eancia judici\u00e1ria gratuita, <\/p>\n<p>uma vez que os requerentes n\u00e3o disp\u00f5em de recursos <\/p>\n<p>suficientes para custear a presente a\u00e7\u00e3o sem preju\u00edzo <\/p>\n<p>da subsist\u00eancia.<\/p>\n<\/p>\n<p>IV &#8211; a cita\u00e7\u00e3o, por edital, do Sr. &#8230;&#8230;&#8230;.., pai do <\/p>\n<p>menor, que se encontra em lugar incerto e n\u00e3o sabido, <\/p>\n<p>para querendo, contestar a presente a\u00e7\u00e3o sob pena <\/p>\n<p>de revelia.<\/p>\n<\/p>\n<p>                                                        Requerem, <\/p>\n<p>ainda, todos os meios de prova admitidos em direito; <\/p>\n<p>sem exce\u00e7\u00e3o, em especial pelo depoimento das <\/p>\n<p>testemunhas abaixo arroladas, que ora se requer.<\/p>\n<\/p>\n<p>D\u00e3o \u00e0 causa o valor de R$ 350,00 (trezentos e <\/p>\n<p>cinquenta reais), para fins de al\u00e7ada.<\/p>\n<\/p>\n<p>         Termos em que<\/p>\n<p>         P. Deferimento.<\/p>\n<\/p>\n<p>         Local e data.<\/p>\n<\/p>\n<p>      (a) Advogado e n\u00b0 da OAB<\/p>\n<\/p>\n<p>ROL DE TESTEMUNHAS<\/p>\n<\/p>\n<p>1 \u2013 Nome, endere\u00e7o e telefone.<\/p>\n<\/p>\n<p>2 \u2013 Nome, endere\u00e7o e telefone.<\/p>\n","protected":false},"featured_media":0,"parent":0,"menu_order":0,"template":"","meta":{"content-type":""},"categoria-modelo":[515],"class_list":["post-3036135","modelos-de-peticao","type-modelos-de-peticao","status-publish","hentry","categoria-modelo-sucessoes"],"_links":{"self":[{"href":"https:\/\/easyjur.com\/blog\/wp-json\/wp\/v2\/modelos-de-peticao\/3036135","targetHints":{"allow":["GET"]}}],"collection":[{"href":"https:\/\/easyjur.com\/blog\/wp-json\/wp\/v2\/modelos-de-peticao"}],"about":[{"href":"https:\/\/easyjur.com\/blog\/wp-json\/wp\/v2\/types\/modelos-de-peticao"}],"wp:attachment":[{"href":"https:\/\/easyjur.com\/blog\/wp-json\/wp\/v2\/media?parent=3036135"}],"wp:term":[{"taxonomy":"categoria-modelo","embeddable":true,"href":"https:\/\/easyjur.com\/blog\/wp-json\/wp\/v2\/categoria-modelo?post=3036135"}],"curies":[{"name":"wp","href":"https:\/\/api.w.org\/{rel}","templated":true}]}}