{"id":3000014,"date":"2024-04-30T18:34:52","date_gmt":"2024-04-30T18:34:52","guid":{"rendered":"https:\/\/easyjur.com\/blog\/?post_type=modelos-de-peticao&#038;p=3650"},"modified":"2024-04-30T18:34:52","modified_gmt":"2024-04-30T18:34:52","slug":"arrolamento-sumario-partilha-com-herdeiros-concordes","status":"publish","type":"modelos-de-peticao","link":"https:\/\/easyjur.com\/blog\/modelos-de-peticao\/arrolamento-sumario-partilha-com-herdeiros-concordes\/","title":{"rendered":"[MODELO] Arrolamento Sum\u00e1rio  &#8211;  Partilha com herdeiros concordes"},"content":{"rendered":"<p>Arrolamento Sum\u00e1rio <\/p>\n<\/p>\n<p> Peti\u00e7\u00f5es &#8211; Direito de Fam\u00edlia <\/p>\n<p>Herdeiros maiores e capazes acordam sobre a partilha dos bens do esp\u00f3lio e requerem a expedi\u00e7\u00e3o do competente formal de partilha. <\/p>\n<\/p>\n<p>EXCELENT\u00cdSSIMO SENHOR DOUTOR JUIZ DE DIREITO DA&#8230;. VARA C\u00cdVEL DA COMARCA DE &#8230;.<\/p>\n<p>&#8230;&#8230;&#8230;&#8230;&#8230;&#8230;&#8230;&#8230;&#8230;&#8230;&#8230;&#8230;&#8230;.. (qualifica\u00e7\u00e3o), residente e domiciliado na Rua &#8230;. n\u00ba &#8230;.; &#8230;&#8230;&#8230;&#8230;&#8230;&#8230;. (qualifica\u00e7\u00e3o), residente e domiciliada na Rua &#8230;. n\u00ba &#8230;.; e &#8230;&#8230;&#8230;&#8230;&#8230;&#8230; (qualifica\u00e7\u00e3o), residente e domiciliado na Rua &#8230;. n\u00ba &#8230;., v\u00eam, por seu advogado infra-assinado (mandato incluso, doc. &#8230;.), com escrit\u00f3rio na Rua &#8230;. n\u00ba &#8230;., onde recebe intima\u00e7\u00f5es e notifica\u00e7\u00f5es, requerer a abertura de<\/p>\n<p>ARROLAMENTO SUM\u00c1RIO<\/p>\n<p>dos bens deixados por &#8230;., com fundamento nos arts. 1031 a 1038 do C\u00f3digo de Processo Civil, o que faz nos seguintes termos:<\/p>\n<p>DA DE CUJUS<\/p>\n<p>Conforme depreende-se da Certid\u00e3o de \u00d3bito em anexo (doc. &#8230;.), em data de &#8230;. de &#8230;. de &#8230;., faleceu &#8230;&#8230;&#8230;&#8230;&#8230;&#8230;&#8230;&#8230;&#8230;&#8230;. (qualifica\u00e7\u00e3o), deixando como herdeiros os filhos, &#8230;., &#8230;. e &#8230;.<\/p>\n<p>DOS HERDEIROS<\/p>\n<p>A de cujus deixou os seguintes herdeiros:<\/p>\n<p>&#8211; &#8230;. (qualifica\u00e7\u00e3o);<\/p>\n<p>&#8211; &#8230;. (qualifica\u00e7\u00e3o), casado sob o regime de &#8230;. com &#8230;. (qualifica\u00e7\u00e3o);<\/p>\n<p>&#8211; &#8230;. (qualifica\u00e7\u00e3o), casada sob o regime de &#8230;. com &#8230;. (qualifica\u00e7\u00e3o).<\/p>\n<p>DO BEM A INVENTARIAR<\/p>\n<p>A de cujus deixou como bem um \u00fanico im\u00f3vel a inventariar, conforme descri\u00e7\u00e3o seguinte:<\/p>\n<p>&#8211; &#8230;. (descri\u00e7\u00e3o do bem) (doc. &#8230;. em anexo)<\/p>\n<p>Valor estimado : &#8230;.<\/p>\n<p>DA PARTILHA<\/p>\n<p>Os herdeiros, todos maiores e capazes, acordaram em partilhar o bem em tr\u00eas partes iguais, correspondendo, a cada um, 1\/3 (um ter\u00e7o) do im\u00f3vel objeto do presente, na forma constante do Plano de Partilha em anexo, assumindo, inteiramente, inteira responsabilidade pelas confronta\u00e7\u00f5es e descri\u00e7\u00f5es do im\u00f3vel, como autorizado pelo art. 21, \u00a7 1\u00ba do Provimento 260 da CRJ.<\/p>\n<p>DA JUNTADA DE DOCUMENTOS<\/p>\n<p>Requer, desde j\u00e1, a juntada de certid\u00f5es negativas de Impostos Federais e Estaduais da de cujus e dos herdeiros, bem como do esp\u00f3lio, al\u00e9m das negativas de impostos municipais.<\/p>\n<p>DOS REQUERIMENTOS<\/p>\n<p>Assim, requer se digne Vossa Excel\u00eancia designar o herdeiro &#8230;. como inventariante, bem como lhe seja deferida a faculdade de praticar todos os atos que se fizerem necess\u00e1rios ao bom andamento do feito, cabendo ao inventariante a administra\u00e7\u00e3o do bem do esp\u00f3lio.<\/p>\n<p>Diante do exposto, requer seja homologado, por senten\u00e7a, o plano de partilha em anexo, para que surta seus jur\u00eddicos e legais efeitos.<\/p>\n<p>Requer ainda seja determinada a expedi\u00e7\u00e3o do competente formal de partilha, para as provid\u00eancias legais que se fizerem necess\u00e1rias.<\/p>\n<p>Desde j\u00e1, requer-se a desist\u00eancia do prazo de tr\u00e2nsito em julgado, com a imediata expedi\u00e7\u00e3o do formal de partilha antes requerido.<\/p>\n<p>D\u00e1-se \u00e0 causa o valor de &#8230;.<\/p>\n<p>Termos em que,<\/p>\n<p>Pede Deferimento.<\/p>\n<p>&#8230;., &#8230;. de &#8230;. de &#8230;.<\/p>\n<p>Advogado<\/p>\n<p>OAB\/&#8230; <\/p><\/p>\n","protected":false},"featured_media":0,"parent":0,"menu_order":0,"template":"","meta":{"content-type":""},"categoria-modelo":[528],"class_list":["post-3000014","modelos-de-peticao","type-modelos-de-peticao","status-publish","hentry","categoria-modelo-kit-peticoes-diversas"],"_links":{"self":[{"href":"https:\/\/easyjur.com\/blog\/wp-json\/wp\/v2\/modelos-de-peticao\/3000014","targetHints":{"allow":["GET"]}}],"collection":[{"href":"https:\/\/easyjur.com\/blog\/wp-json\/wp\/v2\/modelos-de-peticao"}],"about":[{"href":"https:\/\/easyjur.com\/blog\/wp-json\/wp\/v2\/types\/modelos-de-peticao"}],"wp:attachment":[{"href":"https:\/\/easyjur.com\/blog\/wp-json\/wp\/v2\/media?parent=3000014"}],"wp:term":[{"taxonomy":"categoria-modelo","embeddable":true,"href":"https:\/\/easyjur.com\/blog\/wp-json\/wp\/v2\/categoria-modelo?post=3000014"}],"curies":[{"name":"wp","href":"https:\/\/api.w.org\/{rel}","templated":true}]}}