{"id":2991194,"date":"2024-04-30T00:07:55","date_gmt":"2024-04-30T00:07:55","guid":{"rendered":"https:\/\/easyjur.com\/blog\/?post_type=modelos-de-peticao&#038;p=3650"},"modified":"2024-04-30T00:07:55","modified_gmt":"2024-04-30T00:07:55","slug":"agravo-de-decisao-interlocutoria-em-mandado-de-seguranca","status":"publish","type":"modelos-de-peticao","link":"https:\/\/easyjur.com\/blog\/modelos-de-peticao\/agravo-de-decisao-interlocutoria-em-mandado-de-seguranca\/","title":{"rendered":"[MODELO] Agravo de decis\u00e3o interlocut\u00f3ria em Mandado de Seguran\u00e7a"},"content":{"rendered":"<p>EXCELENT\u00cdSSIMO SENHOR DOUTOR JUIZ PRESIDENTE DO EGR\u00c9GIO TRIBUNAL DE JUSTI\u00c7A MILITAR DO ESTADO DE S\u00c3O PAULO.<\/p>\n<p>\u00a0<\/p>\n<p>\u00a0<\/p>\n<p>\u00a0<\/p>\n<p>\u00a0<\/p>\n<p>\u00a0<\/p>\n<p>\u00a0<\/p>\n<p>\u00a0<\/p>\n<p>\u00a0<\/p>\n<p>\u00a0<\/p>\n<p>\u00a0<\/p>\n<p>\u00a0<\/p>\n<p>Autos n\u00ba.: &#8230;&#8230;&#8230;&#8230;<\/p>\n<p>Mandado de Seguran\u00e7a<\/p>\n<p>Agravante: &#8230;&#8230;&#8230;&#8230;..<\/p>\n<p>Apenso aos autos &#8230;&#8230;&#8230;&#8230;<\/p>\n<p>\u00a0<\/p>\n<p>\u00a0<\/p>\n<p>\u00a0\u00a0\u00a0\u00a0\u00a0\u00a0\u00a0\u00a0\u00a0\u00a0\u00a0\u00a0\u00a0\u00a0\u00a0\u00a0\u00a0\u00a0\u00a0\u00a0\u00a0\u00a0\u00a0\u00a0\u00a0\u00a0\u00a0\u00a0\u00a0\u00a0\u00a0\u00a0\u00a0\u00a0\u00a0\u00a0\u00a0 &#8230;&#8230;&#8230;&#8230;, j\u00e1 qualificado anteriormente, nos autos em ep\u00edgrafe, vem por interm\u00e9dio de seu patrono, agravar da decis\u00e3o interlocut\u00f3ria proferida por essa MD Colenda C\u00e2mara, amparado pelo artigo 143 do Regimento Interno do Tribunal de Justi\u00e7a Militar do Estado de S\u00e3o Paulo, o que passa a tecer seus coment\u00e1rios e por fim pleitear:<\/p>\n<p>\u00a0<\/p>\n<p>1.\u00a0\u00a0\u00a0\u00a0\u00a0\u00a0\u00a0\u00a0\u00a0\u00a0\u00a0\u00a0\u00a0\u00a0\u00a0\u00a0\u00a0\u00a0\u00a0\u00a0\u00a0 Esclarece primeiramente, que seu patrono tomou conhecimento dos fatos, somente no dia &#8230; do corrente m\u00eas, e que o agravante, solicitou c\u00f3pias pelo tribunal, no dia &#8230;. do corrente m\u00eas, sendo que as mesmas s\u00f3 foram liberadas pelo cart\u00f3rio no dia &#8230;., impossibilitando o seu patrono de dar o regular andamento dentro do prazo estipulado por nossa legisla\u00e7\u00e3o.<\/p>\n<p>\u00a0<\/p>\n<p>2.\u00a0\u00a0\u00a0\u00a0\u00a0\u00a0\u00a0\u00a0\u00a0\u00a0\u00a0\u00a0\u00a0\u00a0\u00a0\u00a0\u00a0\u00a0\u00a0\u00a0\u00a0 Assim, entende salvo melhor Ju\u00edzo do Pleno, que o Agravo regimental interposto, deve ser processado e levado \u00e0 pauta, para que o direito do agravante n\u00e3o se perca e que a verdadeira justi\u00e7a seja salientada.<\/p>\n<p>\u00a0<\/p>\n<p>3.\u00a0\u00a0\u00a0\u00a0\u00a0\u00a0\u00a0\u00a0\u00a0\u00a0\u00a0\u00a0\u00a0\u00a0\u00a0\u00a0\u00a0\u00a0\u00a0\u00a0\u00a0 Ocorre assim, que o Minist\u00e9rio P\u00fablico, impetrou o Mandado de Seguran\u00e7a, com pedido de liminar, tendo como alega\u00e7\u00e3o que a respeit\u00e1vel senten\u00e7a, proferida nos autos n\u00ba.: &#8230;&#8230;&#8230;, deferiu o pedido de progress\u00e3o de regime sem aventurar a elabora\u00e7\u00e3o de exame criminol\u00f3gico.<\/p>\n<p>\u00a0<\/p>\n<p>4.\u00a0\u00a0\u00a0\u00a0\u00a0\u00a0\u00a0\u00a0\u00a0\u00a0\u00a0\u00a0\u00a0\u00a0\u00a0\u00a0\u00a0\u00a0\u00a0\u00a0\u00a0 Citou v\u00e1rias Leis que entendia que amparava o seu pedido, levando o Senhor Relator a conceder o que pretendia.<\/p>\n<p>\u00a0<\/p>\n<p>5.\u00a0\u00a0\u00a0\u00a0\u00a0\u00a0\u00a0\u00a0\u00a0\u00a0\u00a0\u00a0\u00a0\u00a0\u00a0\u00a0\u00a0\u00a0\u00a0\u00a0\u00a0 Por\u00e9m, a Lei 10.792\/03, faculta ao agravante, o direito de ver e ter a progress\u00e3o de seu regime semi-aberto para aberto, j\u00e1 que cumpriu 1\/6 de sua pena no dia &#8230;\/&#8230;\/&#8230; ..<\/p>\n<p>\u00a0<\/p>\n<p>6.\u00a0\u00a0\u00a0\u00a0\u00a0\u00a0\u00a0\u00a0\u00a0\u00a0\u00a0\u00a0\u00a0\u00a0\u00a0\u00a0\u00a0\u00a0\u00a0\u00a0\u00a0 Al\u00e9m do mais, j\u00e1 h\u00e1 v\u00e1rios entendimentos que a Lei aqui salientada, n\u00e3o \u00e9 inconstitucional e que portanto, ampara as pessoas que atendem tal requisito.<\/p>\n<p>\u00a0<\/p>\n<p>7.\u00a0\u00a0\u00a0\u00a0\u00a0\u00a0\u00a0\u00a0\u00a0\u00a0\u00a0\u00a0\u00a0\u00a0\u00a0\u00a0\u00a0\u00a0\u00a0\u00a0\u00a0 O Senhor Nagashi Furukawa, que \u00e9 Secret\u00e1rio da Administra\u00e7\u00e3o Penitenci\u00e1ria do Estado de S\u00e3o Paulo, em artigo publicado com o t\u00edtulo de \u201cO fim do exame criminol\u00f3gico\u201d, se pronunciou favoravelmente a este respeito:<\/p>\n<p>\u00a0<\/p>\n<p>\u201c\u00c9 preciso, portanto, que urgentes provid\u00eancias sejam tomadas diante desta preocupante quest\u00e3o. A par da quest\u00e3o econ\u00f4mica, indiscut\u00edvel relevante, h\u00e1 a quest\u00e3o de justi\u00e7a. Ningu\u00e9m pode ficar preso por mais tempo do que o previsto na lei. As decis\u00f5es judiciais precisam vir com a rapidez que se espera, porque o clima de expectativa nas pris\u00f5es \u00e9 enorme e sua frusta\u00e7\u00e3o poder\u00e1 trazer graves conseq\u00fc\u00eancias\u201d.<\/p>\n<p>\u00a0<\/p>\n<p>8.\u00a0\u00a0\u00a0\u00a0\u00a0\u00a0\u00a0\u00a0\u00a0\u00a0\u00a0\u00a0\u00a0\u00a0\u00a0\u00a0\u00a0\u00a0\u00a0\u00a0\u00a0 E se n\u00e3o fosse s\u00f3 isso, h\u00e1 julgados proferidos pelo Senhor Juiz Relator Avivaldi Nogueira Junior, que, diante de Mandados de Seguran\u00e7a com a mesma liminar, pleiteados pelo MP, os indeferiu, alegando em seu t\u00f3pico final, que a Lei 10.792\/03, est\u00e1 em pleno \u201cvigor e pertinente ao presente caso\u201d (Mandados de Seguran\u00e7a n\u00ba 347\/04 e 342\/04).<\/p>\n<p>\u00a0<\/p>\n<p>9.\u00a0\u00a0\u00a0\u00a0\u00a0\u00a0\u00a0\u00a0\u00a0\u00a0\u00a0\u00a0\u00a0\u00a0\u00a0\u00a0\u00a0\u00a0\u00a0\u00a0\u00a0 Assim, o direito do agravante est\u00e1 sendo ferido, j\u00e1 que a reprimenda que lhe foi imposta (a pris\u00e3o), j\u00e1 causou os seus efeitos, pois houve a reforma de seu pensamento e conduta.<\/p>\n<p>\u00a0<\/p>\n<p>\u00a0<\/p>\n<p>10.\u00a0\u00a0\u00a0\u00a0\u00a0\u00a0\u00a0\u00a0\u00a0\u00a0\u00a0\u00a0\u00a0\u00a0\u00a0\u00a0\u00a0 Houve sempre uma boa conduta dentro do pres\u00eddio da Pol\u00edcia Militar (provas em anexo).<\/p>\n<p>\u00a0<\/p>\n<p>11.\u00a0\u00a0\u00a0\u00a0\u00a0\u00a0\u00a0\u00a0\u00a0\u00a0\u00a0\u00a0\u00a0\u00a0\u00a0\u00a0\u00a0 H\u00e1 a expectativa de sua volta ao antigo empregado, j\u00e1 que o antigo patrono lhe informou, que estando ele \u201cem liberdade\u201d, poderia coloc\u00e1-lo em um dos postos de servi\u00e7o de sua empresa.<\/p>\n<p>\u00a0<\/p>\n<p>12.\u00a0\u00a0\u00a0\u00a0\u00a0\u00a0\u00a0\u00a0\u00a0\u00a0\u00a0\u00a0\u00a0\u00a0\u00a0\u00a0\u00a0 Al\u00e9m do mais, a volta dele \u00e0 sociedade, traria um melhor conv\u00edvio com sua fam\u00edlia e suas filhas, um progresso profissional e uma despesa a menos aos cofres do Estado.<\/p>\n<p>\u00a0<\/p>\n<p>13.\u00a0\u00a0\u00a0\u00a0\u00a0\u00a0\u00a0\u00a0\u00a0\u00a0\u00a0\u00a0\u00a0\u00a0\u00a0\u00a0\u00a0 Assim, independente de ter feito ou n\u00e3o o exame criminol\u00f3gico, houve a reforma desejada dentro do intimo do agravante. Se existe-se o exame, esse s\u00f3 serviria para confirmar essa tese.<\/p>\n<p>\u00a0<\/p>\n<p>14.\u00a0\u00a0\u00a0\u00a0\u00a0\u00a0\u00a0\u00a0\u00a0\u00a0\u00a0\u00a0\u00a0\u00a0\u00a0\u00a0\u00a0 Estamos diante de Lei imperiosa e fatos incontroversos, que ajudam a dar base e subs\u00eddios aos anseios do agravante.<\/p>\n<p>\u00a0<\/p>\n<p>15.\u00a0\u00a0\u00a0\u00a0\u00a0\u00a0\u00a0\u00a0\u00a0\u00a0\u00a0\u00a0\u00a0\u00a0\u00a0\u00a0\u00a0 Segue em anexo, para as devidas verifica\u00e7\u00f5es e pondera\u00e7\u00f5es, documentos que sacramentam a atual situa\u00e7\u00e3o do agravante e que perpetuam o seu direito.<\/p>\n<p>\u00a0<\/p>\n<p>\u00a0<\/p>\n<p>16.\u00a0\u00a0\u00a0\u00a0\u00a0\u00a0\u00a0\u00a0\u00a0\u00a0\u00a0\u00a0\u00a0\u00a0\u00a0\u00a0\u00a0 Diante de todo o exposto requer:<\/p>\n<p>\u00a0<\/p>\n<p>a)\u00a0\u00a0\u00a0\u00a0\u00a0\u00a0\u00a0\u00a0\u00a0\u00a0\u00a0\u00a0\u00a0\u00a0\u00a0\u00a0\u00a0\u00a0\u00a0\u00a0\u00a0 que seja processado e julgado o presente agravo;<\/p>\n<p>b)\u00a0\u00a0\u00a0\u00a0\u00a0\u00a0\u00a0\u00a0\u00a0\u00a0\u00a0\u00a0\u00a0\u00a0\u00a0\u00a0\u00a0\u00a0\u00a0\u00a0\u00a0 que seja reformado (reconsiderado) o posicionamento proferido pelo Senhor Relator, sendo o agravante colocado em liberdade; e<\/p>\n<p>c)\u00a0\u00a0\u00a0\u00a0\u00a0\u00a0\u00a0\u00a0\u00a0\u00a0\u00a0\u00a0\u00a0\u00a0\u00a0\u00a0\u00a0\u00a0\u00a0\u00a0\u00a0 que ocorra a sua progress\u00e3o de pena para o regime aberto.<\/p>\n<p>\u00a0<\/p>\n<p>17.\u00a0\u00a0\u00a0\u00a0\u00a0\u00a0\u00a0\u00a0\u00a0\u00a0\u00a0\u00a0\u00a0\u00a0\u00a0\u00a0\u00a0 Esperando estar justo e perfeito, pleiteia deferimento.<\/p>\n<p>\u00a0<\/p>\n<p>\u00a0<\/p>\n<p>&#8230;\/&#8230;\/&#8230;<\/p>\n<p>\u00a0<\/p>\n<p>\u00a0<\/p>\n<p>&#8230;&#8230;&#8230;&#8230;&#8230;&#8230;&#8230;&#8230;&#8230;.<\/p>\n","protected":false},"featured_media":0,"parent":0,"menu_order":0,"template":"","meta":{"content-type":""},"categoria-modelo":[511],"class_list":["post-2991194","modelos-de-peticao","type-modelos-de-peticao","status-publish","hentry","categoria-modelo-andamento-processual"],"_links":{"self":[{"href":"https:\/\/easyjur.com\/blog\/wp-json\/wp\/v2\/modelos-de-peticao\/2991194","targetHints":{"allow":["GET"]}}],"collection":[{"href":"https:\/\/easyjur.com\/blog\/wp-json\/wp\/v2\/modelos-de-peticao"}],"about":[{"href":"https:\/\/easyjur.com\/blog\/wp-json\/wp\/v2\/types\/modelos-de-peticao"}],"wp:attachment":[{"href":"https:\/\/easyjur.com\/blog\/wp-json\/wp\/v2\/media?parent=2991194"}],"wp:term":[{"taxonomy":"categoria-modelo","embeddable":true,"href":"https:\/\/easyjur.com\/blog\/wp-json\/wp\/v2\/categoria-modelo?post=2991194"}],"curies":[{"name":"wp","href":"https:\/\/api.w.org\/{rel}","templated":true}]}}