{"id":2976616,"date":"2024-04-25T16:29:18","date_gmt":"2024-04-25T16:29:18","guid":{"rendered":"https:\/\/easyjur.com\/blog\/?post_type=modelos-de-peticao&#038;p=3650"},"modified":"2024-04-25T16:29:18","modified_gmt":"2024-04-25T16:29:18","slug":"acao-ordinaria-pensao-por-morte-uniao-estavel","status":"publish","type":"modelos-de-peticao","link":"https:\/\/easyjur.com\/blog\/modelos-de-peticao\/acao-ordinaria-pensao-por-morte-uniao-estavel\/","title":{"rendered":"[MODELO] A\u00e7\u00e3o Ordin\u00e1ria \u2013 Pens\u00e3o por Morte \u2013 Uni\u00e3o Est\u00e1vel"},"content":{"rendered":"<p>EX\u00adMO. (A) SR. (A) DR. (A) \u00adJUIZ (A) FE\u00adDE\u00adRAL DA<\/p>\n<p>_____________________________________<\/p>\n<p>_____, bra\u00adsi\u00adlei\u00adro, apo\u00adsen\u00adta\u00addo, por\u00adta\u00addor da C\u00e9dula de Identidade n\u00ba ______, ins\u00adcri\u00adto no CPF sob o n\u00ba ___________, re\u00adsi\u00adden\u00adte na Rua _______, comarca de _____ -, por seu ad\u00advo\u00adga\u00addo que es\u00adta subs\u00adcre\u00adve, vem, mui res\u00adpei\u00adto\u00adsa\u00admen\u00adte, \u00e0 pre\u00adsen\u00ad\u00e7a de V. Exa. pa\u00adra pro\u00adpor a pre\u00adsen\u00adte<\/p>\n<p><strong>A\u00e7\u00e3o Ordin\u00e1ria \u2013 be\u00adne\u00adf\u00ed\u00adcio pre\u00advi\u00adden\u00adci\u00e1\u00adrio \u2013 Lei 8213\/0001 \u2013 Uni\u00e3o Est\u00e1vel <\/strong><\/p>\n<p><strong>\u2013 mor\u00adte do com\u00adpa\u00adnhei\u00adro \u2013 di\u00adrei\u00adto da com\u00adpa\u00adnhei\u00adra \u2013 pen\u00ads\u00e3o por mor\u00adte<\/strong><\/p>\n<p>con\u00adtra o \u00adINSS \u2013 Instituto Nacional do Seguro Social, atra\u00adv\u00e9s da sua ag\u00ean\u00adcia es\u00adta\u00adbe\u00adle\u00adci\u00adda na Rua &#8230;&#8230;&#8230; no cen\u00adtro da ci\u00adda\u00adde de&#8230;&#8230;&#8230;.., pe\u00adlos mo\u00adti\u00advos de fa\u00adto e fun\u00adda\u00admen\u00adtos de di\u00adrei\u00adto que pas\u00adsa a ex\u00adpor e in\u00advo\u00adcar.<\/p>\n<p>1. Tendo ocor\u00adri\u00addo a mor\u00adte do seu con\u00adcu\u00adbi\u00adno &#8230;&#8230;&#8230;&#8230;&#8230;.., bra\u00adsi\u00adlei\u00adro, vi\u00fa\u00advo, apo\u00adsen\u00adta\u00addo, com \u00adquem a re\u00adque\u00adren\u00adte es\u00adta\u00adbe\u00adle\u00adceu uma en\u00adti\u00adda\u00adde fa\u00admi\u00adliar du\u00adra\u00addou\u00adra, p\u00fa\u00adbli\u00adca e con\u00adt\u00ed\u00adnua, por cin\u00adco \u00adanos se\u00adgui\u00addos, es\u00adta for\u00admu\u00adlou o re\u00adque\u00adri\u00admen\u00adto de pen\u00ads\u00e3o por mor\u00adte, na for\u00adma dos di\u00adrei\u00adtos que lhe con\u00adfe\u00adre a lei.<\/p>\n<p>2. Por qua\u00adse cin\u00adco \u00adanos se\u00adgui\u00addos, ore\u00adla\u00adcio\u00adna\u00admen\u00adto apenas foi in\u00adter\u00adrom\u00adpi\u00addo pe\u00adla mor\u00adte do con\u00adcu\u00adbi\u00adno.<\/p>\n<p>3. Enfim, uma \u00aduni\u00e3o que per\u00addu\u00adrou at\u00e9 a mor\u00adte daquele.<\/p>\n<p>4. \u00c9 se\u00adgu\u00adra\u00adda do Instituto-r\u00e9u na mo\u00adda\u00adli\u00adda\u00adde de aposentadoria mensal vital\u00edcia por invalidez de n\u00ba&#8230;&#8230;.., de\u00adfe\u00adri\u00adda em 28\/000\/0004, na con\u00adfor\u00admi\u00adda\u00adde da in\u00adclu\u00adsa Carta de Concess\u00e3o da\u00adta\u00adda de &#8230;&#8230;.. (doc. 2).<\/p>\n<p>5. A re\u00adque\u00adren\u00adte foi ca\u00adsa\u00adda pe\u00adlo re\u00adgi\u00adme da co\u00admu\u00adnh\u00e3o uni\u00adver\u00adsal de \u00adbens com &#8230;&#8230;&#8230;, fa\u00adle\u00adci\u00addo no dia &#8230;&#8230;&#8230;, que era se\u00adgu\u00adra\u00addo do Instituto-r\u00e9u, na mo\u00adda\u00adli\u00adda\u00adde aposentadoria por tempo de servi\u00e7o de n\u00ba &#8230;&#8230;&#8230;&#8230;. (doc. 3), <\/p>\n<p>6. Em ra\u00adz\u00e3o do fa\u00adle\u00adci\u00admen\u00adto do seu ma\u00adri\u00addo, a re\u00adque\u00adren\u00adte so\u00adli\u00adci\u00adtou e lhe foi de\u00adfe\u00adri\u00adda a pens\u00e3o por morte, cu\u00adjo be\u00adne\u00adf\u00ed\u00adcio re\u00adce\u00adbeu o n\u00ba &#8230;&#8230;&#8230;, na con\u00adfor\u00admi\u00adda\u00adde da Carta de Concess\u00e3o da\u00adta\u00adda de &#8230;&#8230;.. (docs. 4\/ 7).<\/p>\n<p>7. Ocorre que, sem qual\u00adquer no\u00adti\u00adfi\u00adca\u00ad\u00e7\u00e3o ju\u00addi\u00adcial ou ex\u00adtra\u00adju\u00addi\u00adcial, o Instituto-r\u00e9u sus\u00adpen\u00addeu o pa\u00adga\u00admen\u00adto das par\u00adce\u00adlas men\u00adsais do re\u00adfe\u00adri\u00addo be\u00adne\u00adf\u00ed\u00adcio, que se\u00adriam de\u00adpo\u00adsi\u00adta\u00addos na Ag\u00eancia do Banco &#8230;&#8230;&#8230;&#8230;&#8230;&#8230;&#8230;.. da ci\u00adda\u00adde de &#8230;&#8230;., si\u00adtua\u00adda na &#8230;&#8230;&#8230;&#8230;&#8230;<\/p>\n<p>8. Inquirido a dar ex\u00adpli\u00adca\u00ad\u00e7\u00f5es atra\u00adv\u00e9s da via ad\u00admi\u00adnis\u00adtra\u00adti\u00adva, o Instituto-r\u00e9u n\u00e3o cui\u00addou de ofe\u00adre\u00adcer se\u00adquer uma res\u00adpos\u00adta quan\u00adto ao mo\u00adti\u00advo da sus\u00adpen\u00ads\u00e3o do pa\u00adga\u00admen\u00adto do be\u00adne\u00adf\u00ed\u00adcio da mo\u00adda\u00adli\u00adda\u00adde pens\u00e3o por morte.<\/p>\n<p>000. Deve ser con\u00adsi\u00adde\u00adra\u00addo que o ar\u00adti\u00adgo 124 da Lei n\u00ba 8.213\/0001 n\u00e3o obs\u00adta a cu\u00admu\u00adla\u00adti\u00advi\u00adda\u00adde en\u00adtre per\u00adcep\u00ad\u00e7\u00e3o do be\u00adne\u00adf\u00ed\u00adcio aposentadoria por invalidez com o be\u00adne\u00adf\u00ed\u00adcio pens\u00e3o por morte.<\/p>\n<p>10. Al\u00e9m dis\u00adso, o Decreto n\u00ba 2.172, de 5\/3\/10000007, que re\u00adgu\u00adla\u00admen\u00adta a Lei de Benef\u00edcios da Previd\u00eancia Social, n\u00e3o im\u00adp\u00f5e qual\u00adquer con\u00addi\u00ad\u00e7\u00e3o pa\u00adra a con\u00adces\u00ads\u00e3o e o exer\u00adc\u00ed\u00adcio do di\u00adrei\u00adto de cu\u00admu\u00adla\u00ad\u00e7\u00e3o en\u00adtre os re\u00adfe\u00adri\u00addos be\u00adne\u00adf\u00ed\u00adcios, a n\u00e3o ser a con\u00addi\u00ad\u00e7\u00e3o de de\u00adpen\u00adden\u00adte.<\/p>\n<p>11. Ante o ex\u00adpos\u00adto, \u00e9 a pre\u00adsen\u00adte pa\u00adra re\u00adque\u00adrer a ci\u00adta\u00ad\u00e7\u00e3o do \u00adINSS \u2013 Intituto Nacional do Seguro Social, na pes\u00adsoa do seu re\u00adpre\u00adsen\u00adtan\u00adte le\u00adgal, pa\u00adra que res\u00adpon\u00adda aos ter\u00admos da pre\u00adsen\u00adte \u00ada\u00e7\u00e3o, sob as pe\u00adnas do ar\u00adti\u00adgo 285 do C\u00f3digo de Processo Civil, acom\u00adpa\u00adnhan\u00addo-a at\u00e9 fi\u00adnal de\u00adci\u00ads\u00e3o, quan\u00addo de\u00adve\u00adr\u00e1 ser jul\u00adga\u00adda pro\u00adce\u00adden\u00adte com a con\u00adde\u00adna\u00ad\u00e7\u00e3o do Instituto-r\u00e9u na con\u00adti\u00adnui\u00adda\u00adde do pa\u00adga\u00admen\u00adto do be\u00adne\u00adf\u00ed\u00adcio pre\u00advi\u00adden\u00adci\u00e1\u00adrio n\u00ba &#8230;&#8230;&#8230;.., que s\u00e3o de\u00advi\u00addos des\u00adde a da\u00adta do fa\u00adle\u00adci\u00admen\u00adto do ma\u00adri\u00addo da re\u00adque\u00adren\u00adte em &#8230;&#8230;, na con\u00adfor\u00admi\u00adda\u00adde da Lei n\u00ba 8.213\/0001 e do Decreto n\u00ba 2.172\/0007, \u00adal\u00e9m dos de\u00admais dis\u00adpo\u00adsi\u00adti\u00advos apli\u00adc\u00e1\u00adveis \u00e0 es\u00adp\u00e9\u00adcie, acres\u00adci\u00addos dos ju\u00adros de mo\u00adra, reem\u00adbol\u00adso de to\u00addas cus\u00adtas e des\u00adpe\u00adsas pro\u00adces\u00adsuais, \u00adal\u00e9m dos ho\u00adno\u00adr\u00e1\u00adrios ad\u00advo\u00adca\u00adt\u00ed\u00adcios de 15% so\u00adbre o mon\u00adtan\u00adte das pres\u00adta\u00ad\u00e7\u00f5es ven\u00adci\u00addas a \u00admais 1 (um) ano das pres\u00adta\u00ad\u00e7\u00f5es vin\u00adcen\u00addas. <\/p>\n<p>12. Requer, ain\u00adda, que to\u00addas as pres\u00adta\u00ad\u00e7\u00f5es ven\u00adci\u00addas se\u00adjam atua\u00adli\u00adza\u00addas nos mol\u00addes do RR 00085000\/0007 em con\u00adco\u00admi\u00adt\u00e2n\u00adcia com o ar\u00adti\u00adgo 58 das Disposi\u00e7\u00f5es Transit\u00f3rias da Constitui\u00e7\u00e3o federal e tam\u00adb\u00e9m da S\u00famula n\u00ba 260 do Tribunal Federal de Recursos,<\/p>\n<p>13. Por opor\u00adtu\u00adno, pro\u00adtes\u00adta pe\u00adlo ofi\u00adcia\u00admen\u00adto ao Instituto Nacional do Seguro Social \u2013 INSS, pa\u00adra que pres\u00adte in\u00adfor\u00adma\u00ad\u00e7\u00f5es so\u00adbre o be\u00adne\u00adf\u00ed\u00adcio pre\u00advi\u00adden\u00adci\u00e1\u00adrio da mo\u00adda\u00adli\u00adda\u00adde pens\u00e3o por morte n\u00ba &#8230;&#8230;&#8230;<\/p>\n<p>14. Requer, ou\u00adtros\u00adsim, de\u00adfe\u00adri\u00admen\u00adto de jus\u00adti\u00ad\u00e7a gra\u00adtui\u00adta, uma vez que a re\u00adque\u00adren\u00adte \u00e9 po\u00adbre na acep\u00ad\u00e7\u00e3o que a lei em\u00adpres\u00adta ao ter\u00admo, n\u00e3o po\u00adden\u00addo ar\u00adcar com as cus\u00adtas e de\u00admais des\u00adpe\u00adsas pro\u00adces\u00adsuais sem com\u00adpro\u00adme\u00adti\u00admen\u00adto da sua sub\u00adsis\u00adt\u00ean\u00adcia e da de \u00adseus fa\u00admi\u00adlia\u00adres.<\/p>\n<p>15. Para efei\u00adtos de al\u00ad\u00e7a\u00adda, atri\u00adbui \u00e0 cau\u00adsa o va\u00adlor de R$ __________________________<\/p>\n<p>N. Termos,<\/p>\n<p>P. E. de\u00adfe\u00adri\u00admen\u00adto. <\/p>\n<p>_____________, _____\/________\/ 200__<\/p>\n<p>_________________________________ <\/p>\n<p>Adv.<\/p>\n","protected":false},"featured_media":0,"parent":0,"menu_order":0,"template":"","meta":{"content-type":""},"categoria-modelo":[154],"class_list":["post-2976616","modelos-de-peticao","type-modelos-de-peticao","status-publish","hentry","categoria-modelo-previdenciario"],"_links":{"self":[{"href":"https:\/\/easyjur.com\/blog\/wp-json\/wp\/v2\/modelos-de-peticao\/2976616","targetHints":{"allow":["GET"]}}],"collection":[{"href":"https:\/\/easyjur.com\/blog\/wp-json\/wp\/v2\/modelos-de-peticao"}],"about":[{"href":"https:\/\/easyjur.com\/blog\/wp-json\/wp\/v2\/types\/modelos-de-peticao"}],"wp:attachment":[{"href":"https:\/\/easyjur.com\/blog\/wp-json\/wp\/v2\/media?parent=2976616"}],"wp:term":[{"taxonomy":"categoria-modelo","embeddable":true,"href":"https:\/\/easyjur.com\/blog\/wp-json\/wp\/v2\/categoria-modelo?post=2976616"}],"curies":[{"name":"wp","href":"https:\/\/api.w.org\/{rel}","templated":true}]}}