{"id":2976607,"date":"2024-04-25T16:29:10","date_gmt":"2024-04-25T16:29:10","guid":{"rendered":"https:\/\/easyjur.com\/blog\/?post_type=modelos-de-peticao&#038;p=3650"},"modified":"2024-04-25T16:29:10","modified_gmt":"2024-04-25T16:29:10","slug":"acao-de-concessao-de-aposentadoria-por-tempo","status":"publish","type":"modelos-de-peticao","link":"https:\/\/easyjur.com\/blog\/modelos-de-peticao\/acao-de-concessao-de-aposentadoria-por-tempo\/","title":{"rendered":"[MODELO] A\u00c7\u00c3O DE CONCESS\u00c3O DE APOSENTADORIA POR TEMPO"},"content":{"rendered":"<p>EXCELENT\u00cdSSIMO(A) SENHOR(A)  DOUTOR(A)  JUIZ(\u00cdZA)  FEDERAL DA X\u00aa VARA FEDERAL DA SUBSE\u00c7\u00c3O JUDICI\u00c1RIA DE CIDADE \u2013 UF<\/p>\n<\/p>\n<p><strong>NOME DA PARTE<\/strong>, j\u00e1 cadastrado eletronicamente, vem, com o devido respeito, por meio dos seus procuradores, perante Vossa Excel\u00eancia, propor<\/p>\n<p><strong>A\u00c7\u00c3O PREVIDENCI\u00c1RIA DE CONCESS\u00c3O DE APOSENTADORIA POR TEMPO DE CONTRIBUI\u00c7\u00c3O <\/strong><\/p>\n<p>em face do <strong>INSTITUTO NACIONAL DO SEGURO SOCIAL (INSS)<\/strong>, pelos fundamentos f\u00e1ticos e jur\u00eddicos que ora passa a expor:<\/p>\n<\/p>\n<p><strong>I \u2013 DOS FATOS<\/strong><\/p>\n<p>O Autor, nascido em DIA de M\u00caS de ANO (carteira de identidade anexa), contando atualmente com sessenta anos de idade, filiou-se \u00e0 Previd\u00eancia Social em setembro de 1975, sendo que at\u00e9 a presente data possui diversos anos de contribui\u00e7\u00e3o. A tabela a seguir demonstra, de forma objetiva, as atividades laborativas desenvolvidas:<\/p>\n<table>\n<tr>\n<td>\n<p><strong>Admiss\u00e3o<\/strong><\/p>\n<\/td>\n<td>\n<p><strong>Sa\u00edda<\/strong><\/p>\n<\/td>\n<td>\n<p><strong>Empregador<\/strong><\/p>\n<\/td>\n<td>\n<p><strong>Cargo<\/strong><\/p>\n<\/td>\n<td>\n<p><strong>Tempo de contribui\u00e7\u00e3o<\/strong><\/p>\n<\/td>\n<\/tr>\n<tr>\n<td>\n<p><strong>01\/09\/1975<\/strong><\/p>\n<\/td>\n<td>\n<p><strong>30\/08\/1981<\/strong><\/p>\n<\/td>\n<td>\n<p><strong>Brigada Militar<\/strong><\/p>\n<\/td>\n<td>\n<p><strong>Soldado<\/strong><\/p>\n<\/td>\n<td>\n<p><strong>06 anos<\/strong><\/p>\n<\/td>\n<\/tr>\n<tr>\n<td>\n<p>15\/04\/1982<\/p>\n<\/td>\n<td>\n<p>14\/11\/1983<\/p>\n<\/td>\n<td>\n<p>XXXXXXXXXXXXXXXXXXXX<\/p>\n<\/td>\n<td>\n<p>Auxiliar de dep\u00f3sito<\/p>\n<\/td>\n<td>\n<p>01 ano e 07 meses<\/p>\n<\/td>\n<\/tr>\n<tr>\n<td>\n<p>01\/06\/1984<\/p>\n<\/td>\n<td>\n<p>24\/07\/1987<\/p>\n<\/td>\n<td>\n<p>XXXXXXXXXXXXXXXXXXXX<\/p>\n<\/td>\n<td>\n<p>Aux. Conferente<\/p>\n<\/td>\n<td>\n<p>03 anos, 01 m\u00eas e 24 dias<\/p>\n<\/td>\n<\/tr>\n<tr>\n<td>\n<p>01\/08\/1987<\/p>\n<\/td>\n<td>\n<p>29\/02\/1988<\/p>\n<\/td>\n<td>\n<p>Contribuinte individual<\/p>\n<\/td>\n<td>\n<p>Aut\u00f4nomo<\/p>\n<\/td>\n<td>\n<p>06 meses e 01 dia<\/p>\n<\/td>\n<\/tr>\n<tr>\n<td>\n<p>14\/03\/1988<\/p>\n<\/td>\n<td>\n<p>24\/07\/1990<\/p>\n<\/td>\n<td>\n<p>XXXXXXXXXXXXXXXXXXXX<\/p>\n<\/td>\n<td>\n<p>Almoxarife<\/p>\n<\/td>\n<td>\n<p>02 anos, 04 meses e 11 dias<\/p>\n<\/td>\n<\/tr>\n<tr>\n<td>\n<p>09\/08\/1990<\/p>\n<\/td>\n<td>\n<p>24\/06\/1996<\/p>\n<\/td>\n<td>\n<p>XXXXXXXXXXXXXXXXXXXX<\/p>\n<\/td>\n<td>\n<p>Almoxarife<\/p>\n<\/td>\n<td>\n<p>05 anos, 10 meses e 16 dias<\/p>\n<\/td>\n<\/tr>\n<tr>\n<td>\n<p>01\/08\/1997<\/p>\n<\/td>\n<td>\n<p>31\/07\/1998<\/p>\n<\/td>\n<td>\n<p>Contribuinte individual<\/p>\n<\/td>\n<td>\n<p>Aut\u00f4nomo<\/p>\n<\/td>\n<td>\n<p>01 ano<\/p>\n<\/td>\n<\/tr>\n<tr>\n<td>\n<p>04\/01\/1999<\/p>\n<\/td>\n<td>\n<p>05\/03\/1999<\/p>\n<\/td>\n<td>\n<p>XXXXXXXXXXXXXXXXXXXX<\/p>\n<\/td>\n<td>\n<p>Operador de empilhadeira<\/p>\n<\/td>\n<td>\n<p>02 meses e 02 dias<\/p>\n<\/td>\n<\/tr>\n<tr>\n<td>\n<p>01\/01\/2000<\/p>\n<\/td>\n<td>\n<p>31\/05\/2000<\/p>\n<\/td>\n<td>\n<p>Contribuinte individual<\/p>\n<\/td>\n<td>\n<p>Aut\u00f4nomo<\/p>\n<\/td>\n<td>\n<p>05 meses<\/p>\n<\/td>\n<\/tr>\n<tr>\n<td>\n<p>23\/03\/2000<\/p>\n<\/td>\n<td>\n<p>08\/07\/2005<\/p>\n<\/td>\n<td>\n<p>XXXXXXXXXXXXXXXXXXXX<\/p>\n<\/td>\n<td>\n<p>Apontador de produ\u00e7\u00e3o<\/p>\n<\/td>\n<td>\n<p>05 anos, 03 meses e 16 dias<\/p>\n<\/td>\n<\/tr>\n<tr>\n<td>\n<p>18\/07\/2005<\/p>\n<\/td>\n<td>\n<p>10\/11\/2006<\/p>\n<\/td>\n<td>\n<p>XXXXXXXXXXXXXXXXXXXX<\/p>\n<\/td>\n<td>\n<p>Almoxarife <\/p>\n<\/td>\n<td>\n<p>01 ano, 03 meses e 23 dias<\/p>\n<\/td>\n<\/tr>\n<tr>\n<td>\n<p>01\/12\/2006<\/p>\n<\/td>\n<td>\n<p>31\/12\/2007<\/p>\n<\/td>\n<td>\n<p>Contribuinte individual<\/p>\n<\/td>\n<td>\n<p>Aut\u00f4nomo<\/p>\n<\/td>\n<td>\n<p>01 ano e 01 m\u00eas<\/p>\n<\/td>\n<\/tr>\n<tr>\n<td>\n<p>07\/01\/2008<\/p>\n<\/td>\n<td>\n<p>01\/07\/2008<\/p>\n<\/td>\n<td>\n<p>XXXXXXXXXXXXXXXXXXXX<\/p>\n<\/td>\n<td>\n<p>Auxiliar de almoxarifado <\/p>\n<\/td>\n<td>\n<p>05 meses e 25 dias<\/p>\n<\/td>\n<\/tr>\n<tr>\n<td>\n<p>01\/07\/2008<\/p>\n<\/td>\n<td>\n<p>31\/08\/2009<\/p>\n<\/td>\n<td>\n<p>Contribuinte individual<\/p>\n<\/td>\n<td>\n<p>Aut\u00f4nomo<\/p>\n<\/td>\n<td>\n<p>01 ano e 02 meses<\/p>\n<\/td>\n<\/tr>\n<tr>\n<td>\n<p>25\/09\/2009<\/p>\n<\/td>\n<td>\n<p>24\/09\/2011<\/p>\n<\/td>\n<td>\n<p>XXXXXXXXXXXXXXXXXXXX<\/p>\n<\/td>\n<td>\n<p>Auxiliar de almoxarifado<\/p>\n<\/td>\n<td>\n<p>02 anos, 07 meses e 01 dia<\/p>\n<\/td>\n<\/tr>\n<tr>\n<td>\n<p>01\/10\/2011<\/p>\n<\/td>\n<td>\n<p>30\/06\/2012<\/p>\n<\/td>\n<td>\n<p>Contribuinte individual<\/p>\n<\/td>\n<td>\n<p>Aut\u00f4nomo<\/p>\n<\/td>\n<td>\n<p>09 meses<\/p>\n<\/td>\n<\/tr>\n<tr>\n<td>\n<p>11\/07\/2012<\/p>\n<\/td>\n<td>\n<p>18\/06\/2015<\/p>\n<\/td>\n<td>\n<p>XXXXXXXXXXXXXXXXXXXX<\/p>\n<\/td>\n<td>\n<p>Almoxarife<\/p>\n<\/td>\n<td>\n<p>02 anos, 07 meses e 01 dia<\/p>\n<\/td>\n<\/tr>\n<tr>\n<td colspan=\"4\">\n<p><strong>TEMPO DE CONTRIBUI\u00c7\u00c3O<\/strong><\/p>\n<\/td>\n<td>\n<p><strong>35 anos, 11 meses e 27 dias<\/strong><\/p>\n<\/td>\n<\/tr>\n<tr>\n<td colspan=\"4\">\n<p><strong>CAR\u00caNCIA<\/strong><\/p>\n<\/td>\n<td>\n<p><strong>438 meses<\/strong><\/p>\n<\/td>\n<\/tr>\n<\/table>\n<p>O Autor pleiteou, no dia 11 de fevereiro de 2015, junto a Autarquia R\u00e9, o benef\u00edcio de aposentadoria por tempo de servi\u00e7o \/ contribui\u00e7\u00e3o, o qual foi indeferido sob a justificativa de <em>falta de tempo de contribui\u00e7\u00e3o at\u00e9 16\/12\/98 ou at\u00e9 a data de entrada do requerimento<\/em>.<\/p>\n<p>Tal decis\u00e3o indevida motiva a presente demanda.<\/p>\n<p><strong>II \u2013 DO DIREITO<\/strong><\/p>\n<p>A nova aposentadoria por tempo de contribui\u00e7\u00e3o, ainda n\u00e3o disciplinada em legisla\u00e7\u00e3o infraconstitucional, encontra-se estabelecida no art. 201, \u00a7 7<sup>o<\/sup>, I, da Constitui\u00e7\u00e3o Federal e nos arts. 52 a 56 da Lei 8.213\/91, exceto naquilo em que forem incompat\u00edveis com o novo regramento constitucional.<\/p>\n<p>O fato gerador da aposentadoria em apre\u00e7o \u00e9 o tempo de contribui\u00e7\u00e3o, o qual, na regra permanente da nova legisla\u00e7\u00e3o \u00e9 de 35 anos para os homens. Trata-se do per\u00edodo de v\u00ednculo previdenci\u00e1rio, sendo tamb\u00e9m consideradas as situa\u00e7\u00f5es previstas no art. 55 da Lei 8.213\/91. No presente caso, o Requerente possui um total de <strong>35 anos, 11 meses e 27 dias<\/strong>, tornando o requisito preenchido.<\/p>\n<p>Quanto \u00e0 car\u00eancia, verifica-se que foram realizadas <strong>438 contribui\u00e7\u00f5es<\/strong>, n\u00famero superior aos 180 meses exigidos, conforme determina o art. 25, II, da Lei 8.213\/91.<\/p>\n<p>Ademais, o Autor conta com <strong>95 pontos<\/strong> ao se somar o tempo de contribui\u00e7\u00e3o \u00e0 idade, o que permite a concess\u00e3o do benef\u00edcio <strong>sem a aplica\u00e7\u00e3o do fator previdenci\u00e1rio<\/strong>, nos moldes fixados pelo art. 29-C da Lei 8.213\/91, inclu\u00eddo pela Lei 13.183\/2015.<\/p>\n<p>Destarte, cumprindo os requisitos exigidos em lei, tempo de servi\u00e7o e car\u00eancia, o Autor adquiriu o direito \u00e0 aposentadoria por tempo de contribui\u00e7\u00e3o.<\/p>\n<p><strong>DA CONTAGEM REC\u00cdPROCA DE TEMPO DE CONTRIBUI\u00c7\u00c3O DO PER\u00cdODO DE 01\/09\/1975 A 30\/08\/1981 (BRIGADA MILITAR)<\/strong><\/p>\n<p>De in\u00edcio, cumpre registrar que o INSS expediu carta de exig\u00eancias em 19 de mar\u00e7o de 2015 para que o Autor apresentasse a Certid\u00e3o de Tempo de Contribui\u00e7\u00e3o, referente ao per\u00edodo laborado junto \u00e0 Brigada Militar do Estado do XXXXXXXXXXXXXX. <\/p>\n<p>A referida CTC foi solicitada no dia 17 de mar\u00e7o de 2015, ou seja, antes mesmo da requisi\u00e7\u00e3o do INSS. Todavia, em face da demora na emiss\u00e3o da CTC, o Autor requereu a concess\u00e3o de prazo para cumprimento da exig\u00eancia, o qual foi concedido pelo INSS. <\/p>\n<p>Todavia, na data final do prazo prorrogado pelo INSS, a Brigada Militar ainda n\u00e3o havia emitido a certid\u00e3o, motivo pelo qual o Requerente solicitou novamente a prorroga\u00e7\u00e3o do prazo, pedido este que foi indeferido pela Autarquia Previdenci\u00e1ria.<\/p>\n<p>N\u00e3o obstante, no dia 1\u00ba de outubro de 2015, imediatamente ap\u00f3s o fim da greve do INSS<sup><a href=\"#footnote-2\" id=\"footnote-ref-2\">[1]<\/a><\/sup>, o Autor apresentou a referida CTC, conforme comprovado por meio da c\u00f3pia do documento com carimbo de recebimento, bem como uma via da peti\u00e7\u00e3o formulada em 11\/08\/2015 e apresentada em 01\/10\/2015<em>.<\/em><\/p>\n<p>Nesse contexto, ainda assim, a referida CTC n\u00e3o consta na c\u00f3pia de processo fornecida pelo INSS, demonstrando que sequer foi analisada, muito embora a decis\u00e3o de indeferimento somente tenha sido proferida em 26 de janeiro de 2016.<\/p>\n<p>Neste \u00ednterim, \u00e9 de suma import\u00e2ncia mencionar o disposto no art. 3\u00ba, III, da Lei 9.784\/99, norma que regula o processo administrativo no \u00e2mbito da Administra\u00e7\u00e3o P\u00fablica Federal, <em>in verbis<\/em>:<\/p>\n<p><a id=\"art3\"><\/a>Art. 3<sup>o<\/sup>\u00a0O administrado tem os seguintes direitos perante a Administra\u00e7\u00e3o, sem preju\u00edzo de outros que lhe sejam assegurados:<\/p>\n<p>(&#8230;)<\/p>\n<p>III &#8211; formular alega\u00e7\u00f5es e <strong>apresentar documentos antes da decis\u00e3o<\/strong>, <strong>os quais ser\u00e3o objeto de considera\u00e7\u00e3o pelo \u00f3rg\u00e3o competente<\/strong>;<\/p>\n<p>Portanto, <strong>era dever do INSS analisar a Certid\u00e3o de Tempo de Contribui\u00e7\u00e3o, uma vez que foi apresentada antes do indeferimento do benef\u00edcio<\/strong>. Ademais, a demora para apresenta\u00e7\u00e3o do documento se deu <strong>exclusivamente<\/strong> em raz\u00e3o da greve do INSS e da morosidade do departamento respons\u00e1vel pela emiss\u00e3o do documento da Brigada Militar.<\/p>\n<p>Feitas estas considera\u00e7\u00f5es, vale mencionar que \u00e9 garantido o aproveitamento do tempo de contribui\u00e7\u00e3o com v\u00ednculo a um regime previdenci\u00e1rio para fins de obten\u00e7\u00e3o de benef\u00edcio em outro, conforme a previs\u00e3o do art. 201, \u00a7 9\u00ba, da Constitui\u00e7\u00e3o Federal, bem como os arts. 94 a 96 da Lei 8.213\/91.<\/p>\n<p>No caso em tela, o Demandante exerceu atividade p\u00fablica junto \u00e0 Brigada Militar do Estado do XXXXXXXXXXXXXX, conforme comprovado atrav\u00e9s da CTC em anexo, motivo pelo qual \u00e9 devida a averba\u00e7\u00e3o do per\u00edodo junto ao Regime Geral da Previd\u00eancia Social. <\/p>\n<p><strong>DA REAFIRMA\u00c7\u00c3O DA DER PARA DATA ANTERIOR AO INDEFERIMENTO DO BENEF\u00cdCIO \u2013 EDI\u00c7\u00c3O DA MP 676, DE 17\/06\/2015<\/strong><\/p>\n<p>O Autor efetuou o agendamento eletr\u00f4nico do benef\u00edcio em 11\/02\/2015 (DER), mas a decis\u00e3o de indeferimento somente foi proferida em 26\/01\/2016.<\/p>\n<p>Ocorre que, no decorrer do processo, foi editada a Medida Provis\u00f3ria 676\/2015, de 17 de junho de 2015, que passou a permitir a concess\u00e3o de aposentadoria por tempo de contribui\u00e7\u00e3o sem a aplica\u00e7\u00e3o do fator previdenci\u00e1rio, sendo que na data da entrada em vigor o Autor j\u00e1 contava com todos os requisitos necess\u00e1rios para exercer esta op\u00e7\u00e3o. <\/p>\n<p>Destaca-se que o segurado requereu a reafirma\u00e7\u00e3o da DER ainda no decorrer do processo administrativo, conforme consta na peti\u00e7\u00e3o formulada em cumprimento \u00e0 carta de exig\u00eancias expedida pelo INSS. <\/p>\n<p>Nesse contexto, \u00e9 perfeitamente aplic\u00e1vel ao caso em tela o art. 690 da Instru\u00e7\u00e3o Normativa INSS\/PRES n. 77\/2015:<\/p>\n<p>Art. 690. Se durante a an\u00e1lise do requerimento for verificado que na DER o segurado n\u00e3o satisfazia os requisitos para o reconhecimento do direito, mas que os implementou em momento posterior, dever\u00e1 o servidor informar ao interessado sobre a possibilidade de reafirma\u00e7\u00e3o da DER, exigindo-se para sua efetiva\u00e7\u00e3o a expressa concord\u00e2ncia por escrito.<\/p>\n<p>No mesmo sentido se manifesta a jurisprud\u00eancia do TRF da 4\u00aa Regi\u00e3o. Vale conferir:<\/p>\n<p><strong>EMENTA:\u00a0<\/strong>PREVIDENCI\u00c1RIO. APOSENTADORIA POR TEMPO DE CONTRIBUI\u00c7\u00c3O. REQUISITOS. ATIVIDADE RURAL. IN\u00cdCIO DE PROVA MATERIAL. CONCESS\u00c3O DO BENEF\u00cdCIO. REAFRIMA\u00c7\u00c3O DA DER. 1. \u00c9 devido o reconhecimento do tempo de servi\u00e7o rural, em regime de economia familiar, quando comprovado mediante in\u00edcio de prova material corroborado por testemunhas. 2. Comprovado o tempo de servi\u00e7o\/contribui\u00e7\u00e3o suficiente e implementada a car\u00eancia m\u00ednima, \u00e9 devida a aposentadoria por tempo de contribui\u00e7\u00e3o proporcional, computado o tempo de servi\u00e7o at\u00e9 a DER. <strong>3. Via de regra, o benef\u00edcio \u00e9 concedido a contar da data do requerimento administrativo, nos termos do art. 54 c\/c art. 49, II, da Lei n. 8.213\/91. No entanto, o art. 623 da Instru\u00e7\u00e3o Normativa INSS\/PRES n. 45\/2010 admite a reafirma\u00e7\u00e3o da DER nas situa\u00e7\u00f5es em que o segurado implementou os requisitos para concess\u00e3o do benef\u00edcio previdenci\u00e1rio em momento situado entre a data de entrada do requerimento administrativo e a data da decis\u00e3o daquele pedido, n\u00e3o havendo necessidade de nova habilita\u00e7\u00e3o.<\/strong> (TRF4, APELREEX 0013737-48.2010.404.9999, Sexta Turma, Relator Celso Kipper, D.E. 12\/11\/2014, grifos acrescidos)<\/p>\n<p>Sendo assim, requer o Autor a reafirma\u00e7\u00e3o da DER para o momento da publica\u00e7\u00e3o da MP 676\/2015, em 18 de junho de 2015, a fim de que n\u00e3o ocorra a incid\u00eancia do fator previdenci\u00e1rio no seu benef\u00edcio.<\/p>\n<p><strong>III \u2013 DA ANTECIPA\u00c7\u00c3O DE TUTELA<\/strong><\/p>\n<p><strong><em>ENTENDE A PARTE AUTORA QUE A AN\u00c1LISE DA MEDIDA ANTECIPAT\u00d3RIA PODER\u00c1 SER MELHOR APRECIADA EM SENTEN\u00c7A.<\/em><\/strong><\/p>\n<p>De acordo com a previs\u00e3o do art. 43 da Lei 9.099\/95 (Lei dos Juizados Especiais C\u00edveis e Criminais), salvo situa\u00e7\u00f5es excepcionais, dever\u00e1 ser atribu\u00eddo apenas o efeito devolutivo aos recursos interpostos. Tal disposi\u00e7\u00e3o possui aplica\u00e7\u00e3o aos Juizados Especiais Federais, conforme disposto no art. 1\u00ba da Lei 10.259\/01.<\/p>\n<p>De qualquer forma, o Requerente necessita da concess\u00e3o do benef\u00edcio em tela para custear a pr\u00f3pria vida. Vale ressaltar que os requisitos exigidos para a concess\u00e3o se confundem com os necess\u00e1rios para o deferimento desta medida antecipat\u00f3ria, motivo pelo qual, em senten\u00e7a, se tornar\u00e1 imperiosa a sua concess\u00e3o.<\/p>\n<p>A idade avan\u00e7ada e o car\u00e1ter alimentar do benef\u00edcio traduzem um quadro de urg\u00eancia que exige pronta resposta do Judici\u00e1rio, tendo em vista que nos benef\u00edcios previdenci\u00e1rios resta intuitivo o risco de inefic\u00e1cia do provimento jurisdicional final.<\/p>\n<p><strong>IV \u2013 DO PEDIDO<\/strong><\/p>\n<p><strong>EM FACE DO EXPOSTO<\/strong>, REQUER:<\/p>\n<ol>\n<li>O recebimento e o deferimento da presente pe\u00e7a inaugural;<\/li>\n<li>O deferimento da <strong><em>Assist\u00eancia Judici\u00e1ria Gratuita<\/em><\/strong>, tendo em vista que o Autor n\u00e3o tem como suportar as custas judiciais sem o preju\u00edzo do seu sustento pr\u00f3prio e da sua fam\u00edlia;<\/li>\n<li>A cita\u00e7\u00e3o da Autarquia, por meio de seu representante legal, para que, querendo, apresente defesa;<\/li>\n<li>A produ\u00e7\u00e3o de todos os meios de prova em direito admitidos, em especial o documental;<\/li>\n<li>O deferimento da <em>Antecipa\u00e7\u00e3o de Tutela<\/em>, com a aprecia\u00e7\u00e3o do pedido de implanta\u00e7\u00e3o do benef\u00edcio em senten\u00e7a;<\/li>\n<li>Ao final, julgar <strong>PROCEDENTES<\/strong> os pedidos formulados na presente a\u00e7\u00e3o, condenando o Instituto Nacional do Seguro Social a:<\/li>\n<li>A contagem rec\u00edproca do tempo de contribui\u00e7\u00e3o do per\u00edodo de 01\/09\/1975 a 30\/08\/1981;<\/li>\n<li>A reafirma\u00e7\u00e3o da DER para 18 de junho de 2015;<\/li>\n<li>Conceder ao Autor a APOSENTADORIA POR TEMPO DE CONTRIBUI\u00c7\u00c3O NB: XXX.XXX.XXX-X, na modalidade mais vantajosa, com a condena\u00e7\u00e3o ao pagamento das presta\u00e7\u00f5es em atraso a partir da DER reafirmada (18\/06\/2015), corrigidas na forma da lei, acrescidas de juros de mora desde quando se tornaram devidas as presta\u00e7\u00f5es;<\/li>\n<li>Subsidiariamente, caso n\u00e3o seja reconhecido tempo de servi\u00e7o suficiente para a concess\u00e3o do benef\u00edcio at\u00e9 a DER, requer o c\u00f4mputo dos per\u00edodos posteriores, e a concess\u00e3o de aposentadoria por tempo de contribui\u00e7\u00e3o, com a reafirma\u00e7\u00e3o da DER para a data em que o segurado preencheu os requisitos para a concess\u00e3o do benef\u00edcio, ou, subsidiariamente, \u00e0 data de ajuizamento da a\u00e7\u00e3o. <\/li>\n<\/ol>\n<p><strong><em>Nesses Termos;<\/em><\/strong><\/p>\n<p><strong><em>Pede Deferimento.<\/em><\/strong><\/p>\n<p><em>D\u00e1 \u00e0 causa o valor<sup><a href=\"#footnote-3\" id=\"footnote-ref-3\">[2]<\/a><\/sup> de R$ XX.XXX,XX.<\/em><\/p>\n<p>Santa Maria, 03 de Mar\u00e7o de 2016.<\/p>\n<p>NOME DO ADVOGADO<\/p>\n<p>OAB\/UF XX.XXX<\/p>\n<ol>\n<li id=\"footnote-2\">\n<p> Os prazos administrativos para cumprimento das exig\u00eancias estiveram suspensos no per\u00edodo de 07 de julho at\u00e9 19 de outubro, em raz\u00e3o da greve dos servidores do INSS, conforme determinado no Memorando-Circular n\u00ba 18 \/PRES\/INSS, de 29 de setembro de 2015, data esta que marcou o fim da greve.<\/p>\n<p>\t <a href=\"#footnote-ref-2\">\u2191<\/a><\/p>\n<\/li>\n<li id=\"footnote-3\">\n<p> Demonstrativo de c\u00e1lculo anexo. <a href=\"#footnote-ref-3\">\u2191<\/a><\/p>\n<\/li>\n<\/ol>\n","protected":false},"featured_media":0,"parent":0,"menu_order":0,"template":"","meta":{"content-type":""},"categoria-modelo":[154],"class_list":["post-2976607","modelos-de-peticao","type-modelos-de-peticao","status-publish","hentry","categoria-modelo-previdenciario"],"_links":{"self":[{"href":"https:\/\/easyjur.com\/blog\/wp-json\/wp\/v2\/modelos-de-peticao\/2976607","targetHints":{"allow":["GET"]}}],"collection":[{"href":"https:\/\/easyjur.com\/blog\/wp-json\/wp\/v2\/modelos-de-peticao"}],"about":[{"href":"https:\/\/easyjur.com\/blog\/wp-json\/wp\/v2\/types\/modelos-de-peticao"}],"wp:attachment":[{"href":"https:\/\/easyjur.com\/blog\/wp-json\/wp\/v2\/media?parent=2976607"}],"wp:term":[{"taxonomy":"categoria-modelo","embeddable":true,"href":"https:\/\/easyjur.com\/blog\/wp-json\/wp\/v2\/categoria-modelo?post=2976607"}],"curies":[{"name":"wp","href":"https:\/\/api.w.org\/{rel}","templated":true}]}}