{"id":2976592,"date":"2024-04-25T16:28:56","date_gmt":"2024-04-25T16:28:56","guid":{"rendered":"https:\/\/easyjur.com\/blog\/?post_type=modelos-de-peticao&#038;p=3650"},"modified":"2024-04-25T16:28:56","modified_gmt":"2024-04-25T16:28:56","slug":"revisao-de-beneficios-previdenciarios-reducao-poder-aquisitivo","status":"publish","type":"modelos-de-peticao","link":"https:\/\/easyjur.com\/blog\/modelos-de-peticao\/revisao-de-beneficios-previdenciarios-reducao-poder-aquisitivo\/","title":{"rendered":"[MODELO] Revis\u00e3o de Benef\u00edcios Previdenci\u00e1rios  &#8211;  Redu\u00e7\u00e3o Poder Aquisitivo"},"content":{"rendered":"<p><strong><em>EXMO(A) SR(A) DR.(A) JUIZ(A) FEDERAL DA __________________________<\/em><\/strong><\/p>\n<p>1) &#8230;., (qualifica\u00e7\u00e3o), residente e domiciliada nesta Capital;<\/p>\n<p>2) &#8230;., (qualifica\u00e7\u00e3o), portador da C\u00e9dula de Identidade Civil sob n\u00ba &#8230;. e CPF\/MF n\u00ba &#8230;., residente e domiciliado nesta Capital;<\/p>\n<p>3) &#8230;., (qualifica\u00e7\u00e3o), portador da C\u00e9dula de Identidade Civil sob n\u00ba &#8230;. e CPF\/MF n\u00ba &#8230;., residente e domiciliado nesta Capital;<\/p>\n<p>4) &#8230;., (qualifica\u00e7\u00e3o), portador da C\u00e9dula de Identidade Civil sob n\u00ba &#8230;. e CPF\/MF &#8230;., residente e domiciliado nesta Capital;<\/p>\n<p>5) &#8230;., (qualifica\u00e7\u00e3o), portadora da C\u00e9dula de Identidade Civil sob n\u00ba &#8230;. e CPF\/MF &#8230;., residente e domiciliada nesta Capital;<\/p>\n<p>6) &#8230;., (qualifica\u00e7\u00e3o), portador da C\u00e9dula de Identidade Civil sob n\u00ba &#8230;. e CPF\/MF &#8230;., residente e domiciliado nesta Capital; por seu advogado constitu\u00eddo (qualifica\u00e7\u00e3o), OAB\/&#8230;. que ao final assina, (instrumento de mandato incluso), com escrit\u00f3rio profissional na Rua &#8230;. n\u00ba &#8230;. fone &#8230;., onde recebe intima\u00e7\u00f5es e notifica\u00e7\u00f5es, v\u00eam, muito respeitosamente, perante Vossa Excel\u00eancia propor a presente:<\/p>\n<p><strong>A\u00c7\u00c3O DE REVIS\u00c3O DE BENEF\u00cdCIOS<\/strong><\/p>\n<p>Contra: INSTITUTO NACIONAL DO SEGURO SOCIAL &#8211; INSS, Autarquia Federal com superintend\u00eancia nesta Capital, na Rua &#8230;. n\u00ba &#8230;., pelas raz\u00f5es de fato e de direito a seguir aduzidas:<\/p>\n<p>1) DOS FATOS<\/p>\n<p>1.1 &#8211; Os Autores s\u00e3o benefici\u00e1rios da previd\u00eancia social, benef\u00edcio este concedido anteriormente ao advento da CF\/88, sendo que \u00e0 \u00e9poca expressa em n\u00fameros de sal\u00e1rios m\u00ednimos com o benepl\u00e1cito do INSS, pois esta foi a forma sedimentada pela legisla\u00e7\u00e3o ent\u00e3o vigente (Decreto n\u00ba 70.077 de 24 de janeiro de 10007000, art. 30 e ss), fortalecida ainda pelas decis\u00f5es dos Tribunais.<\/p>\n<p>1.2 &#8211; Com o advento da Constitui\u00e7\u00e3o Federal de 100088, a norma constitucional transit\u00f3ria (art. 58 ADCT), foi editada para evitar pr\u00e1tica de reajustamentos que pudessem fazer com os benefici\u00e1rios da Previd\u00eancia Social perdessem seu poder aquisitivo, como ocorreu no passado, atrav\u00e9s de legisla\u00e7\u00e3o recessiva e de interpreta\u00e7\u00f5es equivocadas, condenadas pelo Poder Judici\u00e1rio, atrav\u00e9s da S\u00famula n\u00ba 260 do  extinto Egr\u00e9gio Tribunal Federal de Recursos.<\/p>\n<p>1.3 &#8211; Ao mesmo tempo em que expressa em n\u00fameros de sal\u00e1rios m\u00ednimos os crit\u00e9rios de atualiza\u00e7\u00e3o dos benef\u00edcios, o artigo 58 do ADCT, estabelece a vincula\u00e7\u00e3o do crit\u00e9rio de atualiza\u00e7\u00e3o at\u00e9 a implanta\u00e7\u00e3o do plano de custeio e benef\u00edcio.<\/p>\n<p>1.4 &#8211; De fato, foram editados os referidos planos de custeio e benef\u00edcio (Lei n\u00ba 8.212 e Lei 8.213 de 24 de julho de 10000001), com um atraso de quase dois anos. Entretanto, na se\u00e7\u00e3o IV do plano de benef\u00edcio, referente ao reajustamento do valor do benefici\u00e1rio, deveria ser preservado em car\u00e1ter permanente o valor real do benef\u00edcio, o que n\u00e3o ocorreu.<\/p>\n<p>1.5 &#8211; Com a utiliza\u00e7\u00e3o dos crit\u00e9rios estabelecidos pela nova lei, o benefici\u00e1rio est\u00e1 sendo prejudicado no seu poder aquisitivo, com uma redu\u00e7\u00e3o mensal, se compararmos com o crit\u00e9rio de reajuste vinculado ao sal\u00e1rio m\u00ednimo, que lhe era mais do que adquirido, inclusive com a aprova\u00e7\u00e3o da autarquia r\u00e9, &quot;pois se algu\u00e9m desfruta de um direito por for\u00e7a de um ato que cumpriu integralmente as etapas da forma\u00e7\u00e3o debaixo da Lei velha, n\u00e3o pode ter este direito negado s\u00f3 porque a lei nova exige outra exterioriza\u00e7\u00e3o do ato.&quot;<\/p>\n<p>Com efeito meramente ilustrativo, demonstra-se a redu\u00e7\u00e3o dos benef\u00edcios e, consequentemente, a redu\u00e7\u00e3o do poder aquisitivo de um benefici\u00e1rio que recebia sua contribui\u00e7\u00e3o da previd\u00eancia social expressa em sal\u00e1rios m\u00ednimos:<\/p>\n<p>Quantidade de S. M.\t\t\tm\u00eas\/ano\t\t\tValor total<\/p>\n<p>&#8230;. S. M. \t\t\t\t&#8230;.\/&#8230;.\t\t\t\tR$ ____<\/p>\n<p>Com o reajuste de setembro\/0001, na ordem de 54,06%, passou a receber a quantia de R$ &#8230;. (&#8230;.), sendo que em janeiro\/0002 com o novo reajuste, este na ordem de 11000%, passou a receber a quantia de R$ &#8230;. (&#8230;.) + 16% retroativo a setembro\/0001 totalizando-se o valor de R$ &#8230;. (&#8230;.). Em maio\/0002, com a concess\u00e3o de novo reajuste, de 130,36% (INPC), passou a receber R$ &#8230;. (&#8230;.).<\/p>\n<p>No entanto, se o reajuste estivesse sendo atualizado conforme a lei anterior, ou seja, pelo sal\u00e1rio m\u00ednimo, em maio\/0002, tendo como sal\u00e1rio o valor de R$ &#8230;. (&#8230;.), este multiplicado por 7,42 SM, seu benef\u00edcio seria de R$ &#8230;. (&#8230;.).<\/p>\n<p>Teve, portanto, um preju\u00edzo em seu benef\u00edcio na ordem de R$ &#8230;. (&#8230;.) mensais, que se acentuar\u00e1 a cada reajuste pela nova lei. Constata-se facilmente o preju\u00edzo no poder aquisitivo que a nova Lei trouxe aos benefici\u00e1rios da Previd\u00eancia Social, colidindo-se com as normas constitucionais pertinentes e com o direito mais que adquirido, o direito consumado da lei anterior.<\/p>\n<p>1.6 &#8211; Desta forma, constata-se facilmente, na propor\u00e7\u00e3o em que a classe dos benefici\u00e1rios da Previd\u00eancia Social sofre perda no seu poder aquisitivo, estar\u00e1 fadada a n\u00e3o poder contar com o benef\u00edcio pelo qual tem direito, uma vez que durante todo o per\u00edodo laboral contribuiu para a previd\u00eancia, e agora quando do recebimento da aposentadoria, percebem-se que o benef\u00edcio sofreu e sofre redu\u00e7\u00e3o com rela\u00e7\u00e3o ao seu poder aquisitivo (art. 201, \u00a7 2\u00ba CF\/88).<\/p>\n<p>1.7 &#8211; Os autores tamb\u00e9m sofrearam preju\u00edzos, devido a aus\u00eancia em seus benef\u00edcios do IPC de janeiro de 10008000, na margem de 70,28%, no teor do Decreto-lei 2.284\/86 e Lei n\u00ba 7.730\/8000, bem como o IPC de mar\u00e7o e abril de 10000000 na margem de 84,32% e 44,80%, respectivamente no setor da Lei n\u00ba 8.024\/0000.<\/p>\n<p>O IPC de janeiro de 10008000 deve se fazer presente para a recomposi\u00e7\u00e3o cabal da d\u00edvida, como tem reconhecido o E. STJ e outros Tribunais, porque representa a oscila\u00e7\u00e3o da moeda omitida, quando da institui\u00e7\u00e3o dos BTNs pela MP n\u00ba 48 em fevereiro de 10008000.<\/p>\n<p>Da mesma forma, houve omiss\u00e3o dos IPCs de mar\u00e7o e abril de 10000000, e com a fixa\u00e7\u00e3o aleat\u00f3ria atrav\u00e9s de crit\u00e9rios ilegais por autoridades incompetente, com profundo desrespeito a lei, vindo a ocasionar diminui\u00e7\u00e3o nos sal\u00e1rios dos aposentados.<\/p>\n<p>1.8 &#8211; N\u00e3o houve tamb\u00e9m a implanta\u00e7\u00e3o em suas folhas de pagamento de equival\u00eancia salarial prevista no artigo 58 do A.D.C.T., com o restabelecimento do poder aquisitivo expresso em n\u00fameros de sal\u00e1rios m\u00ednimos que tinham na data de sua concess\u00e3o.<\/p>\n<p>Essa implanta\u00e7\u00e3o se fazia necess\u00e1ria durante todo o tempo de vig\u00eancia do referido artigo 58, ou seja, at\u00e9 dezembro de 10000001, porque posteriormente passou a vigorar o artigo 41 da Lei n\u00ba 8.213\/0001 at\u00e9 janeiro de 10000003, conforme artigo 000\u00ba e 10\u00ba da Lei 8.542\/0002. Essa omiss\u00e3o tamb\u00e9m causou preju\u00edzos aos aposentados.<\/p>\n<p>2) DO DIREITO<\/p>\n<p>2.1 &#8211; Conforme disp\u00f5e o artigo 6\u00ba, &quot;caput&quot;, da Introdu\u00e7\u00e3o ao C\u00f3digo Civil, tem-se que a lei nova pode ser aplicada \u00e0s rela\u00e7\u00f5es jur\u00eddicas originadas de fatos realizados na vig\u00eancia de antigas leis, desde que n\u00e3o prejudique a qualquer das esp\u00e9cies determinadas a saber: o direito adquirido, o ato jur\u00eddico perfeito e a coisa julgada.<\/p>\n<p>2.2 &#8211; Ocorre que a lei nova que regulamentou as formas de pagamento dos benef\u00edcios dos autores, teve em seus efeitos pr\u00e1ticos uma redu\u00e7\u00e3o do poder aquisitivo do benefici\u00e1rio. Em outras palavras, somente veio a prejudicar a categoria, que obtivera direito adquirido da vincula\u00e7\u00e3o dos seus benef\u00edcios ao sal\u00e1rio m\u00ednimo, pois o legislador isolou este fato e o considera, de per si, apto para ser a fonte geradora de um direito. Nestas hip\u00f3teses, o direito n\u00e3o pode ser sen\u00e3o o da natureza dos adquiridos. Seria um contra-senso l\u00f3gico inadmitir-se tal postula\u00e7\u00e3o.<\/p>\n<p>Por outro lado, n\u00e3o se nega o direito de o Estado revogar a lei antiga, confirmada pela S\u00famula 260 do extinto Tribunal Federal de Recursos. O que se veda \u00e9 a possibilidade de ver-se o indiv\u00edduo desprotegido da lei que o beneficiou, pois nesses casos a lei vigente se protrai no tempo para continuar disciplinando certas situa\u00e7\u00f5es jur\u00eddicas mesmo ap\u00f3s a sua revoga\u00e7\u00e3o.<\/p>\n<p>2.3 &#8211; O artigo 5\u00ba, no seu inciso XXXVI, enfatizando o artigo 6\u00ba &quot;caput&quot;, da Lei de Introdu\u00e7\u00e3o ao C\u00f3digo Civil, preconiza que:<\/p>\n<p>&quot;A lei n\u00e3o prejudicar\u00e1 o direito adquirido, o ato jur\u00eddico perfeito e a coisa julgada&quot;.<\/p>\n<p>Com rela\u00e7\u00e3o ao direito adquirido, cabe esclarecer que o que se protege aqui n\u00e3o \u00e9 o passado, mas sim o futuro. O direito adquirido consiste na faculdade de continuar a extrai efeito de um ato contr\u00e1rio aos previstos pela Lei atualmente em vigor ou se preferirmos, continuar a gozar dos efeitos de uma lei pret\u00e9rita mesmo depois de sua revoga\u00e7\u00e3o. Neste sentido, ensina o mestre Celso Ribeiro Basto em seus Coment\u00e1rios \u00e0 Constitui\u00e7\u00e3o do Brasil de 05 de outubro de 100088, 2\u00ba volume, p\u00e1g. 10003, <em>in verbis<\/em>:<\/p>\n<p>&quot;se algu\u00e9m gozou de um benef\u00edcio previdenci\u00e1rio no passado, benef\u00edcio este legal a seu tempo, e se a lei pretender retir\u00e1-lo, ela estar\u00e1 praticando inequivocamente uma retroa\u00e7\u00e3o intoler\u00e1vel pelo direito, pois estar\u00e1 tentando desfazer situa\u00e7\u00f5es mais que adquiridas, que s\u00e3o as consumadas&quot;.<\/p>\n<p>2.4 &#8211; O que o direito adquirido \u00e9 o princ\u00edpio da imediata entrada da Lei em vigor. \u00c9 normal que a lei passe a produzir efeitos a partir de sua publica\u00e7\u00e3o. O car\u00e1ter de adquirido de um direito o imuniza contra a lei nova, afastando-a, portanto. No caso em tela, o novo plano de benef\u00edcio e custeio passou a produzir efeitos a partir de sua publica\u00e7\u00e3o, entretanto, por ser extremamente prejudicial ao direito adquirido dos benefici\u00e1rios da Constitui\u00e7\u00e3o Federal de 88, esta Lei nova, n\u00e3o pode alcan\u00e7\u00e1-los.<\/p>\n<p>2.5 &#8211; O artigo 201, \u00a7 2\u00ba da Constitui\u00e7\u00e3o Federal, foi criado para evitar distor\u00e7\u00f5es e achatamento do valor da renda mensal, pois preconiza a preserva\u00e7\u00e3o, em car\u00e1ter permanente, do valor real no reajuste dos benef\u00edcios dos autores, desta forma, sem o objetivo de criar uma nova legi\u00e3o de injusti\u00e7ados.<\/p>\n<p>2.6 &#8211; H\u00e1 que se questionar se a norma que vincula o reajuste dos benef\u00edcios tem car\u00e1ter de perdurabilidade, pois caso n\u00e3o possua seria deslealdade, ou seja, incongruente com o sentido de justi\u00e7a pr\u00f3prio do direito, admitirmos que o reajuste fosse defasado, cassando-se um direito adquirido, em virtude da revoga\u00e7\u00e3o da Lei que a criou. Entretanto, percebe-se que a norma deve ter tal car\u00e1ter de perdurabilidade, tendo em vista que sua revoga\u00e7\u00e3o veio somente em preju\u00edzo dos autores.<\/p>\n<p>3) DA DISPARIDADE DE CRIT\u00c9RIOS ADOTADOS<\/p>\n<p>3.1 &#8211; A hipocrisia com que o INSS, ora r\u00e9u, trata do assunto referente ao sal\u00e1rio de contribui\u00e7\u00e3o e ao sal\u00e1rio de benef\u00edcio, confronta-se com todos os princ\u00edpios jur\u00eddicos. Os crit\u00e9rios de reajuste tanto do sal\u00e1rio de contribui\u00e7\u00e3o como do sal\u00e1rio benef\u00edcio que vem explicitamente reconhecido no artigo 41, inciso II, \u00a7\u00a7 1\u00ba e 2\u00ba, da Lei 8.213\/0001 combinado com o artigo 28, \u00a7 5\u00ba da Lei 8.212\/0001 (Plano de custeio e benef\u00edcios da previd\u00eancia social), os quais preconizam a indissoci\u00e1vel vincula\u00e7\u00e3o entre os crit\u00e9rios tanto do sal\u00e1rio de contribui\u00e7\u00e3o como o sal\u00e1rio de benef\u00edcios, amparados pelo artigo 201, \u00a7 2\u00ba da Constitui\u00e7\u00e3o Federal.<\/p>\n<p>3.2 &#8211; Ocorre, entretanto, que o crit\u00e9rio de reajuste para o sal\u00e1rio de contribui\u00e7\u00e3o \u00e9 baseado pela vincula\u00e7\u00e3o ao sal\u00e1rio m\u00ednimo, contrariamente, o crit\u00e9rio adotado para o reajuste do sal\u00e1rio benef\u00edcio, de forma favor\u00e1vel t\u00e3o-somente ao INSS, prejudica mensalmente os autores, pois este crit\u00e9rio de reajuste \u00e9 inferior ao reajuste do sal\u00e1rio de contribui\u00e7\u00e3o, n\u00e3o preserva, destarte, em car\u00e1ter permanente o valor real dos seus benef\u00edcios.<\/p>\n<p>3.3 &#8211; Portanto, percebe-se que na rela\u00e7\u00e3o arrecada\u00e7\u00e3o e pagamento das contribui\u00e7\u00f5es, sempre ser\u00e1 beneficiado o INSS, ora r\u00e9u, ao passo que no pagamento dos benef\u00edcios, de forma progressiva, ocorrer\u00e1 indubitavelmente uma deprecia\u00e7\u00e3o nos benef\u00edcios dos autores, sendo ent\u00e3o inobservado o princ\u00edpio do progresso social, pois o que se v\u00ea somente \u00e9 um achatamento do poder aquisitivo da classe dos aposentados.<\/p>\n<p>3.4 &#8211; Na mesma esteira, tendo os benefici\u00e1rios, durante todo o per\u00edodo laboral, contribu\u00eddo com valor vinculados ao sal\u00e1rio, nada mais \u00f3bvio e justo, que percebam seus benef\u00edcios e reajustes, vinculados da mesma forma, ou seja, expresso em n\u00fameros de sal\u00e1rios m\u00ednimos equivalentes, restabelecendo a igualdade de direito existentes em todos os textos constitucionais de na\u00e7\u00f5es civilizadas, inclusive o Brasileiro, sen\u00e3o vejamos:<\/p>\n<p>&quot;Art. 5\u00ba da cf\/88 &#8211; todos s\u00e3o iguais perante a lei, sem distin\u00e7\u00e3o de toda natureza, garantindo-se aos brasileiros e aos estrangeiros residentes no pa\u00eds a inviolabilidade do direito \u00e0 vida, a liberdade, \u00e0 igualdade, \u00e0 seguran\u00e7a e \u00e0 propriedade, nos termos seguintes:&quot;<\/p>\n<p>4) DO DIREITO INTERTEMPORAL<\/p>\n<p>4.1 &#8211; Tem-se na doutrina, quando da revoga\u00e7\u00e3o de uma Lei velha por uma Lei nova, que esta deve seguir o princ\u00edpio do progresso social, ou seja, deve ser melhor e mais perfeita do que a antiga. Desta forma, ensina o festejado Mestre Caio M\u00e1rio da Silva Pereira, &quot;in verbis&quot;:<\/p>\n<p>&quot;O direito, precisante pela necessidade de se acomodar as exig\u00eancias novas, tem necessidade de formular novos conceitos e estabelecer novos preceitos, sob a influ\u00eancia do princ\u00edpio, segundo o qual a lei nova traz consigo a presun\u00e7\u00e3o de que \u00e9 melhor e \u00e9 mais perfeita do que a antiga, e de que atende ao reclamo indisfar\u00e7\u00e1vel do progresso jur\u00eddico&quot;.<\/p>\n<p>4.2 &#8211; De outro lado, existe tamb\u00e9m o princ\u00edpio da seguran\u00e7a e da instabilidade social exigindo respeito do legislador pelas rela\u00e7\u00f5es jur\u00eddicas validamente criadas, ou seja, a lei nova deve fazer tabula rasa da lei anterior e de todas as influ\u00eancias, pois dessas premissas pode-se fixar quais os crit\u00e9rios que devem permanecer, geradas sobre o dom\u00ednio da lei caduca, mais ainda vivas ao tempo da lei moderna.<\/p>\n<p>4.3 &#8211; Seguindo esse racioc\u00ednio e voltando-se a Teoria dos Direitos Adquiridos, facilmente constata-se que a Lei nova, ou seja, a de benef\u00edcio e custeio n\u00e3o atende aos princ\u00edpios supra mencionados, pois \u00e9 pior e menos perfeita, al\u00e9m de n\u00e3o seguir crit\u00e9rios fundamentais que a lei velha gerou.<\/p>\n<p>Portanto, o direito adquirido dos Autores, visto sob o ponto de vista intertemporal \u00e9 incontest\u00e1vel. Quando uma lei atinge os efeitos dos autos jur\u00eddicos praticados ou as situa\u00e7\u00f5es jur\u00eddicas constitu\u00eddas, ou os direitos subjetivos adquiridos sob o imp\u00e9rio da Lei caduca, diz-se que \u00e9 retroativa, e no caso em tela, a lei nova (Lei de Benef\u00edcio e custeio) n\u00e3o obedeceu dois c\u00e2nones fundamentais do ordenamento jur\u00eddico, que s\u00e3o a Lei do Progresso e o conceito da Estabilidade das Rela\u00e7\u00f5es Humanas.<\/p>\n<p>5) DO PRINC\u00cdPIO DA IRRETROATIVIDADE<\/p>\n<p>5.1 &#8211; Segundo as constitui\u00e7\u00f5es mais modernas, inclusive a do Brasil, o princ\u00edpio da irretroatividade estabelece que a Lei n\u00e3o prejudicar\u00e1 o direito adquirido, o ato jur\u00eddico perfeito e a coisa julgada, como j\u00e1 foi mencionado anteriormente na defini\u00e7\u00e3o de GABBA: &quot;\u00e9 direito adquirido um direito que \u00e9 conseq\u00fc\u00eancia de um fato id\u00f4neo a produzi-lo em virtude da Lei vigente ao tempo que se efetuou. Embora a ocasi\u00e3o de faz\u00ea-lo valer n\u00e3o se tenha apresentado antes da atua\u00e7\u00e3o da Lei nova, e que, sob o imp\u00e9rio da Lei ent\u00e3o vigente. Integrou-se imediatamente no patrim\u00f4nio de seu particular.&quot;<\/p>\n<p>5.2 &#8211; Neste sentido, o benef\u00edcio integrado ao patrim\u00f4nio dos benefici\u00e1rios antes do advento da Carta Magna de 88 \u00e9 um direito adquirido incontest\u00e1vel, n\u00e3o podendo nunca uma Lei nova prejudic\u00e1-lo, tendo em vista a incorpora\u00e7\u00e3o do benef\u00edcio expresso em n\u00famero de sal\u00e1rio no patrim\u00f4nio dos autores, juntamente com o fato aquisitivo que se consumou por inteiro, est\u00e3o presente todos os requisitos para a caracteriza\u00e7\u00e3o do direito adquirido.<\/p>\n<p>5.3 &#8211; Para sedimentar a id\u00e9ia de direito adquirido, cumpre assinalar que tal como consignada na lei de Introdu\u00e7\u00e3o, tem aplica\u00e7\u00e3o tanto no direito p\u00fablico quanto no direito privado. Onde quer que exista um direito subjetivo, de ordem p\u00fablica ou de ordem privada, oriundo de um fato id\u00f4neo a produzi-lo segundo os preceitos da Lei vigente ao tempo que ocorreu, e incorporado ao patrim\u00f4nio individual a Lei nova n\u00e3o pode ofender, perfeitamente coadunado com o direito dos Autores.<\/p>\n<p>6) DA INCONSTITUCIONALIDADE DA LEI NOVA<\/p>\n<p>6.1 &#8211; Toda a mat\u00e9ria que versa sobre a interpreta\u00e7\u00e3o,  inseparavelmente, vinculada ao problema da aplica\u00e7\u00e3o da norma \u00e9 a verifica\u00e7\u00e3o e a declara\u00e7\u00e3o de sua inconstitucionalidade. Desta feita, a Lei Ordin\u00e1ria, express\u00e3o da legislatura \u00e9 o exerc\u00edcio do mandato outorgado pelo povo, atrav\u00e9s de seus representantes constituintes. Se a Lei \u00e9 contr\u00e1ria \u00e0 constitui\u00e7\u00e3o, peca pelo defeito do excesso ou da falta de poderes, e, ent\u00e3o, \u00e9 uma nulidade jur\u00eddica.<\/p>\n<p>6.2 &#8211; Por\u00e9m, &quot;quando colocado o juiz na alternativa de cumprir a Lei ou cumprir a Constitui\u00e7\u00e3o, o que lhe cabe fazer \u00e9 negar a validade \u00e0quela e reconhecer o prest\u00edgio desta. J\u00e1, em raz\u00e3o do escalonamento Hier\u00e1rquico, o dilema apresentado ao juiz, ante a Lei controversa a Constitui\u00e7\u00e3o, for\u00e7osamente lhe imp\u00f5e deixar de aplicar a Lei para aplicar a Constitui\u00e7\u00e3o&quot; (Caio M\u00e1rio da Silva Pereira, in Institui\u00e7\u00f5es de Direito Civil).<\/p>\n<p>6.3 &#8211; A Constitui\u00e7\u00e3o Federal, em seu artigo 201, \u00a7 2\u00ba, assegura o reajustamento de benef\u00edcios dos benefici\u00e1rios da Previd\u00eancia Social, para preservar-lhe, em car\u00e1ter permanente, o valor real, conforme crit\u00e9rios definidos em lei, crit\u00e9rios estes, que segundo os princ\u00edpios supra invocados, jamais poder\u00e3o vir em preju\u00edzo de seus destinat\u00e1rios. Al\u00e9m disso, a Lei nova n\u00e3o prejudicar\u00e1 o direito adquirido, o ato jur\u00eddico perfeito e a coisa julgada, como tamb\u00e9m j\u00e1 foi fartamente demonstrado.<\/p>\n<p>Entretanto, com o advento do plano de benef\u00edcio e custeio, atrav\u00e9s das Leis Ordin\u00e1rias n\u00ba 8.212 e 8.213\/0001, verifica-se a desconformidade, a contraven\u00e7\u00e3o, a contrariedade, a afronta aos preceitos constitucionais, o que enseja ou suscita a aprecia\u00e7\u00e3o do Poder Judici\u00e1rio no tocante \u00e0 sua aplicabilidade ou n\u00e3o, pois \u00e9 evidente o antagonismo claro, completo e desenganado das mesmas.<\/p>\n<p>6.4 &#8211; Segundo Pedro Lessa define: <\/p>\n<p>&quot;e, como a Lei constitucional \u00e9 um ato do Poder Origin\u00e1rio enquanto a Lei Ordin\u00e1ria \u00e9 uma manifesta\u00e7\u00e3o do Poder Subordinado, o Poder Judici\u00e1rio tem mais do que o direito, o dever de obedecer \u00e0 Constitui\u00e7\u00e3o e desprezar a Lei Inconstitucional, e, em conseq\u00fc\u00eancia, \u00e9 uma obriga\u00e7\u00e3o dos Tribunais pronunciar o Decreto judicial da inconstitucionalidade sempre que uma Lei Ordin\u00e1ria contrariar a Constitui\u00e7\u00e3o&quot; (Pedro Lessa, do Poder Judici\u00e1rio, 32\u00ba, pag. 142).<\/p>\n<p>6.5 &#8211; Quando se verificar, mesmo que razo\u00e1vel uma d\u00favida quanto a inconstitucionalidade da Lei Ordin\u00e1ria, o poder Judici\u00e1rio pode suspender o julgamento da causa que invoca direitos subjetivos dos litigantes, atendo-se a julgar a pr\u00f3pria Lei, colocando-se na posi\u00e7\u00e3o de defensor e guardi\u00e3o da Constitui\u00e7\u00e3o (Pedro Lessa).<\/p>\n<p>6.6 &#8211; O que ocorre, \u00e9 que al\u00e9m de razo\u00e1vel, a d\u00favida existente da inconstitucionalidade da Lei Ordin\u00e1ria supra mencionada, pois esta \u00e9 totalmente prejudicial aos benefici\u00e1rios da Previd\u00eancia Social, tamb\u00e9m afronta a hierarquia das leis visto que a mesma esta se sobrepondo \u00e0s normas constitucionais constantes do corpo permanente da carta magna.<\/p>\n<p>6.7 &#8211; Os autores pedem a declara\u00e7\u00e3o de inconstitucionalidade da Lei n\u00ba 8.213, de 24 de julho de 10000001, especialmente, o inciso II, do artigo 41, porque o artigo 58 do ato das disposi\u00e7\u00f5es Constitucionais Transit\u00f3rias, estabeleceu que os benef\u00edcios de presta\u00e7\u00e3o continuada, mantidos pela Previd\u00eancia social na data da promulga\u00e7\u00e3o da constitui\u00e7\u00e3o, ter\u00e3o seus valores revistos, a fim de que seja restabelecido o poder aquisitivo, expresso em n\u00fameros de sal\u00e1rios m\u00ednimos, que tinham na data de sua concess\u00e3o, obedecendo-se a esse crit\u00e9rio de atualiza\u00e7\u00e3o at\u00e9 a implanta\u00e7\u00e3o do plano de custeio e benef\u00edcios referidos no artigo seguinte&quot;.<\/p>\n<p>O ilustre advogado Wolgran Junqueira Ferreira, comentando esse dispositivo afirma que:<\/p>\n<p>&quot;Todos que \u00e0 data da promulga\u00e7\u00e3o da Constitui\u00e7\u00e3o j\u00e1 estavam aposentados, quer por tempo de servi\u00e7o, quer por invalidez, ter\u00e3o os benef\u00edcios revistos. Esta revis\u00e3o objetiva o restabelecimento do poder aquisitivo, expressa em sal\u00e1rios m\u00ednimo, que tinham \u00e0 data de sua concess\u00e3o.&quot;<\/p>\n<p>Dever\u00e1 a Previd\u00eancia Social obedecer ao crit\u00e9rio de atualiza\u00e7\u00e3o at\u00e9 a implanta\u00e7\u00e3o do plano de custeio e benef\u00edcios referidos no artigo anterior.<\/p>\n<p>Este artigo rev\u00ea uma grande injusti\u00e7a que estava sendo feita com os aposentados, pois a presta\u00e7\u00e3o continuada n\u00e3o acompanhava qualquer \u00edndice que satisfizesse as perdas reais dos aposentados. M\u00eas a m\u00eas iam os aposentados perdendo seus ganhos. Quem h\u00e1 dez anos atr\u00e1s recebia a presta\u00e7\u00e3o continuada ou aposentadoria equivalente a dez sal\u00e1rios m\u00ednimos, hoje est\u00e1 recebendo 60% do que recebia, tendo uma perda real de grande vulto.<\/p>\n<p>Entretanto, \u00e9 necess\u00e1rio que haja recurso da Previd\u00eancia social para arcar com essa revis\u00e3o. pois foram concedidos tantos benef\u00edcios sem que os constituintes fizessem o c\u00e1lculo da receita para fixar as despesas, que poder\u00e1 ocorrer falta de numer\u00e1rio para o atendimento no disposto neste artigo.<\/p>\n<p>&quot;N\u00e3o cabe ao benefici\u00e1rio da Previd\u00eancia social saber se ela disp\u00f5e ou n\u00e3o de recursos para cobrir a revis\u00e3o das presta\u00e7\u00f5es continuadas, e sim ao governo de encontrar meios para atender ao disposto neste artigo.&quot; (COMENT\u00c1RIOS \u00c0 CONSTITUI\u00c7\u00c3O DE 10000008, Julex Livros, Vol. 3, p\u00e1g. 1325\/1326).<\/p>\n<p>Portanto, ficou evidente o mandamento constitucional para que todas as aposentadorias, no dia 05 de outubro de 100088, tivessem seus valores revistos, para restabelecer o seu poder aquisitivo, representados pelo n\u00famero de sal\u00e1rios m\u00ednimos que tinham na data de sua concess\u00e3o. Assim, verifica-se que a data da promulga\u00e7\u00e3o da Constitui\u00e7\u00e3o Federal, todas as aposentadorias foram atualizadas no valor correspondente ao n\u00famero de sal\u00e1rios m\u00ednimos que representavam quando foram concedidas.<\/p>\n<p>Em segundo lugar, consideram os apelantes que a regra determinada pelo artigo 58 do Ato das Disposi\u00e7\u00f5es Constitucionais Transit\u00f3rias, determinando a atualiza\u00e7\u00e3o do valor da aposentadoria, para restabelecer seu poder aquisitivo, tornou-se definitiva, visto que este dispositivo, embora constante das disposi\u00e7\u00f5es transit\u00f3rias, deve ser interpretado em conson\u00e2ncia com a regra constitucional permanente estabelecida no par\u00e1grafo 2\u00ba, do artigo 201, da Constitui\u00e7\u00e3o Federal, que disp\u00f5e:<\/p>\n<p>&quot;Artigo 201. os planos de previd\u00eancia social, mediante contribui\u00e7\u00e3o, atender\u00e3o, nos termos da Lei, a:<\/p>\n<p>I &#8211; &#8230;.<\/p>\n<p>II &#8211; &quot;\u00c9 assegurado o reajustamento dos benef\u00edcios para preservar-lhes, em car\u00e1ter permanente, o valor real, conforme crit\u00e9rios definidos em Lei.&quot;<\/p>\n<p>Constata-se que esse dispositivo constitucional assegura a preserva\u00e7\u00e3o do valor real dos benef\u00edcios. Entretanto, para afastar qualquer d\u00favida quanto \u00e0 vontade do legislador contribuinte de preservar definitiva e permanentemente o valor real das aposentadorias e evitar, para sempre, a injustific\u00e1vel e humilhante situa\u00e7\u00e3o dos aposentados brasileiros com o aviltamento do benef\u00edcio que lhes \u00e9 devido, deve-se considerar o disposto no artigo 10004, par\u00e1grafo \u00fanico, inciso IV, da Carta Magna, &quot;in verbis&quot;:<\/p>\n<p>&quot;Artigo 10004. A seguridade social compreende um conjunto integrado de a\u00e7\u00f5es de iniciativa dos Poderes P\u00fablicos da sociedade, destinadas a assegurar os direitos relativos a sa\u00fade, \u00e0 previd\u00eancia e assist\u00eancia social.<\/p>\n<p>Par\u00e1grafo \u00fanico. Compete ao Poder P\u00fablico, nos termos da Lei, organizar a seguridade social, com base nos seguintes objetivos:<\/p>\n<p>I &#8211; &#8230;.<\/p>\n<p>IV &#8211; irredutibilidade do valor dos benef\u00edcios;&quot;<\/p>\n<p>Desse dispositivo constitucional depreende-se que ap\u00f3s a concess\u00e3o dos benef\u00edcios, estes ser\u00e3o irredut\u00edveis e seus valores ser\u00e3o reajustados para que n\u00e3o ocorra perda do benef\u00edcio em rela\u00e7\u00e3o a infla\u00e7\u00e3o.<\/p>\n<p>Entendem os autores, em conclus\u00e3o, que o legislador constitucional assegurou nas disposi\u00e7\u00f5es transit\u00f3rias (artigo 58), a atualiza\u00e7\u00e3o de todos os benef\u00edcios e nas disposi\u00e7\u00f5es permanentes a irredutibilidade do valor dos benef\u00edcios (art. 10004, IV) e o seu reajustamento para preservar-lhe, em car\u00e1ter permanente, o valor real, conforme crit\u00e9rios definidos em lei (art. 201, \u00a7 2\u00ba).<\/p>\n<p>Mesmo diante desses inequ\u00edvocos mandamentos constitucionais, a Lei n\u00ba 8.213, de 24 de julho de 10000001, que disp\u00f5e sobre os Planos da Previd\u00eancia Social, ao definir o crit\u00e9rio para o reajustamento dos benef\u00edcios, que estabeleceu que:<\/p>\n<p>&quot;Artigo 41. O reajustamento dos valores de benef\u00edcio obedecer\u00e1 \u00e0s seguintes normas: II &#8211; os valores dos benef\u00edcios em manuten\u00e7\u00e3o ser\u00e3o reajustados, de acordo com suas respectivas datas de in\u00edcio com base na varia\u00e7\u00e3o integral do INPC, calculado pelo IBGE, nas mesmas \u00e9pocas em que o sal\u00e1rio m\u00ednimo for alterado, pelo \u00edndice da cesta b\u00e1sica ou substituto eventual&quot;.<\/p>\n<p>Esse crit\u00e9rio \u00e9 inconstitucional, porque desconhece e desrespeita dois mandamento da Carta Magna, quais sejam, o da irredutibilidade e da preserva\u00e7\u00e3o do valor real dos benef\u00edcios.<\/p>\n<p>A pr\u00f3pria Lei n\u00ba 8.213\/0001, no mesmo artigo 41, que definiu o crit\u00e9rio de reajustamento de benef\u00edcio, reconhece sua inconstitucionabilidade ou a imprestabilidade do crit\u00e9rio que adotou, para garantir a manuten\u00e7\u00e3o do valor real do benef\u00edcio, ao estabelecer que na hip\u00f3tese de se constatar perda do poder aquisitivo com a aplica\u00e7\u00e3o do disposto neste artigo, o Conselho Nacional da Seguridade Social &#8211; CNSS poder\u00e1 propor um reajustamento extraordin\u00e1rio para recompor esse valor, sendo feita igual recomposi\u00e7\u00e3o das faixas e limites fixados para os sal\u00e1rios de contribui\u00e7\u00e3o&quot; (par\u00e1grafo segundo). Para que o crit\u00e9rio adotada pela legisla\u00e7\u00e3o ordin\u00e1ria fosse constitucional, deveria, por si s\u00f3, garantir a preserva\u00e7\u00e3o do valor real do benef\u00edcio, como determina obrigatoriamente a Carta Magna.<\/p>\n<p>7) DO REQUERIMENTO<\/p>\n<p><em>Ex positis<\/em>, respeitosamente requer \u00e0 vossa Excel\u00eancia, digne-se:<\/p>\n<p>a) Determinar a cita\u00e7\u00e3o do r\u00e9u, na pessoa de seu representante legal, para querendo, no prazo legal, formular sua resposta sob pena de revelia.<\/p>\n<p>b) Assim como decorr\u00eancia do exposto, pedem os autores, seja procedida a revis\u00e3o do reajuste dos benef\u00edcios dos autores de acordo com o direito adquirido, expressos em sal\u00e1rios m\u00ednimos, alcan\u00e7ado na \u00e9poca da concess\u00e3o de seus benef\u00edcios, tendo em vista a S\u00famula n\u00ba 260 do extinto Egr\u00e9gio Tribunal Federal de Recursos, bem como o artigo 58 do A.D.C.T., por tal direito sido integrado ao patrim\u00f4nio dos Autores e tamb\u00e9m, pelo fato de que o crit\u00e9rio estabelecido para a contribui\u00e7\u00e3o a Previd\u00eancia Social estar fixada ao sal\u00e1rio m\u00ednimo e n\u00e3o ocorrer o mesmo com o sal\u00e1rio de benef\u00edcio;<\/p>\n<p>c) A condena\u00e7\u00e3o do r\u00e9u ao pagamento das diferen\u00e7as das presta\u00e7\u00f5es vencidas, que se verificaram desde a \u00e9poca em que se tornaram devidas, obedecendo a prescri\u00e7\u00e3o q\u00fcinq\u00fcenal, bem como das vincendas, que ser\u00e3o verificadas ap\u00f3s a propositura desta, cujas diferen\u00e7as dever\u00e3o ser corrigidas monetariamente e acrescidas de juros morat\u00f3rios, bem como a inclus\u00e3o do percentual do IPC de janeiro de 10008000, mar\u00e7o e abril de 10000000.<\/p>\n<p>d) Seja declarada a inconstitucionalidade do plano de benef\u00edcio e custeio editado atrav\u00e9s das Leis 8.212 e 8.213\/0001, por estar em total desacordo com as normas inseridas no corpo da atual carta magna;<\/p>\n<p>e) Seja, ao final, julgada procedente a presente a\u00e7\u00e3o, em todos os seus termos, condenando-se o r\u00e9u ao pagamento das custas processuais e honor\u00e1rios advocat\u00edcios.<\/p>\n<p>f) Requerer a produ\u00e7\u00e3o de todos os meios de prova em direito admitido, tais como documental, pericial e requisi\u00e7\u00f5es de procedimentos administrativos.<\/p>\n<p>D\u00e1-se \u00e0 presente causa, somente para efeitos fiscais e de al\u00e7ada o valor de R$&#8230;&#8230;&#8230;&#8230;&#8230;&#8230;&#8230;&#8230;&#8230;&#8230;, protestando pela Justi\u00e7a Gratuita.<\/p>\n<p>\t\t\t\tN. Termos,<\/p>\n<p>\t\t\t\tP.E. deferimento. <\/p>\n<p>\t\t\t\t_____________, _____\/________\/ 200__<\/p>\n<p>\t\t\t\t__________________________<\/p>\n<p>\t\t\t\tAdv.<\/p>\n<p>\t\t\t\tN. Termos,<\/p>\n<p>\t\t\t\tP.E. deferimento. <\/p>\n<p>\t\t\t\t_____________, _____\/________\/ 200__<\/p>\n<p>\t\t\t\t__________________________<\/p>\n<p>\t\t\t\tAdv.<\/p>\n","protected":false},"featured_media":0,"parent":0,"menu_order":0,"template":"","meta":{"content-type":""},"categoria-modelo":[154],"class_list":["post-2976592","modelos-de-peticao","type-modelos-de-peticao","status-publish","hentry","categoria-modelo-previdenciario"],"_links":{"self":[{"href":"https:\/\/easyjur.com\/blog\/wp-json\/wp\/v2\/modelos-de-peticao\/2976592","targetHints":{"allow":["GET"]}}],"collection":[{"href":"https:\/\/easyjur.com\/blog\/wp-json\/wp\/v2\/modelos-de-peticao"}],"about":[{"href":"https:\/\/easyjur.com\/blog\/wp-json\/wp\/v2\/types\/modelos-de-peticao"}],"wp:attachment":[{"href":"https:\/\/easyjur.com\/blog\/wp-json\/wp\/v2\/media?parent=2976592"}],"wp:term":[{"taxonomy":"categoria-modelo","embeddable":true,"href":"https:\/\/easyjur.com\/blog\/wp-json\/wp\/v2\/categoria-modelo?post=2976592"}],"curies":[{"name":"wp","href":"https:\/\/api.w.org\/{rel}","templated":true}]}}