{"id":2976512,"date":"2024-04-25T16:27:41","date_gmt":"2024-04-25T16:27:41","guid":{"rendered":"https:\/\/easyjur.com\/blog\/?post_type=modelos-de-peticao&#038;p=3650"},"modified":"2024-04-25T16:27:41","modified_gmt":"2024-04-25T16:27:41","slug":"acao-previd-aposent-por-idade-urbana","status":"publish","type":"modelos-de-peticao","link":"https:\/\/easyjur.com\/blog\/modelos-de-peticao\/acao-previd-aposent-por-idade-urbana\/","title":{"rendered":"[MODELO] A\u00c7\u00c3O PREVID.: APOSENT. POR IDADE URBANA"},"content":{"rendered":"<p><strong>EXCELENT\u00cdSSIMO JUIZ&#8230; <\/strong><em>(ju\u00edzo competente para apreciar a demanda proposta)<\/em><\/p>\n<p><strong>EMENTA: PREVIDENCI\u00c1RIO. CONCESS\u00c3O. APOSENTADORIA POR IDADE URBANA. PREENCHIMENTO N\u00c3O SIMULT\u00c2NEO DOS REQUISITOS ET\u00c1RIO E DE CAR\u00caNCIA.<\/strong><\/p>\n<p><strong>PARTE AUTORA<\/strong>, (nacionalidade), (estado civil), (profiss\u00e3o), portador(a) do documento de identidade sob o n.\u00ba&#8230;, CPF sob o n.\u00ba&#8230;, residente e domiciliado(a) na rua.., bairro.., cidade.., estado.., CEP&#8230;, vem a presen\u00e7a de Vossa Excel\u00eancia propor a presente<\/p>\n<table>\n<tr>\n<td>\n<p><strong>A\u00c7\u00c3O JUDICIAL PARA CONCESS\u00c3O DE BENEF\u00cdCIO PREVIDENCI\u00c1RIO <\/strong><\/p>\n<\/td>\n<\/tr>\n<\/table>\n<p>contra o <strong>INSTITUTO NACIONAL DO SEGURO SOCIAL (INSS)<\/strong>, pessoa jur\u00eddica de direito p\u00fablico, na pessoa do seu representante legal, domiciliado na rua&#8230;, bairro&#8230;, cidade&#8230;, estado&#8230;, CEP&#8230;, pelos fatos e fundamentos que a seguir aduz.<\/p>\n<table>\n<tr>\n<td>\n<p><strong> 1. FATOS<\/strong><\/p>\n<\/td>\n<\/tr>\n<\/table>\n<p>A Parte Autora \u00e9 trabalhador(a) da iniciativa privada e segurado(a) do Regime Geral de Previd\u00eancia Social. <\/p>\n<p>Em&#8230; <em>(data do requerimento administrativo do benef\u00edcio)<\/em> requereu a concess\u00e3o do benef\u00edcio de aposentadoria por idade na ag\u00eancia da Previd\u00eancia Social da sua cidade.<\/p>\n<p>Entretanto, o benef\u00edcio restou indeferido pelo INSS, sob a alega\u00e7\u00e3o de que n\u00e3o foi cumprido o n\u00famero de contribui\u00e7\u00f5es exigidas na tabela progressiva do art. 142 da Lei n.\u00ba 8.213\/91.<\/p>\n<p>Todavia, a Parte Autora preenche todos os requisitos necess\u00e1rios \u00e0 concess\u00e3o do benef\u00edcio. Desta forma, a limita\u00e7\u00e3o apresentada pelo INSS n\u00e3o se justifica, raz\u00e3o pela qual busca o Poder Judici\u00e1rio para ver seu direito reconhecido.<\/p>\n<table>\n<tr>\n<td>\n<p><strong> 2. FUNDAMENTA\u00c7\u00c3O DE M\u00c9RITO <\/strong><\/p>\n<\/td>\n<\/tr>\n<\/table>\n<p>A pretens\u00e3o da Parte Autora encontra amparo no art. 48 da Lei n.\u00ba 8.213 de 24 de julho de 1991, que disp\u00f5e:<\/p>\n<p><a id=\"art48\"><\/a><strong>Art. 48.<\/strong> A aposentadoria por idade ser\u00e1 devida ao segurado que, cumprida a car\u00eancia exigida nesta Lei, completar 65 (sessenta e cinco) anos de idade, se homem, e 60 (sessenta), se mulher<\/p>\n<p>A car\u00eancia mencionada no artigo acima citado, por sua vez, tem previs\u00e3o no art. 25, II, do mesmo diploma legal, o qual prev\u00ea:<\/p>\n<p><strong>Art. 25<\/strong>. A concess\u00e3o das presta\u00e7\u00f5es pecuni\u00e1rias do Regime Geral de Previd\u00eancia Social depende dos seguintes per\u00edodos de car\u00eancia, ressalvado o disposto no art. 26:<\/p>\n<p>[&#8230;]<\/p>\n<p>II &#8211; <strong>aposentadoria por idade<\/strong>, aposentadoria por tempo de servi\u00e7o e aposentadoria especial: <strong>180 contribui\u00e7\u00f5es mensais<\/strong> <\/p>\n<p>(grifou-se).<\/p>\n<p>V\u00ea-se, desta forma, que para a concess\u00e3o do benef\u00edcio da aposentadoria por idade devem estar presentes 2 (dois) requisitos: <strong>a)<\/strong> idade m\u00ednima de 65 anos, se homem, e 60 anos, se mulher e; <strong>b)<\/strong> car\u00eancia m\u00ednima de 180 contribui\u00e7\u00f5es mensais.<\/p>\n<p>Quanto ao per\u00edodo de car\u00eancia, para os segurados filiados at\u00e9 24\/07\/1991, a car\u00eancia da aposentadoria por idade, obedece, ainda, \u00e0 tabela abaixo, prevista no artigo 142 da Lei n.\u00ba 8.213\/91, de acordo com o ano em que o segurado venha a implementar as condi\u00e7\u00f5es para a obten\u00e7\u00e3o do benef\u00edcio.<\/p>\n<table>\n<tr>\n<td>\n<p><strong>Ano de implemento das condi\u00e7\u00f5es<\/strong><\/p>\n<\/td>\n<td>\n<p><strong>Meses de contribui\u00e7\u00e3o exigidos<\/strong><\/p>\n<\/td>\n<\/tr>\n<tr>\n<td>\n<p>1991<\/p>\n<\/td>\n<td>\n<p>60 meses<\/p>\n<\/td>\n<\/tr>\n<tr>\n<td>\n<p>1992<\/p>\n<\/td>\n<td>\n<p>60 meses<\/p>\n<\/td>\n<\/tr>\n<tr>\n<td>\n<p>1993<\/p>\n<\/td>\n<td>\n<p>66 meses<\/p>\n<\/td>\n<\/tr>\n<tr>\n<td>\n<p>1994<\/p>\n<\/td>\n<td>\n<p>72 meses<\/p>\n<\/td>\n<\/tr>\n<tr>\n<td>\n<p>1995<\/p>\n<\/td>\n<td>\n<p>78 meses<\/p>\n<\/td>\n<\/tr>\n<tr>\n<td>\n<p>1996<\/p>\n<\/td>\n<td>\n<p>90 meses<\/p>\n<\/td>\n<\/tr>\n<tr>\n<td>\n<p>1997<\/p>\n<\/td>\n<td>\n<p>96 meses<\/p>\n<\/td>\n<\/tr>\n<tr>\n<td>\n<p>1998<\/p>\n<\/td>\n<td>\n<p>102 meses<\/p>\n<\/td>\n<\/tr>\n<tr>\n<td>\n<p>1999<\/p>\n<\/td>\n<td>\n<p>108 meses<\/p>\n<\/td>\n<\/tr>\n<tr>\n<td>\n<p>2000<\/p>\n<\/td>\n<td>\n<p>114 meses<\/p>\n<\/td>\n<\/tr>\n<tr>\n<td>\n<p>2001<\/p>\n<\/td>\n<td>\n<p>120 meses<\/p>\n<\/td>\n<\/tr>\n<tr>\n<td>\n<p>2002<\/p>\n<\/td>\n<td>\n<p>126 meses<\/p>\n<\/td>\n<\/tr>\n<tr>\n<td>\n<p>2003<\/p>\n<\/td>\n<td>\n<p>132 meses<\/p>\n<\/td>\n<\/tr>\n<tr>\n<td>\n<p>2004<\/p>\n<\/td>\n<td>\n<p>138 meses<\/p>\n<\/td>\n<\/tr>\n<tr>\n<td>\n<p>2005<\/p>\n<\/td>\n<td>\n<p>144 meses<\/p>\n<\/td>\n<\/tr>\n<tr>\n<td>\n<p>2006<\/p>\n<\/td>\n<td>\n<p>150 meses<\/p>\n<\/td>\n<\/tr>\n<tr>\n<td>\n<p>2007<\/p>\n<\/td>\n<td>\n<p>156 meses<\/p>\n<\/td>\n<\/tr>\n<tr>\n<td>\n<p>2008<\/p>\n<\/td>\n<td>\n<p>162 meses<\/p>\n<\/td>\n<\/tr>\n<tr>\n<td>\n<p>2009<\/p>\n<\/td>\n<td>\n<p>168 meses<\/p>\n<\/td>\n<\/tr>\n<tr>\n<td>\n<p>2010<\/p>\n<\/td>\n<td>\n<p>174 meses<\/p>\n<\/td>\n<\/tr>\n<tr>\n<td>\n<p>2011<\/p>\n<\/td>\n<td>\n<p>180 meses<\/p>\n<\/td>\n<\/tr>\n<\/table>\n<p>O tempo de car\u00eancia exigido sempre deve ser aferido de acordo com o ano de implemento do requisito et\u00e1rio, ainda que o per\u00edodo de car\u00eancia s\u00f3 venha a ser preenchido ap\u00f3s o implemento da idade.<\/p>\n<p>Neste sentido:<\/p>\n<p>PREVIDENCI\u00c1RIO E PROCESSUAL CIVIL. <strong>APOSENTADORIA POR IDADE URBANA. ART. 142 DA LBPS. PREENCHIMENTO N\u00c3O SIMULT\u00c2NEO DOS REQUISITOS ET\u00c1RIO E DE CAR\u00caNCIA<\/strong>. PERDA DA QUALIDADE DE SEGURADO. AUX\u00cdLIO-DOEN\u00c7A. C\u00d4MPUTO COMO PER\u00cdODO DE CAR\u00caNCIA PARA A PERCEP\u00c7\u00c3O DE OUTROS BENEF\u00cdCIOS. POSSIBILIDADE, DESDE QUE INTERCALADO COM PER\u00cdODOS CONTRIBUTIVOS. CUMPRIMENTO IMEDIATO DO AC\u00d3RD\u00c3O. <\/p>\n<p>1. A concess\u00e3o de aposentadoria por idade urbana depende do preenchimento da car\u00eancia exigida e da idade m\u00ednima de 60 anos para mulher e 65 anos para homem. <\/p>\n<p>2. <strong>\u00c9 admitido o preenchimento n\u00e3o simult\u00e2neo dos requisitos de idade m\u00ednima e de car\u00eancia para a concess\u00e3o aposentadoria por idade urbana, mesmo antes da edi\u00e7\u00e3o da Lei n. 10.666\/03, j\u00e1 que a condi\u00e7\u00e3o essencial para tanto \u00e9 o suporte contributivo correspondente, vertidas as contribui\u00e7\u00f5es a qualquer tempo. Precedentes do STJ<\/strong>. <\/p>\n<p>(&#8230;)<\/p>\n<p>(TRF4, Apela\u00e7\u00e3o\/Reexame Necess\u00e1rio N\u00ba 5017179-98.2010.404.7100, 6a. Turma, Des. Federal CELSO KIPPER, POR UNANIMIDADE, JUNTADO AOS AUTOS EM 08\/04\/2011, sem grifo no original)<\/p>\n<p>PREVIDENCI\u00c1RIO. EMBARGOS DE DIVERG\u00caNCIA EM RECURSO ESPECIAL. <strong>APOSENTADORIA POR IDADE<\/strong>. <strong>TRABALHADOR URBANO<\/strong>. ARTIGOS 25, 48 E 142 DA LEI 8.213\/91. PERDA DA QUALIDADE DE SEGURADO. <strong>IMPLEMENTA\u00c7\u00c3O SIMULT\u00c2NEA<\/strong>. PRESCINDIBILIDADE. <strong>VERIFICA\u00c7\u00c3O DOS REQUISITOS NECESS\u00c1RIOS. IDADE M\u00cdNIMA E RECOLHIMENTO DAS CONTRIBUI\u00c7\u00d5ES DEVIDAS<\/strong>. ART. 102, \u00a71\u00ba DA LEI 8.213\/91. PRECEDENTES. EMBARGOS ACOLHIDOS.<\/p>\n<p>I &#8211; A aposentadoria por idade, consoante os termos do artigo 48 da lei 8.213\/91, \u00e9 devida ao segurado que, cumprida a car\u00eancia exigida nesta lei, completar 65 anos de idade, se homem, e 60, se mulher.<\/p>\n<p>II &#8211; O art. 25 da Lei 8.213\/91 estipula a car\u00eancia de 180 (cento e oitenta) meses de contribui\u00e7\u00e3o para obten\u00e7\u00e3o da aposentadoria por idade para o trabalhador urbano.<\/p>\n<p>III &#8211; <strong>O art. 142 da Lei 8.213\/91, por sua vez, estabelece regra transit\u00f3ria de cumprimento do per\u00edodo de car\u00eancia, restrito aos segurados urbanos inscritos na Previd\u00eancia Social at\u00e9 24 de julho de 1991, data da vig\u00eancia da Lei, conforme tabela inserta no referido dispositivo.<\/strong><\/p>\n<p>IV &#8211; A perda da qualidade de segurado, ap\u00f3s o atendimento aos requisitos da idade m\u00ednima e do recolhimento das contribui\u00e7\u00f5es previdenci\u00e1rias devidas, n\u00e3o impede a concess\u00e3o da aposentadoria por idade. Precedentes.<\/p>\n<p>V &#8211; <strong>Ademais, os requisitos exigidos pela legisla\u00e7\u00e3o previdenci\u00e1ria n\u00e3o precisam ser preenchidos, simultaneamente, no caso de aposentadoria por idade. Precedentes. Interpreta\u00e7\u00e3o do artigo 102, \u00a7 1\u00ba da Lei 8.2163\/91<\/strong>.<\/p>\n<p>VI &#8211; Sobre o tema, cumpre relembrar que o car\u00e1ter social da norma previdenci\u00e1ria requer interpreta\u00e7\u00e3o final\u00edstica, ou seja, em conformidade com os seus objetivos.<\/p>\n<p>VII &#8211; <strong>Embargos acolhidos, para prevalecer o entendimento deste Eg. Terceira Se\u00e7\u00e3o no sentido de n\u00e3o se exigir a implementa\u00e7\u00e3o simult\u00e2nea dos requisitos para a aposentadoria por idade, sendo irrelevante o fato de o trabalhador ter perdido a qualidade de segurado<\/strong>.<\/p>\n<p>(STJ, EREsp n. 551997, rel. Min. Gilson Dipp, Terceira Se\u00e7\u00e3o, DJ de 11-05-2005, p. 162, sem grifo no original)<\/p>\n<p>Com efeito, e considerando que, no caso, a Parte Autora nasceu em&#8230; <em>(data de nascimento)<\/em>, tendo completado&#8230; <em>(60 anos mulher\/65 anos homem)<\/em> anos de idade em&#8230; <em>(ano que completou a idade necess\u00e1ria para a aposentadoria)<\/em>, a car\u00eancia exigida conforme o disposto no art. 142 da Lei n.\u00ba 8.213\/91 corresponde a&#8230; <em>(verificar na tabela prevista no artigo 142 da Lei n.\u00ba 8.213\/91o numero de meses de contribui\u00e7\u00e3o necess\u00e1rios de acordo com o ano que completou a idade para a aposentadoria)<\/em> meses de contribui\u00e7\u00e3o.<\/p>\n<p>Assim, na data da entrada do requerimento a Parte Autora preenchia a car\u00eancia exigida, por contar com&#8230; <em>(numero de meses de contribui\u00e7\u00e3o na data da entrada do requerimento administrativo) <\/em>meses de contribui\u00e7\u00e3o, sendo devida a concess\u00e3o do benef\u00edcio de aposentadoria por idade.<\/p>\n<table>\n<tr>\n<td>\n<p><strong> 3. REQUERIMENTOS<\/strong><\/p>\n<\/td>\n<\/tr>\n<\/table>\n<p>Diante do exposto, requer:<\/p>\n<p>1. A cita\u00e7\u00e3o do Instituto Nacional do Seguro Social \u2013 INSS, na pessoa do seu representante legal, para que responda a presente demanda, no prazo legal, sob pena de revelia;<\/p>\n<p>2. A concess\u00e3o do benef\u00edcio da justi\u00e7a gratuita em virtude da Parte Autora n\u00e3o poder arcar com o pagamento das custas processuais e honor\u00e1rios advocat\u00edcios sem preju\u00edzo do seu sustento ou de sua fam\u00edlia, condi\u00e7\u00e3o que expressamente declara, na forma do art. 4\u00ba da Lei n.\u00ba 1.060\/50;<\/p>\n<p>3. A condena\u00e7\u00e3o do Instituto Nacional do Seguro Social \u2013 INSS  para conceder o benef\u00edcio de aposentadoria por idade, bem como pagar as parcelas vencidas desde a data do requerimento administrativo, monetariamente corrigidas desde o respectivo vencimento e acrescidas de juros legais morat\u00f3rios, ambos incidentes at\u00e9 a data do efetivo pagamento;<\/p>\n<p>4. A condena\u00e7\u00e3o do Instituto Nacional do Seguro Social \u2013 INSS para arcar com as custas processuais e honor\u00e1rios advocat\u00edcios;<\/p>\n<p>5. Requer, ainda, provar o alegado por todos os meios de prova admitidos em direito, notadamente a documental.<\/p>\n<p>D\u00e1-se \u00e0 causa o valor de R$&#8230; (valor da causa)<\/p>\n<p>Pede deferimento.<\/p>\n<p>(Cidade e data)<\/p>\n<p>(Nome, assinatura e n\u00famero da OAB do advogado)<\/p>\n<p>Rol de documentos:<\/p>\n<p>&#8230;<\/p>\n","protected":false},"featured_media":0,"parent":0,"menu_order":0,"template":"","meta":{"content-type":""},"categoria-modelo":[154],"class_list":["post-2976512","modelos-de-peticao","type-modelos-de-peticao","status-publish","hentry","categoria-modelo-previdenciario"],"_links":{"self":[{"href":"https:\/\/easyjur.com\/blog\/wp-json\/wp\/v2\/modelos-de-peticao\/2976512","targetHints":{"allow":["GET"]}}],"collection":[{"href":"https:\/\/easyjur.com\/blog\/wp-json\/wp\/v2\/modelos-de-peticao"}],"about":[{"href":"https:\/\/easyjur.com\/blog\/wp-json\/wp\/v2\/types\/modelos-de-peticao"}],"wp:attachment":[{"href":"https:\/\/easyjur.com\/blog\/wp-json\/wp\/v2\/media?parent=2976512"}],"wp:term":[{"taxonomy":"categoria-modelo","embeddable":true,"href":"https:\/\/easyjur.com\/blog\/wp-json\/wp\/v2\/categoria-modelo?post=2976512"}],"curies":[{"name":"wp","href":"https:\/\/api.w.org\/{rel}","templated":true}]}}