{"id":2976458,"date":"2024-04-25T16:26:44","date_gmt":"2024-04-25T16:26:44","guid":{"rendered":"https:\/\/easyjur.com\/blog\/?post_type=modelos-de-peticao&#038;p=3650"},"modified":"2024-04-25T16:26:44","modified_gmt":"2024-04-25T16:26:44","slug":"acao-declaratoria-de-tempo-de-servico-cc-rev-proventos","status":"publish","type":"modelos-de-peticao","link":"https:\/\/easyjur.com\/blog\/modelos-de-peticao\/acao-declaratoria-de-tempo-de-servico-cc-rev-proventos\/","title":{"rendered":"[MODELO] A\u00c7\u00c3O DECLARAT\u00d3RIA DE TEMPO DE SERVI\u00c7O C\/C REV. PROVENTOS"},"content":{"rendered":"<p><strong>A\u00c7\u00c3O DECLARAT\u00d3RIA DE TEMPO DE SERVI\u00c7O <\/strong><\/p>\n<p><strong>CUMULADA COM REVISIONAL DE PROVENTOS<\/strong><\/p>\n<p>Excelent\u00edssimo Senhor(a) Doutor(a) Juiz(\u00edza) de Direito da Se\u00e7\u00e3o Judici\u00e1ria da Justi\u00e7a Federal no Estado do &#8230;.<\/p>\n<p>(qualifica\u00e7\u00e3o), portador da RG n\u00ba \t, e inscrito no CPF\/MF sob n\u00ba \t, residente e domiciliado nesta Cidade de \t, na Rua \t n\u00ba \t, por seu bastante procurador e advogado (mandato procurat\u00f3rio incluso), vem mui respeitosamente \u00e0 presen\u00e7a de V. Exa., propor a presente  <\/p>\n<p>A\u00c7\u00c3O DECLARAT\u00d3RIA DE TEMPO DE SERVI\u00c7O CUMULADA COM REVISIONAL DE PROVENTOS <\/p>\n<p>em face do INSTITUTO NACIONAL DE SEGURO NACIONAL &#8211; INSS, pessoa jur\u00eddica de direito p\u00fablico, com sede de sua Procuradoria do Estado do \t\t, na Rua  \t n\u00ba \t, na Cidade de \t, o que faz com fundamento da Lei n\u00ba 1.711\/52, artigo 184, inciso II, e pelos fatos e raz\u00f5es a seguir enumerados:  <\/p>\n<p>I. OS FATOS <\/p>\n<p>O autor, na data de \t\/\t\/\t, foi aposentado compulsoriamente pelo R\u00e9u, conforme c\u00f3pia em anexo da Portaria n\u00ba \t.<\/p>\n<p>O valor inicial do benef\u00edcio foi integral, ou seja, a mesma remunera\u00e7\u00e3o recebida pelo autor quando em atividade.<\/p>\n<p>Em \t\/\t\/\t, foi notificado pelo R\u00e9u, atrav\u00e9s do protocolo n\u00ba\t, datada de \t\/\t\/\t, que do valor de seu benef\u00edcio foi exclu\u00edda &quot;a vantagem do art. 184, inciso II, da Lei n\u00ba 1.711\/52,  a qual s\u00f3 poderia ser concedida ao servidor que contasse com tempo de servi\u00e7o para aposentadoria volunt\u00e1ria.&quot; <\/p>\n<p>Inconformado com a decis\u00e3o do R\u00e9u, em \t\/\t\/\t, protocolou junto ao Departamento de Recursos Humanos do R\u00e9u, requerimento pedindo revis\u00e3o de seu benef\u00edcio.<\/p>\n<p>Para a revis\u00e3o do benef\u00edcio, pediu a inclus\u00e3o do tempo de servi\u00e7o prestado como \t do extinto \t \t <\/p>\n<p>(\t), ag\u00eancia de \t, referente ao per\u00edodo de \t a \t de \t.<\/p>\n<p>O R\u00e9u arquivou o pedido de Revis\u00e3o , sob o argumento da inexist\u00eancia em arquivos de assentos funcionais que comprovassem o tempo de servi\u00e7o prestado ao Ex-\t, conforme c\u00f3pia em anexo da carta n\u00ba \t.<\/p>\n<p>O Autor, como prova do tempo de servi\u00e7o requerido, juntou declara\u00e7\u00e3o de ex-funcion\u00e1rios do extinto \t, que exerceram fun\u00e7\u00f5es de alta responsabilidade, por muitos anos.<\/p>\n<p>O autor no \tdo ano de \t\t , foi agente do extinto\t\t, ag\u00eancia de \t, credenciado como \t, para exercer suas atividades profissionais na ag\u00eancia local a fim de atender os, exercendo-a ininterruptamente at\u00e9 o ano de \t, quando da extin\u00e7\u00e3o do referido \u00f3rg\u00e3o.<\/p>\n<p>Em data de \t de \tde \t foi transferido como \t\t, sob regime estatut\u00e1rio, ocupando o cargo de \t\t.<\/p>\n<p>No per\u00edodo de \t\t a \t\t de \t\t, os afazeres de sua fun\u00e7\u00e3o, eram executados dentro de v\u00e1rios \u00f3rg\u00e3os da administra\u00e7\u00e3o, isto por que o Ex-\t, na \u00e9poca, n\u00e3o possu\u00eda im\u00f3vel para instala\u00e7\u00e3o de seus escrit\u00f3rios.<\/p>\n<p>Durante todo o per\u00edodo trabalhado, obedecia as ordens de seus superiores.<\/p>\n<p>Em \t de \t de \t foi autorizada a sua adjudica\u00e7\u00e3o para prestar seus servi\u00e7os \t, somente houve a mudan\u00e7a de local, pois deixou de realizar os seus trabalhos em locais variados, para realiz\u00e1-los em im\u00f3vel do Ex-\t. No mais, o servi\u00e7o continuou a ser prestado nas mesmas condi\u00e7\u00f5es anteriores.<\/p>\n<p>O fato do R\u00e9u n\u00e3o possuir dados em seus arquivos, do trabalho desenvolvido pelo Autor, n\u00e3o \u00e9 de se estranhar, pois em \t de \t de \t requereu junto ao R\u00e9u, contagem de tempo de servi\u00e7o, seno informado que o in\u00edcio de suas atividades foi em \t de \t de \t. Somente ap\u00f3s contesta\u00e7\u00e3o do autor, \u00e9 que o R\u00e9u reconheceu o per\u00edodo de \t\/\t\/\t at\u00e9 \t\/\t\/\t, que n\u00e3o havia sido reconhecido.<\/p>\n<p>O autor jamais gozou suas licen\u00e7as especiais, desde \t\/\t\/\t at\u00e9 \/\t\/\t, considerando-se as &quot;licen\u00e7as pr\u00eamios&quot; n\u00e3o gozadas, seu tempo de servi\u00e7o reconhecido \u00e9 de   anos, por\u00e9m, se somados desde \t, ultrapassa com larga margem os 35 (trinta e cinco) anos.<\/p>\n<p>Portanto, em \t de \t de \t, embora o autor tivesse completado \t anos, a aposentadoria mais justa n\u00e3o seria a compuls\u00f3ria, mas a volunt\u00e1ria.<\/p>\n<p>O autor foi prejudicado duas vezes:  <\/p>\n<p>a) pela redu\u00e7\u00e3o de seus proventos ante a aposentadoria compuls\u00f3ria, e <\/p>\n<p>b) pelo n\u00e3o reconhecimento do tempo de servi\u00e7o de \t\/\t\/\t a \/\t\/\t, fato que tamb\u00e9m lhe causou redu\u00e7\u00e3o de seus proventos.<\/p>\n<p>Administrativamente n\u00e3o adianta mais reclamar, o R\u00e9u j\u00e1 indeferiu o pedido do Autor, agora, s\u00f3 resta que o Poder Judici\u00e1rio fa\u00e7a Justi\u00e7a.<\/p>\n<p>II. O DIREITO <\/p>\n<p>O R\u00e9u arquivou o pedido de revis\u00e3o de aposentadoria do Autor, com fundamento em Ordem de Servi\u00e7o &#8230;., para registro de tempo de servi\u00e7o prestado aos ex-\t\t, \u00e9 necess\u00e1rio que constem dos assentamentos funcionais do servidor, ou sejam apresentadas certid\u00f5es originais, n\u00e3o servindo declara\u00e7\u00f5es.<\/p>\n<p>O R\u00e9u n\u00e3o nega o trabalho prestado pelo Autor, apenas diz n\u00e3o possuir nenhum dado em seus arquivos.<\/p>\n<p>Nestas condi\u00e7\u00f5es fica realmente dif\u00edcil para o Autor fazer prova de seu tempo de servi\u00e7o, pois se o R\u00e9u que era o empregador n\u00e3o possui nenhum documento, como \u00e9 que o Autor poder\u00e1 t\u00ea-los?<\/p>\n<p>O Autor, n\u00e3o dispondo de outro meio de prova, apresentou ao R\u00e9u declara\u00e7\u00e3o fornecida pelos Senhores \t (fun\u00e7\u00e3o\/n\u00edvel), \t (fun\u00e7\u00e3o\/n\u00edvel) e  (fun\u00e7\u00e3o\/n\u00edvel), todos ex-funcion\u00e1rios do \t, aposentados, que conheceram e trabalharam junto com o Autor.<\/p>\n<p>A Lei n\u00ba 1.711\/52 que tinha vig\u00eancia na \u00e9poca da concess\u00e3o a aposentadoria ao Autor, em seu artigo 8\u00ba dispunha: <\/p>\n<p>&quot;Art. 8\u00ba. Para efeito da aposentadoria e disponibilidade computar-se-\u00e1 integralmente; <\/p>\n<p>III &#8211; O tempo de servi\u00e7o prestado como numer\u00e1rio ou sob qualquer outra forma de admiss\u00e3o, desde que remunerado pelos cofres p\u00fablicos.<\/p>\n<p>IV &#8211; O tempo de servi\u00e7o prestado em autarquia.&quot; <\/p>\n<p>Como se v\u00ea, embora o autor tenha trabalhado de \t \/\t\/\t a \t\/\t\/\t, sem ser concursado, mas ante a presta\u00e7\u00e3o laboral para o Ex-\t, na condi\u00e7\u00e3o de numer\u00e1rio remunerado pelos cofres p\u00fablicos, \u00e9 considerado como tempo de servi\u00e7o para efeitos de aposentadoria.<\/p>\n<p>Por\u00e9m, o Autor n\u00e3o possui outro meio de provar o referido tempo de servi\u00e7o a n\u00e3o ser por meio de testemunhas.<\/p>\n<p>A exig\u00eancia de provar o tempo de servi\u00e7o, desde que haja prova documental, \u00e9 do R\u00e9u e vai de encontro ao que estabelece o art. 5\u00ba, caput da CF\/88, ao estabelecer que todos s\u00e3o iguais perante lei, sem distin\u00e7\u00e3o de qualquer natureza.<\/p>\n<p>O C\u00f3digo de Processo Civil p\u00e1trio permite a prova por meio de testemunhas, pois o Juiz(\u00edza), quando da aprecia\u00e7\u00e3o das provas, ao prolatar a senten\u00e7a, dar\u00e1 a proced\u00eancia ou n\u00e3o ao pedido de acordo com o seu livre convencimento.<\/p>\n<p>Nestes casos, nossos Tribunais p\u00e1trios j\u00e1 decidiram em favor dos segurados, a saber: <\/p>\n<p>&quot;TEMPO DE SERVI\u00c7O &#8211; COMPROVA\u00c7\u00c3O &#8211; PROVA PREPONDERANTEMENTE TESTEMUNHAL.<\/p>\n<p>Previdenci\u00e1rio. Tempo de Servi\u00e7o. Prova Predominantemente Testemunhal. Validade. Aplica\u00e7\u00e3o do Livre Convencimento do Juiz(\u00edza) (art. 131 do CPC). <\/p>\n<p>1. O Juiz(\u00edza) em nosso sistema processual, \u00e9 livre para convencer-se a respeito dos fatos discutidos no curso da a\u00e7\u00e3o. Desdobramentos do art. 131 do CPC. <\/p>\n<p>2. A prova testemunhal, apanhada em Ju\u00edzo, com todas as cautelas legais, desde que n\u00e3o contraditada pela parte contr\u00e1ria, tem potencialidade igual \u00e0 prova documental, salvo nos casos dos contratos solenes em que o direito material exige meio documental. <\/p>\n<p>3. A regra contida na legisla\u00e7\u00e3o previdenci\u00e1ria de que a prova do tempo de servi\u00e7o necessita pelo menos, de razo\u00e1vel demonstra\u00e7\u00e3o documental dirige-se, apenas, \u00e0 autoridade administrativa, sem produzir efeito no campo de atua\u00e7\u00e3o do poder judici\u00e1rio. <\/p>\n<p>4. A Constitui\u00e7\u00e3o Federal de 100088, em seu art. 5\u00ba, caput, ao estabelecer que todos s\u00e3o iguais perante a lei sem distin\u00e7\u00e3o de qualquer natureza, fixa a proibi\u00e7\u00e3o de se tratar de modo privilegiado, no campo processual, as pessoas jur\u00eddicas de direito p\u00fablico, pelo que n\u00e3o h\u00e1 de se aceitar qualquer restri\u00e7\u00e3o \u00e0 prova testemunhal para demonstra\u00e7\u00e3o do tempo de servi\u00e7o. <\/p>\n<p>5. Apela\u00e7\u00e3o interposta pelo segurado, provida em parte. Apela\u00e7\u00e3o apresentada pela autarquia previdenci\u00e1ria desprovida.&quot; (Ac. un. da 2.T. do TFR 5\u00aa R &#8211; Ac. 8.440).<\/p>\n<p>Os Tribunais Federais da 1\u00aa Regi\u00e3o e da 3\u00aa tamb\u00e9m est\u00e3o decidindo na forma acima exposta.<\/p>\n<p>Diante destes argumentos, o tempo de servi\u00e7o n\u00e3o considerado pelo R\u00e9u deve ser aceito para ser somado ao tempo j\u00e1 reconhecido e ser retificado o valor da aposentadoria.<\/p>\n<p>O Autor tem um total de \t (\t) anos de tempo de servi\u00e7o, tendo direito ao recebimento da aposentadoria volunt\u00e1ria integral e n\u00e3o a compuls\u00f3ria.<\/p>\n<p>Al\u00e9m desta quest\u00e3o, temos outra.<\/p>\n<p>O artigo 117 da Lei n\u00ba 1.711\/52, definia: <\/p>\n<p>&quot;Para efeito de aposentadoria ser\u00e1 contado em dobro o tempo de licen\u00e7a especial que o funcion\u00e1rio n\u00e3o houver gozado.&quot; <\/p>\n<p>A cada dez anos de ininterrupto trabalho prestado, o funcion\u00e1rio tinha direito a 6 (seis) meses de licen\u00e7a especial. Por\u00e9m, caso o funcion\u00e1rio n\u00e3o usufru\u00edsse desta licen\u00e7a, o tempo de servi\u00e7o era considerado em dobro.<\/p>\n<p>No caso do autor, considerando-se t\u00e3o somente os  (\t) anos de tempo de servi\u00e7o reconhecidos pelo R\u00e9u, deveria ser acrescido de mais \t (\t) anos, tendo-se em conta que o Autor teve \t licen\u00e7as especiais n\u00e3o gozadas. Com isto, demonstramos que mesmo considerando-se o tempo de servi\u00e7o reconhecido pelo R\u00e9u, ainda assim o valor da aposentadoria est\u00e1 incorreto.<\/p>\n<p>O R\u00e9u, na contagem do tempo de servi\u00e7o do Autor, para a concess\u00e3o do benef\u00edcio, n\u00e3o considerou as licen\u00e7as especiais n\u00e3o gozadas pelo mesmo. Tal fato por si s\u00f3 j\u00e1 aumenta o tempo de servi\u00e7o do autor.<\/p>\n<p>Portanto, os dois crit\u00e9rios usados pelo R\u00e9u ao conceder a aposentadoria do Autor lhe causaram preju\u00edzos.<\/p>\n<p>Somando-se o total do tempo de servi\u00e7o, o autor tem: \t (\t) anos, mais  licen\u00e7as especiais em dobro \t(\t) anos, perfazendo um total de \t anos, o que lhe d\u00e1 o direito ao recebimento da aposentadoria integral.<\/p>\n<p>III. O PEDIDO <\/p>\n<p>Diante do exposto, requer-se: <\/p>\n<p>a) Declara\u00e7\u00e3o judicial como tempo de servi\u00e7o v\u00e1lido e devidamente comprovado, o per\u00edodo de \t a \t de \t, como numer\u00e1rio, prestado do R\u00e9u, portanto, v\u00e1lido para efeitos de contagem de tempo de servi\u00e7o para fins de aposentadoria.<\/p>\n<p>b) Reconhecido o tempo de servi\u00e7o, seja determinado o restabelecimento integral da aposentadoria, no valor inicialmente concedido, com todas as vantagens, ou seja, no valor de R$ \t, em \t de \t.<\/p>\n<p>c) Sobre o valor restabelecido seja determinado a aplica\u00e7\u00e3o de todos os reajustes e outras vantagens concedidas aos funcion\u00e1rios p\u00fablicos; quer no passado bem como os futuros.<\/p>\n<p>d) Restitui\u00e7\u00e3o dos valores cobrados do autor a t\u00edtulo de devolu\u00e7\u00e3o pelo recebimento indevido de proventos, a partir de \t\/\t (c\u00f3digos \t e \t).<\/p>\n<p>e) Ou, caso n\u00e3o seja reconhecido o tempo de servi\u00e7o pedido na letra &quot;a&quot; desta, seja determinado, assim mesmo, a revis\u00e3o do valor da aposentadoria, considerando-se as licen\u00e7as especiais em dobro, n\u00e3o gozadas pelo autor, devendo ser \t \tdo total do recebimento do autor, em \t e n\u00e3o \t, conforme considerou o R\u00e9u.<\/p>\n<p>f) Aplica\u00e7\u00e3o da corre\u00e7\u00e3o monet\u00e1ria e juros sobre todas as diferen\u00e7as pleiteadas.<\/p>\n<p>g) Condena\u00e7\u00e3o do R\u00e9u ao pagamento de honor\u00e1rios advocat\u00edcios, na base de \t% (\tpor cento) sobre o valor final da condena\u00e7\u00e3o.<\/p>\n<p>h) Cita\u00e7\u00e3o do R\u00e9u, na pessoa do seu representante legal, no endere\u00e7o j\u00e1 declinado, para que conteste a presente, sob pena de revelia e confiss\u00e3o.<\/p>\n<p>i) Enfim, a proced\u00eancia da presente a\u00e7\u00e3o, condenando-se o R\u00e9u ao pagamento de custas processuais e demais emolumentos que porventura houverem, ante a sucumb\u00eancia da a\u00e7\u00e3o.<\/p>\n<p>O Autor prover\u00e1 o alegado por todos os meios de provas admitidos em direito, especialmente por documentos, oitiva de testemunhas, cujo rol ser\u00e1 apresentado no momento oportuno, e outras.<\/p>\n<p>IV. VALOR DA CAUSA<\/p>\n<p>D\u00e1 \u00e0 presente, para fins de al\u00e7ada, o valor de R$ \t (\t).<\/p>\n<p>Termos em que Pede e Espera Deferimento <\/p>\n","protected":false},"featured_media":0,"parent":0,"menu_order":0,"template":"","meta":{"content-type":""},"categoria-modelo":[154],"class_list":["post-2976458","modelos-de-peticao","type-modelos-de-peticao","status-publish","hentry","categoria-modelo-previdenciario"],"_links":{"self":[{"href":"https:\/\/easyjur.com\/blog\/wp-json\/wp\/v2\/modelos-de-peticao\/2976458","targetHints":{"allow":["GET"]}}],"collection":[{"href":"https:\/\/easyjur.com\/blog\/wp-json\/wp\/v2\/modelos-de-peticao"}],"about":[{"href":"https:\/\/easyjur.com\/blog\/wp-json\/wp\/v2\/types\/modelos-de-peticao"}],"wp:attachment":[{"href":"https:\/\/easyjur.com\/blog\/wp-json\/wp\/v2\/media?parent=2976458"}],"wp:term":[{"taxonomy":"categoria-modelo","embeddable":true,"href":"https:\/\/easyjur.com\/blog\/wp-json\/wp\/v2\/categoria-modelo?post=2976458"}],"curies":[{"name":"wp","href":"https:\/\/api.w.org\/{rel}","templated":true}]}}