{"id":2937,"date":"2023-05-17T15:35:52","date_gmt":"2023-05-17T18:35:52","guid":{"rendered":"https:\/\/easyjur.com\/blog\/?post_type=modelos-de-peticao&#038;p=2937"},"modified":"2023-05-17T15:37:18","modified_gmt":"2023-05-17T18:37:18","slug":"modelo-de-divorcio-consensual-com-bens","status":"publish","type":"modelos-de-peticao","link":"https:\/\/easyjur.com\/blog\/modelos-de-peticao\/modelo-de-divorcio-consensual-com-bens\/","title":{"rendered":"MODELO DE DIVO\u0301RCIO CONSENSUAL COM BENS"},"content":{"rendered":"<p><b>DOUTO JU\u00cdZO DA 00\u00aa VARA DE FAM\u00cdLIA DESTA CAPITAL<\/b><\/p>\n<p><b>NOME DO CLIENTE, <\/b><span style=\"font-weight: 400;\">nacionalidade, estado civil, profiss\u00e3o, portador do CPF\/MF n\u00ba 0000000, com Documento de Identidade de n\u00b0 0000000, residente e domiciliado na Rua TAL, n\u00ba 000000000, bairro TAL, CEP: 0000000, CIDADE-UF, vem respeitosamente perante a Vossa Excel\u00eancia propor:<\/span><\/p>\n<p><b>DIV\u00d3RCIO CONSENSUAL<\/b><\/p>\n<p><span style=\"font-weight: 400;\">em face de Fulano de TAL, indicar se \u00e9 pessoa f\u00edsica ou jur\u00eddica, com CPF\/CNPJ de n\u00ba 00000000, com sede na Rua TAL, n\u00ba 000000000, bairro TAL, CEP 00000000, CIDADE-UF, pelas raz\u00f5es de fato e de direito que passa a aduzir e no final requer<\/span><\/p>\n<p><b>DOS FATOS E DO DIREITO<\/b><\/p>\n<p><span style=\"font-weight: 400;\">Os Autores se casaram na data TAL adotando o regime de comunh\u00e3o parcial de bens, tendo TANTOS FILHOS, Beltrana de TAL, nascida em DATA TAL, e LUIZA, nascida em DATA TAL, portanto menor de idade, vivendo ambas com a m\u00e3e.<\/span><\/p>\n<p><span style=\"font-weight: 400;\">Nenhum dos Autores necessita da concess\u00e3o, por parte do outro, de alimentos, eis que ambos t\u00eam rendimentos pr\u00f3prios suficientes para a sua manuten\u00e7\u00e3o, estando o Autor prestando de forma volunt\u00e1ria pens\u00e3o \u00e0 filha menor.<\/span><\/p>\n<p><span style=\"font-weight: 400;\">A Autora Fulana de TAL voltar\u00e1 a usar o nome de solteira, qual seja,\u00a0Cicrana de TAL.<\/span><\/p>\n<p><b>DA PARTILHA DE BENS<\/b><\/p>\n<p><span style=\"font-weight: 400;\">A Autora Fulana de TAL possui um ve\u00edculo TAL, que o Autor Beltrano de TAL abre m\u00e3o da sua mea\u00e7\u00e3o para a mesma;<\/span><\/p>\n<p><span style=\"font-weight: 400;\">A Autora Fulana de TAL abre m\u00e3o das suas cotas na empresa denominada TAL, CNPJ 000000, localizada na Rua TAL, Bairro TAL, CIDADE-UF, em prol do Autor Fulano de TAL, devendo este proceder imediata altera\u00e7\u00e3o contratual e lev\u00e1-la a registro junto a Junta Comercial;<\/span><\/p>\n<p><span style=\"font-weight: 400;\">A Autora Fulana de TAL abre m\u00e3o das cotas que teria direito na empresa denominada TAL LTDA, CNPJ 00000000, localizado na Rua TAL, CIDADE em prol do Autor Fulano de TAL<\/span><\/p>\n<p><b>DOS PEDIDOS<\/b><\/p>\n<p><span style=\"font-weight: 400;\">Diante do exposto, requerem a V. Exa.:<\/span><\/p>\n<ol>\n<li><span style=\"font-weight: 400;\">a)\u00a0Sejam os Autores\/Requerentes ouvidos na forma da Lei,\u00a0determinando sejam reduzidas suas declara\u00e7\u00f5es a termo, e, ap\u00f3s a manifesta\u00e7\u00e3o do Minist\u00e9rio P\u00fablico, seja deferida e homologada a manifesta\u00e7\u00e3o de vontade,\u00a0que ser\u00e1 assinada perante este ju\u00edzo, decretando o\u00a0DIV\u00d3RCIO CONSENSUAL\u00a0dos Autores\/Requerentes.<\/span><\/li>\n<\/ol>\n<ol>\n<li><span style=\"font-weight: 400;\">b)\u00a0Requerem, ainda, ao final, sejam expedidos mandados de averba\u00e7\u00e3o para os Cart\u00f3rios de Registro Civil, Junta Comercial e DETRAN.<\/span><\/li>\n<\/ol>\n<ol>\n<li><span style=\"font-weight: 400;\">c)\u00a0Requerem tamb\u00e9m o benef\u00edcio da assist\u00eancia judici\u00e1ria gratuita, por serem os mesmos pobres no sentido legal, n\u00e3o podendo arcar com as custas do processo sem detrimento do sustento pr\u00f3prio e da fam\u00edlia, conforme previsto na Lei 1.060 de 05\/02\/50;<\/span><\/li>\n<\/ol>\n<ol>\n<li><span style=\"font-weight: 400;\">d)\u00a0Seja intimado o Minist\u00e9rio P\u00fablico para todos os atos e termos deste processo.<\/span><\/li>\n<\/ol>\n<p><span style=\"font-weight: 400;\">D\u00e1-se \u00e0 causa o valor de R$ 000000 (REAIS) para efeito de al\u00e7ada.<\/span><\/p>\n<p>&nbsp;<\/p>\n<p><span style=\"font-weight: 400;\">Termos em que,<\/span><\/p>\n<p>&nbsp;<\/p>\n<p><span style=\"font-weight: 400;\">Pede Deferimento.<\/span><\/p>\n<p>&nbsp;<\/p>\n<p><span style=\"font-weight: 400;\">CIDADE, 00, M\u00caS, ANO.<\/span><\/p>\n<p>&nbsp;<\/p>\n<p><b>ADVOGADO<\/b><\/p>\n<p>&nbsp;<\/p>\n<p><b>OAB N\u00ba<\/b><\/p>\n<p>&nbsp;<\/p>\n","protected":false},"featured_media":0,"parent":0,"menu_order":0,"template":"","meta":{"content-type":""},"categoria-modelo":[148],"class_list":["post-2937","modelos-de-peticao","type-modelos-de-peticao","status-publish","hentry","categoria-modelo-familia-e-sucessoes"],"_links":{"self":[{"href":"https:\/\/easyjur.com\/blog\/wp-json\/wp\/v2\/modelos-de-peticao\/2937","targetHints":{"allow":["GET"]}}],"collection":[{"href":"https:\/\/easyjur.com\/blog\/wp-json\/wp\/v2\/modelos-de-peticao"}],"about":[{"href":"https:\/\/easyjur.com\/blog\/wp-json\/wp\/v2\/types\/modelos-de-peticao"}],"wp:attachment":[{"href":"https:\/\/easyjur.com\/blog\/wp-json\/wp\/v2\/media?parent=2937"}],"wp:term":[{"taxonomy":"categoria-modelo","embeddable":true,"href":"https:\/\/easyjur.com\/blog\/wp-json\/wp\/v2\/categoria-modelo?post=2937"}],"curies":[{"name":"wp","href":"https:\/\/api.w.org\/{rel}","templated":true}]}}