{"id":2454,"date":"2023-03-24T13:14:46","date_gmt":"2023-03-24T16:14:46","guid":{"rendered":"https:\/\/easyjur.com\/blog\/?post_type=modelos-de-peticao&#038;p=2454"},"modified":"2023-03-24T13:14:46","modified_gmt":"2023-03-24T16:14:46","slug":"modelo-de-peticao-acao-de-obrigacao-fazer-ressonancia-magnetica","status":"publish","type":"modelos-de-peticao","link":"https:\/\/easyjur.com\/blog\/modelos-de-peticao\/modelo-de-peticao-acao-de-obrigacao-fazer-ressonancia-magnetica\/","title":{"rendered":"Modelo de peti\u00e7\u00e3o a\u00e7\u00e3o de obriga\u00e7\u00e3o fazer resson\u00e2ncia magn\u00e9tica"},"content":{"rendered":"<p><span style=\"font-weight: 400;\">EXCELENT\u00cdSSIMO SENHOR DOUTOR JUIZ DE DIREITO DA\u00a0 \u00a0 \u00a0 \u00a0 VARA DA CIDADE\u00a0<\/span><\/p>\n<p>&nbsp;<\/p>\n<p><b>PEDE <\/b><b>PRIORIDADE<\/b><b> NA TRAMITA\u00c7\u00c3O DA A\u00c7\u00c3O \u2013\u00a0<\/b><\/p>\n<p><b>AUTOR DA A\u00c7\u00c3O PORTADOR DE <\/b><b>DOEN\u00c7A GRAVE<\/b><b>\u00a0<\/b><\/p>\n<p><b>(art. 1.048, inc. I do CPC)<\/b><\/p>\n<p>&nbsp;<\/p>\n<p><b>\u00a0\u00a0\u00a0\u00a0\u00a0\u00a0<\/b> <b>MARIA DAS QUANTAS<\/b><span style=\"font-weight: 400;\">, casada, comerci\u00e1ria, residente e domiciliada na Rua Xista, n\u00ba. 000, em Cidade (PR), inscrita no CPF(MF) sob o n<\/span><span style=\"font-weight: 400;\">\u00ba<\/span><span style=\"font-weight: 400;\">. 000.111.222-33, com endere\u00e7o eletr\u00f4nico ficto@ficticio.com.br, ora intermediado por seu mandat\u00e1rio ao final firmado \u2013 <\/span><i><span style=\"font-weight: 400;\">instrumento procurat\u00f3rio acostado <\/span><\/i><span style=\"font-weight: 400;\">\u2013, esse com endere\u00e7o eletr\u00f4nico e profissional inserto na referida procura\u00e7\u00e3o, o qual, em obedi\u00eancia \u00e0 diretriz fixada no <\/span><i><span style=\"font-weight: 400;\">art. 106, inc. I c\/c art. 287, ambos do CPC,<\/span><\/i><span style=\"font-weight: 400;\"> indica-o para as intima\u00e7\u00f5es que se fizerem necess\u00e1rias, vem, com o devido respeito \u00e0 presen\u00e7a de Vossa Excel\u00eancia, com suporte no vem, com o devido respeito \u00e0 presen\u00e7a de Vossa Excel\u00eancia, para, por interm\u00e9dio seu patrono \u2013 <\/span><i><span style=\"font-weight: 400;\">instrumento procurat\u00f3rio acostado<\/span><\/i><span style=\"font-weight: 400;\"> &#8211;, ajuizar a presente,\u00a0<\/span><\/p>\n<p>&nbsp;<\/p>\n<p><b>A\u00c7\u00c3O DE OBRIGA\u00c7\u00c3O DE FAZER\u00a0<\/b><\/p>\n<p><b>C\/C<\/b><\/p>\n<p><b>PEDIDO DE TUTELA ANTECIPADA DE URG\u00caNCIA,<\/b><\/p>\n<p>&nbsp;<\/p>\n<p><span style=\"font-weight: 400;\">contra\u00a0 <\/span><b>EMPRESA Y \u2013 COOPERATIVA DE TRABALHO M\u00c9DICO<\/b><span style=\"font-weight: 400;\">, estabelecida na Av. Delta, n\u00ba 000, em S\u00e3o Paulo (SP), inscrita no CNPJ (MF) sob o n\u00ba. 33.444.555\/0001-66, endere\u00e7o eletr\u00f4nico zeta@zeta.com.br, em raz\u00e3o das justificativas de ordem f\u00e1tica e de direito abaixo evidenciadas.<\/span><\/p>\n<p>&nbsp;<\/p>\n<p><b>INTROITO\u00a0<\/b><\/p>\n<p>&nbsp;<\/p>\n<p><b>( a ) Benef\u00edcios da justi\u00e7a gratuita (CPC, art. 98, <\/b><b><i>caput<\/i><\/b><b>)<\/b><\/p>\n<p><span style=\"font-weight: 400;\">\u00a0<\/span><\/p>\n<p><span style=\"font-weight: 400;\">A Autora <\/span><b>n\u00e3o tem condi\u00e7\u00f5es de arcar com as despesas do processo<\/b><span style=\"font-weight: 400;\">, uma vez que s\u00e3o insuficientes seus recursos financeiros para pagar todas as despesas processuais, inclusive o recolhimento das custas iniciais.\u00a0<\/span><\/p>\n<p>&nbsp;<\/p>\n<p><span style=\"font-weight: 400;\">\u00a0<\/span> <span style=\"font-weight: 400;\">Destarte, a Demandante ora formula pleito de gratuidade da justi\u00e7a, o que faz por declara\u00e7\u00e3o de seu patrono, sob a \u00e9gide do <\/span><b>art. 99, \u00a7 4\u00ba c\/c 105, <\/b><b><i>in fine<\/i><\/b><b>, ambos do CPC<\/b><span style=\"font-weight: 400;\">, quando tal prerrogativa se encontra inserta no instrumento procurat\u00f3rio acostado.\u00a0<\/span><\/p>\n<p>&nbsp;<\/p>\n<p><b>( b ) Quanto \u00e0 audi\u00eancia de concilia\u00e7\u00e3o (CPC, art. 319, inc. VII)<\/b><\/p>\n<p>&nbsp;<\/p>\n<p><span style=\"font-weight: 400;\">\u00a0<\/span> <span style=\"font-weight: 400;\">A Promovente <\/span><span style=\"font-weight: 400;\">opta pela realiza\u00e7\u00e3o de audi\u00eancia conciliat\u00f3ria<\/span><span style=\"font-weight: 400;\"> (<\/span><b>CPC, art. 319, inc. VII<\/b><span style=\"font-weight: 400;\">), raz\u00e3o qual requer a cita\u00e7\u00e3o da Promovida, por carta (<\/span><b>CPC, art. 247, <\/b><b><i>caput<\/i><\/b><span style=\"font-weight: 400;\">) para comparecer \u00e0 audi\u00eancia designada para essa finalidade (<\/span><b>CPC, art. 334, <\/b><b><i>caput<\/i><\/b><b> c\/c \u00a7 5\u00ba<\/b><span style=\"font-weight: 400;\">), antes, por\u00e9m, avaliando-se o pleito de tutela de urg\u00eancia aqui almejada.<\/span><\/p>\n<p><span style=\"font-weight: 400;\">\u00a0<\/span><\/p>\n<p><b>( c ) Prioridade na tramita\u00e7\u00e3o do processo (CPC, art. 1.048, inc. I)<\/b><\/p>\n<p>&nbsp;<\/p>\n<p><span style=\"font-weight: 400;\">\u00a0<\/span> <span style=\"font-weight: 400;\">A Autora, em face do que disp\u00f5e o C\u00f3digo de Processo Civil, assevera que \u00e9 <\/span><b>portadora de doen\u00e7a grave<\/b><span style=\"font-weight: 400;\"> \u2013 <\/span><i><span style=\"font-weight: 400;\">documento comprobat\u00f3rio anexo <\/span><\/i><span style=\"font-weight: 400;\">&#8211;, <\/span><b>fazendo jus, portanto, \u00e0 <\/b><b>prioridade na tramita\u00e7\u00e3o do presente processo<\/b><b>, o que de logo assim o requer. (<\/b><b>doc. 01<\/b><b>)<\/b><\/p>\n<p>&nbsp;<\/p>\n<p><b>I &#8211; CONSIDERA\u00c7\u00d5ES F\u00c1TICAS<\/b><\/p>\n<p>&nbsp;<\/p>\n<p><span style=\"font-weight: 400;\">A Promovente mant\u00e9m v\u00ednculo contratual de assist\u00eancia de sa\u00fade com a R\u00e9 desde a data de 00 de maio de 0000, consoante se v\u00ea da c\u00f3pia anexa. (<\/span><b>doc. 02<\/b><span style=\"font-weight: 400;\">)<\/span><\/p>\n<p>&nbsp;<\/p>\n<p><span style=\"font-weight: 400;\">Recentemente a Autora fora acometida de <\/span><b>tonturas severas <\/b><span style=\"font-weight: 400;\">e, por conta disso, tivera que solicitar amparo de um m\u00e9dico cirurgi\u00e3o neurol\u00f3gico. Esse m\u00e9dico, de pronto, fazendo indicar que o caso requereria aten\u00e7\u00e3o extremada, determinou, <\/span><b>com urg\u00eancia<\/b><span style=\"font-weight: 400;\">, a realiza\u00e7\u00e3o de um <\/span><b>exame de resson\u00e2ncia magn\u00e9tica do c\u00e9rebro<\/b><span style=\"font-weight: 400;\">.\u00a0 A contatar, de logo carreamos a devida \u201c<\/span><i><span style=\"font-weight: 400;\">guia de servi\u00e7o profissional<\/span><\/i><span style=\"font-weight: 400;\">\u201d,\u00a0 na qual h\u00e1 o pedido de realiza\u00e7\u00e3o do referido exame. (<\/span><b>doc. 03<\/b><span style=\"font-weight: 400;\">)<\/span><\/p>\n<p>&nbsp;<\/p>\n<p><span style=\"font-weight: 400;\">\u00a0<\/span> <span style=\"font-weight: 400;\">Ao chegar \u00e0 empresa R\u00e9, o pleito de realiza\u00e7\u00e3o do exame em esp\u00e9cie fora indeferido sob o argumento p\u00edfio de que <\/span><b>n\u00e3o haveria cobertura contratual para o mesmo. <\/b><span style=\"font-weight: 400;\">Sustentou-se, mais, haver cl\u00e1usula expressa vedando a realiza\u00e7\u00e3o de tal exame.<\/span><\/p>\n<p>&nbsp;<\/p>\n<p><b>Ao pagar mais de uma d\u00e9cada seu plano de sa\u00fade<\/b><span style=\"font-weight: 400;\">, viu-se a Autora profundamente decepcionada, e porque n\u00e3o dizer abalada psicologicamente com tal epis\u00f3dio. \u00c9 dizer, agora <\/span><b>passa a n\u00e3o fazer ideia do mal que lhe acomete<\/b><span style=\"font-weight: 400;\"> e, acima de tudo, espera<\/span><b> ser surpreendida a qualquer momento por alguma sequela n\u00e3o tratada tempestivamente<\/b><span style=\"font-weight: 400;\">. <\/span><\/p>\n<p>&nbsp;<\/p>\n<p><b>II &#8211; DO DIREITO\u00a0<\/b><\/p>\n<p>&nbsp;<\/p>\n<p><span style=\"font-weight: 400;\">A recusa da R\u00e9 \u00e9 alicer\u00e7ada no que expressa a <\/span><b>cl\u00e1usula V<\/b><span style=\"font-weight: 400;\"> do contrato em refer\u00eancia, a qual assim reza:<\/span><\/p>\n<p>&nbsp;<\/p>\n<p><span style=\"font-weight: 400;\">\u201c<\/span><b>CL\u00c1USULA V \u2013 CONDI\u00c7\u00d5ES N\u00c3O COBERTAS PELO CONTRATO<\/b><\/p>\n<p><span style=\"font-weight: 400;\">5.27 \u2013 <\/span><i><span style=\"font-weight: 400;\">Resson\u00e2ncia magn\u00e9tica<\/span><\/i><span style=\"font-weight: 400;\">. \u201c<\/span><\/p>\n<p>&nbsp;<\/p>\n<p><span style=\"font-weight: 400;\">\u00a0<\/span> <span style=\"font-weight: 400;\">Mas tal conduta n\u00e3o tem abrigo legal.\u00a0<\/span><\/p>\n<p>&nbsp;<\/p>\n<p><span style=\"font-weight: 400;\">Primeiramente devemos sopesar que <\/span><b>h\u00e1 risco na demora do procedimento<\/b><span style=\"font-weight: 400;\">, haja vista a possibilidade de agravamento do problema, at\u00e9 em raz\u00e3o da idade da Autora ( 69 anos ).\u00a0<\/span><\/p>\n<p>&nbsp;<\/p>\n<p><span style=\"font-weight: 400;\">\u00c9 consabido, outrossim, que <\/span><b>as cl\u00e1usulas contratuais atinentes aos planos de sa\u00fade devem ser interpretadas em conjunto com as disposi\u00e7\u00f5es do C\u00f3digo de Defesa do Consumidor<\/b><span style=\"font-weight: 400;\">, de sorte a alcan\u00e7ar os fins sociais preconizados na Constitui\u00e7\u00e3o Federal.\u00a0<\/span><\/p>\n<p>&nbsp;<\/p>\n<p><span style=\"font-weight: 400;\">\u00a0<\/span> <span style=\"font-weight: 400;\">Por apropriado, destacamos que o contrato em li\u00e7a resta albergado pela interpreta\u00e7\u00e3o do C\u00f3digo de Defesa do Consumidor:<\/span><\/p>\n<p>&nbsp;<\/p>\n<p><b>STJ, S\u00famula n\u00ba 469<\/b><span style=\"font-weight: 400;\"> &#8211; <\/span><i><span style=\"font-weight: 400;\">Aplica-se o C\u00f3digo de Defesa do Consumidor aos contratos de plano de sa\u00fade<\/span><\/i><span style=\"font-weight: 400;\">.<\/span><\/p>\n<p>&nbsp;<\/p>\n<p><span style=\"font-weight: 400;\">\u00a0<\/span> <span style=\"font-weight: 400;\">De bom alvitre destacar o magist\u00e9rio de <\/span><b>Cl\u00e1udia Lima Marques<\/b><span style=\"font-weight: 400;\">, quando professa, tocante ao assunto supra-abordado, que:<\/span><\/p>\n<p>&nbsp;<\/p>\n<p><span style=\"font-weight: 400;\">\u201cA evolu\u00e7\u00e3o da jurisprud\u00eancia culminou com a consolida\u00e7\u00e3o jurisprudencial de que este contrato possui uma fun\u00e7\u00e3o social muito espec\u00edfica, toca diretamente direitos fundamentais, da\u00ed ser sua elabora\u00e7\u00e3o limitada pela fun\u00e7\u00e3o, pela colis\u00e3o de direitos fundamentais, que leva a optar pelo direito \u00e0 vida e \u00e0 sa\u00fade e n\u00e3o aos interesses econ\u00f4micos em jogo. Como ensina o STJ: \u201cA exclus\u00e3o de cobertura de determinando procedimento m\u00e9dico\/hospitalar, quando essencial para garantir a sa\u00fade e, em algumas vezes, a vida do segurado, vulnera a finalidade b\u00e1sica do contrato. 4. Sa\u00fade \u00e9 direito constitucionalmente assegurado, de relev\u00e2ncia social e individual.\u201d (REsp 183.719\/SP, rel. Min. Luis Felipe Salom\u00e3o, Quarta Turma, j. 18\/09\/2008, DJe 13\/10\/2008).\u201d (MARQUES, Cl\u00e1udia Lima. <\/span><i><span style=\"font-weight: 400;\">Contratos no C\u00f3digo de Defesa do Consumidor: o novo regime das rela\u00e7\u00f5es contratuais<\/span><\/i><span style=\"font-weight: 400;\">. 6\u00aa Ed. S\u00e3o Paulo: RT, 2011, pp. 1028-1029)<\/span><\/p>\n<p>&nbsp;<\/p>\n<p><span style=\"font-weight: 400;\">\u00a0<\/span> <span style=\"font-weight: 400;\">A exclus\u00e3o imposta pelo contrato deve, assim, ser avaliada com ressalvas, observando-se de maneira concreta que a natureza da rela\u00e7\u00e3o ajustada entre as partes e os fins do contrato celebrado n\u00e3o podem amea\u00e7ar o objeto da aven\u00e7a. Confira-se, para tanto, a previs\u00e3o contida no <\/span><b>artigo 51, inc. IV e \u00a7 1\u00ba, inc. II do C\u00f3digo de Defesa do Consumidor<\/b><span style=\"font-weight: 400;\">:<\/span><\/p>\n<p>&nbsp;<\/p>\n<p><b>C\u00d3DIGO DE DEFESA DO CONSUMIDOR<\/b><\/p>\n<p><span style=\"font-weight: 400;\">Art. 51 \u2013 <\/span><b>S\u00e3o nulas de pleno direito,<\/b><span style=\"font-weight: 400;\"> entre outras, as cl\u00e1usulas contratuais relativas ao fornecimento de produtos e servi\u00e7os que:<\/span><\/p>\n<p><span style=\"font-weight: 400;\">( . . . )<\/span><\/p>\n<p><span style=\"font-weight: 400;\">IV \u2013 estabele\u00e7am obriga\u00e7\u00f5es consideradas in\u00edquas, abusivas<\/span><b>, que coloquem o consumidor em desvantagem exagerada, ou sejam incompat\u00edveis com a boa-f\u00e9 ou a eq\u00fcidade<\/b><span style=\"font-weight: 400;\">;\u00a0<\/span><\/p>\n<p><span style=\"font-weight: 400;\">( . . . )<\/span><\/p>\n<ul>\n<li><span style=\"font-weight: 400;\"> 1\u00ba &#8211; <\/span><b>Presume-se exagerada<\/b><span style=\"font-weight: 400;\">, entre outros casos, a vantagem que:<\/span><\/li>\n<\/ul>\n<p><span style=\"font-weight: 400;\">( . . . )<\/span><\/p>\n<p><span style=\"font-weight: 400;\">II \u2013<\/span><b> restringe direitos ou obriga\u00e7\u00f5es fundamentais inerentes \u00e0 natureza e conte\u00fado do contrato<\/b><span style=\"font-weight: 400;\">, o interesse das partes e outras circunst\u00e2ncias peculiares ao caso.\u00a0<\/span><\/p>\n<p>&nbsp;<\/p>\n<p><span style=\"font-weight: 400;\">\u00a0<\/span> <span style=\"font-weight: 400;\">Sobressai-se da norma acima mencionada que s\u00e3o nulas de pleno direito as obriga\u00e7\u00f5es consideradas \u201c<\/span><b><i>incompat\u00edveis com a boa-f\u00e9 ou a equidade<\/i><\/b><span style=\"font-weight: 400;\">. \u201c (inciso IV).<\/span><\/p>\n<p>&nbsp;<\/p>\n<p><span style=\"font-weight: 400;\">Nesse contexto professa <\/span><b>Rizzato Nunes<\/b><span style=\"font-weight: 400;\"> que:<\/span><\/p>\n<p>&nbsp;<\/p>\n<p><span style=\"font-weight: 400;\">\u201cDessa maneira percebe-se que a\u00a0 cl\u00e1usula geral de boa-f\u00e9 permite que o juiz crie uma norma de conduta para o caso concreto, atendo-se sempre \u00e0 realidade social, o que nos remete \u00e0 quest\u00e3o da equidade, prevista no final da norma em comento. \u201c (NUNES, Luiz Ant\u00f4nio Rizzato. <\/span><i><span style=\"font-weight: 400;\">Coment\u00e1rios ao C\u00f3digo de Defesa do Consumidor<\/span><\/i><span style=\"font-weight: 400;\">. 6\u00aa Ed. S\u00e3o Paulo: Saraiva, 2011, p. 671)<\/span><\/p>\n<p>&nbsp;<\/p>\n<p><span style=\"font-weight: 400;\">\u00a0<\/span> <span style=\"font-weight: 400;\">O contrato de seguro-sa\u00fade, por ser at\u00edpico, por conseguinte, consubstancia fun\u00e7\u00e3o supletiva do dever de atua\u00e7\u00e3o do Estado. Assim, imp\u00f5e a prote\u00e7\u00e3o da sa\u00fade do segurado e de seus familiares contra qualquer enfermidade e em especiais circunst\u00e2ncias como aquela que aqui se v\u00ea onde o exame de resson\u00e2ncia magn\u00e9tica mostra-se necess\u00e1rio \u00e0 Autora.\u00a0<\/span><\/p>\n<p>&nbsp;<\/p>\n<p><span style=\"font-weight: 400;\">N\u00e3o bastasse isso, os planos de sa\u00fade devem atender a todas as necessidades de sa\u00fade dos benefici\u00e1rios, salvo as exclus\u00f5es expressamente permitidas por lei, como as do <\/span><b>artigo 10 da Lei n\u00ba. 9.656\/98<\/b><span style=\"font-weight: 400;\">, o que <\/span><b>n\u00e3o ocorre com a ora Autora<\/b><span style=\"font-weight: 400;\">.<\/span><\/p>\n<p>&nbsp;<\/p>\n<p><span style=\"font-weight: 400;\">\u00a0<\/span> <span style=\"font-weight: 400;\">Desse modo, <\/span><b>o exame de resson\u00e2ncia magn\u00e9tica n\u00e3o se encontra entre as hip\u00f3teses excetuadas pela referida lei<\/b><span style=\"font-weight: 400;\">.\u00a0<\/span><\/p>\n<p>&nbsp;<\/p>\n<p><span style=\"font-weight: 400;\">O entendimento jurisprudencial solidificado \u00e9 un\u00edssono em\u00a0 acomodar-se \u00e0 pretens\u00e3o ora trazida pela Autora, sen\u00e3o vejamos:<\/span><\/p>\n<p>&nbsp;<\/p>\n<p><b>AGRAVO REGIMENTAL. A\u00c7\u00c3O ORDIN\u00c1RIA PARA COBERTURA DE PROCEDIMENTO DE SA\u00daDE. RECUSA INDEVIDA DE PLANO DE SA\u00daDE EM COBRIR EXAME DE RESSON\u00c2NCIA MAGN\u00c9TICA DIANTE DA LIMITA\u00c7\u00c3O QUANTITATIVA ESTABELECIDA EM CL\u00c1USULA CONTRATUAL. AGRAVO REGIMENTAL CONHECIDO E N\u00c3O PROVIDO. <\/b><span style=\"font-weight: 400;\">1\u00ad a limita\u00e7\u00e3o de cobertura do plano de sa\u00fade \u00e9 poss\u00edvel desde que atendidos os pressupostos legais e haja previs\u00e3o clara, precisa e destacada no contrato. Entende\u00adse por abusiva a cl\u00e1usula contratual que exclui tratamento prescrito para garantir a sa\u00fade ou a vida do benefici\u00e1rio, porque o plano de sa\u00fade pode estabelecer as doen\u00e7as que ter\u00e3o cobertura, mas n\u00e3o o tipo de terap\u00eautica indicada por profissional habilitado na busca da cura. 2\u00adcontudo, h\u00e1 de se esclarecer que a empresa operadora de plano de sa\u00fade n\u00e3o pode se utilizar da referida cl\u00e1usula contratual a fim de obstar tratamento m\u00e9dico de urg\u00eancia, ou necess\u00e1rio ao restabelecimento da sa\u00fade do paciente, o que afrontaria por outro lado, a pr\u00f3pria finalidade do contrato firmado. 3\u00adin casu, verifica\u00adse a requisi\u00e7\u00e3o m\u00e9dica anexa \u00e0 exordial, a justificar a realiza\u00e7\u00e3o do exame pretendido, o que, gera para a empresa, obrigatoriedade de custeio. 4\u00ad vale destacar que as empresas prestadoras de planos de sa\u00fade n\u00e3o possuem o cond\u00e3o de determinar qual m\u00e9todo a ser aplicado em cada paciente, atribui\u00e7\u00e3o dos m\u00e9dicos contratados e cooperados. Da mesma sorte, n\u00e3o podem referidas empresas limitarem determinados tratamentos, de modo que sejam as vias necess\u00e1rias \u00e0 melhora do paciente. 5\u00ad a recusa exarada pela empresa de plano de sa\u00fade \u00e9 ilegal e injusta, pois a n\u00e3o realiza\u00e7\u00e3o do exame pode acarretar danos \u00e0 sa\u00fade do consumidor, deixando de se investigar doen\u00e7as, a exemplo do presente caso. 6\u00ad agravo regimental conhecido e n\u00e3o provido. Decis\u00e3o inalterada. (TJCE; AG 0037138\u00ad94.2012.8.06.0112\/50000; Quinta C\u00e2mara C\u00edvel; Rel. Des. Teodoro Silva Santos; DJCE 01\/04\/2016; P\u00e1g. 41)<\/span><\/p>\n<p>&nbsp;<\/p>\n<p><b>DIREITO DO CONSUMIDOR.\u00a0<\/b><\/p>\n<p><span style=\"font-weight: 400;\">Apela\u00e7\u00e3o c\u00edvel. Plano de sa\u00fade coletivo. Preliminar de ilegitimidade passiva confundida com o m\u00e9rito da demanda e com ele resolvida. Legitimidade reconhecida. Previs\u00e3o de cobertura no contrato. Negativa indevida. Exame de resson\u00e2ncia magn\u00e9tica do cora\u00e7\u00e3o- abusividade configurada. C\u00f3digo de Defesa do Consumidor. Dever de ressarcir- dano material comprovado. Dano moral configurado. Peculiaridades do caso. Minora\u00e7\u00e3o do quatum indenizat\u00f3rio-adequa\u00e7\u00e3o do valor da indeniza\u00e7\u00e3o \u00e1 luz dos princ\u00edpios da proprcionalidade e da razoabilidade- recurso conhecido e parcialmente provido. Un\u00e2nime. (TJSE; AC 201500825623; Ac. 4294\/2016; Segunda C\u00e2mara C\u00edvel; Rel\u00aa Des\u00aa Maria Ang\u00e9lica Franca e Souza; Julg. 15\/03\/2016; DJSE 23\/03\/2016)<\/span><\/p>\n<p>&nbsp;<\/p>\n<p><b>PLANO DE SA\u00daDE.\u00a0<\/b><\/p>\n<p><span style=\"font-weight: 400;\">Paciente a cujo tratamento indicado, por m\u00e9dico credenciado, exame de resson\u00e2ncia magn\u00e9tica. Dever de cobertura reconhecido, inclusive conforme orienta\u00e7\u00e3o sumulada neste Tribunal. Dano moral no caso n\u00e3o configurado. \u00d4nus sucumbenciais bem distribu\u00eddos. Senten\u00e7a mantida. Recurso desprovido. (TJSP; APL 1009263-41.2014.8.26.0554; Ac. 9247997; Santo Andr\u00e9; Primeira C\u00e2mara de Direito Privado; Rel. Des. Claudio Godoy; Julg. 08\/03\/2016; DJESP 11\/03\/2016)<\/span><\/p>\n<p>&nbsp;<\/p>\n<p><b>AGRAVO DE INSTRUMENTO. A\u00c7\u00c3O DE OBRIGA\u00c7\u00c3O DE FAZER. AUTORIZA\u00c7\u00c3O PARA REALIZA\u00c7\u00c3O DE EXAME DE RESSON\u00c2NCIA MAGN\u00c9TICA. PLANO COLETIVO DE SA\u00daDE. NEGATIVA DA OPERADORA. ALEGADA AUS\u00caNCIA DE REGULAMENTA\u00c7\u00c3O. DECIS\u00c3O QUE INDEFERE CONCESS\u00c3O DE LIMINAR AO FUNDAMENTO DE AUS\u00caNCIA DE REGULAMENTA\u00c7\u00c3O E DE C\u00d3PIA DO CONTRATO NOS AUTOS. PRELIMINARES DE ILEGITIMIDADE PASSIVA E AUS\u00caNCIA DE INTERESSE PROCESSUAL ARGUIDA PELO ASSOCIA\u00c7\u00c3O CONTRATANTE A QUE EST\u00c1 VINCULADO O AGRAVANTE. ILEGITIMIDADE MANIFESTA. ACOLHIMENTO DA PRELIMINAR PARA, APLICANDO O EFEITO TRANSLATIVO, EXCLUIR A AGRAVADA DO PROCESSO, JULGANDO PREJUDICADA A SEGUNDA PRELIMINAR. PRELIMINAR DE ILEGITIMIDADE PASSIVA ARGUIDA PELA OPERADORA A QUEM O EXAME FOI SOLICITADO POR MEIO DE INTERC\u00c2MBIO. ILEGITIMIDADE CARACTERIZADA, TENDO EM VISTA N\u00c3O SER ELA SUJEITO PASSIVO DA OBRIGA\u00c7\u00c3O PERQUERIDA, APLICANDO-SE O EFEITO TRANSLATIVO, PARA EXCLU\u00cd-LA DO PROCESSO. M\u00c9RITO. EXAME SOLICITADO POR M\u00c9DICO ASSISTENTE CREDENCIADO, PARA FINS DE ELABORA\u00c7\u00c3O DE DIAGN\u00d3STICO. COMPROVA\u00c7\u00c3O DA CONDI\u00c7\u00c3O DE USU\u00c1RIO POR MEIO DA C\u00d3PIA DO CART\u00c3O DE ATENDIMENTO. ABUSIVIDADE DA NEGATIVA. APLICA\u00c7\u00c3O DO C\u00d3DIGO DE DEFESA DO CONSUMIDOR. PRECEDENTES DO STJ. PROVIMENTO DO AGRAVO.\u00a0<\/b><\/p>\n<ol>\n<li><span style=\"font-weight: 400;\"> A \u201crecusa indevida, pela operadora de plano de sa\u00fade, da cobertura financeira do tratamento m\u00e9dico do benefici\u00e1rio. Ainda que admitida a possibilidade de previs\u00e3o de cl\u00e1usulas limitativas dos direitos do consumidor (desde que escritas com destaque, permitindo imediata e f\u00e1cil compreens\u00e3o), revela-se abusivo o preceito do contrato de plano de sa\u00fade excludente do custeio dos meios e materiais necess\u00e1rios ao melhor desempenho do tratamento clinico ou do procedimento cir\u00fargico coberto ou de interna\u00e7\u00e3o hospitalar\u201d (stj. Agravo regimental no Recurso Especial AGRG no RESP 1450673 PB 2014\/0093555-3 (stj) ) 2. A associa\u00e7\u00e3o que firmou o contrato de presta\u00e7\u00e3o de servi\u00e7os m\u00e9dicos em favor dos associados n\u00e3o \u00e9 parte leg\u00edtima para figurar no polo passivo em a\u00e7\u00e3o de obriga\u00e7\u00e3o de fazer consubstanciada em autoriza\u00e7\u00e3o de realiza\u00e7\u00e3o de exame negado pela operadora do plano de sa\u00fade. 3. A operadora do plano de sa\u00fade que mediante interc\u00e2mbio se nega a realizar exames m\u00e9dicos, tendo em vista a negativa de autoriza\u00e7\u00e3o da operadora a que est\u00e1 vinculado o segurado, n\u00e3o \u00e9 parte leg\u00edtima para figurar no polo passivo de a\u00e7\u00e3o que visa obrigar a operadora prestadora do servi\u00e7o m\u00e9dico a autorizar o exame. (TJPB; AI 0002166-89.2015.815.0000; Quarta C\u00e2mara Especializada C\u00edvel; Rel. Des. Romero Marcelo da Fonseca Oliveira; DJPB 01\/03\/2016; P\u00e1g. 12)<\/span><\/li>\n<\/ol>\n<p>&nbsp;<\/p>\n<p><b>III &#8211; DO PEDIDO DE TUTELA PROVIS\u00d3RIA DE URG\u00caNCIA\u00a0<\/b><\/p>\n<p>&nbsp;<\/p>\n<p><span style=\"font-weight: 400;\">Diante dos fatos narrados, <\/span><b>bem caracterizada a urg\u00eancia da realiza\u00e7\u00e3o do ato cir\u00fargico requisitado pelo m\u00e9dico do Requerente<\/b><span style=\"font-weight: 400;\">, credenciado junto ao Plano de Sa\u00fade X, especialmente tendo em vista se tratar de <\/span><b>paciente com risco<\/b><span style=\"font-weight: 400;\"> em face do exame negado. Por esse norte, n\u00e3o resta outra alternativa sen\u00e3o requerer \u00e0 antecipa\u00e7\u00e3o provis\u00f3ria da tutela preconizada em lei.\u00a0<\/span><\/p>\n<p>&nbsp;<\/p>\n<p><span style=\"font-weight: 400;\">No que concerne \u00e0 tutela, especialmente para que a Requerida seja compelida a autorizar a realiza\u00e7\u00e3o do exame\u00a0 buscado e arcar com as suas despesas, justifica-se a pretens\u00e3o pelo <\/span><i><span style=\"font-weight: 400;\">princ\u00edpio da necessidade<\/span><\/i><span style=\"font-weight: 400;\">.<\/span><\/p>\n<p><span style=\"font-weight: 400;\">\u00a0<\/span> <span style=\"font-weight: 400;\">O C\u00f3digo de Processo Civil autoriza o Juiz conceder a tutela de urg\u00eancia quando \u201c<\/span><i><span style=\"font-weight: 400;\">probabilidade do direito<\/span><\/i><span style=\"font-weight: 400;\">\u201d e o \u201c<\/span><i><span style=\"font-weight: 400;\">perigo de dano ou o risco ao resultado \u00fatil do processo\u201d<\/span><\/i><span style=\"font-weight: 400;\">:<\/span><\/p>\n<p>&nbsp;<\/p>\n<p><span style=\"font-weight: 400;\">\u00a0Art. 300 &#8211; A tutela de urg\u00eancia ser\u00e1 concedida quando houver elementos que evidenciem a probabilidade do direito e o perigo de dano ou o risco ao resultado \u00fatil do processo.<\/span><\/p>\n<p>&nbsp;<\/p>\n<p><span style=\"font-weight: 400;\">\u00a0\u00a0<\/span> <span style=\"font-weight: 400;\">No presente caso, est\u00e3o presentes os requisitos e pressupostos para a concess\u00e3o da tutela requerida, existindo <\/span><i><span style=\"font-weight: 400;\">verossimilhan\u00e7a das alega\u00e7\u00f5es<\/span><\/i><span style=\"font-weight: 400;\">, al\u00e9m de <\/span><i><span style=\"font-weight: 400;\">fundado receio de dano irrepar\u00e1vel ou de dif\u00edcil repara\u00e7\u00e3o<\/span><\/i><span style=\"font-weight: 400;\">, mormente no tocante \u00e0 necessidade de o requerente ter o amparo do plano de sa\u00fade contratado.<\/span><\/p>\n<p>&nbsp;<\/p>\n<p><span style=\"font-weight: 400;\">O <\/span><b><i>fumus boni j\u00faris<\/i><\/b><span style=\"font-weight: 400;\"> se caracteriza pela pr\u00f3pria requisi\u00e7\u00e3o do exame prescrito efetuada por m\u00e9dico cadastrado junto \u00e0 Requerida. Referido evidencia o car\u00e1ter <\/span><b>indispens\u00e1vel do exame<\/b><span style=\"font-weight: 400;\">, sua <\/span><b>necessidade<\/b><span style=\"font-weight: 400;\"> e <\/span><b>urg\u00eancia<\/b><span style=\"font-weight: 400;\"> para possibilitar o diagn\u00f3stico da doen\u00e7a que acomete a Requerente.\u00a0<\/span><\/p>\n<p>&nbsp;<\/p>\n<p><span style=\"font-weight: 400;\">\u00a0<\/span> <span style=\"font-weight: 400;\">Evidenciado igualmente se encontra o <\/span><b><i>periculum in mora<\/i><\/b><span style=\"font-weight: 400;\">, eis que a demora na consecu\u00e7\u00e3o do exame necess\u00e1rio, objeto da lide, certamente acarretar\u00e1 um agravamento da doen\u00e7a ainda n\u00e3o diagnosticada. Obviamente isso p\u00f5e em risco a pr\u00f3pria vida da Requerente, levando-se em conta a sua idade, e que o diagn\u00f3stico tardio de uma mol\u00e9stia pode obviamente causar <\/span><span style=\"font-weight: 400;\">dano irrepar\u00e1vel<\/span><span style=\"font-weight: 400;\">, ante \u00e0 natureza do bem jur\u00eddico que se pretende preservar &#8212; a sa\u00fade &#8211;, e, em \u00faltima an\u00e1lise, a vida.<\/span><\/p>\n<p>&nbsp;<\/p>\n<p><span style=\"font-weight: 400;\">\u00a0A <\/span><b>reversibilidade da medida<\/b><span style=\"font-weight: 400;\"> tamb\u00e9m \u00e9 evidente, uma vez que a requerida, se vencedora na lide, poder\u00e1 se ressarcir dos gastos que efetuou, mediante a\u00e7\u00e3o de cobran\u00e7a pr\u00f3pria.<\/span><\/p>\n<p>&nbsp;<\/p>\n<p><span style=\"font-weight: 400;\">\u00a0<\/span> <span style=\"font-weight: 400;\">Desse modo, \u00e0 guisa de sumariedade de cogni\u00e7\u00e3o, os elementos indicativos de ilegalidades contido na prova ora imersa traz \u00e0 tona circunst\u00e2ncias de que <\/span><span style=\"font-weight: 400;\">o direito muito provavelmente existe<\/span><span style=\"font-weight: 400;\">.<\/span><\/p>\n<p>&nbsp;<\/p>\n<p><span style=\"font-weight: 400;\">\u00a0<\/span> <span style=\"font-weight: 400;\">Acerca do tema do tema em esp\u00e9cie, \u00e9 do magist\u00e9rio de <\/span><b>Jos\u00e9 Miguel Garcia Medina <\/b><span style=\"font-weight: 400;\">as seguintes linhas:<\/span><\/p>\n<p>&nbsp;<\/p>\n<p><span style=\"font-weight: 400;\">\u201c. . . sob outro ponto de vista, contudo, essa probabilidade \u00e9 vista como requisito, no sentido de que a parte deve demonstrar, <\/span><i><span style=\"font-weight: 400;\">no m\u00ednimo<\/span><\/i><span style=\"font-weight: 400;\">, que o direito afirmado \u00e9 prov\u00e1vel (e mais se exigir\u00e1, no sentido de se demonstrar que tal direito muito provavelmente existe, quanto menor for o grau de <\/span><i><span style=\"font-weight: 400;\">periculum<\/span><\/i><span style=\"font-weight: 400;\">. \u201c (MEDINA, Jos\u00e9 Miguel Garcia. <\/span><i><span style=\"font-weight: 400;\">Novo c\u00f3digo de processo civil comentado &#8230;<\/span><\/i><span style=\"font-weight: 400;\"> \u2013 S\u00e3o Paulo: RT, 2015, p. 472)<\/span><\/p>\n<p><span style=\"font-weight: 400;\">(it\u00e1licos do texto original)<\/span><\/p>\n<p>&nbsp;<\/p>\n<p><span style=\"font-weight: 400;\">\u00a0<\/span> <span style=\"font-weight: 400;\">Com esse mesmo enfoque, sustenta <\/span><b>N\u00e9lson Nery J\u00fanior, <\/b><span style=\"font-weight: 400;\">delimitando compara\u00e7\u00f5es acerca da \u201cprobabilidade de direito\u201d e o \u201c<\/span><i><span style=\"font-weight: 400;\">fumus boni iuris<\/span><\/i><span style=\"font-weight: 400;\">\u201d, esse professa, <\/span><i><span style=\"font-weight: 400;\">in verbis<\/span><\/i><span style=\"font-weight: 400;\">:<\/span><\/p>\n<p>&nbsp;<\/p>\n<p><span style=\"font-weight: 400;\">\u201c4. Requisitos para a concess\u00e3o da tutela de urg\u00eancia: <\/span><i><span style=\"font-weight: 400;\">fumus boni iuris: <\/span><\/i><span style=\"font-weight: 400;\">Tamb\u00e9m \u00e9 preciso que a parte comprove a exist\u00eancia da plausibilidade do direito por ela afirmado (<\/span><i><span style=\"font-weight: 400;\">fumus boni <\/span><\/i><span style=\"font-weight: 400;\">iuris). Assim, a tutela de urg\u00eancia visa assegurar a <\/span><i><span style=\"font-weight: 400;\">efic\u00e1cia <\/span><\/i><span style=\"font-weight: 400;\">do processo de conhecimento ou do processo de execu\u00e7\u00e3o&#8230;\u201d (NERY J\u00daNIOR, N\u00e9lson. <\/span><i><span style=\"font-weight: 400;\">Coment\u00e1rios ao c\u00f3digo de processo civil. <\/span><\/i><span style=\"font-weight: 400;\">\u2013 S\u00e3o Paulo: RT, 2015, p. 857-858)<\/span><\/p>\n<p><span style=\"font-weight: 400;\">(destaques do autor)<\/span><\/p>\n<p>&nbsp;<\/p>\n<p><span style=\"font-weight: 400;\">\u00a0\u00a0<\/span> <span style=\"font-weight: 400;\">Em face dessas circunst\u00e2ncias jur\u00eddicas, <\/span><b>faz-se necess\u00e1ria a concess\u00e3o da tutela de urg\u00eancia antecipat\u00f3ria<\/b><span style=\"font-weight: 400;\">, o que tamb\u00e9m sustentamos \u00e0 luz dos ensinamentos de <\/span><b>Tereza Arruda Alvim Wambier<\/b><span style=\"font-weight: 400;\">:<\/span><\/p>\n<p>&nbsp;<\/p>\n<p><span style=\"font-weight: 400;\">&#8220;O ju\u00edzo de plausibilidade ou de probabilidade \u2013 que envolvem dose significativa de subjetividade \u2013 ficam, ao nosso ver, num segundo plano, dependendo do periculum evidenciado. Mesmo em situa\u00e7\u00f5es que o magistrado n\u00e3o vislumbre uma maior probabilidade do direito invocado, dependendo do bem em jogo e da urg\u00eancia demonstrada (princ\u00edpio da proporcionalidade), dever\u00e1 ser deferida a tutela de urg\u00eancia, mesmo que satisfativa. \u201c (Wambier, Teresa Arruda Alvim &#8230; [et tal]. \u2013 S\u00e3o Paulo: RT, 2015, p. 499)<\/span><\/p>\n<p>&nbsp;<\/p>\n<p><span style=\"font-weight: 400;\">\u00a0<\/span><\/p>\n<p><span style=\"font-weight: 400;\">Diante disso, <\/span><b>a Autora <\/b><b>vem pleitear<\/b><b>, sem a oitiva pr\u00e9via da parte contr\u00e1ria (CPC, art. 9<\/b><b>\u00ba<\/b><b>, par\u00e1grafo \u00fanico, inc. I, art. 300, \u00a7 2\u00ba c\/c CDC, art. 84, <\/b><b>\u00a7<\/b><b> 3<\/b><b>\u00ba<\/b><b>), independente de cau\u00e7\u00e3o (CPC, art. 300, \u00a7 1\u00ba),\u00a0 <\/b><b>tutela de urg\u00eancia antecipat\u00f3ria<\/b><b> no sentido de<\/b><span style=\"font-weight: 400;\">:<\/span><\/p>\n<p>&nbsp;<\/p>\n<ol>\n<li><b>a) Seja deferida tutela provis\u00f3ria inibit\u00f3ria positiva de obriga\u00e7\u00e3o de fazer (CPC, art. 497 c\/c art. 537), no sentido de que a R\u00e9, <\/b><b>de imediato<\/b><b>, autorize e\/ou custeie o exame de resson\u00e2ncia magn\u00e9tica descrito nesta pe\u00e7a inicial, sob pena de imposi\u00e7\u00e3o de multa di\u00e1ria de R$ 1.000,00 (mil reais), determinando-se, igualmente, que o meirinho cumpra o presente mandado em car\u00e1ter de urg\u00eancia;<\/b><\/li>\n<\/ol>\n<p>&nbsp;<\/p>\n<ol>\n<li><b>b) ainda com o prop\u00f3sito de viabilizar o cumprimento urg\u00eancia da tutela em li\u00e7a, a Autora pede que Vossa Excel\u00eancia inste a parte adversa, no mesmo sentido acima, dessa feita por interm\u00e9dio de comunica\u00e7\u00e3o eletr\u00f4nica e\/ou fax ou, ainda, por meio de liga\u00e7\u00e3o telef\u00f4nica e certificada pelo senhor Diretor de Secretaria desta Vara (CPC, art. 297, <\/b><b><i>caput<\/i><\/b><b>).<\/b><\/li>\n<\/ol>\n<p>&nbsp;<\/p>\n<p><b>IV &#8211; DA REPARA\u00c7\u00c3O DE DANOS<\/b><\/p>\n<p>&nbsp;<\/p>\n<p><span style=\"font-weight: 400;\">\u00a0<\/span> <span style=\"font-weight: 400;\">A R\u00e9, de outro contexto, deve ser condenada a reparar os danos sofridos pela Autora. A mesma fora tomada de angustia ao saber que o exame n\u00e3o seria realizado, em face da absurda negativa sob pretenso respaldo em cl\u00e1usula contratual. Como se observa do laudo fornecido pelo m\u00e9dico, a paciente (ora Autora) se encontra com reclama\u00e7\u00e3o de dores insuport\u00e1veis. Isso vem tornando a Promovente extremamente nervosa com sua situa\u00e7\u00e3o de grave risco de vida, tudo por conta da absurda e negligente recusa.\u00a0\u00a0<\/span><\/p>\n<p>&nbsp;<\/p>\n<p><span style=\"font-weight: 400;\">\u00a0<\/span> <span style=\"font-weight: 400;\">N\u00e3o percamos de vista o que, nesse contexto, disciplina o C\u00f3digo Civil:<\/span><\/p>\n<p>&nbsp;<\/p>\n<p><b>C\u00d3DIGO CIVIL<\/b><\/p>\n<p><span style=\"font-weight: 400;\">Art. 187 \u2013 Tamb\u00e9m comete ato il\u00edcito o titular de um direito que, ao exerc\u00ea-lo, excede manifestamente os limites impostos pelo seu fim econ\u00f4mico ou social, pela boa-f\u00e9 ou pelos bons costumes.\u00a0<\/span><\/p>\n<p>&nbsp;<\/p>\n<p><b>IV \u2013 PEDIDOS e REQUERIMENTOS\u00a0<\/b><\/p>\n<p>&nbsp;<\/p>\n<p><span style=\"font-weight: 400;\">\u00a0<\/span> <span style=\"font-weight: 400;\">Diante do que foi exposto, pleiteia a Autora que Vossa Excel\u00eancia defira os seguintes pedidos e requerimentos:<\/span><\/p>\n<p>&nbsp;<\/p>\n<p><b>4.1. Requerimentos\u00a0<\/b><\/p>\n<p>&nbsp;<\/p>\n<ol>\n<li><b>a) A parte Promovente <\/b><b>opta pela realiza\u00e7\u00e3o de audi\u00eancia conciliat\u00f3ria<\/b><b> (CPC, art. 319, inc. VII), raz\u00e3o qual requer a cita\u00e7\u00e3o da Promovida, por carta (CPC, art. 247, <\/b><b><i>caput<\/i><\/b><b>) para comparecer \u00e0 audi\u00eancia designada para essa finalidade (CPC, art. 334, <\/b><b><i>caput<\/i><\/b><b> c\/c \u00a7 5\u00ba), <\/b><b>antes, por\u00e9m, avaliando-se o pleito de tutela de urg\u00eancia almejada<\/b><b>;<\/b><\/li>\n<\/ol>\n<p>&nbsp;<\/p>\n<ol>\n<li><b>b) requer, ademais, seja deferida a invers\u00e3o do \u00f4nus da prova, maiormente quando a hip\u00f3tese em estudo \u00e9 abrangida pelo CDC, bem assim a concess\u00e3o dos benef\u00edcios da Justi\u00e7a Gratuita e a prioridade no andamento do processo.<\/b><\/li>\n<\/ol>\n<p>&nbsp;<\/p>\n<p><b>4.2. Pedidos\u00a0<\/b><\/p>\n<p>&nbsp;<\/p>\n<ol>\n<li><b>a) pede, mais, sejam JULGADOS PROCEDENTES todos os pedidos formulados nesta demanda, declarando nulas todas as cl\u00e1usulas contratuais que prevejam a exclus\u00e3o do exame de resson\u00e2ncia magn\u00e9tica, tornando definitiva a tutela provis\u00f3ria antes concedida e, al\u00e9m disso:<\/b><\/li>\n<\/ol>\n<p>&nbsp;<\/p>\n<p><b>( i )\u00a0 solicita que a requerida seja condenada, por definitivo, a custear e\/ou autorizar a realiza\u00e7\u00e3o do exame de resson\u00e2ncia magn\u00e9ticas, na quantidade que o m\u00e9dico indicar como necess\u00e1ria;<\/b><\/p>\n<p>&nbsp;<\/p>\n<p><b>( ii )\u00a0 em caso de descumprimento da decis\u00e3o anterior, pede-se a imputa\u00e7\u00e3o ao pagamento de multa di\u00e1ria de R$ 1.000,00 (mil reais);<\/b><\/p>\n<p>&nbsp;<\/p>\n<p><b>( iii ) pleiteia a condena\u00e7\u00e3o da R\u00e9 a pagar, a t\u00edtulo de repara\u00e7\u00e3o de danos morais, o valor de R$ 10.000,00 (dez mil reais);<\/b><\/p>\n<p>&nbsp;<\/p>\n<p><b>( iv ) pleiteia que seja definida, por senten\u00e7a, a extens\u00e3o da obriga\u00e7\u00e3o condenat\u00f3ria, o \u00edndice de corre\u00e7\u00e3o monet\u00e1ria e seu termo inicial, os juros morat\u00f3rios e seu prazo inicial (CPC, art. 491, <\/b><b><i>caput<\/i><\/b><b>);<\/b><\/p>\n<p>&nbsp;<\/p>\n<p><span style=\"font-weight: 400;\">S\u00famula 43 do STJ \u2013 Incide corre\u00e7\u00e3o monet\u00e1ria sobre d\u00edvida por ato il\u00edcito a partir da data do efetivo preju\u00edzo.<\/span><\/p>\n<p><span style=\"font-weight: 400;\">S\u00famula 54 do STJ \u2013 Os juros morat\u00f3rios fluem a partir do evento danoso, em caso de responsabilidade extracontratual.\u00a0<\/span><\/p>\n<p>&nbsp;<\/p>\n<ol>\n<li><b><\/b> <b>b) por fim, seja a R\u00e9 condenada em custas e honor\u00e1rios advocat\u00edcios, esses arbitrados em 20%(vinte por cento) sobre o valor da condena\u00e7\u00e3o (CPC, art. 82, \u00a7 2\u00ba, art. 85 c\/c art. 322, \u00a7 1\u00ba), al\u00e9m de outras eventuais despesas no processo (CPC, art. 84).<\/b><\/li>\n<\/ol>\n<p>&nbsp;<\/p>\n<p><span style=\"font-weight: 400;\">\u00a0<\/span> <span style=\"font-weight: 400;\">Com a invers\u00e3o do \u00f4nus da prova, face \u00e0 hipossufici\u00eancia t\u00e9cnica do Autor frente \u00e0 Requerida (CDC, art. 6\u00ba, inciso VIII), protesta e requer a produ\u00e7\u00e3o de provas admiss\u00edveis \u00e0 esp\u00e9cie, em especial a oitiva do representante legal da requerida e de testemunhas, bem como per\u00edcia, se o caso assim o requerer.<\/span><\/p>\n<p>&nbsp;<\/p>\n<p><span style=\"font-weight: 400;\">\u00a0<\/span> <span style=\"font-weight: 400;\">D\u00e1-se \u00e0 causa o valor da pretens\u00e3o condenat\u00f3ria de R$ 10.000,00 (dez mil reais). (<\/span><b>CPC, art. 292, inc. V<\/b><span style=\"font-weight: 400;\">)<\/span><\/p>\n<p><span style=\"font-weight: 400;\">\u00a0<\/span> <span style=\"font-weight: 400;\">Respeitosamente, pede deferimento.<\/span><\/p>\n<p>&nbsp;<\/p>\n<p><span style=\"font-weight: 400;\">Cidade, 00 de abril do ano de 0000.<\/span><\/p>\n<p>&nbsp;<\/p>\n<p><span style=\"font-weight: 400;\">\u00a0 \u00a0 \u00a0 \u00a0 \u00a0 \u00a0 \u00a0 \u00a0 \u00a0 \u00a0 \u00a0 \u00a0 \u00a0 \u00a0 \u00a0 \u00a0 \u00a0 <\/span><b>Fulano de Tal<\/b><\/p>\n<p><span style=\"font-weight: 400;\">\u00a0\u00a0<\/span> <span style=\"font-weight: 400;\"> \u00a0 \u00a0 \u00a0 \u00a0 Advogado &#8211; OAB(CE) 112233<\/span><\/p>\n<p><span style=\"font-weight: 400;\">\u00a0\u00a0\u00a0\u00a0\u00a0\u00a0\u00a0\u00a0\u00a0\u00a0<\/span><\/p>\n","protected":false},"featured_media":0,"parent":0,"menu_order":0,"template":"","meta":{"content-type":""},"categoria-modelo":[144],"class_list":["post-2454","modelos-de-peticao","type-modelos-de-peticao","status-publish","hentry","categoria-modelo-consumidor"],"_links":{"self":[{"href":"https:\/\/easyjur.com\/blog\/wp-json\/wp\/v2\/modelos-de-peticao\/2454","targetHints":{"allow":["GET"]}}],"collection":[{"href":"https:\/\/easyjur.com\/blog\/wp-json\/wp\/v2\/modelos-de-peticao"}],"about":[{"href":"https:\/\/easyjur.com\/blog\/wp-json\/wp\/v2\/types\/modelos-de-peticao"}],"wp:attachment":[{"href":"https:\/\/easyjur.com\/blog\/wp-json\/wp\/v2\/media?parent=2454"}],"wp:term":[{"taxonomy":"categoria-modelo","embeddable":true,"href":"https:\/\/easyjur.com\/blog\/wp-json\/wp\/v2\/categoria-modelo?post=2454"}],"curies":[{"name":"wp","href":"https:\/\/api.w.org\/{rel}","templated":true}]}}