{"id":21901,"date":"2023-07-14T19:32:33","date_gmt":"2023-07-14T19:32:33","guid":{"rendered":"https:\/\/easyjur.com\/blog\/?post_type=modelos-de-peticao&#038;p=3650"},"modified":"2023-07-14T19:32:33","modified_gmt":"2023-07-14T19:32:33","slug":"acao-indenizatoria-por-danos-morais-restricao-indevida-ao-nome","status":"publish","type":"modelos-de-peticao","link":"https:\/\/easyjur.com\/blog\/modelos-de-peticao\/acao-indenizatoria-por-danos-morais-restricao-indevida-ao-nome\/","title":{"rendered":"[MODELO] &#8220;A\u00e7\u00e3o Indenizat\u00f3ria por Danos Morais  &#8211;  Restri\u00e7\u00e3o Indevida ao Nome&#8221;"},"content":{"rendered":"<p><strong>EXCELENT\u00cdSSIMO SENHOR DOUTOR JUIZ DE DIREITO DO JUIZADO ESPECIAL C\u00cdVEL DO FORO &#8230;&#8230;&#8230;&#8230;&#8230;&#8230;&#8230;&#8230;..<\/strong><\/p>\n<p>&#8230;&#8230;&#8230;&#8230;&#8230;&#8230;&#8230;&#8230;&#8230; (nome completo), &#8230;&#8230;&#8230;&#8230; (nacionalidade), &#8230;&#8230;&#8230;&#8230;.. (estado civil), &#8230;&#8230;&#8230;&#8230;&#8230;. (profiss\u00e3o), portador da c\u00e9dula de identidade RG n<sup>o<\/sup> &#8230;&#8230;&#8230;&#8230;&#8230;., inscrito no CPF\/MF sob n<sup>o<\/sup> &#8230;&#8230;&#8230;&#8230;., residente na&#8230;&#8230;&#8230;&#8230;&#8230;&#8230;&#8230; (endere\u00e7o completo: rua [av.] &#8230;&#8230;&#8230;., n<sup>o<\/sup> &#8230;.., complemento &#8230;&#8230;&#8230;, bairro &#8230;&#8230;&#8230;.., cidade &#8230;&#8230;&#8230;, CEP&#8230;&#8230;&#8230;, UF&#8230;&#8230;..), por seu Advogado constitu\u00eddo nos termos do incluso instrumento de mandato (doc&#8230;.) e ao final assinado, com escrit\u00f3rio profissional na &#8230;&#8230;&#8230;&#8230;&#8230;. (endere\u00e7o completo: rua [av.] &#8230;&#8230;&#8230;, n<sup>o<\/sup> &#8230;&#8230;.., complemento &#8230;&#8230;.., bairro &#8230;&#8230;., cidade &#8230;&#8230;.., CEP&#8230;&#8230;, UF &#8230;&#8230;.), vem respeitosamente \u00e0 honrosa presen\u00e7a de Vossa Excel\u00eancia, com fulcro na Lei n\u00ba 9.099\/95, promover a presente <\/p>\n<p><strong>RECLAMA\u00c7\u00c3O<\/strong><\/p>\n<p>em face de &#8230;&#8230;&#8230;&#8230;&#8230;&#8230;&#8230;..(raz\u00e3o social), pessoa jur\u00eddica de direito privado, inscrita no CNPJ\/MF (ou CGC\/MF) sob n\u00ba &#8230;&#8230;&#8230;&#8230;&#8230;&#8230;, com sede na &#8230;&#8230;&#8230;&#8230;&#8230;&#8230;&#8230;&#8230;&#8230;.. (endere\u00e7o completo: rua [av.]&#8230;&#8230;&#8230;&#8230;, n<sup>o<\/sup> &#8230;&#8230;.., complemento &#8230;&#8230;.., bairro&#8230;&#8230;., cidade&#8230;&#8230;, CEP&#8230;&#8230;., UF&#8230;&#8230;.), pelos motivos de fato e de direito que abaixo exp\u00f5e:<\/p>\n<h1>I \u2013 DOS FATOS<\/h1>\n<p>No dia &#8230;&#8230;.., do m\u00eas de &#8230;&#8230;&#8230;.. do ano de &#8230;&#8230;&#8230;&#8230;.., a Requerente adquiriu da Requerida &#8230;&#8230;&#8230;&#8230;&#8230;&#8230;&#8230; (mencionar o objeto da compra).<\/p>\n<p>O pagamento fora feito em &#8230;&#8230;. (&#8230;&#8230;.) parcelas mensais e sucessivas de R$ &#8230;&#8230;&#8230;&#8230;. (valor por extenso), conforme nota fiscal anexa e carn\u00ea de pagamento (doc&#8230;..).<\/p>\n<p>A \u00faltima parcela, vencida em &#8230;&#8230;&#8230;.. (dia, m\u00eas e ano) fora devidamente quitada, conforme comprovante em anexo (doc&#8230;).<\/p>\n<p>Alguns meses depois, a Requerente foi \u00e0 outra loja, escolheu produtos para comprar e soube que constava restri\u00e7\u00e3o a seu nome, motivo pelo qual o seu cadastro foi reprovado, impossibilitando-a de efetuar compras a prazo.<\/p>\n<p>A Requerente teve que deixar os produtos, inclusive um deles seria presente de anivers\u00e1rio de seu marido, diante de v\u00e1rios compradores que estavam na loja pr\u00f3ximos ao caixa, onde os produtos seriam passados para tirar a nota fiscal.<\/p>\n<p>Em raz\u00e3o da conduta da requerida, a Requerente foi constrangida moralmente, pois, apesar de cumprir rigorosamente a obriga\u00e7\u00e3o assumida, seu nome foi indevidamente lan\u00e7ado no rol de maus pagadores.<\/p>\n<p>Surpreendentemente a Requerente teve seu nome lan\u00e7ado no Servi\u00e7o de Prote\u00e7\u00e3o ao Cr\u00e9dito \u2013 SPC, sem qualquer notifica\u00e7\u00e3o anterior.<\/p>\n<p>Portanto, \u00e9 a presente para reparar os danos sofridos, configurados como dano moral, nos moldes da Lei n\u00ba 9.099\/95, por meio da indeniza\u00e7\u00e3o que requer seja fixada no valor de 40 (quarenta) sal\u00e1rios m\u00ednimos.<\/p>\n<h1>II \u2013 DO PEDIDO<\/h1>\n<p>Diante do exposto e demonstrado, requer a cita\u00e7\u00e3o da Requerida no endere\u00e7o declinado na inicial, para audi\u00eancia conciliat\u00f3ria ou que, querendo, no prazo legal apresente defesa, se tiver, sob pena de confiss\u00e3o e revelia, julgando-se a lide antecipadamente.<\/p>\n<p>Requer que a presente demanda seja julgada PROCEDENTE com a condena\u00e7\u00e3o da Requerida na indeniza\u00e7\u00e3o equivalente a 40 (quarenta) sal\u00e1rios m\u00ednimos vigentes \u00e0 data do efetivo pagamento como tamb\u00e9m na sucumb\u00eancia.<\/p>\n<p>Requer provar o alegado por todos os meios de provas em direito admitidas, especialmente pelo depoimento pessoal do Requerido, juntada de documentos, oitiva de testemunhas que ser\u00e3o arroladas no momento oportuno, expedi\u00e7\u00e3o de of\u00edcios e precat\u00f3rias, vistorias e per\u00edcias, bem como demais provas que se fizerem necess\u00e1rias.<\/p>\n<p>\u00c0 presente d\u00e1-se o valor de R$ &#8230;&#8230;&#8230;&#8230; (40 sal\u00e1rios m\u00ednimos \u2013 valor por extenso) para todos os efeitos legais.<\/p>\n<p>Nestes temos,<\/p>\n<p>Pede Deferimento.<\/p>\n<p>&#8230;&#8230;&#8230;&#8230;&#8230;&#8230;., &#8230; de &#8230;&#8230;&#8230;&#8230;&#8230;.de &#8230;&#8230;&#8230;..<\/p>\n<p> (local e data)<\/p>\n<p><strong>&#8230;&#8230;&#8230;&#8230;&#8230;&#8230;&#8230;&#8230;&#8230;&#8230;&#8230;&#8230;<\/strong><\/p>\n<p>Advogado (nome)<\/p>\n<p>OAB\/ &#8230;&#8230;&#8230;&#8230;&#8230;&#8230;&#8230;..<\/p>\n<p>(Obs. O Requerente denomina a a\u00e7\u00e3o como RECLAMA\u00c7\u00c3O uma vez que proposta perante o juizado especial, por\u00e9m poder receber o nome de a\u00e7\u00e3o indenizat\u00f3ria).<\/p>\n","protected":false},"featured_media":0,"parent":0,"menu_order":0,"template":"","meta":{"content-type":""},"categoria-modelo":[528],"class_list":["post-21901","modelos-de-peticao","type-modelos-de-peticao","status-publish","hentry","categoria-modelo-kit-peticoes-diversas"],"_links":{"self":[{"href":"https:\/\/easyjur.com\/blog\/wp-json\/wp\/v2\/modelos-de-peticao\/21901","targetHints":{"allow":["GET"]}}],"collection":[{"href":"https:\/\/easyjur.com\/blog\/wp-json\/wp\/v2\/modelos-de-peticao"}],"about":[{"href":"https:\/\/easyjur.com\/blog\/wp-json\/wp\/v2\/types\/modelos-de-peticao"}],"wp:attachment":[{"href":"https:\/\/easyjur.com\/blog\/wp-json\/wp\/v2\/media?parent=21901"}],"wp:term":[{"taxonomy":"categoria-modelo","embeddable":true,"href":"https:\/\/easyjur.com\/blog\/wp-json\/wp\/v2\/categoria-modelo?post=21901"}],"curies":[{"name":"wp","href":"https:\/\/api.w.org\/{rel}","templated":true}]}}