{"id":15705,"date":"2023-07-14T15:11:48","date_gmt":"2023-07-14T15:11:48","guid":{"rendered":"https:\/\/easyjur.com\/blog\/?post_type=modelos-de-peticao&#038;p=3650"},"modified":"2023-07-14T15:11:48","modified_gmt":"2023-07-14T15:11:48","slug":"recurso-inominado-concessao-de-beneficio-assistencial-por-incapacidade-psiquiatrica-e-miserabilidade-familiar","status":"publish","type":"modelos-de-peticao","link":"https:\/\/easyjur.com\/blog\/modelos-de-peticao\/recurso-inominado-concessao-de-beneficio-assistencial-por-incapacidade-psiquiatrica-e-miserabilidade-familiar\/","title":{"rendered":"[MODELO] RECURSO INOMINADO  &#8211;  Concess\u00e3o de benef\u00edcio assistencial por incapacidade psiqui\u00e1trica e miserabilidade familiar"},"content":{"rendered":"<p>EXCELENT\u00cdSSIMO(A) SENHOR(A) DOUTOR(A) JUIZ(A) FEDERAL DA X\u00aa VARA FEDERAL DA SUBSE\u00c7\u00c3O JUDICI\u00c1RIA DE CIDADE \u2013 UF<\/p>\n<p><strong>Processo n\u00ba: XXXXXXX-XX.XXXX.X.XX.XXXX\/UF<\/strong><\/p>\n<p><strong>NOME DA PARTE<\/strong>, j\u00e1 devidamente qualificada nos autos do presente processo, vem, respeitosamente, perante Vossa Excel\u00eancia, por meio de seus procuradores, inconformada com a senten\u00e7a proferida, interpor <strong>RECURSO INOMINADO<\/strong>,<strong> <\/strong>com fulcro no art. 513 e segs. do CPC, c\/c 42 da Lei 9.099\/95. Nessa conformidade, <strong>REQUER<\/strong> o recebimento do recurso, sendo remetidos os autos, com as raz\u00f5es recursais anexas, \u00e0 Egr\u00e9gia Turma Recursal, para que, ao final, seja dado provimento ao presente recurso. Deixa de juntar preparo por ser benefici\u00e1ria de AJG (evento XX).<\/p>\n<p><strong><em>Nesses Termos;<\/em><\/strong><\/p>\n<p><strong><em>Pede Deferimento.<\/em><\/strong><\/p>\n<p>______________,________de __________________de 20_______.<\/p>\n<p>NOME DO ADVOGADO<\/p>\n<p>OAB\/UF XX.XXX<\/p>\n<p><strong>RECURSO INOMINADO<\/strong><\/p>\n<p><strong>Recorrente  <\/strong>:    NOME DA PARTE<\/p>\n<p><strong>Recorrido     <\/strong>:    Instituto Nacional do Seguro Social<\/p>\n<p><strong>Processo n\u00ba <\/strong>:    XXXXXXX-XX.XXXX.X.XX.XXXX\/UF<\/p>\n<p><strong>Origem         <\/strong> :<strong>    <\/strong>X\u00aa Vara Federal de CIDADE \u2013 UF<\/p>\n<\/p>\n<p><strong>Colenda Turma<\/strong><\/p>\n<p><strong>                             Em\u00e9ritos Julgadores<\/strong><\/p>\n<p>A Autora, ora Recorrente, ajuizou o presente processo judicial postulando a concess\u00e3o do benef\u00edcio assistencial de presta\u00e7\u00e3o continuada, considerando que apresenta importantes patologias psiqui\u00e1tricas que a destituem da capacidade de desenvolvimento compat\u00edvel com a idade, prejudicando severamente sua inclus\u00e3o social e a possibilidade de vir a ter uma vida profissional quando da maioridade. <\/p>\n<p>Ainda, a fam\u00edlia da Recorrente vive em situa\u00e7\u00e3o de miserabilidade que exige a imediata interven\u00e7\u00e3o do Estado, por meio da Assist\u00eancia Social, para garantir os meios necess\u00e1rios \u00e0 vida digna da parte Autora.<\/p>\n<p>Entretanto, a despeito das provas realizadas no processo, tanto da miserabilidade familiar quanto da doen\u00e7a psiqui\u00e1trica incapacitante, a Exma. Magistrada Federal julgou a improced\u00eancia do pedido, entendendo que n\u00e3o restou configurada a incapacidade para a vida independente, de modo que n\u00e3o analisou o requisito socioecon\u00f4mico, por tal raz\u00e3o (prejudicado).<\/p>\n<p> Assim, n\u00e3o resta alternativa \u00e0 parte Autora, sen\u00e3o a interposi\u00e7\u00e3o do presente recurso, visando a reforma da senten\u00e7a de primeiro grau e o deferimento do pedido inaugural de concess\u00e3o do benef\u00edcio assistencial. <\/p>\n<p><strong>Raz\u00f5es Recursais<\/strong><\/p>\n<p><strong>Da incapacidade para a vida independente  \t\t\t\t\t   .<\/strong><\/p>\n<p>Quando da propositura do feito foi longamente exposto o quadro cl\u00ednico diagnosticado na parte Autora: se trata de uma menor que apresenta graves patologias psiqui\u00e1tricas, que a destituem completamente de uma vida saud\u00e1vel. Carece de vigil\u00e2ncia\/acompanhamento em tempo integral, face ao risco concreto de suic\u00eddio e automutila\u00e7\u00e3o. <\/p>\n<p>Por tal raz\u00e3o, a m\u00e3e da Recorrente teve que abandonar suas atividades laborais, diante da necessidade de acompanhar a filha, em decorr\u00eancia dos riscos acima mencionados.<\/p>\n<p>Foi juntado ao pedido inaugural (evento X \u2013 XXXXX), neste sentido, o atestado emitido pela pediatra Dra. XXXXXXXXX, CRM XX.XXX, em que a M\u00e9dica exp\u00f4s que a Recorrente \u00e9 vitimada por doen\u00e7a psiqui\u00e1trica (CID-10: F31.9), apresentando risco de suic\u00eddio e automutila\u00e7\u00e3o, estando em acompanhamento no servi\u00e7o de sa\u00fade municipal.<\/p>\n<p>Elaborada a per\u00edcia m\u00e9dica judicial, presente no evento XX do processo, foi diagnosticado <em>transtorno de conduta<\/em>, pelo psiquiatra Dr. XXXXXXXXXXXXXX.<\/p>\n<p>Exp\u00f4s a gravidade do caso, na <em>entrevista e descri\u00e7\u00e3o dos fatos<\/em>, de modo que se pode afirmar que, de fato, a Demandante apresenta grave preju\u00edzo em seu desenvolvimento intelectual e social. <\/p>\n<p>Com efeito, o m\u00e9dico exp\u00f4s que a Autora apresenta epis\u00f3dios de agressividade intensa, tanto em fam\u00edlia quanto na escola, apresentando desentendimento e embate com colegas. Apresenta dificuldade de controlar impulsos e empatizar com os outros. Quebra objetos, vai \u00e0 escola quando quer e contraria autoridades, sem respeitar regras. <\/p>\n<p>Diz que matou seu gato e se sentiu bem com isso, embora n\u00e3o o quisesse.<\/p>\n<p>Em resposta aos quesitos, o Perito entende que \u00e9 poss\u00edvel a disputa por vaga no mercado de trabalho, com estabiliza\u00e7\u00e3o e tratamento (principalmente psicoter\u00e1pico). <\/p>\n<p><strong>Questionado se a Recorrente necessita de cuidados especiais e permanentes por parte de membro da fam\u00edlia, respondeu que SIM, complementando que, sem acompanhamento psicol\u00f3gico e psiqui\u00e1trico, POSSUI GRANDES POSSIBILIDADES DE DEGENERA\u00c7\u00c3O E FORMA\u00c7\u00c3O DE CAR\u00c1TER ANTI-SOCIAL. Veja-se (evento XX):<\/strong><\/p>\n<p>(TRECHO PERTINENTE DO LAUDO M\u00c9DICO PERICIAL)<\/p>\n<p>Quando da an\u00e1lise das condi\u00e7\u00f5es m\u00e9dicas apresentadas pela Demandante, <em>data v\u00eania<\/em>, a Exma. Magistrada se dignou a referir apenas que (senten\u00e7a \u2013 evento XX):<\/p>\n<p>(TRECHO PERTINENTE DA SENTEN\u00c7A)<\/p>\n<p>\tEntretanto, tal julgamento se baseou exclusivamente na resposta aos quesitos relacionados (quesitos XX e XX do laudo \u2013 evento XX), ignorando todos os outros elementos apresentados no laudo m\u00e9dico judicial!<\/p>\n<p>O Perito deixou muito claro no t\u00f3pico da entrevista a gravidade do caso, havendo conduta desrespeitosa, autoagressiva e heteroagressiva, <strong>e que, principalmente, carece de cuidados especiais e permanentes por parte de familiares, bem como acompanhamento psicol\u00f3gico e psiqui\u00e1trico intensivos!<\/strong><\/p>\n<p>Ora, como bem referido quando da propositura do feito, e corroborado com o parecer do Perito Judicial, apenas o fato de que a Autora demanda acompanhamento integral de parentes j\u00e1 implica em uma importante consequ\u00eancia do seu estado cl\u00ednico, necessitando da interven\u00e7\u00e3o da Assist\u00eancia Social. <\/p>\n<p>Em se tratando de uma fam\u00edlia em estado de vulnerabilidade social, o que foi bem apontado no laudo social de evento XX, fotografias apresentadas no evento XX, a renda familiar \u00e9 \u00ednfima, e valores oriundos do trabalho da m\u00e3e da Recorrente seriam fundamentais para garantir o sustento familiar.<\/p>\n<p>Entretanto, <strong>o risco de suic\u00eddio e automutila\u00e7\u00e3o <\/strong>apresentado no quadro cl\u00ednico da Autora impossibilita que a Sra. XXXXXXXXXXX possa trabalhar, tendo que permanecer com a filha integralmente, ocasionando na situa\u00e7\u00e3o de abandono social vivenciada, exposta no laudo social.<\/p>\n<p>Assim, a an\u00e1lise do conjunto de situa\u00e7\u00f5es ocasionada pelo quadro cl\u00ednico da Autora (e n\u00e3o apenas a an\u00e1lise direta e singela da possibilidade de inser\u00e7\u00e3o no mercado de trabalho), permite afirmar que a doen\u00e7a apresentada imp\u00f5e grave preju\u00edzo n\u00e3o s\u00f3 para a Recorrente, como \u00e0 sua fam\u00edlia de um modo geral.<\/p>\n<p>Ademais, foi juntado aos autos o atestado emitido em <strong>17\/11\/2015<\/strong> pelo m\u00e9dico Dr. XXXXXXXXX, CRM XX.XXX, no qual o profissional relata que desde o dia <strong>05\/11\/2015<\/strong> a parte Autora encontrava-se internada no Hospital XXXXXXXXXXXX. <\/p>\n<p>Tal fato exp\u00f5e de forma ainda mais contundente a gravidade do quadro cl\u00ednico, sendo que a situa\u00e7\u00e3o m\u00e9dica da Autora tem se agravado, a ponto de exigir interna\u00e7\u00e3o hospitalar. <\/p>\n<p>\u00c9 not\u00f3rio o comprometimento m\u00e9dico apresentado, e sem melhor suporte financeiro fica ainda mais dif\u00edcil que haja adequado engajamento no tratamento m\u00e9dico, psicol\u00f3gico e psiqui\u00e1trico.<\/p>\n<p>Por tal raz\u00e3o, a interven\u00e7\u00e3o do Estado, por meio da Assist\u00eancia Social, se faz necess\u00e1ria, como meio de inclus\u00e3o social, na medida em que, n\u00e3o ocorrendo o eficaz tratamento (e ainda que realizado pelo sistema p\u00fablico de sa\u00fade \u00e9 <em>evidente<\/em> a necessidade de disp\u00eandio de valores de um modo geral), possivelmente o quadro cl\u00ednico da Autora se agrave culminando em definitiva incapacidade para a vida independente e para o trabalho.<\/p>\n<p>Sobre a quest\u00e3o, pertinente trazer \u00e0 baila trecho da senten\u00e7a do processo federal n.\u00ba 5008821-02.2014.4.04.7102\/RS, em que igualmente se discutia a possibilidade de concess\u00e3o do benef\u00edcio assistencial \u00e0 menor portada de limita\u00e7\u00e3o de sa\u00fade:<\/p>\n<p><em>\u201c<\/em><strong><em>Al\u00e9m disso, a autora possui 12 anos atualmente, vivenciando a pr\u00e9-adolesc\u00eancia, fase na qual as fei\u00e7\u00f5es f\u00edsicas e psicol\u00f3gicas s\u00e3o notadas, avaliadas e recha\u00e7adas quando afrontam a normalidade do grupo a que pertencem.<\/em><\/strong><\/p>\n<p><strong><em>Nessa faixa et\u00e1ria, em que a autora encontra-se em pleno desenvolvimento psicol\u00f3gico, acaba defrontando-se com uma forte discrimina\u00e7\u00e3o na escola<\/em><\/strong><em>, em face de severo preju\u00edzo est\u00e9tico, se considerado o padr\u00e3o estabelecido socialmente. Ademais, as m\u00e3os s\u00e3o partes do corpo constantemente expostas, utilizadas em praticamente todas as tarefas da rotina di\u00e1ria.<\/em><\/p>\n<p><strong><em>Nesse contexto, evidente que a autora \u00e9 extremamente estigmatizada em virtude de seu not\u00f3rio problema de sa\u00fade, enfrentando dificuldades imensas de inser\u00e7\u00e3o social. O estigma social \u00e9 uma forte desaprova\u00e7\u00e3o de caracter\u00edsticas ou cren\u00e7as pessoais contr\u00e1rias \u00e0s normas culturais e aos costumes pr\u00e9-estabelecidos, que frequentemente leva \u00e0 marginaliza\u00e7\u00e3o social.<\/em><\/strong><\/p>\n<p><em>Indubitavelmente, no caso da autora, a mol\u00e9stia, por si s\u00f3, gera um estigma social, j\u00e1 que a incapacidade transcende a limita\u00e7\u00e3o f\u00edsica e passa a repercutir na sua esfera social. <\/em><strong><em>Assim, \u00e9 presumido o \u00f3bice da requerente em promover o pr\u00f3prio sustento quando atingida a maioridade, considerando a discrimina\u00e7\u00e3o que esbarrar\u00e1 ao tentar se inserir no mercado de trabalho.<\/em><\/strong><\/p>\n<p><em>Saliento que \u00e9 dever do Estado assistir \u00e0queles que se encontrem em situa\u00e7\u00e3o de vulnerabilidade. Diante disso, o Decreto n\u00ba 6.214\/07, em seu artigo 4\u00ba, inciso II, conceitua pessoa com defici\u00eancia:<\/em><\/p>\n<p><em>&quot;Art.\u00a04\u00ba Para os fins do reconhecimento do direito ao benef\u00edcio, considera-se:<\/em><\/p>\n<p><strong><em>II\u00a0&#8211;\u00a0pessoa com defici\u00eancia: aquela que tem impedimentos de longo prazo de natureza f\u00edsica, mental, intelectual ou sensorial, os quais, em intera\u00e7\u00e3o com diversas barreiras, podem obstruir sua participa\u00e7\u00e3o plena e efetiva na sociedade em igualdade de condi\u00e7\u00f5es com as demais pessoas;\u00a0 <\/em><\/strong><em><a href=\"http:\/\/www.planalto.gov.br\/ccivil_03\/_Ato2011-2014\/2011\/Decreto\/D7617.htm&quot; \\l &quot;art1\" target=\"_blank\" rel=\"noopener\">(Reda\u00e7\u00e3o dada pelo Decreto n\u00ba 7.617, de 2011)<\/a>&quot;<\/em><\/p>\n<p><em>Por todo o exposto, incontest\u00e1vel que a autora enquadra-se na defini\u00e7\u00e3o de pessoa com defici\u00eancia, de modo que a interven\u00e7\u00e3o do estado, por meio da assist\u00eancia social, torna-se imperativa.\u201d (grifado)<\/em><\/p>\n<p>Logo, se pode inferir do processo epigrafado que, assim como o caso referido, a Autora da presente a\u00e7\u00e3o certamente apresenta barreiras sociais, na medida em que \u00e9 portadora de patologias psiqui\u00e1tricas, n\u00e3o apresenta regularidade escolar, inclusive mais recentemente tendo sido submetida \u00e0 <strong>interna\u00e7\u00e3o hospitalar<\/strong>, diante da gravidade do caso vivenciado.<\/p>\n<p>A Assist\u00eancia Social tem por escopo n\u00e3o apenas o amparo \u00e0s crian\u00e7as e adolescentes como, ainda, a promo\u00e7\u00e3o da integra\u00e7\u00e3o no mercado de trabalho, e a habilita\u00e7\u00e3o das pessoas portadoras de defici\u00eancia \u00e0 vida comunit\u00e1ria, o que se exprime do artigo 203, II, III e IV da Constitui\u00e7\u00e3o Federal.<\/p>\n<p>Neste sentido, o benef\u00edcio assistencial em casos como o dos autos \u00e9 meio de garantir o alcance a estes preceitos, ainda que concedido temporariamente. <\/p>\n<p>Afinal, o benef\u00edcio assistencial deve ser revisto periodicamente (a cada dois anos), conforme determina o artigo 21 da Lei 8.742\/93. <\/p>\n<p>Desta forma, t\u00e3o logo tratada e em plenas condi\u00e7\u00f5es de sa\u00fade, o benef\u00edcio deve ser cessado. At\u00e9 l\u00e1, entretanto, \u00e9 imperativa a concess\u00e3o do benef\u00edcio, como meio de auxiliar o tratamento que se faz necess\u00e1rio, inclusive pela necessidade de acompanhamento integral de sua m\u00e3e. <\/p>\n<p>Por tal raz\u00e3o, resta plenamente comprovada a necessidade de ser concedido e implantado o benef\u00edcio assistencial no processo epigrafado, sendo que a manuten\u00e7\u00e3o da senten\u00e7a improcedente n\u00e3o permitir\u00e1 \u00e0 Autora os meios necess\u00e1rios de adquirir uma vida saud\u00e1vel e em condi\u00e7\u00f5es de, futuramente, garantir o pr\u00f3prio sustento por seus meios.<\/p>\n<p>Isto posto, fato \u00e9 que a senten\u00e7a deve ser reformada, reconhecida a incapacidade para a vida independente da Recorrente, e consequentemente o direito ao benef\u00edcio assistencial do ponto de vista do requisito m\u00e9dico inerente ao benef\u00edcio. <\/p>\n<p><strong>Do requisito socioecon\u00f4mico\t\t \t\t\t\t\t\t   .<\/strong><\/p>\n<p>\tQuando da senten\u00e7a de primeiro grau a Exma. Ju\u00edza <em>a quo<\/em> deixou de analisar o requisito social relacionado ao benef\u00edcio pretendido, o considerando prejudicado diante do n\u00e3o reconhecimento da incapacidade da Autora para a vida independente.<\/p>\n<p>\tSendo reconhecida por esta Turma Recursal a necessidade de reforma da senten\u00e7a, entretanto, j\u00e1 est\u00e1 o feito instru\u00eddo no que concerne ao requisito social, sendo poss\u00edvel an\u00e1lise de todos os elementos para o julgamento da a\u00e7\u00e3o.<\/p>\n<p>\tCom efeito, foi produzido laudo de avalia\u00e7\u00e3o social juntado no evento XX dos autos.<\/p>\n<p>\tNa vistoria a Assistente Social avaliadora relatou que a fam\u00edlia \u00e9 composta pela Autora e seus pais, Srs. XXXXXXXXXXXXX, 67 anos, e XXXXXXXXXXXXX, 48 anos. <\/p>\n<p>\tCom a impossibilidade de trabalho da m\u00e3e da Autora, em face do acompanhamento <em>integral<\/em> de sua filha, a \u00fanica renda da fam\u00edlia \u00e9 a aposentadoria do pai da Autora, no valor de um sal\u00e1rio m\u00ednimo.<\/p>\n<p>\tTal renda <strong>n\u00e3o deve ser computada<\/strong> para fins de an\u00e1lise do crit\u00e9rio social, considerando que, sendo o Sr. XXXXXXXXXXX idoso, \u00e0 luz da legisla\u00e7\u00e3o relacionada, o valor do benef\u00edcio deve ser destinado a seu sustento, exclusivamente. Este \u00e9 o entendimento jurisprudencial pacificado acerca da mat\u00e9ria: <\/p>\n<p>PREVIDENCI\u00c1RIO. MANDADO DE SEGURAN\u00c7A. BENEF\u00cdCIO ASSISTENCIAL AO IDOSO. EXCLUS\u00c3O DE BENEF\u00cdCIO DE RENDA M\u00cdNIMA. CONJUGE IDOSO. 1. <strong>A jurisprud\u00eancia desta Corte Regional, bem como do Superior Tribunal de Justi\u00e7a, \u00e9 pac\u00edfica no entendimento de que qualquer benef\u00edcio de valor m\u00ednimo recebido por idoso de 65 anos ou mais (salvo quando recebido por for\u00e7a de defici\u00eancia, quando ent\u00e3o o requisito et\u00e1rio \u00e9 afastado) deve ser exclu\u00eddo da apura\u00e7\u00e3o da renda familiar.<\/strong> 2. Deve a Autoridade Impetrada abster-se de considerar a renda mensal no valor de um sal\u00e1rio m\u00ednimo, proveniente da aposentadoria por tempo de contribui\u00e7\u00e3o pelo marido da impetrante, porquanto idoso, como crit\u00e9rio para o indeferimento do benef\u00edcio assistencial requerido, devendo, ainda, verificar o atendimento aos demais requisitos legais do benef\u00edcio pretendido. (TRF4 5011712-84.2014.404.7202, Sexta Turma, Relatora p\/ Ac\u00f3rd\u00e3o V\u00e2nia Hack de Almeida, juntado aos autos em 04\/02\/2016) (grifado)<\/p>\n<p>PREVIDENCI\u00c1RIO. BENEF\u00cdCIO ASSISTENCIAL. CRIT\u00c9RIO ECON\u00d4MICO. EXCLUS\u00c3O DO BENEF\u00cdCIO DE VALOR M\u00cdNIMO RECEBIDO POR IDOSO MEMBRO DA FAM\u00cdLIA, NO C\u00c1LCULO DA RENDA MENSAL <em>PER CAPITA.<\/em> O STF, no julgamento do RE 580.963\/PR, com repercuss\u00e3o geral, proclamou a inconstitucionalidade por omiss\u00e3o parcial, sem declara\u00e7\u00e3o de nulidade, do art. 34, par\u00e1grafo \u00fanico da Lei 10.741\/2003 (Estatuto do Idoso), o qual permite desconsiderar, para fins de c\u00e1lculo da renda mensal <em>per capita<\/em> do grupo familiar do pretendente do benef\u00edcio assistencial de presta\u00e7\u00e3o continuada, o valor de at\u00e9 um sal\u00e1rio m\u00ednimo percebido por idoso j\u00e1 titular de benef\u00edcio da mesma natureza. Afastada a possibilidade de negativa do benef\u00edcio assistencial com base na norma em refer\u00eancia. (TRF4 5004420-14.2015.404.7202, Quinta Turma, Relator p\/ Ac\u00f3rd\u00e3o (aux\u00edlio Favreto) Ta\u00eds Schilling Ferraz, juntado aos autos em 18\/12\/2015)<\/p>\n<p>\tAssim sendo, considerando que o pai da Autora conta com 67 anos de idade, idoso, o benef\u00edcio de valor m\u00ednimo por ele auferido deve ser exclu\u00eddo do c\u00e1lculo da renda familiar, para fins de an\u00e1lise do benef\u00edcio assistencial pretendido.<\/p>\n<p>\tLogo, a renda familiar deve ser considerada <strong>nula, <\/strong>o que pode permitir a presun\u00e7\u00e3o da necessidade experimentada.<\/p>\n<p>\tAdemais, as fotografias juntadas ao evento XX igualmente comprovam a miserabilidade vivenciada pelo grupo familiar:<\/p>\n<p>(TRECHO PERTINENTE DO LAUDO SOCIOECON\u00d4MICO)<\/p>\n<p>\tA Sra. Assistente Social informou, ainda, que a fam\u00edlia reside em uma <strong>invas\u00e3o<\/strong> de \u00e1rea da Prefeitura (o que, em CIDADE, \u00e9 comumente chamado de \u201c\u00e1rea verde\u201d), o que reitera a precariedade do im\u00f3vel.<\/p>\n<p>\tApesar de estar em bom estado de higiene, a casa sequer foi conclu\u00edda, n\u00e3o possuindo em boa parte reboco, forro no teto, com paredes, portas e janelas em m\u00e1 qualidade, fia\u00e7\u00e3o el\u00e9trica exposta, sem condi\u00e7\u00f5es de seguran\u00e7a. Ainda, existem evidentes sinais de infiltra\u00e7\u00e3o em dias chuvosos, denotando ainda mais a precariedade do im\u00f3vel em que residem.<\/p>\n<p>\tPelo narrado, fica claramente exposto o estado de miserabilidade familiar, de modo que n\u00e3o \u00e9 garantido ao grupo familiar os meios b\u00e1sicos e essenciais de manter uma vida digna.<\/p>\n<p>\tAssim, tamb\u00e9m se faz comprovada a satisfa\u00e7\u00e3o do requisito socioecon\u00f4mico relacionado ao benef\u00edcio assistencial, sendo que, ap\u00f3s o reconhecimento do cumprimento do crit\u00e9rio m\u00e9dico, estar\u00e3o atendidos todos os elementos que culminam no deferimento do pedido inaugural.<\/p>\n<p><strong>DO PEDIDO <\/strong><\/p>\n<p>Em face do exposto,<strong> POSTULA<\/strong> pelo provimento do presente recurso, e, consequentemente, a reforma da r. Senten\u00e7a, nos termos da fundamenta\u00e7\u00e3o retro, para que seja determinada a concess\u00e3o do benef\u00edcio assistencial de presta\u00e7\u00e3o continuada \u00e0 Demandante, a contar da data do requerimento administrativo elaborado. <\/p>\n<p><strong><em>Nesses Termos;<\/em><\/strong><\/p>\n<p><strong><em>Pede Deferimento.<\/em><\/strong><\/p>\n<p>______________,________de __________________de 20_______.<\/p>\n<p>NOME DO ADVOGADO<\/p>\n<p>OAB\/UF XX.XXX<\/p>\n","protected":false},"featured_media":0,"parent":0,"menu_order":0,"template":"","meta":{"content-type":""},"categoria-modelo":[523],"class_list":["post-15705","modelos-de-peticao","type-modelos-de-peticao","status-publish","hentry","categoria-modelo-recursos"],"_links":{"self":[{"href":"https:\/\/easyjur.com\/blog\/wp-json\/wp\/v2\/modelos-de-peticao\/15705","targetHints":{"allow":["GET"]}}],"collection":[{"href":"https:\/\/easyjur.com\/blog\/wp-json\/wp\/v2\/modelos-de-peticao"}],"about":[{"href":"https:\/\/easyjur.com\/blog\/wp-json\/wp\/v2\/types\/modelos-de-peticao"}],"wp:attachment":[{"href":"https:\/\/easyjur.com\/blog\/wp-json\/wp\/v2\/media?parent=15705"}],"wp:term":[{"taxonomy":"categoria-modelo","embeddable":true,"href":"https:\/\/easyjur.com\/blog\/wp-json\/wp\/v2\/categoria-modelo?post=15705"}],"curies":[{"name":"wp","href":"https:\/\/api.w.org\/{rel}","templated":true}]}}